{"id":2793,"date":"2020-06-17T12:16:52","date_gmt":"2020-06-17T15:16:52","guid":{"rendered":"http:\/\/www.grupocaht.com\/?page_id=2793"},"modified":"2026-04-28T14:37:30","modified_gmt":"2026-04-28T17:37:30","slug":"reuniones-cientificas-2-2","status":"publish","type":"page","link":"https:\/\/www.grupocaht.com\/en\/reuniones-cientificas-2-2\/","title":{"rendered":"Reuniones Cient\u00edficas"},"content":{"rendered":"<figure class=\"wp-block-image\"><img decoding=\"async\" src=\"http:\/\/www.grupocaht.com\/wp-content\/uploads\/2019\/08\/Banner-encabezado-Reuniones-1024x234.jpg\" alt=\"\"\/><\/figure>\n\n\n\n<p><\/p>\n\n\n\n<div class=\"wp-block-columns is-layout-flex wp-container-core-columns-is-layout-9d6595d7 wp-block-columns-is-layout-flex\">\n<div class=\"wp-block-column is-layout-flow wp-block-column-is-layout-flow\">\n<div class=\"wp-block-group\"><div class=\"wp-block-group__inner-container is-layout-constrained wp-block-group-is-layout-constrained\">\n<figure class=\"wp-block-image is-resized\"><a href=\"https:\/\/www.youtube.com\/channel\/UC91laEOS-YhpYt2AqDubw0w\/videos\" target=\"_blank\" rel=\"noopener\"><img decoding=\"async\" src=\"http:\/\/www.grupocaht.com\/wp-content\/uploads\/2020\/06\/logo-youtube-2020.png\" alt=\"Esta imagen tiene un atributo alt vac\u00edo; el nombre del archivo es logo-youtube-2020.png\" style=\"width:192px;height:46px\"\/><\/a><\/figure>\n<\/div><\/div>\n<\/div>\n\n\n\n<div class=\"wp-block-column is-layout-flow wp-block-column-is-layout-flow\">\n<figure class=\"wp-block-image is-resized\"><a href=\"https:\/\/www.facebook.com\/GrupoCAHT\/?ref=page_internal\" target=\"_blank\" rel=\"noopener\"><img decoding=\"async\" src=\"http:\/\/www.grupocaht.com\/wp-content\/uploads\/2020\/06\/logo-FB-2020.png\" alt=\"Esta imagen tiene un atributo alt vac\u00edo; el nombre del archivo es logo-FB-2020.png\" style=\"width:124px;height:46px\"\/><\/a><\/figure>\n<\/div>\n<\/div>\n\n\n\n<p>Para mayor informaci\u00f3n ingrese a la pesta\u00f1a correspondiente de cada Reuni\u00f3n<\/p>\n\n\n<div id=\"pl-gb2793-69f17827b432a\"  class=\"panel-layout\" ><div id=\"pg-gb2793-69f17827b432a-0\"  class=\"panel-grid panel-no-style\" ><div id=\"pgc-gb2793-69f17827b432a-0-0\"  class=\"panel-grid-cell\" ><div id=\"panel-gb2793-69f17827b432a-0-0-0\" class=\"so-panel widget widget_sow-accordion panel-first-child panel-last-child\" data-index=\"0\" ><div\n\t\t\t\n\t\t\tclass=\"so-widget-sow-accordion so-widget-sow-accordion-default-9edad7089acd-2793\"\n\t\t\t\n\t\t><h3 class=\"widget-title\">Reuniones Cient\u00edficas 2026<\/h3><div>\n\t<div class=\"sow-accordion\">\n\t\t\t<div class=\"sow-accordion-panel\"\n\t\t\t\tdata-anchor-id=\"2-reunion-cientifica-2026-cardiopatia-congenita-del-nino-al-adulto-del-sangrado-a-la-trombosis\">\n\t\t\t\t\t<div class=\"sow-accordion-panel-header-container\" role=\"heading\" aria-level=\"2\">\n\t\t\t\t\t<div class=\"sow-accordion-panel-header\" tabindex=\"0\" role=\"button\" id=\"accordion-label-2%c2%b0-reuni%c3%b3n-cient%c3%adfica-2026-cardiopat%c3%ada-cong%c3%a9nita-del-ni%c3%b1o-al-adulto-del-sangrado-a-la-trombosis\" aria-controls=\"accordion-content-2%c2%b0-reuni%c3%b3n-cient%c3%adfica-2026-cardiopat%c3%ada-cong%c3%a9nita-del-ni%c3%b1o-al-adulto-del-sangrado-a-la-trombosis\" aria-expanded=\"false\">\n\t\t\t\t\t\t<div class=\"sow-accordion-title sow-accordion-title-icon-left\">\n\t\t\t\t\t\t\t\t\t\t\t\t\t\t2\u00b0 Reuni\u00f3n Cient\u00edfica 2026: &#8220;Cardiopat\u00eda cong\u00e9nita: del ni\u00f1o al adulto, del sangrado a la trombosis.&#8221;\t\t\t\t\t\t\t\t\t\t\t\t\t<\/div>\n\t\t\t\t\t\t<div class=\"sow-accordion-open-close-button\">\n\t\t\t\t\t\t\t<div class=\"sow-accordion-open-button\">\n\t\t\t\t\t\t\t\t<span class=\"sow-icon-ionicons\" data-sow-icon=\"&#xf218;\"\n\t\t \n\t\taria-hidden=\"true\"><\/span>\t\t\t\t\t\t\t<\/div>\n\t\t\t\t\t\t\t<div class=\"sow-accordion-close-button\">\n\t\t\t\t\t\t\t\t<span class=\"sow-icon-ionicons\" data-sow-icon=\"&#xf209;\"\n\t\t \n\t\taria-hidden=\"true\"><\/span>\t\t\t\t\t\t\t<\/div>\n\t\t\t\t\t\t<\/div>\n\t\t\t\t\t<\/div>\n\t\t\t\t<\/div>\n\n\t\t\t<div\n\t\t\t\tclass=\"sow-accordion-panel-content\"\n\t\t\t\trole=\"region\"\n\t\t\t\taria-labelledby=\"accordion-label-2%c2%b0-reuni%c3%b3n-cient%c3%adfica-2026-cardiopat%c3%ada-cong%c3%a9nita-del-ni%c3%b1o-al-adulto-del-sangrado-a-la-trombosis\"\n\t\t\t\tid=\"accordion-content-2%c2%b0-reuni%c3%b3n-cient%c3%adfica-2026-cardiopat%c3%ada-cong%c3%a9nita-del-ni%c3%b1o-al-adulto-del-sangrado-a-la-trombosis\"\n\t\t\t\tstyle=\"display: none;\"\t\t\t>\n\t\t\t\t<div class=\"sow-accordion-panel-border\">\n\t\t\t\t\t<p><img loading=\"lazy\" decoding=\"async\" class=\"alignnone size-full wp-image-11349\" src=\"https:\/\/www.grupocaht.com\/wp-content\/uploads\/2026\/04\/Flyer-2o-RC-2026-scaled.jpg\" alt=\"\" width=\"1463\" height=\"2560\" srcset=\"https:\/\/www.grupocaht.com\/wp-content\/uploads\/2026\/04\/Flyer-2o-RC-2026-scaled.jpg 1463w, https:\/\/www.grupocaht.com\/wp-content\/uploads\/2026\/04\/Flyer-2o-RC-2026-171x300.jpg 171w, https:\/\/www.grupocaht.com\/wp-content\/uploads\/2026\/04\/Flyer-2o-RC-2026-585x1024.jpg 585w, https:\/\/www.grupocaht.com\/wp-content\/uploads\/2026\/04\/Flyer-2o-RC-2026-768x1344.jpg 768w, https:\/\/www.grupocaht.com\/wp-content\/uploads\/2026\/04\/Flyer-2o-RC-2026-878x1536.jpg 878w, https:\/\/www.grupocaht.com\/wp-content\/uploads\/2026\/04\/Flyer-2o-RC-2026-1170x2048.jpg 1170w, https:\/\/www.grupocaht.com\/wp-content\/uploads\/2026\/04\/Flyer-2o-RC-2026-7x12.jpg 7w\" sizes=\"auto, (max-width: 1463px) 100vw, 1463px\" \/><\/p>\n<p><span style=\"color: #ff0000;\"><strong>Parte 1:\u00a0<\/strong><\/span><\/p>\n<p>Cardiopat\u00eda cong\u00e9nita del adulto: Epidemiolog\u00eda y caracter\u00edsticas. <em><strong>Amalia Elizari<\/strong><\/em>. <span style=\"color: #ff0000;\">Ver video<\/span>.<\/p>\n<p style=\"font-weight: 400;\">Trastornos hereditarios y adquiridos de la hemostasia en cardiolog\u00eda cong\u00e9nita. <em><strong>Fernando Chuliber.<\/strong><\/em>\u00a0<span style=\"color: #ff0000;\">Ver video<\/span>.<\/p>\n<p>Terapia antitromb\u00f3tica en cardiopat\u00eda cong\u00e9nita. <em><strong>Silvina Golglid.<\/strong><\/em>\u00a0<span style=\"color: #ff0000;\">Ver video<\/span>.<\/p>\n<p style=\"font-weight: 400;\">Preguntas 1er. Bloque. <span style=\"color: #ff0000;\">Ver video<\/span>.<\/p>\n<p style=\"font-weight: 400;\"><span style=\"color: #ff0000;\"><strong>Parte 2:\u00a0<\/strong><\/span><\/p>\n<p style=\"font-weight: 400;\">Experiencia de laboratorio con monitoreo viscoel\u00e1stico en pediatr\u00eda. <em><strong>In\u00e9s Marcone<\/strong><\/em>. <span style=\"color: #ff0000;\">Ver video<\/span>.<\/p>\n<p style=\"font-weight: 400;\">Experiencia cl\u00ednica con monitoreo viscoel\u00e1stico en pediatr\u00eda y sangrado postquir\u00fargico. <em><strong>Luis Aversa. <\/strong><\/em><span style=\"color: #ff0000;\">Ver video<\/span><em><strong>.<\/strong><\/em><\/p>\n<p>Monitoreo viscoel\u00e1stico de la hemostasia en cirug\u00eda cardiovascular, desde la perspectiva del laboratorio. <em><strong>Marina Sol L\u00f3pez<\/strong><\/em>. <span style=\"color: #ff0000;\">Ver video<\/span>.<\/p>\n<p style=\"font-weight: 400;\">\u00a0Preguntas 2do. bloque. <span style=\"color: #ff0000;\">Ver video<\/span><\/p>\n\t\t\t\t<\/div>\n\t\t\t<\/div>\n\t\t<\/div>\n\t\t\t<div class=\"sow-accordion-panel\"\n\t\t\t\tdata-anchor-id=\"1-reunion-cientifica-2026-hemofilia-los-si-los-no-y-los-ni-de-la-tromboprofilaxis-en-el-embarazo-y-puerperio\">\n\t\t\t\t\t<div class=\"sow-accordion-panel-header-container\" role=\"heading\" aria-level=\"2\">\n\t\t\t\t\t<div class=\"sow-accordion-panel-header\" tabindex=\"0\" role=\"button\" id=\"accordion-label-1%c2%b0-reuni%c3%b3n-cient%c3%adfica-2026-hemofilia-los-s%c3%ad-los-no-y-los-ni-de-la-tromboprofilaxis-en-el-embarazo-y-puerperio\" aria-controls=\"accordion-content-1%c2%b0-reuni%c3%b3n-cient%c3%adfica-2026-hemofilia-los-s%c3%ad-los-no-y-los-ni-de-la-tromboprofilaxis-en-el-embarazo-y-puerperio\" aria-expanded=\"false\">\n\t\t\t\t\t\t<div class=\"sow-accordion-title sow-accordion-title-icon-left\">\n\t\t\t\t\t\t\t\t\t\t\t\t\t\t1\u00b0 Reuni\u00f3n Cient\u00edfica 2026: Hemofilia: &#8220;Los S\u00ed, los No y los Ni de la tromboprofilaxis en el embarazo y puerperio&#8221;.\t\t\t\t\t\t\t\t\t\t\t\t\t<\/div>\n\t\t\t\t\t\t<div class=\"sow-accordion-open-close-button\">\n\t\t\t\t\t\t\t<div class=\"sow-accordion-open-button\">\n\t\t\t\t\t\t\t\t<span class=\"sow-icon-ionicons\" data-sow-icon=\"&#xf218;\"\n\t\t \n\t\taria-hidden=\"true\"><\/span>\t\t\t\t\t\t\t<\/div>\n\t\t\t\t\t\t\t<div class=\"sow-accordion-close-button\">\n\t\t\t\t\t\t\t\t<span class=\"sow-icon-ionicons\" data-sow-icon=\"&#xf209;\"\n\t\t \n\t\taria-hidden=\"true\"><\/span>\t\t\t\t\t\t\t<\/div>\n\t\t\t\t\t\t<\/div>\n\t\t\t\t\t<\/div>\n\t\t\t\t<\/div>\n\n\t\t\t<div\n\t\t\t\tclass=\"sow-accordion-panel-content\"\n\t\t\t\trole=\"region\"\n\t\t\t\taria-labelledby=\"accordion-label-1%c2%b0-reuni%c3%b3n-cient%c3%adfica-2026-hemofilia-los-s%c3%ad-los-no-y-los-ni-de-la-tromboprofilaxis-en-el-embarazo-y-puerperio\"\n\t\t\t\tid=\"accordion-content-1%c2%b0-reuni%c3%b3n-cient%c3%adfica-2026-hemofilia-los-s%c3%ad-los-no-y-los-ni-de-la-tromboprofilaxis-en-el-embarazo-y-puerperio\"\n\t\t\t\tstyle=\"display: none;\"\t\t\t>\n\t\t\t\t<div class=\"sow-accordion-panel-border\">\n\t\t\t\t\t<p><img loading=\"lazy\" decoding=\"async\" class=\"alignnone size-full wp-image-11304\" src=\"https:\/\/www.grupocaht.com\/wp-content\/uploads\/2026\/03\/Flyer-1o-RC-2026-002-scaled.jpg\" alt=\"\" width=\"1417\" height=\"2560\" srcset=\"https:\/\/www.grupocaht.com\/wp-content\/uploads\/2026\/03\/Flyer-1o-RC-2026-002-scaled.jpg 1417w, https:\/\/www.grupocaht.com\/wp-content\/uploads\/2026\/03\/Flyer-1o-RC-2026-002-166x300.jpg 166w, https:\/\/www.grupocaht.com\/wp-content\/uploads\/2026\/03\/Flyer-1o-RC-2026-002-567x1024.jpg 567w, https:\/\/www.grupocaht.com\/wp-content\/uploads\/2026\/03\/Flyer-1o-RC-2026-002-768x1388.jpg 768w, https:\/\/www.grupocaht.com\/wp-content\/uploads\/2026\/03\/Flyer-1o-RC-2026-002-850x1536.jpg 850w, https:\/\/www.grupocaht.com\/wp-content\/uploads\/2026\/03\/Flyer-1o-RC-2026-002-1133x2048.jpg 1133w, https:\/\/www.grupocaht.com\/wp-content\/uploads\/2026\/03\/Flyer-1o-RC-2026-002-7x12.jpg 7w\" sizes=\"auto, (max-width: 1417px) 100vw, 1417px\" \/><\/p>\n<p><span style=\"color: #ff0000;\"><strong>Parte 1:\u00a0<\/strong><\/span><\/p>\n<p>La Hemostasia en el puerperio. <em><strong>Cecilia Valdivieso<\/strong><\/em>. <a href=\"https:\/\/youtu.be\/QOI2Ca2c5Zk\" target=\"_blank\" rel=\"noopener\"><span style=\"color: #ff0000;\">Ver video<\/span><\/a>.<\/p>\n<p style=\"font-weight: 400;\">Indicaciones de tromboprofilaxis en preeclampsia y ces\u00e1rea. <em><strong>Gabriela Martin.<\/strong><\/em>\u00a0<a href=\"https:\/\/youtu.be\/CU3beCbMNH8\" target=\"_blank\" rel=\"noopener\"><span style=\"color: #ff0000;\">Ver video<\/span>.<\/a><\/p>\n<p>Complicaciones tromb\u00f3ticas en el neonato. Rol de la trombofilia materna. <em><strong>Graciela Schwalb.<\/strong><\/em>\u00a0<a href=\"https:\/\/youtu.be\/TzP-b3LiNQU\" target=\"_blank\" rel=\"noopener\"><span style=\"color: #ff0000;\">Ver video<\/span>.<\/a><\/p>\n<p style=\"font-weight: 400;\">Preguntas 1er. Bloque. <a href=\"https:\/\/youtu.be\/-FYMvVIIkb0\" target=\"_blank\" rel=\"noopener\"><span style=\"color: #ff0000;\">Ver video<\/span><\/a>.<\/p>\n<p style=\"font-weight: 400;\"><span style=\"color: #ff0000;\"><strong>Parte 2:\u00a0<\/strong><\/span><\/p>\n<p style=\"font-weight: 400;\">Historia familiar y trombofilia hereditaria como factores de riesgo de TEV en embarazo y puerperio. <em><strong>Soledad Molnar<\/strong><\/em>. <a href=\"https:\/\/youtu.be\/nFUfMcPcuCs\" target=\"_blank\" rel=\"noopener\"><span style=\"color: #ff0000;\">Ver video<\/span><\/a>.<\/p>\n<p style=\"font-weight: 400;\">\u00bfCu\u00e1ndo la obesidad y el reposo son indicadores de tromboprofilaxis en el embarazo?. <em><strong>Mariel Soria. <\/strong><\/em><a href=\"https:\/\/youtu.be\/ImHixgIgQuo\" target=\"_blank\" rel=\"noopener\"><span style=\"color: #ff0000;\">Ver video<\/span><em><strong>.<\/strong><\/em><\/a><\/p>\n<p>Gu\u00edas de tromboprofilaxis en embarazo: \u00bfEntre todas hacemos una?. <em><strong>Carina Gumpel<\/strong><\/em>. <a href=\"https:\/\/youtu.be\/ysK6eJm9krY\" target=\"_blank\" rel=\"noopener\"><span style=\"color: #ff0000;\">Ver video<\/span>.<\/a><\/p>\n<p style=\"font-weight: 400;\">\u00a0Preguntas 2do. bloque. <a href=\"https:\/\/youtu.be\/OYMff4q8dNo\" target=\"_blank\" rel=\"noopener\"><span style=\"color: #ff0000;\">Ver video<\/span><\/a><\/p>\n\t\t\t\t<\/div>\n\t\t\t<\/div>\n\t\t<\/div>\n\t\t<\/div>\n<\/div>\n<\/div><\/div><\/div><\/div><\/div>\n\n\n<!--nextpage-->\n\n\n<div id=\"pl-gb2793-69f17827b6089\"  class=\"panel-layout\" ><div id=\"pg-gb2793-69f17827b6089-0\"  class=\"panel-grid panel-no-style\" ><div id=\"pgc-gb2793-69f17827b6089-0-0\"  class=\"panel-grid-cell\" ><div id=\"panel-gb2793-69f17827b6089-0-0-0\" class=\"so-panel widget widget_sow-accordion panel-first-child panel-last-child\" data-index=\"0\" ><div\n\t\t\t\n\t\t\tclass=\"so-widget-sow-accordion so-widget-sow-accordion-default-9edad7089acd-2793\"\n\t\t\t\n\t\t><h3 class=\"widget-title\">Reuniones Cient\u00edficas 2025<\/h3><div>\n\t<div class=\"sow-accordion\">\n\t\t\t<div class=\"sow-accordion-panel\"\n\t\t\t\tdata-anchor-id=\"4-reunion-cientifica-2025-comportamiento-dual-de-las-plaquetas\">\n\t\t\t\t\t<div class=\"sow-accordion-panel-header-container\" role=\"heading\" aria-level=\"2\">\n\t\t\t\t\t<div class=\"sow-accordion-panel-header\" tabindex=\"0\" role=\"button\" id=\"accordion-label-4%c2%b0-reuni%c3%b3n-cient%c3%adfica-2025-comportamiento-dual-de-las-plaquetas\" aria-controls=\"accordion-content-4%c2%b0-reuni%c3%b3n-cient%c3%adfica-2025-comportamiento-dual-de-las-plaquetas\" aria-expanded=\"false\">\n\t\t\t\t\t\t<div class=\"sow-accordion-title sow-accordion-title-icon-left\">\n\t\t\t\t\t\t\t\t\t\t\t\t\t\t4\u00b0 Reuni\u00f3n Cient\u00edfica 2025: Comportamiento dual de las plaquetas\t\t\t\t\t\t\t\t\t\t\t\t\t<\/div>\n\t\t\t\t\t\t<div class=\"sow-accordion-open-close-button\">\n\t\t\t\t\t\t\t<div class=\"sow-accordion-open-button\">\n\t\t\t\t\t\t\t\t<span class=\"sow-icon-ionicons\" data-sow-icon=\"&#xf218;\"\n\t\t \n\t\taria-hidden=\"true\"><\/span>\t\t\t\t\t\t\t<\/div>\n\t\t\t\t\t\t\t<div class=\"sow-accordion-close-button\">\n\t\t\t\t\t\t\t\t<span class=\"sow-icon-ionicons\" data-sow-icon=\"&#xf209;\"\n\t\t \n\t\taria-hidden=\"true\"><\/span>\t\t\t\t\t\t\t<\/div>\n\t\t\t\t\t\t<\/div>\n\t\t\t\t\t<\/div>\n\t\t\t\t<\/div>\n\n\t\t\t<div\n\t\t\t\tclass=\"sow-accordion-panel-content\"\n\t\t\t\trole=\"region\"\n\t\t\t\taria-labelledby=\"accordion-label-4%c2%b0-reuni%c3%b3n-cient%c3%adfica-2025-comportamiento-dual-de-las-plaquetas\"\n\t\t\t\tid=\"accordion-content-4%c2%b0-reuni%c3%b3n-cient%c3%adfica-2025-comportamiento-dual-de-las-plaquetas\"\n\t\t\t\tstyle=\"display: none;\"\t\t\t>\n\t\t\t\t<div class=\"sow-accordion-panel-border\">\n\t\t\t\t\t<p>&nbsp;<\/p>\n<p><img loading=\"lazy\" decoding=\"async\" class=\"alignnone size-full wp-image-11126\" src=\"https:\/\/www.grupocaht.com\/wp-content\/uploads\/2025\/10\/Flyer-4o-RC-2025-scaled.jpg\" alt=\"\" width=\"1416\" height=\"2560\" srcset=\"https:\/\/www.grupocaht.com\/wp-content\/uploads\/2025\/10\/Flyer-4o-RC-2025-scaled.jpg 1416w, https:\/\/www.grupocaht.com\/wp-content\/uploads\/2025\/10\/Flyer-4o-RC-2025-166x300.jpg 166w, https:\/\/www.grupocaht.com\/wp-content\/uploads\/2025\/10\/Flyer-4o-RC-2025-567x1024.jpg 567w, https:\/\/www.grupocaht.com\/wp-content\/uploads\/2025\/10\/Flyer-4o-RC-2025-768x1388.jpg 768w, https:\/\/www.grupocaht.com\/wp-content\/uploads\/2025\/10\/Flyer-4o-RC-2025-850x1536.jpg 850w, https:\/\/www.grupocaht.com\/wp-content\/uploads\/2025\/10\/Flyer-4o-RC-2025-1133x2048.jpg 1133w, https:\/\/www.grupocaht.com\/wp-content\/uploads\/2025\/10\/Flyer-4o-RC-2025-7x12.jpg 7w\" sizes=\"auto, (max-width: 1416px) 100vw, 1416px\" \/><\/p>\n<p><span style=\"color: #ff0000;\"><strong>Parte 1: Plaquetas en Trombosis<\/strong><\/span><\/p>\n<p>Trombocitopenia inducida por Heparina: Anticuerpos Anti-PF4 y aspectos fisiopatol\u00f3gicos. <b><i>Marina Sol Lopez<\/i><\/b>.<a href=\"https:\/\/youtu.be\/r8VXg93wvhA\" target=\"_blank\" rel=\"noopener\"> <span style=\"color: #ff0000;\">Ver video<\/span><\/a>.<\/p>\n<p style=\"font-weight: 400;\">Microangiopat\u00edas tromb\u00f3ticas: Rol de las plaquetas en la Fisiopatolog\u00eda.\u00a0 <em><strong>Santiago Castera.<\/strong><\/em>\u00a0<a href=\"https:\/\/youtu.be\/pPS2oBTxaU0\" target=\"_blank\" rel=\"noopener\"><span style=\"color: #ff0000;\">Ver video<\/span><\/a>.<\/p>\n<p>S\u00edndrome Anti-fosfol\u00edpidos: C\u00f3mo se vinculan las plaquetas. <em><strong>Paula Alba.<\/strong><\/em><a href=\"https:\/\/youtu.be\/v4m2Iq8luK4\" target=\"_blank\" rel=\"noopener\">\u00a0<span style=\"color: #ff0000;\">Ver video<\/span><\/a>.<\/p>\n<p style=\"font-weight: 400;\">Preguntas 1er. Bloque. <a href=\"https:\/\/youtu.be\/l3dVyhxj2E4\" target=\"_blank\" rel=\"noopener\"><span style=\"color: #ff0000;\">Ver video<\/span><\/a>.<\/p>\n<p style=\"font-weight: 400;\"><span style=\"color: #ff0000;\"><strong>Parte 2:\u00a0<\/strong><\/span><\/p>\n<p style=\"font-weight: 400;\"><span style=\"font-weight: 400;\">Diagn\u00f3stico de los des\u00f3rdenes plaquetarios hereditarios: enfoque desde el Laboratorio. <\/span><b><i>Ana Glembotsky.<\/i><\/b>\u00a0<a href=\"https:\/\/youtu.be\/OEowshjPKV0\" target=\"_blank\" rel=\"noopener\"><span style=\"color: #ff0000;\">Ver video<\/span><\/a>.<\/p>\n<p style=\"font-weight: 400;\">Manejo de las hemorragias en el embarazo. <em><strong>Anal\u00eda S\u00e1nchez Luceros. <\/strong><\/em><a href=\"https:\/\/youtu.be\/soSryuQUi90\" target=\"_blank\" rel=\"noopener\"><span style=\"color: #ff0000;\">Ver video<\/span><\/a><em><strong>.<\/strong><\/em><\/p>\n<p style=\"font-weight: 400;\"><span style=\"font-weight: 400;\">Abordaje de los desaf\u00edos hemost\u00e1ticos en los des\u00f3rdenes plaquetarios. <\/span><b><i>Gabriela Sciucatti.<\/i><\/b><a href=\"https:\/\/youtu.be\/sWZ6Rtnmc6g\" target=\"_blank\" rel=\"noopener\">\u00a0<span style=\"color: #ff0000;\">Ver video<\/span><\/a>.<\/p>\n<p style=\"font-weight: 400;\">Preguntas 2do. bloque. <a href=\"https:\/\/youtu.be\/0Ai2ggSFXS8\" target=\"_blank\" rel=\"noopener\"><span style=\"color: #ff0000;\">Ver video<\/span><\/a><\/p>\n\t\t\t\t<\/div>\n\t\t\t<\/div>\n\t\t<\/div>\n\t\t\t<div class=\"sow-accordion-panel\"\n\t\t\t\tdata-anchor-id=\"1-jornada-educacional-en-hemostasia-y-trombosis\">\n\t\t\t\t\t<div class=\"sow-accordion-panel-header-container\" role=\"heading\" aria-level=\"2\">\n\t\t\t\t\t<div class=\"sow-accordion-panel-header\" tabindex=\"0\" role=\"button\" id=\"accordion-label-1%c2%b0-jornada-educacional-en-hemostasia-y-trombosis\" aria-controls=\"accordion-content-1%c2%b0-jornada-educacional-en-hemostasia-y-trombosis\" aria-expanded=\"false\">\n\t\t\t\t\t\t<div class=\"sow-accordion-title sow-accordion-title-icon-left\">\n\t\t\t\t\t\t\t\t\t\t\t\t\t\t1\u00b0 Jornada educacional en Hemostasia y Trombosis\t\t\t\t\t\t\t\t\t\t\t\t\t<\/div>\n\t\t\t\t\t\t<div class=\"sow-accordion-open-close-button\">\n\t\t\t\t\t\t\t<div class=\"sow-accordion-open-button\">\n\t\t\t\t\t\t\t\t<span class=\"sow-icon-ionicons\" data-sow-icon=\"&#xf218;\"\n\t\t \n\t\taria-hidden=\"true\"><\/span>\t\t\t\t\t\t\t<\/div>\n\t\t\t\t\t\t\t<div class=\"sow-accordion-close-button\">\n\t\t\t\t\t\t\t\t<span class=\"sow-icon-ionicons\" data-sow-icon=\"&#xf209;\"\n\t\t \n\t\taria-hidden=\"true\"><\/span>\t\t\t\t\t\t\t<\/div>\n\t\t\t\t\t\t<\/div>\n\t\t\t\t\t<\/div>\n\t\t\t\t<\/div>\n\n\t\t\t<div\n\t\t\t\tclass=\"sow-accordion-panel-content\"\n\t\t\t\trole=\"region\"\n\t\t\t\taria-labelledby=\"accordion-label-1%c2%b0-jornada-educacional-en-hemostasia-y-trombosis\"\n\t\t\t\tid=\"accordion-content-1%c2%b0-jornada-educacional-en-hemostasia-y-trombosis\"\n\t\t\t\tstyle=\"display: none;\"\t\t\t>\n\t\t\t\t<div class=\"sow-accordion-panel-border\">\n\t\t\t\t\t<p><img loading=\"lazy\" decoding=\"async\" class=\"alignnone size-full wp-image-11058\" src=\"https:\/\/www.grupocaht.com\/wp-content\/uploads\/2025\/09\/Flyer-1o-JE-Bloque-1-2-scaled.jpg\" alt=\"\" width=\"1892\" height=\"2560\" srcset=\"https:\/\/www.grupocaht.com\/wp-content\/uploads\/2025\/09\/Flyer-1o-JE-Bloque-1-2-scaled.jpg 1892w, https:\/\/www.grupocaht.com\/wp-content\/uploads\/2025\/09\/Flyer-1o-JE-Bloque-1-2-222x300.jpg 222w, https:\/\/www.grupocaht.com\/wp-content\/uploads\/2025\/09\/Flyer-1o-JE-Bloque-1-2-757x1024.jpg 757w, https:\/\/www.grupocaht.com\/wp-content\/uploads\/2025\/09\/Flyer-1o-JE-Bloque-1-2-768x1039.jpg 768w, https:\/\/www.grupocaht.com\/wp-content\/uploads\/2025\/09\/Flyer-1o-JE-Bloque-1-2-1135x1536.jpg 1135w, https:\/\/www.grupocaht.com\/wp-content\/uploads\/2025\/09\/Flyer-1o-JE-Bloque-1-2-1514x2048.jpg 1514w, https:\/\/www.grupocaht.com\/wp-content\/uploads\/2025\/09\/Flyer-1o-JE-Bloque-1-2-9x12.jpg 9w\" sizes=\"auto, (max-width: 1892px) 100vw, 1892px\" \/><img loading=\"lazy\" decoding=\"async\" class=\"alignnone size-full wp-image-11060\" src=\"https:\/\/www.grupocaht.com\/wp-content\/uploads\/2025\/09\/Flyer-1o-JE-Bloque-2-2-scaled.jpg\" alt=\"\" width=\"2227\" height=\"2560\" srcset=\"https:\/\/www.grupocaht.com\/wp-content\/uploads\/2025\/09\/Flyer-1o-JE-Bloque-2-2-scaled.jpg 2227w, https:\/\/www.grupocaht.com\/wp-content\/uploads\/2025\/09\/Flyer-1o-JE-Bloque-2-2-261x300.jpg 261w, https:\/\/www.grupocaht.com\/wp-content\/uploads\/2025\/09\/Flyer-1o-JE-Bloque-2-2-891x1024.jpg 891w, https:\/\/www.grupocaht.com\/wp-content\/uploads\/2025\/09\/Flyer-1o-JE-Bloque-2-2-768x883.jpg 768w, https:\/\/www.grupocaht.com\/wp-content\/uploads\/2025\/09\/Flyer-1o-JE-Bloque-2-2-1336x1536.jpg 1336w, https:\/\/www.grupocaht.com\/wp-content\/uploads\/2025\/09\/Flyer-1o-JE-Bloque-2-2-1782x2048.jpg 1782w, https:\/\/www.grupocaht.com\/wp-content\/uploads\/2025\/09\/Flyer-1o-JE-Bloque-2-2-10x12.jpg 10w\" sizes=\"auto, (max-width: 2227px) 100vw, 2227px\" \/> <img loading=\"lazy\" decoding=\"async\" class=\"alignnone size-full wp-image-11061\" src=\"https:\/\/www.grupocaht.com\/wp-content\/uploads\/2025\/09\/Flyer-1o-JE-Bloque-3-2-scaled.jpg\" alt=\"\" width=\"2227\" height=\"2560\" srcset=\"https:\/\/www.grupocaht.com\/wp-content\/uploads\/2025\/09\/Flyer-1o-JE-Bloque-3-2-scaled.jpg 2227w, https:\/\/www.grupocaht.com\/wp-content\/uploads\/2025\/09\/Flyer-1o-JE-Bloque-3-2-261x300.jpg 261w, https:\/\/www.grupocaht.com\/wp-content\/uploads\/2025\/09\/Flyer-1o-JE-Bloque-3-2-891x1024.jpg 891w, https:\/\/www.grupocaht.com\/wp-content\/uploads\/2025\/09\/Flyer-1o-JE-Bloque-3-2-768x883.jpg 768w, https:\/\/www.grupocaht.com\/wp-content\/uploads\/2025\/09\/Flyer-1o-JE-Bloque-3-2-1336x1536.jpg 1336w, https:\/\/www.grupocaht.com\/wp-content\/uploads\/2025\/09\/Flyer-1o-JE-Bloque-3-2-1782x2048.jpg 1782w, https:\/\/www.grupocaht.com\/wp-content\/uploads\/2025\/09\/Flyer-1o-JE-Bloque-3-2-10x12.jpg 10w\" sizes=\"auto, (max-width: 2227px) 100vw, 2227px\" \/><\/p>\n<p><span style=\"color: #ff0000;\"><strong>Bloque 1: <\/strong><\/span><strong>Tocoginecol\u00f3gico: Sangrado en la Mujer<\/strong><\/p>\n<p>Presentaci\u00f3n del Grupo Promoci\u00f3n del Acceso. Impacto de la Educaci\u00f3n en las Redes Integradas. <b><i>Virginia Roma\u00f1ano<\/i><\/b>. <a href=\"https:\/\/youtu.be\/YSyj1RGbxpc\" target=\"_blank\" rel=\"noopener\"><span style=\"color: #ff0000;\">Ver video<\/span>.<\/a><\/p>\n<p style=\"font-weight: 400;\">\u00bfC\u00f3mo prevenimos la hemorragia post parto en una mujer tratada con Anticoagulantes o Antiagregantes?\u00a0 <em><strong>Soledad Molnar.<\/strong><\/em>\u00a0<a href=\"https:\/\/youtu.be\/RgQwNXWs12g\" target=\"_blank\" rel=\"noopener\"><span style=\"color: #ff0000;\">Ver video<\/span><\/a>.<\/p>\n<p>Rol del laboratorio de hemostasia y de las pruebas viscoel\u00e1sticas en el manejo de la hemorragia post parto. <em><strong>Fernanda Gonz\u00e1lez.<\/strong><\/em>\u00a0<a href=\"https:\/\/youtu.be\/k5DrUdM17zc\" target=\"_blank\" rel=\"noopener\"><span style=\"color: #ff0000;\">Ver video<\/span><\/a>.<\/p>\n<p>Prevenci\u00f3n y tratamiento del sangrado post parto desde la perspectiva obst\u00e9trica. <em><strong>Mariana Roggero.<\/strong><\/em>\u00a0<a href=\"https:\/\/youtu.be\/60k4m-zgHk0\" target=\"_blank\" rel=\"noopener\"><span style=\"color: #ff0000;\">Ver video<\/span><\/a>.<\/p>\n<p>Evidencia de las terapias hemost\u00e1ticas en la hemorragia post parto: antifibrinolit\u00edticos, hemo-derivados, agentes bypasseantes. <em><strong>Alejandra Mart\u00ed.<\/strong><\/em>\u00a0<a href=\"https:\/\/youtu.be\/ztpRKBz68KA\" target=\"_blank\" rel=\"noopener\"><span style=\"color: #ff0000;\">Ver video<\/span><\/a>.<\/p>\n<p style=\"font-weight: 400;\">Preguntas 1er. Bloque. <a href=\"https:\/\/youtu.be\/YiUOQI5TF24\" target=\"_blank\" rel=\"noopener\"><span style=\"color: #ff0000;\">Ver video<\/span><\/a>.<\/p>\n<hr \/>\n<p style=\"font-weight: 400;\"><span style=\"color: #ff0000;\"><strong>Bloque 2: <\/strong><\/span><strong>Cl\u00ednico: Manejo de trombosis en situaciones especiales.<\/strong><\/p>\n<p style=\"font-weight: 400;\"><span style=\"font-weight: 400;\">\u00bfEs \u00fatil el estudio de trombofilia en tromboembolismo venoso? <\/span><b><i>Patricia Casais.<\/i><\/b>\u00a0<a href=\"https:\/\/youtu.be\/Hckqmn4UzqM\" target=\"_blank\" rel=\"noopener\"><span style=\"color: #ff0000;\">Ver video<\/span><\/a>.<\/p>\n<p style=\"font-weight: 400;\">\u00bfCu\u00e1ndo y c\u00f3mo debo hacer monitoreo de la anticoagulaci\u00f3n con heparinas y doacs? <em><strong>Eleonora Rossi. <\/strong><\/em><a href=\"https:\/\/youtu.be\/Uesq_H7OQQA\" target=\"_blank\" rel=\"noopener\"><span style=\"color: #ff0000;\">Ver video<\/span><em><strong>.<\/strong><\/em><\/a><\/p>\n<p style=\"font-weight: 400;\"><span style=\"font-weight: 400;\">Mi paciente con tromboembolismo venoso requiere una cirug\u00eda, \u00bfc\u00f3mo lo manejo? <\/span><b><i>Miguel Castro R\u00edos.<\/i><\/b>\u00a0<a href=\"https:\/\/youtu.be\/tdaOy-Oqf-4\" target=\"_blank\" rel=\"noopener\"><span style=\"color: #ff0000;\">Ver video<\/span>.<\/a><\/p>\n<p>\u00bfCu\u00e1ndo los anticoagulantes orales directos (Doacs) no son una buena opci\u00f3n?. Errores frecuentes en dosificaci\u00f3n. <b><i>Florencia Gazzoni <\/i><\/b><a href=\"https:\/\/youtu.be\/gKFeDg4RVDM\" target=\"_blank\" rel=\"noopener\"><span style=\"color: #ff0000;\">Ver video <\/span><\/a><\/p>\n<p style=\"font-weight: 400;\">Preguntas 2do. bloque. <a href=\"https:\/\/youtu.be\/0ZfPKhQiAYA\" target=\"_blank\" rel=\"noopener\"><span style=\"color: #ff0000;\">Ver video<\/span><\/a><\/p>\n<hr \/>\n<p style=\"font-weight: 400;\"><span style=\"color: #ff0000;\"><strong>Bloque 3: <\/strong><\/span><strong>Cl\u00ednico: Trombocitopenia en pacientes internados.<\/strong><\/p>\n<p style=\"font-weight: 400;\"><span style=\"font-weight: 400;\">\u00bfPensamos lo suficiente en trombocitopenia inducida por heparina (HIT)? <\/span><b><i>Fernando Chuliber.<\/i><\/b>\u00a0<a href=\"https:\/\/youtu.be\/UdgsD8sACBc\" target=\"_blank\" rel=\"noopener\"><span style=\"color: #ff0000;\">Ver video<\/span><\/a>.<\/p>\n<p style=\"font-weight: 400;\">Manejo prequir\u00fargico de pacientes con trombocitopenia o terapias antiagregantes. <em><strong>Patricia Casais. <\/strong><\/em><a href=\"https:\/\/youtu.be\/5VTZ0Z3ohfM\" target=\"_blank\" rel=\"noopener\"><span style=\"color: #ff0000;\">Ver video<\/span><\/a><em><strong>.<\/strong><\/em><\/p>\n<p style=\"font-weight: 400;\"><span style=\"font-weight: 400;\">Manejo de la PTI con Sangrado grave. <\/span><b><i>Virginia Castoldi.<\/i><\/b>\u00a0<a href=\"https:\/\/youtu.be\/JGR9fhS67_s\" target=\"_blank\" rel=\"noopener\"><span style=\"color: #ff0000;\">Ver video<\/span><\/a>.<\/p>\n<p>Sospecha cl\u00ednica y manejo inicial de s\u00edndrome antifosfolip\u00eddico (SAF) catastr\u00f3fico. <b><i>Mar\u00eda \u00c1lvarez Bollea <\/i><\/b><a href=\"https:\/\/youtu.be\/nDSifFyu1Mo\" target=\"_blank\" rel=\"noopener\"><span style=\"color: #ff0000;\">Ver video <\/span><\/a><\/p>\n<p style=\"font-weight: 400;\">Preguntas 3er. bloque. <a href=\"https:\/\/youtu.be\/U2RX23RMqgk\" target=\"_blank\" rel=\"noopener\"><span style=\"color: #ff0000;\">Ver video<\/span><\/a><\/p>\n\t\t\t\t<\/div>\n\t\t\t<\/div>\n\t\t<\/div>\n\t\t\t<div class=\"sow-accordion-panel\"\n\t\t\t\tdata-anchor-id=\"3-reunion-cientifica-2025-highlights-del-congreso-isth-2025\">\n\t\t\t\t\t<div class=\"sow-accordion-panel-header-container\" role=\"heading\" aria-level=\"2\">\n\t\t\t\t\t<div class=\"sow-accordion-panel-header\" tabindex=\"0\" role=\"button\" id=\"accordion-label-3%c2%b0-reuni%c3%b3n-cient%c3%adfica-2025-highlights-del-congreso-isth-2025\" aria-controls=\"accordion-content-3%c2%b0-reuni%c3%b3n-cient%c3%adfica-2025-highlights-del-congreso-isth-2025\" aria-expanded=\"false\">\n\t\t\t\t\t\t<div class=\"sow-accordion-title sow-accordion-title-icon-left\">\n\t\t\t\t\t\t\t\t\t\t\t\t\t\t3\u00b0 Reuni\u00f3n Cient\u00edfica 2025: Highlights del Congreso ISTH 2025\t\t\t\t\t\t\t\t\t\t\t\t\t<\/div>\n\t\t\t\t\t\t<div class=\"sow-accordion-open-close-button\">\n\t\t\t\t\t\t\t<div class=\"sow-accordion-open-button\">\n\t\t\t\t\t\t\t\t<span class=\"sow-icon-ionicons\" data-sow-icon=\"&#xf218;\"\n\t\t \n\t\taria-hidden=\"true\"><\/span>\t\t\t\t\t\t\t<\/div>\n\t\t\t\t\t\t\t<div class=\"sow-accordion-close-button\">\n\t\t\t\t\t\t\t\t<span class=\"sow-icon-ionicons\" data-sow-icon=\"&#xf209;\"\n\t\t \n\t\taria-hidden=\"true\"><\/span>\t\t\t\t\t\t\t<\/div>\n\t\t\t\t\t\t<\/div>\n\t\t\t\t\t<\/div>\n\t\t\t\t<\/div>\n\n\t\t\t<div\n\t\t\t\tclass=\"sow-accordion-panel-content\"\n\t\t\t\trole=\"region\"\n\t\t\t\taria-labelledby=\"accordion-label-3%c2%b0-reuni%c3%b3n-cient%c3%adfica-2025-highlights-del-congreso-isth-2025\"\n\t\t\t\tid=\"accordion-content-3%c2%b0-reuni%c3%b3n-cient%c3%adfica-2025-highlights-del-congreso-isth-2025\"\n\t\t\t\tstyle=\"display: none;\"\t\t\t>\n\t\t\t\t<div class=\"sow-accordion-panel-border\">\n\t\t\t\t\t<p><img loading=\"lazy\" decoding=\"async\" class=\"alignnone size-full wp-image-10945\" src=\"https:\/\/www.grupocaht.com\/wp-content\/uploads\/2025\/06\/Flyer-3o-RC-2025-1-scaled.jpg\" alt=\"\" width=\"1184\" height=\"2560\" srcset=\"https:\/\/www.grupocaht.com\/wp-content\/uploads\/2025\/06\/Flyer-3o-RC-2025-1-scaled.jpg 1184w, https:\/\/www.grupocaht.com\/wp-content\/uploads\/2025\/06\/Flyer-3o-RC-2025-1-139x300.jpg 139w, https:\/\/www.grupocaht.com\/wp-content\/uploads\/2025\/06\/Flyer-3o-RC-2025-1-474x1024.jpg 474w, https:\/\/www.grupocaht.com\/wp-content\/uploads\/2025\/06\/Flyer-3o-RC-2025-1-768x1660.jpg 768w, https:\/\/www.grupocaht.com\/wp-content\/uploads\/2025\/06\/Flyer-3o-RC-2025-1-711x1536.jpg 711w, https:\/\/www.grupocaht.com\/wp-content\/uploads\/2025\/06\/Flyer-3o-RC-2025-1-947x2048.jpg 947w, https:\/\/www.grupocaht.com\/wp-content\/uploads\/2025\/06\/Flyer-3o-RC-2025-1-6x12.jpg 6w\" sizes=\"auto, (max-width: 1184px) 100vw, 1184px\" \/><\/p>\n<p><span style=\"color: #ff0000;\"><strong>Parte 1:\u00a0<\/strong><\/span><\/p>\n<p>Evaluaci\u00f3n y tratamiento del paciente con sangrado. <b><i>Alicia Villaseca<\/i><\/b>. <a href=\"https:\/\/youtu.be\/-cQuOieYQcYhttps:\/\/youtu.be\/-cQuOieYQcY\" target=\"_blank\" rel=\"noopener\"><span style=\"color: #ff0000;\">Ver video<\/span><\/a>.<\/p>\n<p style=\"font-weight: 400;\">PTI aspectos pedi\u00e1tricos.\u00a0 <em><strong>Gabriela Sciucatti.<\/strong><\/em>\u00a0<a href=\"https:\/\/youtu.be\/ss7HvGRQE-A\" target=\"_blank\" rel=\"noopener\"><span style=\"color: #ff0000;\">Ver video<\/span><\/a>.<\/p>\n<p>PTI en poblaci\u00f3n adulta. <em><strong>Jos\u00e9 Ceresetto.<\/strong><\/em>\u00a0<a href=\"https:\/\/youtu.be\/PQ8tg1Zny58\" target=\"_blank\" rel=\"noopener\"><span style=\"color: #ff0000;\">Ver video<\/span><\/a>.<\/p>\n<p>Aspectos destacados Gu\u00edas de ISTH: actualizaci\u00f3n en PTT. <em><strong>Macarena Ottobre.<\/strong><\/em>\u00a0<a href=\"https:\/\/youtu.be\/ORIJISgPTnM\" target=\"_blank\" rel=\"noopener\"><span style=\"color: #ff0000;\">Ver video<\/span><\/a>.<\/p>\n<p>Aspectos destacados Gu\u00edas de ISTH: Gu\u00eda de ASH-ISTH sobre profilaxis anticoagulante en pacientes pedi\u00e1tricos con riesgo tromboembolismo venoso (TEV). <em><strong>Carolina Cervio.<\/strong><\/em>\u00a0<a href=\"https:\/\/youtu.be\/U8daRdzIxlk\" target=\"_blank\" rel=\"noopener\"><span style=\"color: #ff0000;\">Ver video<\/span><\/a>.<\/p>\n<p style=\"font-weight: 400;\">Preguntas 1er. Bloque. <a href=\"https:\/\/youtu.be\/j6Qzhu6223U\" target=\"_blank\" rel=\"noopener\"><span style=\"color: #ff0000;\">Ver video<\/span><\/a>.<\/p>\n<p style=\"font-weight: 400;\"><span style=\"color: #ff0000;\"><strong>Parte 2:\u00a0<\/strong><\/span><\/p>\n<p style=\"font-weight: 400;\"><span style=\"font-weight: 400;\">Hemofilia. Desaf\u00edos en el diagn\u00f3stico y monitoreo del tratamiento. <\/span><b><i>Emanuel Sueldo.<\/i><\/b>\u00a0<a href=\"https:\/\/youtu.be\/4PPiMHvH-jE\" target=\"_blank\" rel=\"noopener\"><span style=\"color: #ff0000;\">Ver video<\/span><\/a>.<\/p>\n<p style=\"font-weight: 400;\">Hemofilia. Nuevas estrategias en el tratamiento. <em><strong>Alejandra Baqu\u00e9s. <\/strong><\/em><a href=\"https:\/\/youtu.be\/8WpiHxkFz84\" target=\"_blank\" rel=\"noopener\"><span style=\"color: #ff0000;\">Ver video<\/span><\/a><em><strong>.<\/strong><\/em><\/p>\n<p style=\"font-weight: 400;\"><span style=\"font-weight: 400;\">Hemostasia en la mujer. <\/span><b><i>Patricia Casais.<\/i><\/b>\u00a0<a href=\"https:\/\/youtu.be\/y6O-2I-XR5k\" target=\"_blank\" rel=\"noopener\"><span style=\"color: #ff0000;\">Ver video<\/span>.<\/a><\/p>\n<p>Panel Reactivo: <b><i>Soledad Molnar <\/i><\/b><a href=\"https:\/\/youtu.be\/fuYeuJi73cI\" target=\"_blank\" rel=\"noopener\"><span style=\"color: #ff0000;\">Ver video <\/span><\/a>y<b><i> Virginia Castoldi <\/i><\/b><a href=\"https:\/\/youtu.be\/KYJZ7VAJmow\" target=\"_blank\" rel=\"noopener\"><span style=\"color: #ff0000;\">Ver video<\/span><\/a><b><i>.\u00a0<\/i><\/b><\/p>\n<p style=\"font-weight: 400;\">Nuevas t\u00e9cnicas en el laboratorio de Hemostasia. <em><strong>Marta Martinuzzo. <\/strong><\/em><a href=\"https:\/\/youtu.be\/KV-O0F8hssg\" target=\"_blank\" rel=\"noopener\"><span style=\"color: #ff0000;\">Ver video<\/span><\/a><em><strong>.<\/strong><\/em><\/p>\n<p style=\"font-weight: 400;\">Preguntas 2do. bloque. <a href=\"https:\/\/youtu.be\/QQxZpEk3PNg\" target=\"_blank\" rel=\"noopener\"><span style=\"color: #ff0000;\">Ver video<\/span><\/a><\/p>\n\t\t\t\t<\/div>\n\t\t\t<\/div>\n\t\t<\/div>\n\t\t\t<div class=\"sow-accordion-panel\"\n\t\t\t\tdata-anchor-id=\"2-reunion-cientifica-2025-hemostasia-y-trombosis-en-la-mujer-moderna\">\n\t\t\t\t\t<div class=\"sow-accordion-panel-header-container\" role=\"heading\" aria-level=\"2\">\n\t\t\t\t\t<div class=\"sow-accordion-panel-header\" tabindex=\"0\" role=\"button\" id=\"accordion-label-2%c2%b0-reuni%c3%b3n-cient%c3%adfica-2025-hemostasia-y-trombosis-en-la-mujer-moderna\" aria-controls=\"accordion-content-2%c2%b0-reuni%c3%b3n-cient%c3%adfica-2025-hemostasia-y-trombosis-en-la-mujer-moderna\" aria-expanded=\"false\">\n\t\t\t\t\t\t<div class=\"sow-accordion-title sow-accordion-title-icon-left\">\n\t\t\t\t\t\t\t\t\t\t\t\t\t\t2\u00b0 Reuni\u00f3n Cient\u00edfica 2025: Hemostasia y Trombosis en la mujer moderna.\t\t\t\t\t\t\t\t\t\t\t\t\t<\/div>\n\t\t\t\t\t\t<div class=\"sow-accordion-open-close-button\">\n\t\t\t\t\t\t\t<div class=\"sow-accordion-open-button\">\n\t\t\t\t\t\t\t\t<span class=\"sow-icon-ionicons\" data-sow-icon=\"&#xf218;\"\n\t\t \n\t\taria-hidden=\"true\"><\/span>\t\t\t\t\t\t\t<\/div>\n\t\t\t\t\t\t\t<div class=\"sow-accordion-close-button\">\n\t\t\t\t\t\t\t\t<span class=\"sow-icon-ionicons\" data-sow-icon=\"&#xf209;\"\n\t\t \n\t\taria-hidden=\"true\"><\/span>\t\t\t\t\t\t\t<\/div>\n\t\t\t\t\t\t<\/div>\n\t\t\t\t\t<\/div>\n\t\t\t\t<\/div>\n\n\t\t\t<div\n\t\t\t\tclass=\"sow-accordion-panel-content\"\n\t\t\t\trole=\"region\"\n\t\t\t\taria-labelledby=\"accordion-label-2%c2%b0-reuni%c3%b3n-cient%c3%adfica-2025-hemostasia-y-trombosis-en-la-mujer-moderna\"\n\t\t\t\tid=\"accordion-content-2%c2%b0-reuni%c3%b3n-cient%c3%adfica-2025-hemostasia-y-trombosis-en-la-mujer-moderna\"\n\t\t\t\tstyle=\"display: none;\"\t\t\t>\n\t\t\t\t<div class=\"sow-accordion-panel-border\">\n\t\t\t\t\t<p><img loading=\"lazy\" decoding=\"async\" class=\"alignnone size-full wp-image-10760\" src=\"https:\/\/www.grupocaht.com\/wp-content\/uploads\/2025\/03\/Flyer-2o-RC-2025-scaled.jpg\" alt=\"\" width=\"1538\" height=\"2560\" srcset=\"https:\/\/www.grupocaht.com\/wp-content\/uploads\/2025\/03\/Flyer-2o-RC-2025-scaled.jpg 1538w, https:\/\/www.grupocaht.com\/wp-content\/uploads\/2025\/03\/Flyer-2o-RC-2025-180x300.jpg 180w, https:\/\/www.grupocaht.com\/wp-content\/uploads\/2025\/03\/Flyer-2o-RC-2025-615x1024.jpg 615w, https:\/\/www.grupocaht.com\/wp-content\/uploads\/2025\/03\/Flyer-2o-RC-2025-768x1279.jpg 768w, https:\/\/www.grupocaht.com\/wp-content\/uploads\/2025\/03\/Flyer-2o-RC-2025-923x1536.jpg 923w, https:\/\/www.grupocaht.com\/wp-content\/uploads\/2025\/03\/Flyer-2o-RC-2025-1230x2048.jpg 1230w, https:\/\/www.grupocaht.com\/wp-content\/uploads\/2025\/03\/Flyer-2o-RC-2025-7x12.jpg 7w\" sizes=\"auto, (max-width: 1538px) 100vw, 1538px\" \/><\/p>\n<p><span style=\"color: #ff0000;\"><strong>Parte 1:\u00a0<\/strong><\/span><\/p>\n<p>Plasma rico en plaquetas. Fundamentos biol\u00f3gicos. Mitos y verdades de su uso. <em><strong>Laura Fornasiero<\/strong><\/em>. <a href=\"https:\/\/youtu.be\/AhouukFxfow\" target=\"_blank\" rel=\"noopener\"><span style=\"color: #ff0000;\">Ver video<\/span><\/a>.<\/p>\n<p style=\"font-weight: 400;\">Tromboprofilaxis en cirug\u00eda bari\u00e1trica y pl\u00e1stica. <em><strong>Paulo Colimodio.<\/strong><\/em>\u00a0<a href=\"https:\/\/youtu.be\/JEiGBQ08hUw\" target=\"_blank\" rel=\"noopener\"><span style=\"color: #ff0000;\">Ver video<\/span><\/a>.<\/p>\n<p>Hipercoagulabilidad y enfermedad cel\u00edaca. <em><strong>Carina Gumpel.<\/strong><\/em>\u00a0<a href=\"https:\/\/youtu.be\/aP1SUSezVdE\" target=\"_blank\" rel=\"noopener\"><span style=\"color: #ff0000;\">Ver video<\/span><\/a>.<\/p>\n<p style=\"font-weight: 400;\">Preguntas 1er. Bloque. <a href=\"https:\/\/youtu.be\/Nn0mReEnN3M\" target=\"_blank\" rel=\"noopener\"><span style=\"color: #ff0000;\">Ver video<\/span><\/a>.<\/p>\n<p style=\"font-weight: 400;\"><span style=\"color: #ff0000;\"><strong>Parte 2:\u00a0<\/strong><\/span><\/p>\n<p style=\"font-weight: 400;\"><span style=\"font-weight: 400;\">Manejo del SME de May Thurner en adolescentes. <\/span><b><i>Ricardo Constantini.<\/i><\/b><a style=\"font-weight: 400;\" href=\"https:\/\/youtu.be\/-lVfOZmUkhk\" target=\"_blank\" rel=\"noopener\">\u00a0<span style=\"color: #ff0000;\">Ver video<\/span><\/a>.<\/p>\n<p style=\"font-weight: 400;\">Escleroterapia y trombosis. <em><strong>Soledad Molnar. <\/strong><\/em><a href=\"https:\/\/youtu.be\/tYYi6GqIR6A\" target=\"_blank\" rel=\"noopener\"><span style=\"color: #ff0000;\">Ver video<\/span><\/a><em><strong>.<\/strong><\/em><\/p>\n<p style=\"font-weight: 400;\">Preguntas 2do. bloque. <a href=\"https:\/\/youtu.be\/E1Uf8bIp9vs\" target=\"_blank\" rel=\"noopener\"><span style=\"color: #ff0000;\">Ver video<\/span><\/a><\/p>\n\t\t\t\t<\/div>\n\t\t\t<\/div>\n\t\t<\/div>\n\t\t\t<div class=\"sow-accordion-panel\"\n\t\t\t\tdata-anchor-id=\"1-reunion-cientifica-2025-hemofilia-nuevas-perspectivas\">\n\t\t\t\t\t<div class=\"sow-accordion-panel-header-container\" role=\"heading\" aria-level=\"2\">\n\t\t\t\t\t<div class=\"sow-accordion-panel-header\" tabindex=\"0\" role=\"button\" id=\"accordion-label-1%c2%b0-reuni%c3%b3n-cient%c3%adfica-2025-hemofilia-nuevas-perspectivas\" aria-controls=\"accordion-content-1%c2%b0-reuni%c3%b3n-cient%c3%adfica-2025-hemofilia-nuevas-perspectivas\" aria-expanded=\"false\">\n\t\t\t\t\t\t<div class=\"sow-accordion-title sow-accordion-title-icon-left\">\n\t\t\t\t\t\t\t\t\t\t\t\t\t\t1\u00b0 Reuni\u00f3n Cient\u00edfica 2025: Hemofilia: &#8220;Nuevas Perspectivas&#8221;.\t\t\t\t\t\t\t\t\t\t\t\t\t<\/div>\n\t\t\t\t\t\t<div class=\"sow-accordion-open-close-button\">\n\t\t\t\t\t\t\t<div class=\"sow-accordion-open-button\">\n\t\t\t\t\t\t\t\t<span class=\"sow-icon-ionicons\" data-sow-icon=\"&#xf218;\"\n\t\t \n\t\taria-hidden=\"true\"><\/span>\t\t\t\t\t\t\t<\/div>\n\t\t\t\t\t\t\t<div class=\"sow-accordion-close-button\">\n\t\t\t\t\t\t\t\t<span class=\"sow-icon-ionicons\" data-sow-icon=\"&#xf209;\"\n\t\t \n\t\taria-hidden=\"true\"><\/span>\t\t\t\t\t\t\t<\/div>\n\t\t\t\t\t\t<\/div>\n\t\t\t\t\t<\/div>\n\t\t\t\t<\/div>\n\n\t\t\t<div\n\t\t\t\tclass=\"sow-accordion-panel-content\"\n\t\t\t\trole=\"region\"\n\t\t\t\taria-labelledby=\"accordion-label-1%c2%b0-reuni%c3%b3n-cient%c3%adfica-2025-hemofilia-nuevas-perspectivas\"\n\t\t\t\tid=\"accordion-content-1%c2%b0-reuni%c3%b3n-cient%c3%adfica-2025-hemofilia-nuevas-perspectivas\"\n\t\t\t\tstyle=\"display: none;\"\t\t\t>\n\t\t\t\t<div class=\"sow-accordion-panel-border\">\n\t\t\t\t\t<p><img loading=\"lazy\" decoding=\"async\" class=\"alignnone size-full wp-image-10768\" src=\"https:\/\/www.grupocaht.com\/wp-content\/uploads\/2025\/03\/Flyer-1o-RC-2025-scaled.jpg\" alt=\"\" width=\"1143\" height=\"2560\" srcset=\"https:\/\/www.grupocaht.com\/wp-content\/uploads\/2025\/03\/Flyer-1o-RC-2025-scaled.jpg 1143w, https:\/\/www.grupocaht.com\/wp-content\/uploads\/2025\/03\/Flyer-1o-RC-2025-134x300.jpg 134w, https:\/\/www.grupocaht.com\/wp-content\/uploads\/2025\/03\/Flyer-1o-RC-2025-457x1024.jpg 457w, https:\/\/www.grupocaht.com\/wp-content\/uploads\/2025\/03\/Flyer-1o-RC-2025-768x1721.jpg 768w, https:\/\/www.grupocaht.com\/wp-content\/uploads\/2025\/03\/Flyer-1o-RC-2025-686x1536.jpg 686w, https:\/\/www.grupocaht.com\/wp-content\/uploads\/2025\/03\/Flyer-1o-RC-2025-914x2048.jpg 914w, https:\/\/www.grupocaht.com\/wp-content\/uploads\/2025\/03\/Flyer-1o-RC-2025-5x12.jpg 5w\" sizes=\"auto, (max-width: 1143px) 100vw, 1143px\" \/><\/p>\n<p><span style=\"color: #ff0000;\"><strong>Parte 1:\u00a0<\/strong><\/span><strong>Innovaci\u00f3n en diagn\u00f3stico y tratamiento<\/strong><\/p>\n<p>Hemofilia en la mujer, embarazo. <em><strong>Sebastiana Azzaro<\/strong><\/em>. <a href=\"https:\/\/youtu.be\/rKyHbR9Zqsk\" target=\"_blank\" rel=\"noopener\"><span style=\"color: #ff0000;\">Ver video<\/span><\/a>.<\/p>\n<p style=\"font-weight: 400;\">Estudios gen\u00e9ticos preimplantatorios en Hemofilia. <em><strong>Cecilia Fern\u00e1ndez.<\/strong><\/em>\u00a0<a href=\"https:\/\/youtu.be\/Jj6P4FBV1t4\" target=\"_blank\" rel=\"noopener\"><span style=\"color: #ff0000;\">Ver video<\/span><\/a>.<\/p>\n<p>Laboratorio de Hemostasia en Hemofilia: Monitoreo de nuevas drogas. <em><strong>Emanuel Sueldo.<\/strong><\/em>\u00a0<a href=\"https:\/\/youtu.be\/U45yEDi7QCM\" target=\"_blank\" rel=\"noopener\"><span style=\"color: #ff0000;\">Ver video<\/span><\/a>.<\/p>\n<p>Hemofilia en los primeros a\u00f1os de vida. <em><strong>Carolina Cervio.<\/strong><\/em>\u00a0<a href=\"https:\/\/youtu.be\/XbFjG1rrDcA\" target=\"_blank\" rel=\"noopener\"><span style=\"color: #ff0000;\">Ver video<\/span><\/a>.<\/p>\n<p style=\"font-weight: 400;\">Preguntas 1er. Bloque. <a href=\"https:\/\/youtu.be\/Fuy54ky9UDw\" target=\"_blank\" rel=\"noopener\"><span style=\"color: #ff0000;\">Ver video<\/span><\/a>.<\/p>\n<p style=\"font-weight: 400;\"><span style=\"color: #ff0000;\"><strong>Parte 2:\u00a0<\/strong><\/span><strong>Cuidado integral a lo largo de la vida.<\/strong><\/p>\n<p style=\"font-weight: 400;\">Diagn\u00f3stico por im\u00e1genes en Hemofilia. <em><strong>Mar\u00eda Laura Ranaletti<\/strong><\/em>.<a href=\"https:\/\/youtu.be\/BGyOwtThLXA\" target=\"_blank\" rel=\"noopener\"> <span style=\"color: #ff0000;\">Ver video<\/span><\/a>.<\/p>\n<p style=\"font-weight: 400;\">Fsioterapia en Hemofilia. <em><strong>Mar\u00eda del Valle Bertoni. <\/strong><\/em><a href=\"https:\/\/youtu.be\/PSozWciWbKE\" target=\"_blank\" rel=\"noopener\"><span style=\"color: #ff0000;\">Ver video<\/span><\/a><em><strong>.<\/strong><\/em><\/p>\n<p>Hemofilia y comorbilidades de la edad. <em><strong>Daniela Neme<\/strong><\/em>. <a href=\"https:\/\/youtu.be\/U4lwal6kNuk\" target=\"_blank\" rel=\"noopener\"><span style=\"color: #ff0000;\">Ver video<\/span><\/a>.<\/p>\n<p style=\"font-weight: 400;\">\u00a0Preguntas 2do. bloque. <a href=\"https:\/\/youtu.be\/RM_IqPcwkMs\" target=\"_blank\" rel=\"noopener\"><span style=\"color: #ff0000;\">Ver video<\/span><\/a><\/p>\n\t\t\t\t<\/div>\n\t\t\t<\/div>\n\t\t<\/div>\n\t\t<\/div>\n<\/div>\n<\/div><\/div><\/div><\/div><\/div>\n\n\n<!--nextpage-->\n\n\n<div id=\"pl-gb2793-69f17827b690d\"  class=\"panel-layout wp-block-siteorigin-panels-layout-block\" ><div id=\"pg-gb2793-69f17827b690d-0\"  class=\"panel-grid panel-no-style\" ><div id=\"pgc-gb2793-69f17827b690d-0-0\"  class=\"panel-grid-cell\" ><div id=\"panel-gb2793-69f17827b690d-0-0-0\" class=\"so-panel widget widget_sow-accordion panel-first-child panel-last-child\" data-index=\"0\" ><div\n\t\t\t\n\t\t\tclass=\"so-widget-sow-accordion so-widget-sow-accordion-default-5674beebb4fa-2793\"\n\t\t\t\n\t\t><h3 class=\"widget-title\">Reuniones Cient\u00edficas 2024<\/h3><div>\n\t<div class=\"sow-accordion\">\n\t\t\t<div class=\"sow-accordion-panel\"\n\t\t\t\tdata-anchor-id=\"5-reunion-cientifica-2024-acceso-a-la-formacion-de-los-bioquimicos-en-hemostasia-y-su-impacto-en-el-diagnostico-de-patologias-complejas-como-la-hemofilia-adquirida\">\n\t\t\t\t\t<div class=\"sow-accordion-panel-header-container\" role=\"heading\" aria-level=\"2\">\n\t\t\t\t\t<div class=\"sow-accordion-panel-header\" tabindex=\"0\" role=\"button\" id=\"accordion-label-5%c2%b0-reuni%c3%b3n-cient%c3%adfica-2024-acceso-a-la-formaci%c3%b3n-de-los-bioqu%c3%admicos-en-hemostasia-y-su-impacto-en-el-diagn%c3%b3stico-de-patolog%c3%adas-complejas-como-la-hemofilia-adquirida\" aria-controls=\"accordion-content-5%c2%b0-reuni%c3%b3n-cient%c3%adfica-2024-acceso-a-la-formaci%c3%b3n-de-los-bioqu%c3%admicos-en-hemostasia-y-su-impacto-en-el-diagn%c3%b3stico-de-patolog%c3%adas-complejas-como-la-hemofilia-adquirida\" aria-expanded=\"false\">\n\t\t\t\t\t\t<div class=\"sow-accordion-title sow-accordion-title-icon-left\">\n\t\t\t\t\t\t\t\t\t\t\t\t\t\t5\u00b0 Reuni\u00f3n Cient\u00edfica 2024: Acceso a la formaci\u00f3n de los Bioqu\u00edmicos en Hemostasia y su impacto en el diagn\u00f3stico de patolog\u00edas complejas como la Hemofilia Adquirida.\t\t\t\t\t\t\t\t\t\t\t\t\t<\/div>\n\t\t\t\t\t\t<div class=\"sow-accordion-open-close-button\">\n\t\t\t\t\t\t\t<div class=\"sow-accordion-open-button\">\n\t\t\t\t\t\t\t\t<span class=\"sow-icon-ionicons\" data-sow-icon=\"&#xf218;\"\n\t\t \n\t\taria-hidden=\"true\"><\/span>\t\t\t\t\t\t\t<\/div>\n\t\t\t\t\t\t\t<div class=\"sow-accordion-close-button\">\n\t\t\t\t\t\t\t\t<span class=\"sow-icon-ionicons\" data-sow-icon=\"&#xf209;\"\n\t\t \n\t\taria-hidden=\"true\"><\/span>\t\t\t\t\t\t\t<\/div>\n\t\t\t\t\t\t<\/div>\n\t\t\t\t\t<\/div>\n\t\t\t\t<\/div>\n\n\t\t\t<div\n\t\t\t\tclass=\"sow-accordion-panel-content\"\n\t\t\t\trole=\"region\"\n\t\t\t\taria-labelledby=\"accordion-label-5%c2%b0-reuni%c3%b3n-cient%c3%adfica-2024-acceso-a-la-formaci%c3%b3n-de-los-bioqu%c3%admicos-en-hemostasia-y-su-impacto-en-el-diagn%c3%b3stico-de-patolog%c3%adas-complejas-como-la-hemofilia-adquirida\"\n\t\t\t\tid=\"accordion-content-5%c2%b0-reuni%c3%b3n-cient%c3%adfica-2024-acceso-a-la-formaci%c3%b3n-de-los-bioqu%c3%admicos-en-hemostasia-y-su-impacto-en-el-diagn%c3%b3stico-de-patolog%c3%adas-complejas-como-la-hemofilia-adquirida\"\n\t\t\t\tstyle=\"display: none;\"\t\t\t>\n\t\t\t\t<div class=\"sow-accordion-panel-border\">\n\t\t\t\t\t<p><img loading=\"lazy\" decoding=\"async\" class=\"alignnone size-full wp-image-10597\" src=\"https:\/\/www.grupocaht.com\/wp-content\/uploads\/2024\/11\/Flyer-5o-RC-2024-scaled.jpg\" alt=\"\" width=\"1203\" height=\"2560\" srcset=\"https:\/\/www.grupocaht.com\/wp-content\/uploads\/2024\/11\/Flyer-5o-RC-2024-scaled.jpg 1203w, https:\/\/www.grupocaht.com\/wp-content\/uploads\/2024\/11\/Flyer-5o-RC-2024-141x300.jpg 141w, https:\/\/www.grupocaht.com\/wp-content\/uploads\/2024\/11\/Flyer-5o-RC-2024-481x1024.jpg 481w, https:\/\/www.grupocaht.com\/wp-content\/uploads\/2024\/11\/Flyer-5o-RC-2024-768x1635.jpg 768w, https:\/\/www.grupocaht.com\/wp-content\/uploads\/2024\/11\/Flyer-5o-RC-2024-722x1536.jpg 722w, https:\/\/www.grupocaht.com\/wp-content\/uploads\/2024\/11\/Flyer-5o-RC-2024-962x2048.jpg 962w, https:\/\/www.grupocaht.com\/wp-content\/uploads\/2024\/11\/Flyer-5o-RC-2024-6x12.jpg 6w\" sizes=\"auto, (max-width: 1203px) 100vw, 1203px\" \/><\/p>\n<p><span style=\"color: #ff0000;\"><strong>Parte 1:<\/strong><\/span><\/p>\n<p>Encuesta Nacional sobre formaci\u00f3n y situaci\u00f3n laboral de los qu\u00edmicos en Hemostasia. <em><strong>Alejandra Guti\u00e9rrez y Eugenia Kordys<\/strong><\/em>. <a href=\"https:\/\/youtu.be\/ypZ3PmafktI\" target=\"_blank\" rel=\"noopener\"><span style=\"color: #ff0000;\">Ver video<\/span><\/a>.<\/p>\n<p style=\"font-weight: 400;\">Escenario actual de la formaci\u00f3n Universitaria de Posgrado en Hematolog\u00eda\/Hemostasia. <em><strong>Alberto Lazarowski.<\/strong><\/em>\u00a0<a href=\"https:\/\/youtu.be\/t5HAuGp7LbI\" target=\"_blank\" rel=\"noopener\"><span style=\"color: #ff0000;\">Ver video<\/span><\/a>.<\/p>\n<p>Acceso a la formaci\u00f3n de los bioqu\u00edmicos en hemostasia y su impacto en el diagn\u00f3stico de patolog\u00edas complejas como la Hemofilia Adquirida. <em><strong>Claudia Ansola.<\/strong><\/em>\u00a0<a href=\"https:\/\/youtu.be\/KS3mgHLSllI\" target=\"_blank\" rel=\"noopener\"><span style=\"color: #ff0000;\">Ver video<\/span><\/a>.<\/p>\n<p>\u00bfC\u00f3mo certificar la especialidad mediante los Colegios Bioqu\u00edmicos y cu\u00e1l es su impacto en las condiciones laborales? <em><strong>N\u00e9stor Litwin y Mario Eposto.<\/strong><\/em>\u00a0<a href=\"https:\/\/youtu.be\/drgFzg97d8g\" target=\"_blank\" rel=\"noopener\"><span style=\"color: #ff0000;\">Ver video<\/span><\/a>.<\/p>\n<p>Integraci\u00f3n y conclusiones de lo aprendido. <em><strong>Eleonora Rossi.<\/strong><\/em>\u00a0<a href=\"https:\/\/youtu.be\/qVVlCaRO62Q\" target=\"_blank\" rel=\"noopener\"><span style=\"color: #ff0000;\">Ver video<\/span><\/a>.<\/p>\n<p style=\"font-weight: 400;\">Preguntas 1er. Bloque. <a href=\"https:\/\/youtu.be\/yi54rJFgCgM\" target=\"_blank\" rel=\"noopener\"><span style=\"color: #ff0000;\">Ver video<\/span><\/a>.<\/p>\n<p style=\"font-weight: 400;\"><span style=\"color: #ff0000;\"><strong>Parte 2:\u00a0<\/strong><\/span><\/p>\n<p style=\"font-weight: 400;\">Impacto de la disponibilidad de los recursos humanos bioqu\u00edmicos en el diagn\u00f3stico. Datos del relevamiento nacional. <em><strong>Brenda Horrach<\/strong><\/em>.<a href=\"https:\/\/youtu.be\/PnIvtIuHMQY\" target=\"_blank\" rel=\"noopener\"> <span style=\"color: #ff0000;\">Ver video<\/span><\/a>.<\/p>\n<p style=\"font-weight: 400;\">Diagn\u00f3stico de Hemofilia Adquirida en Argentina. Los m\u00e9todos autom\u00e1tizados de detecci\u00f3n de inhibidor de Factor VIII facilitar\u00edan el trabajo? <em><strong>Emanuel Sueldo. <\/strong><\/em><a href=\"https:\/\/youtu.be\/9qHZgyb_GD0\" target=\"_blank\" rel=\"noopener\"><span style=\"color: #ff0000;\">Ver video<\/span><\/a><em><strong>.<\/strong><\/em><\/p>\n<p>Tratamiento de Hemofilia Adquirida: Barreras actuales y futuras terapias. <em><strong>Fernando Chuliber<\/strong><\/em>. <a href=\"https:\/\/youtu.be\/6Lp_nd_pPTI\" target=\"_blank\" rel=\"noopener\"><span style=\"color: #ff0000;\">Ver video<\/span><\/a>.<\/p>\n<p style=\"font-weight: 400;\">\u00a0Preguntas 2do. bloque. <a href=\"https:\/\/youtu.be\/7PQFSZ-iMZE\" target=\"_blank\" rel=\"noopener\"><span style=\"color: #ff0000;\">Ver video<\/span><\/a><\/p>\n\t\t\t\t<\/div>\n\t\t\t<\/div>\n\t\t<\/div>\n\t\t\t<div class=\"sow-accordion-panel\"\n\t\t\t\tdata-anchor-id=\"4-reunion-cientifica-2024-de-la-teoria-a-la-practica-claves-para-la-calidad-en-los-laboratorios-de-hemostasia\">\n\t\t\t\t\t<div class=\"sow-accordion-panel-header-container\" role=\"heading\" aria-level=\"2\">\n\t\t\t\t\t<div class=\"sow-accordion-panel-header\" tabindex=\"0\" role=\"button\" id=\"accordion-label-4%c2%b0-reuni%c3%b3n-cient%c3%adfica-2024-de-la-teor%c3%ada-a-la-pr%c3%a1ctica-claves-para-la-calidad-en-los-laboratorios-de-hemostasia\" aria-controls=\"accordion-content-4%c2%b0-reuni%c3%b3n-cient%c3%adfica-2024-de-la-teor%c3%ada-a-la-pr%c3%a1ctica-claves-para-la-calidad-en-los-laboratorios-de-hemostasia\" aria-expanded=\"false\">\n\t\t\t\t\t\t<div class=\"sow-accordion-title sow-accordion-title-icon-left\">\n\t\t\t\t\t\t\t\t\t\t\t\t\t\t4\u00b0 Reuni\u00f3n Cient\u00edfica 2024: De la teor\u00eda a la pr\u00e1ctica: Claves para la calidad en los laboratorios de hemostasia\t\t\t\t\t\t\t\t\t\t\t\t\t<\/div>\n\t\t\t\t\t\t<div class=\"sow-accordion-open-close-button\">\n\t\t\t\t\t\t\t<div class=\"sow-accordion-open-button\">\n\t\t\t\t\t\t\t\t<span class=\"sow-icon-ionicons\" data-sow-icon=\"&#xf218;\"\n\t\t \n\t\taria-hidden=\"true\"><\/span>\t\t\t\t\t\t\t<\/div>\n\t\t\t\t\t\t\t<div class=\"sow-accordion-close-button\">\n\t\t\t\t\t\t\t\t<span class=\"sow-icon-ionicons\" data-sow-icon=\"&#xf209;\"\n\t\t \n\t\taria-hidden=\"true\"><\/span>\t\t\t\t\t\t\t<\/div>\n\t\t\t\t\t\t<\/div>\n\t\t\t\t\t<\/div>\n\t\t\t\t<\/div>\n\n\t\t\t<div\n\t\t\t\tclass=\"sow-accordion-panel-content\"\n\t\t\t\trole=\"region\"\n\t\t\t\taria-labelledby=\"accordion-label-4%c2%b0-reuni%c3%b3n-cient%c3%adfica-2024-de-la-teor%c3%ada-a-la-pr%c3%a1ctica-claves-para-la-calidad-en-los-laboratorios-de-hemostasia\"\n\t\t\t\tid=\"accordion-content-4%c2%b0-reuni%c3%b3n-cient%c3%adfica-2024-de-la-teor%c3%ada-a-la-pr%c3%a1ctica-claves-para-la-calidad-en-los-laboratorios-de-hemostasia\"\n\t\t\t\tstyle=\"display: none;\"\t\t\t>\n\t\t\t\t<div class=\"sow-accordion-panel-border\">\n\t\t\t\t\t<p><img loading=\"lazy\" decoding=\"async\" class=\"alignnone size-full wp-image-10338\" src=\"https:\/\/www.grupocaht.com\/wp-content\/uploads\/2024\/07\/Flyer-4o-RC-2024-scaled.jpg\" alt=\"\" width=\"1450\" height=\"2560\" srcset=\"https:\/\/www.grupocaht.com\/wp-content\/uploads\/2024\/07\/Flyer-4o-RC-2024-scaled.jpg 1450w, https:\/\/www.grupocaht.com\/wp-content\/uploads\/2024\/07\/Flyer-4o-RC-2024-170x300.jpg 170w, https:\/\/www.grupocaht.com\/wp-content\/uploads\/2024\/07\/Flyer-4o-RC-2024-580x1024.jpg 580w, https:\/\/www.grupocaht.com\/wp-content\/uploads\/2024\/07\/Flyer-4o-RC-2024-768x1356.jpg 768w, https:\/\/www.grupocaht.com\/wp-content\/uploads\/2024\/07\/Flyer-4o-RC-2024-870x1536.jpg 870w, https:\/\/www.grupocaht.com\/wp-content\/uploads\/2024\/07\/Flyer-4o-RC-2024-1160x2048.jpg 1160w, https:\/\/www.grupocaht.com\/wp-content\/uploads\/2024\/07\/Flyer-4o-RC-2024-7x12.jpg 7w\" sizes=\"auto, (max-width: 1450px) 100vw, 1450px\" \/><\/p>\n<p><span style=\"color: #ff0000;\"><strong>Parte 1:<\/strong><\/span><\/p>\n<p>Pediatr\u00eda. <em><strong>Bel\u00e9n Bianco<\/strong><\/em>. <a href=\"https:\/\/youtu.be\/iKID7lQv2H8\" target=\"_blank\" rel=\"noopener\"><span style=\"color: #ff0000;\">Ver video<\/span><\/a>.<\/p>\n<p style=\"font-weight: 400;\">Adultos. <em><strong>Nahir Conde<\/strong><\/em>. <a href=\"https:\/\/youtu.be\/apoV-AgWmoY\" target=\"_blank\" rel=\"noopener\"><span style=\"color: #ff0000;\">Ver video<\/span><\/a>.<\/p>\n<p style=\"font-weight: 400;\">Preguntas 1er. Bloque. <a href=\"https:\/\/youtu.be\/RQzPYM-2kVo\" target=\"_blank\" rel=\"noopener\"><span style=\"color: #ff0000;\">Ver video<\/span><\/a>.<\/p>\n<p style=\"font-weight: 400;\"><span style=\"color: #ff0000;\"><strong>Parte 2:\u00a0<\/strong><\/span><\/p>\n<p style=\"font-weight: 400;\">Estrategias de validaci\u00f3n y verificaci\u00f3n de las gu\u00edas al laboratorio real. <em><strong>Yolanda Adamczuk<\/strong><\/em>. <a href=\"https:\/\/youtu.be\/vYFrBznVnlE\" target=\"_blank\" rel=\"noopener\"><span style=\"color: #ff0000;\">Ver video<\/span><\/a>.<\/p>\n<p style=\"font-weight: 400;\">Est\u00e1ndares de calidad para el procesamiento, transporte y almacenamiento de muestras para estudios de hemostasia. <em><strong>Mercedes Zirpoli. <\/strong><\/em><a href=\"https:\/\/youtu.be\/l4mr-7gTRB4\" target=\"_blank\" rel=\"noopener\"><span style=\"color: #ff0000;\">Ver video<\/span><\/a><em><strong>.<\/strong><\/em><\/p>\n<p style=\"font-weight: 400;\">\u00a0Preguntas 2do. bloque. <a href=\"https:\/\/youtu.be\/bp7wEwUyMBk\" target=\"_blank\" rel=\"noopener\"><span style=\"color: #ff0000;\">Ver video<\/span><\/a><\/p>\n\t\t\t\t<\/div>\n\t\t\t<\/div>\n\t\t<\/div>\n\t\t\t<div class=\"sow-accordion-panel\"\n\t\t\t\tdata-anchor-id=\"3-reunion-cientifica-2024-highlights-del-congreso-isth-2024\">\n\t\t\t\t\t<div class=\"sow-accordion-panel-header-container\" role=\"heading\" aria-level=\"2\">\n\t\t\t\t\t<div class=\"sow-accordion-panel-header\" tabindex=\"0\" role=\"button\" id=\"accordion-label-3%c2%b0-reuni%c3%b3n-cient%c3%adfica-2024-highlights-del-congreso-isth-2024\" aria-controls=\"accordion-content-3%c2%b0-reuni%c3%b3n-cient%c3%adfica-2024-highlights-del-congreso-isth-2024\" aria-expanded=\"false\">\n\t\t\t\t\t\t<div class=\"sow-accordion-title sow-accordion-title-icon-left\">\n\t\t\t\t\t\t\t\t\t\t\t\t\t\t3\u00b0 Reuni\u00f3n Cient\u00edfica 2024: Highlights del Congreso ISTH 2024\t\t\t\t\t\t\t\t\t\t\t\t\t<\/div>\n\t\t\t\t\t\t<div class=\"sow-accordion-open-close-button\">\n\t\t\t\t\t\t\t<div class=\"sow-accordion-open-button\">\n\t\t\t\t\t\t\t\t<span class=\"sow-icon-ionicons\" data-sow-icon=\"&#xf218;\"\n\t\t \n\t\taria-hidden=\"true\"><\/span>\t\t\t\t\t\t\t<\/div>\n\t\t\t\t\t\t\t<div class=\"sow-accordion-close-button\">\n\t\t\t\t\t\t\t\t<span class=\"sow-icon-ionicons\" data-sow-icon=\"&#xf209;\"\n\t\t \n\t\taria-hidden=\"true\"><\/span>\t\t\t\t\t\t\t<\/div>\n\t\t\t\t\t\t<\/div>\n\t\t\t\t\t<\/div>\n\t\t\t\t<\/div>\n\n\t\t\t<div\n\t\t\t\tclass=\"sow-accordion-panel-content\"\n\t\t\t\trole=\"region\"\n\t\t\t\taria-labelledby=\"accordion-label-3%c2%b0-reuni%c3%b3n-cient%c3%adfica-2024-highlights-del-congreso-isth-2024\"\n\t\t\t\tid=\"accordion-content-3%c2%b0-reuni%c3%b3n-cient%c3%adfica-2024-highlights-del-congreso-isth-2024\"\n\t\t\t\tstyle=\"display: none;\"\t\t\t>\n\t\t\t\t<div class=\"sow-accordion-panel-border\">\n\t\t\t\t\t<p><img loading=\"lazy\" decoding=\"async\" class=\"alignnone size-full wp-image-10283\" src=\"https:\/\/www.grupocaht.com\/wp-content\/uploads\/2024\/07\/Flyer-3o-RC-2024-002-scaled.jpg\" alt=\"\" width=\"1198\" height=\"2560\" srcset=\"https:\/\/www.grupocaht.com\/wp-content\/uploads\/2024\/07\/Flyer-3o-RC-2024-002-scaled.jpg 1198w, https:\/\/www.grupocaht.com\/wp-content\/uploads\/2024\/07\/Flyer-3o-RC-2024-002-140x300.jpg 140w, https:\/\/www.grupocaht.com\/wp-content\/uploads\/2024\/07\/Flyer-3o-RC-2024-002-479x1024.jpg 479w, https:\/\/www.grupocaht.com\/wp-content\/uploads\/2024\/07\/Flyer-3o-RC-2024-002-768x1641.jpg 768w, https:\/\/www.grupocaht.com\/wp-content\/uploads\/2024\/07\/Flyer-3o-RC-2024-002-719x1536.jpg 719w, https:\/\/www.grupocaht.com\/wp-content\/uploads\/2024\/07\/Flyer-3o-RC-2024-002-958x2048.jpg 958w, https:\/\/www.grupocaht.com\/wp-content\/uploads\/2024\/07\/Flyer-3o-RC-2024-002-6x12.jpg 6w\" sizes=\"auto, (max-width: 1198px) 100vw, 1198px\" \/><\/p>\n<p><span style=\"color: #ff0000;\"><strong>Parte 1:<\/strong><\/span><\/p>\n<p>Actualizaci\u00f3n en la detecci\u00f3n e interpretaci\u00f3n de los anticuerpos antifosfol\u00edpido. <em><strong>Claudio Rosa<\/strong><\/em>. <a href=\"https:\/\/youtu.be\/aLpNle0yfsQ\" target=\"_blank\" rel=\"noopener\"><span style=\"color: #ff0000;\">Ver video<\/span><\/a>.<\/p>\n<p style=\"font-weight: 400;\">Nuevas terapias en Hemofilia cong\u00e9nita y adquirida. <em><strong>Alejandra Baques<\/strong><\/em>. <a href=\"https:\/\/youtu.be\/tb35nYBf3x0\" target=\"_blank\" rel=\"noopener\"><span style=\"color: #ff0000;\">Ver video<\/span><\/a>.<\/p>\n<p style=\"font-weight: 400;\">Novedades en hemostasia y trombosis en la mujer. <em><strong>Patricia Casais<\/strong><\/em>. <a href=\"https:\/\/youtu.be\/lqtnJiT-47I\" target=\"_blank\" rel=\"noopener\"><span style=\"color: #ff0000;\">Ve<\/span><span style=\"color: #ff0000;\">r video<\/span><\/a>.<\/p>\n<p>Novedades de predictores de riesgo de trombosis en distintos escenarios cl\u00ednicos. <em><strong>Jos\u00e9 Ceresetto<\/strong><\/em>. <a href=\"https:\/\/youtu.be\/CdFEwNRb12s\" target=\"_blank\" rel=\"noopener\"><span style=\"color: #ff0000;\">Ve<\/span><span style=\"color: #ff0000;\">r video<\/span><\/a>.<\/p>\n<p style=\"font-weight: 400;\">Preguntas 1er. Bloque. <a href=\"https:\/\/youtu.be\/xT3adPIJJvI\" target=\"_blank\" rel=\"noopener\"><span style=\"color: #ff0000;\">Ver video<\/span><\/a>.<\/p>\n<p style=\"font-weight: 400;\"><span style=\"color: #ff0000;\"><strong>Parte 2:\u00a0<\/strong><\/span><\/p>\n<p style=\"font-weight: 400;\">Novedades en EvW. <em><strong>Juan Pablo Frontroth<\/strong><\/em>. <a href=\"https:\/\/youtu.be\/GNvlWIfb08k\" target=\"_blank\" rel=\"noopener\"><span style=\"color: #ff0000;\">Ver video<\/span><\/a>.<\/p>\n<p style=\"font-weight: 400;\">Novedades en des\u00f3rdenes hemorr\u00e1gicos en pediatr\u00eda. <em><strong>Viviana Listello. <\/strong><\/em><a href=\"https:\/\/youtu.be\/msdzU8MFmTQ\" target=\"_blank\" rel=\"noopener\"><span style=\"color: #ff0000;\">Ver video<\/span><\/a><em><strong>.<\/strong><\/em><\/p>\n<p style=\"font-weight: 400;\">\u00bfQu\u00e9 hay de nuevo en trombosis pedi\u00e1trica?. <em><strong>Sandra Borchichi<\/strong><\/em>. <a href=\"https:\/\/youtu.be\/_UlqSa2DIBc\" target=\"_blank\" rel=\"noopener\"><span style=\"color: #ff0000;\">Ver video<\/span><\/a><\/p>\n<p>Novedades en el laboratorio. <em><strong>Germ\u00e1n Detarsio<\/strong><\/em>. <a href=\"https:\/\/youtu.be\/593623jM-PY\" target=\"_blank\" rel=\"noopener\"><span style=\"color: #ff0000;\">Ver video<\/span><\/a><\/p>\n<p style=\"font-weight: 400;\">Preguntas 2do. bloque. <a href=\"https:\/\/youtu.be\/Y6rRiselHEk\" target=\"_blank\" rel=\"noopener\"><span style=\"color: #ff0000;\">Ver video<\/span><\/a><\/p>\n<p style=\"font-weight: 400;\">\n\t\t\t\t<\/div>\n\t\t\t<\/div>\n\t\t<\/div>\n\t\t\t<div class=\"sow-accordion-panel\"\n\t\t\t\tdata-anchor-id=\"2-reunion-cientifica-2024-aspectos-fisiopatologicos-de-las-plaquetas\">\n\t\t\t\t\t<div class=\"sow-accordion-panel-header-container\" role=\"heading\" aria-level=\"2\">\n\t\t\t\t\t<div class=\"sow-accordion-panel-header\" tabindex=\"0\" role=\"button\" id=\"accordion-label-2%c2%b0-reuni%c3%b3n-cient%c3%adfica-2024-aspectos-fisiopatol%c3%b3gicos-de-las-plaquetas\" aria-controls=\"accordion-content-2%c2%b0-reuni%c3%b3n-cient%c3%adfica-2024-aspectos-fisiopatol%c3%b3gicos-de-las-plaquetas\" aria-expanded=\"false\">\n\t\t\t\t\t\t<div class=\"sow-accordion-title sow-accordion-title-icon-left\">\n\t\t\t\t\t\t\t\t\t\t\t\t\t\t2\u00b0 Reuni\u00f3n Cient\u00edfica 2024: Aspectos Fisiopatol\u00f3gicos de las Plaquetas\t\t\t\t\t\t\t\t\t\t\t\t\t<\/div>\n\t\t\t\t\t\t<div class=\"sow-accordion-open-close-button\">\n\t\t\t\t\t\t\t<div class=\"sow-accordion-open-button\">\n\t\t\t\t\t\t\t\t<span class=\"sow-icon-ionicons\" data-sow-icon=\"&#xf218;\"\n\t\t \n\t\taria-hidden=\"true\"><\/span>\t\t\t\t\t\t\t<\/div>\n\t\t\t\t\t\t\t<div class=\"sow-accordion-close-button\">\n\t\t\t\t\t\t\t\t<span class=\"sow-icon-ionicons\" data-sow-icon=\"&#xf209;\"\n\t\t \n\t\taria-hidden=\"true\"><\/span>\t\t\t\t\t\t\t<\/div>\n\t\t\t\t\t\t<\/div>\n\t\t\t\t\t<\/div>\n\t\t\t\t<\/div>\n\n\t\t\t<div\n\t\t\t\tclass=\"sow-accordion-panel-content\"\n\t\t\t\trole=\"region\"\n\t\t\t\taria-labelledby=\"accordion-label-2%c2%b0-reuni%c3%b3n-cient%c3%adfica-2024-aspectos-fisiopatol%c3%b3gicos-de-las-plaquetas\"\n\t\t\t\tid=\"accordion-content-2%c2%b0-reuni%c3%b3n-cient%c3%adfica-2024-aspectos-fisiopatol%c3%b3gicos-de-las-plaquetas\"\n\t\t\t\tstyle=\"display: none;\"\t\t\t>\n\t\t\t\t<div class=\"sow-accordion-panel-border\">\n\t\t\t\t\t<p><a href=\"https:\/\/www.grupocaht.com\/en\/reuniones-cientificas-2-2\/flyer-2o-rc-2024-1\/\" rel=\"attachment wp-att-10135\"><img loading=\"lazy\" decoding=\"async\" class=\"alignnone size-full wp-image-10135\" src=\"https:\/\/www.grupocaht.com\/wp-content\/uploads\/2024\/04\/Flyer-2o-RC-2024-1-scaled.jpg\" alt=\"\" width=\"1285\" height=\"2560\" srcset=\"https:\/\/www.grupocaht.com\/wp-content\/uploads\/2024\/04\/Flyer-2o-RC-2024-1-scaled.jpg 1285w, https:\/\/www.grupocaht.com\/wp-content\/uploads\/2024\/04\/Flyer-2o-RC-2024-1-151x300.jpg 151w, https:\/\/www.grupocaht.com\/wp-content\/uploads\/2024\/04\/Flyer-2o-RC-2024-1-514x1024.jpg 514w, https:\/\/www.grupocaht.com\/wp-content\/uploads\/2024\/04\/Flyer-2o-RC-2024-1-768x1530.jpg 768w, https:\/\/www.grupocaht.com\/wp-content\/uploads\/2024\/04\/Flyer-2o-RC-2024-1-771x1536.jpg 771w, https:\/\/www.grupocaht.com\/wp-content\/uploads\/2024\/04\/Flyer-2o-RC-2024-1-1028x2048.jpg 1028w, https:\/\/www.grupocaht.com\/wp-content\/uploads\/2024\/04\/Flyer-2o-RC-2024-1-6x12.jpg 6w\" sizes=\"auto, (max-width: 1285px) 100vw, 1285px\" \/><\/a><\/p>\n<p><span style=\"color: #ff0000;\"><strong>Parte 1:<\/strong><\/span><\/p>\n<p>M\u00e1s all\u00e1 de la trombopoyesis: Megacariocitos como c\u00e9lulas inmunes. <em><strong>Paola D&#8217;Atri<\/strong><\/em>. <a href=\"https:\/\/youtu.be\/HSr6wkzUh-U\" target=\"_blank\" rel=\"noopener\"><span style=\"color: #ff0000;\">Ver video<\/span><\/a>.<\/p>\n<p style=\"font-weight: 400;\">Las plaquetas de individuos con COVID-19 modulan la funcionalidad de las c\u00e9lulas TCD4+. <em><strong>Ana Ceballos<\/strong><\/em>. <a href=\"https:\/\/youtu.be\/sXFngyBWiqE\" target=\"_blank\" rel=\"noopener\"><span style=\"color: #ff0000;\">Ver video<\/span><\/a>.<\/p>\n<p style=\"font-weight: 400;\">Trombocitopenia como presentaci\u00f3n aislada en mielodisplasia y diagn\u00f3stico diferencial con PTI. <em><strong>Alicia Enrico<\/strong><\/em>. <a href=\"https:\/\/youtu.be\/_EhhQ7siPrI\" target=\"_blank\" rel=\"noopener\"><span style=\"color: #ff0000;\">Ver video<\/span><\/a>.<\/p>\n<p style=\"font-weight: 400;\">Preguntas 1er. Bloque. <a href=\"https:\/\/youtu.be\/tN9ppTvAceU\" target=\"_blank\" rel=\"noopener\"><span style=\"color: #ff0000;\">Ver video<\/span><\/a>.<\/p>\n<p style=\"font-weight: 400;\"><span style=\"color: #ff0000;\"><strong>Parte 2:\u00a0<\/strong><\/span><\/p>\n<p style=\"font-weight: 400;\">Aspectos cl\u00ednicos del Dengue. <em><strong>Andrea Padovani<\/strong><\/em>. <a href=\"https:\/\/youtu.be\/U4OsczTX6cw\" target=\"_blank\" rel=\"noopener\"><span style=\"color: #ff0000;\">Ver video<\/span><\/a>.<\/p>\n<p style=\"font-weight: 400;\">Dengue y plaquetas. <em><strong>Ricardo Benzad\u00f3n. <\/strong><\/em><a href=\"https:\/\/youtu.be\/4KMh4dQWCbg\" target=\"_blank\" rel=\"noopener\"><span style=\"color: #ff0000;\">Ver video<\/span><\/a><em><strong>.<\/strong><\/em><\/p>\n<p style=\"font-weight: 400;\">Antiplaquetarios: del centro a la periferia. <em><strong>Mar\u00eda Esther Aris Cancela<\/strong><\/em>. <a href=\"https:\/\/youtu.be\/Wn_e9Nv_jBg\" target=\"_blank\" rel=\"noopener\"><span style=\"color: #ff0000;\">Ver video<\/span><\/a><\/p>\n<p style=\"font-weight: 400;\">Preguntas 2do. bloque. <a href=\"https:\/\/youtu.be\/MIM_zJR0Gj8\" target=\"_blank\" rel=\"noopener\"><span style=\"color: #ff0000;\">Ver video<\/span><\/a><\/p>\n<p style=\"font-weight: 400;\">\n\t\t\t\t<\/div>\n\t\t\t<\/div>\n\t\t<\/div>\n\t\t\t<div class=\"sow-accordion-panel\"\n\t\t\t\tdata-anchor-id=\"1-reunion-cientifica-2024-desafios-en-hemostasia-y-trombosis-en-la-mujer\">\n\t\t\t\t\t<div class=\"sow-accordion-panel-header-container\" role=\"heading\" aria-level=\"2\">\n\t\t\t\t\t<div class=\"sow-accordion-panel-header\" tabindex=\"0\" role=\"button\" id=\"accordion-label-1%c2%b0-reuni%c3%b3n-cient%c3%adfica-2024-desaf%c3%ados-en-hemostasia-y-trombosis-en-la-mujer\" aria-controls=\"accordion-content-1%c2%b0-reuni%c3%b3n-cient%c3%adfica-2024-desaf%c3%ados-en-hemostasia-y-trombosis-en-la-mujer\" aria-expanded=\"false\">\n\t\t\t\t\t\t<div class=\"sow-accordion-title sow-accordion-title-icon-left\">\n\t\t\t\t\t\t\t\t\t\t\t\t\t\t1\u00b0 Reuni\u00f3n Cient\u00edfica 2024: Desaf\u00edos en Hemostasia y Trombosis en la mujer\t\t\t\t\t\t\t\t\t\t\t\t\t<\/div>\n\t\t\t\t\t\t<div class=\"sow-accordion-open-close-button\">\n\t\t\t\t\t\t\t<div class=\"sow-accordion-open-button\">\n\t\t\t\t\t\t\t\t<span class=\"sow-icon-ionicons\" data-sow-icon=\"&#xf218;\"\n\t\t \n\t\taria-hidden=\"true\"><\/span>\t\t\t\t\t\t\t<\/div>\n\t\t\t\t\t\t\t<div class=\"sow-accordion-close-button\">\n\t\t\t\t\t\t\t\t<span class=\"sow-icon-ionicons\" data-sow-icon=\"&#xf209;\"\n\t\t \n\t\taria-hidden=\"true\"><\/span>\t\t\t\t\t\t\t<\/div>\n\t\t\t\t\t\t<\/div>\n\t\t\t\t\t<\/div>\n\t\t\t\t<\/div>\n\n\t\t\t<div\n\t\t\t\tclass=\"sow-accordion-panel-content\"\n\t\t\t\trole=\"region\"\n\t\t\t\taria-labelledby=\"accordion-label-1%c2%b0-reuni%c3%b3n-cient%c3%adfica-2024-desaf%c3%ados-en-hemostasia-y-trombosis-en-la-mujer\"\n\t\t\t\tid=\"accordion-content-1%c2%b0-reuni%c3%b3n-cient%c3%adfica-2024-desaf%c3%ados-en-hemostasia-y-trombosis-en-la-mujer\"\n\t\t\t\tstyle=\"display: none;\"\t\t\t>\n\t\t\t\t<div class=\"sow-accordion-panel-border\">\n\t\t\t\t\t<p><a href=\"https:\/\/www.grupocaht.com\/en\/reuniones-cientificas-2-2\/flyer-1o-rc-2024\/\" rel=\"attachment wp-att-9976\"><img loading=\"lazy\" decoding=\"async\" class=\"alignnone size-full wp-image-9976\" src=\"https:\/\/www.grupocaht.com\/wp-content\/uploads\/2024\/02\/Flyer-1o-RC-2024-scaled.jpg\" alt=\"\" width=\"1415\" height=\"2560\" srcset=\"https:\/\/www.grupocaht.com\/wp-content\/uploads\/2024\/02\/Flyer-1o-RC-2024-scaled.jpg 1415w, https:\/\/www.grupocaht.com\/wp-content\/uploads\/2024\/02\/Flyer-1o-RC-2024-166x300.jpg 166w, https:\/\/www.grupocaht.com\/wp-content\/uploads\/2024\/02\/Flyer-1o-RC-2024-566x1024.jpg 566w, https:\/\/www.grupocaht.com\/wp-content\/uploads\/2024\/02\/Flyer-1o-RC-2024-768x1389.jpg 768w, https:\/\/www.grupocaht.com\/wp-content\/uploads\/2024\/02\/Flyer-1o-RC-2024-849x1536.jpg 849w, https:\/\/www.grupocaht.com\/wp-content\/uploads\/2024\/02\/Flyer-1o-RC-2024-1132x2048.jpg 1132w, https:\/\/www.grupocaht.com\/wp-content\/uploads\/2024\/02\/Flyer-1o-RC-2024-7x12.jpg 7w\" sizes=\"auto, (max-width: 1415px) 100vw, 1415px\" \/><\/a><\/p>\n<p><span style=\"color: #ff0000;\"><strong>Parte 1:<\/strong><\/span><\/p>\n<p>Manejando las variables preanal\u00edticas.\u00a0<em><strong>Laura Fornasiero<\/strong><\/em>. <a href=\"https:\/\/youtu.be\/mTyGZ1T8kUE\" target=\"_blank\" rel=\"noopener\"><span style=\"color: #ff0000;\">Ver video<\/span><\/a>.<\/p>\n<p style=\"font-weight: 400;\">Migra\u00f1a como factor de riesgo cardiovascular.\u00a0<em><strong>Soledad Molnar<\/strong><\/em>. <a href=\"https:\/\/youtu.be\/iKqek-_TVOQ\" target=\"_blank\" rel=\"noopener\"><span style=\"color: #ff0000;\">Ver video<\/span><\/a>.<\/p>\n<p style=\"font-weight: 400;\">El diagn\u00f3stico del SAF obst\u00e9trico en la era de la nueva clasificaci\u00f3n. <em><strong>Mariel Soria<\/strong><\/em>. <a href=\"https:\/\/youtu.be\/02SBIuOE4GU\" target=\"_blank\" rel=\"noopener\"><span style=\"color: #ff0000;\">Ver video<\/span><\/a>.<\/p>\n<p style=\"font-weight: 400;\">Preguntas 1er. Bloque. <a href=\"https:\/\/youtu.be\/ykt6eT8d9O8\" target=\"_blank\" rel=\"noopener\"><span style=\"color: #ff0000;\">Ver video<\/span><\/a>.<\/p>\n<p style=\"font-weight: 400;\"><span style=\"color: #ff0000;\"><strong>Parte 2:\u00a0<\/strong><\/span><\/p>\n<p style=\"font-weight: 400;\">El g\u00e9nero femenino como factor de riesgo en los diferentes scores. <em><strong>Carina Gumpel<\/strong><\/em>. <a href=\"https:\/\/youtu.be\/UTFIfo37A-s\" target=\"_blank\" rel=\"noopener\"><span style=\"color: #ff0000;\">Ver video<\/span><\/a>.<\/p>\n<p style=\"font-weight: 400;\">Anticonceptivos orales: \u00bfSon suficientes para desencadenar un TEV? <em><strong>Carlos Fondevila<\/strong><\/em>. <a href=\"https:\/\/youtu.be\/G_J8trTUSA0\" target=\"_blank\" rel=\"noopener\"><span style=\"color: #ff0000;\">Ver video<\/span><\/a><\/p>\n<p style=\"font-weight: 400;\">\n<p style=\"font-weight: 400;\">Preguntas 2do. bloque. <a href=\"https:\/\/youtu.be\/qXhX87hWYy0\" target=\"_blank\" rel=\"noopener\"><span style=\"color: #ff0000;\">Ver video<\/span><\/a><\/p>\n<p style=\"font-weight: 400;\">\n\t\t\t\t<\/div>\n\t\t\t<\/div>\n\t\t<\/div>\n\t\t<\/div>\n<\/div>\n<\/div><\/div><\/div><\/div><\/div>\n\n\n<!--nextpage-->\n\n\n<div id=\"pl-gb2793-69f17827b774d\"  class=\"panel-layout wp-block-siteorigin-panels-layout-block\" ><div id=\"pg-gb2793-69f17827b774d-0\"  class=\"panel-grid panel-no-style\" ><div id=\"pgc-gb2793-69f17827b774d-0-0\"  class=\"panel-grid-cell\" ><div id=\"panel-gb2793-69f17827b774d-0-0-0\" class=\"so-panel widget widget_sow-accordion panel-first-child panel-last-child\" data-index=\"0\" ><div\n\t\t\t\n\t\t\tclass=\"so-widget-sow-accordion so-widget-sow-accordion-default-99be652ed941-2793\"\n\t\t\t\n\t\t><h3 class=\"widget-title\">Reuniones Cient\u00edficas 2023<\/h3><div>\n\t<div class=\"sow-accordion\">\n\t\t\t<div class=\"sow-accordion-panel\"\n\t\t\t\tdata-anchor-id=\"5-reunion-cientifica-2023-oportunidades-y-barreras-diagnosticas-en-enfermedad-de-von-willebrand-vwd-y-trombocitopenia-inducida-por-heparina-hit\">\n\t\t\t\t\t<div class=\"sow-accordion-panel-header-container\" role=\"heading\" aria-level=\"2\">\n\t\t\t\t\t<div class=\"sow-accordion-panel-header\" tabindex=\"0\" role=\"button\" id=\"accordion-label-5%c2%b0-reuni%c3%b3n-cient%c3%adfica-2023-oportunidades-y-barreras-diagn%c3%b3sticas-en-enfermedad-de-von-willebrand-vwd-y-trombocitopenia-inducida-por-heparina-hit\" aria-controls=\"accordion-content-5%c2%b0-reuni%c3%b3n-cient%c3%adfica-2023-oportunidades-y-barreras-diagn%c3%b3sticas-en-enfermedad-de-von-willebrand-vwd-y-trombocitopenia-inducida-por-heparina-hit\" aria-expanded=\"false\">\n\t\t\t\t\t\t<div class=\"sow-accordion-title sow-accordion-title-icon-left\">\n\t\t\t\t\t\t\t\t\t\t\t\t\t\t5\u00b0 Reuni\u00f3n Cient\u00edfica 2023: Oportunidades y barreras diagn\u00f3sticas en enfermedad de von Willebrand (VWD) y Trombocitopenia inducida por Heparina (HIT)\t\t\t\t\t\t\t\t\t\t\t\t\t<\/div>\n\t\t\t\t\t\t<div class=\"sow-accordion-open-close-button\">\n\t\t\t\t\t\t\t<div class=\"sow-accordion-open-button\">\n\t\t\t\t\t\t\t\t<span class=\"sow-icon-ionicons\" data-sow-icon=\"&#xf218;\"\n\t\t \n\t\taria-hidden=\"true\"><\/span>\t\t\t\t\t\t\t<\/div>\n\t\t\t\t\t\t\t<div class=\"sow-accordion-close-button\">\n\t\t\t\t\t\t\t\t<span class=\"sow-icon-ionicons\" data-sow-icon=\"&#xf209;\"\n\t\t \n\t\taria-hidden=\"true\"><\/span>\t\t\t\t\t\t\t<\/div>\n\t\t\t\t\t\t<\/div>\n\t\t\t\t\t<\/div>\n\t\t\t\t<\/div>\n\n\t\t\t<div\n\t\t\t\tclass=\"sow-accordion-panel-content\"\n\t\t\t\trole=\"region\"\n\t\t\t\taria-labelledby=\"accordion-label-5%c2%b0-reuni%c3%b3n-cient%c3%adfica-2023-oportunidades-y-barreras-diagn%c3%b3sticas-en-enfermedad-de-von-willebrand-vwd-y-trombocitopenia-inducida-por-heparina-hit\"\n\t\t\t\tid=\"accordion-content-5%c2%b0-reuni%c3%b3n-cient%c3%adfica-2023-oportunidades-y-barreras-diagn%c3%b3sticas-en-enfermedad-de-von-willebrand-vwd-y-trombocitopenia-inducida-por-heparina-hit\"\n\t\t\t\tstyle=\"display: none;\"\t\t\t>\n\t\t\t\t<div class=\"sow-accordion-panel-border\">\n\t\t\t\t\t<p>&nbsp;<\/p>\n<p><a href=\"https:\/\/www.grupocaht.com\/wp-content\/uploads\/2023\/08\/Flyer-5o-RC-2023-scaled.jpg\"><img loading=\"lazy\" decoding=\"async\" class=\"alignnone size-full wp-image-9568\" src=\"https:\/\/www.grupocaht.com\/wp-content\/uploads\/2023\/08\/Flyer-5o-RC-2023-scaled.jpg\" alt=\"\" width=\"1282\" height=\"2560\" srcset=\"https:\/\/www.grupocaht.com\/wp-content\/uploads\/2023\/08\/Flyer-5o-RC-2023-scaled.jpg 1282w, https:\/\/www.grupocaht.com\/wp-content\/uploads\/2023\/08\/Flyer-5o-RC-2023-150x300.jpg 150w, https:\/\/www.grupocaht.com\/wp-content\/uploads\/2023\/08\/Flyer-5o-RC-2023-513x1024.jpg 513w, https:\/\/www.grupocaht.com\/wp-content\/uploads\/2023\/08\/Flyer-5o-RC-2023-768x1534.jpg 768w, https:\/\/www.grupocaht.com\/wp-content\/uploads\/2023\/08\/Flyer-5o-RC-2023-769x1536.jpg 769w, https:\/\/www.grupocaht.com\/wp-content\/uploads\/2023\/08\/Flyer-5o-RC-2023-1026x2048.jpg 1026w, https:\/\/www.grupocaht.com\/wp-content\/uploads\/2023\/08\/Flyer-5o-RC-2023-6x12.jpg 6w\" sizes=\"auto, (max-width: 1282px) 100vw, 1282px\" \/><\/a><\/p>\n<p><span style=\"color: #000080;\"><em><strong>Parte 1:\u00a0<\/strong><\/em><\/span><\/p>\n<p style=\"font-weight: 400;\"><span style=\"color: #000080;\">Fernando Chuliber &#8211; <strong>Avances y desaf\u00edos del grupo desde su creaci\u00f3n<\/strong>.<\/span> <a href=\"https:\/\/youtu.be\/Rd7VZQ4UP1Q\" target=\"_blank\" rel=\"noopener\"><span style=\"color: #ff0000;\">Ver video<\/span><\/a>.<\/p>\n<p><span style=\"color: #000080;\">Claudio Rosa &#8211; <strong>Pruebas diagn\u00f3sticas de HIT disponibles en Argentina<\/strong>.<\/span> <a href=\"https:\/\/youtu.be\/fetpFcn8jaY\" target=\"_blank\" rel=\"noopener\"><span style=\"color: #ff0000;\">Ver video<\/span><\/a>.<\/p>\n<p><span style=\"color: #000080;\">Marta Martinuzzo &#8211; <strong>\u00bfSer\u00eda valioso contar con pruebas funcionales para HIT en Argentina?<\/strong><\/span>\u00a0<a href=\"https:\/\/youtu.be\/xmKe7xoGugM\" target=\"_blank\" rel=\"noopener\"><span style=\"color: #ff0000;\">Ver video<\/span><\/a>.<\/p>\n<p><span style=\"color: #000080;\">Virginia Roma\u00f1ano &#8211; <strong>\u00bfCu\u00e1les son las barreras en el diagn\u00f3stico de HIT?<\/strong>.<\/span> <a href=\"https:\/\/youtu.be\/NZF0xl1kauM\" target=\"_blank\" rel=\"noopener\"><span style=\"color: #ff0000;\">Ver video<\/span><\/a>.<\/p>\n<p><strong><span style=\"color: #000080;\">Preguntas 1er bloque.<\/span> <\/strong><a href=\"https:\/\/youtu.be\/DfqosPn3H5w\" target=\"_blank\" rel=\"noopener\"><span style=\"color: #ff0000;\">Ver video<\/span><\/a><strong>.<\/strong><\/p>\n<p style=\"font-weight: 400;\"><strong><em><span style=\"color: #000080;\">Parte 2:\u00a0<\/span><\/em><\/strong><\/p>\n<p style=\"font-weight: 400;\"><span style=\"color: #ff0000;\"><span style=\"color: #000080;\">Eugenia Kordys &#8211; <strong>Pruebas diagn\u00f3sticas de 1\u00ba Nivel disponibles en VWD en Argentina. <\/strong><\/span><a style=\"color: #ff0000;\" href=\"https:\/\/youtu.be\/fI4yEzKqEH4\" target=\"_blank\" rel=\"noopener\">Ver video<\/a>.<\/span><\/p>\n<p style=\"font-weight: 400;\"><span style=\"color: #000080;\">Juan Pablo Frontroth &#8211; <strong>Beneficios para los pacientes de las pruebas de 2\u00ba de VWD<\/strong><\/span>. <a href=\"https:\/\/youtu.be\/_3KzLDpVj0Q\" target=\"_blank\" rel=\"noopener\"><span style=\"color: #ff0000;\">Ver video<\/span><\/a>.<\/p>\n<p><span style=\"color: #000080;\">\u00c9rica Lobo &#8211; <strong>\u00bfCu\u00e1les son las barreras en el diagn\u00f3stico de VWD?<\/strong><\/span>\u00a0<a href=\"https:\/\/youtu.be\/C3EQvl6tCA8\" target=\"_blank\" rel=\"noopener\"><span style=\"color: #ff0000;\">Ver video<\/span><\/a>.<\/p>\n<p style=\"font-weight: 400;\"><strong><span style=\"color: #000080;\">Preguntas 2do bloque.<\/span> <\/strong><a href=\"https:\/\/youtu.be\/6-6EOikIfsM\" target=\"_blank\" rel=\"noopener\"><span style=\"color: #ff0000;\">Ver video<\/span><\/a><strong>.<\/strong><\/p>\n<p>&nbsp;<\/p>\n\t\t\t\t<\/div>\n\t\t\t<\/div>\n\t\t<\/div>\n\t\t\t<div class=\"sow-accordion-panel\"\n\t\t\t\tdata-anchor-id=\"4-reunion-cientifica-2023-impacto-de-la-interpretacion-fenotipo-genotipo-en-hemostasia\">\n\t\t\t\t\t<div class=\"sow-accordion-panel-header-container\" role=\"heading\" aria-level=\"2\">\n\t\t\t\t\t<div class=\"sow-accordion-panel-header\" tabindex=\"0\" role=\"button\" id=\"accordion-label-4%c2%b0-reuni%c3%b3n-cient%c3%adfica-2023-impacto-de-la-interpretaci%c3%b3n-fenotipo-genotipo-en-hemostasia\" aria-controls=\"accordion-content-4%c2%b0-reuni%c3%b3n-cient%c3%adfica-2023-impacto-de-la-interpretaci%c3%b3n-fenotipo-genotipo-en-hemostasia\" aria-expanded=\"false\">\n\t\t\t\t\t\t<div class=\"sow-accordion-title sow-accordion-title-icon-left\">\n\t\t\t\t\t\t\t\t\t\t\t\t\t\t4\u00b0 Reuni\u00f3n Cient\u00edfica 2023: Impacto de la interpretaci\u00f3n Fenotipo-Genotipo en Hemostasia.\t\t\t\t\t\t\t\t\t\t\t\t\t<\/div>\n\t\t\t\t\t\t<div class=\"sow-accordion-open-close-button\">\n\t\t\t\t\t\t\t<div class=\"sow-accordion-open-button\">\n\t\t\t\t\t\t\t\t<span class=\"sow-icon-ionicons\" data-sow-icon=\"&#xf218;\"\n\t\t \n\t\taria-hidden=\"true\"><\/span>\t\t\t\t\t\t\t<\/div>\n\t\t\t\t\t\t\t<div class=\"sow-accordion-close-button\">\n\t\t\t\t\t\t\t\t<span class=\"sow-icon-ionicons\" data-sow-icon=\"&#xf209;\"\n\t\t \n\t\taria-hidden=\"true\"><\/span>\t\t\t\t\t\t\t<\/div>\n\t\t\t\t\t\t<\/div>\n\t\t\t\t\t<\/div>\n\t\t\t\t<\/div>\n\n\t\t\t<div\n\t\t\t\tclass=\"sow-accordion-panel-content\"\n\t\t\t\trole=\"region\"\n\t\t\t\taria-labelledby=\"accordion-label-4%c2%b0-reuni%c3%b3n-cient%c3%adfica-2023-impacto-de-la-interpretaci%c3%b3n-fenotipo-genotipo-en-hemostasia\"\n\t\t\t\tid=\"accordion-content-4%c2%b0-reuni%c3%b3n-cient%c3%adfica-2023-impacto-de-la-interpretaci%c3%b3n-fenotipo-genotipo-en-hemostasia\"\n\t\t\t\tstyle=\"display: none;\"\t\t\t>\n\t\t\t\t<div class=\"sow-accordion-panel-border\">\n\t\t\t\t\t<p><a href=\"https:\/\/www.grupocaht.com\/wp-content\/uploads\/2023\/06\/Flyer-4o-RC-2023-scaled.jpg\"><img loading=\"lazy\" decoding=\"async\" class=\"alignnone size-full wp-image-9423\" src=\"https:\/\/www.grupocaht.com\/wp-content\/uploads\/2023\/06\/Flyer-4o-RC-2023-scaled.jpg\" alt=\"\" width=\"1492\" height=\"2560\" srcset=\"https:\/\/www.grupocaht.com\/wp-content\/uploads\/2023\/06\/Flyer-4o-RC-2023-scaled.jpg 1492w, https:\/\/www.grupocaht.com\/wp-content\/uploads\/2023\/06\/Flyer-4o-RC-2023-175x300.jpg 175w, https:\/\/www.grupocaht.com\/wp-content\/uploads\/2023\/06\/Flyer-4o-RC-2023-597x1024.jpg 597w, https:\/\/www.grupocaht.com\/wp-content\/uploads\/2023\/06\/Flyer-4o-RC-2023-768x1318.jpg 768w, https:\/\/www.grupocaht.com\/wp-content\/uploads\/2023\/06\/Flyer-4o-RC-2023-895x1536.jpg 895w, https:\/\/www.grupocaht.com\/wp-content\/uploads\/2023\/06\/Flyer-4o-RC-2023-1194x2048.jpg 1194w, https:\/\/www.grupocaht.com\/wp-content\/uploads\/2023\/06\/Flyer-4o-RC-2023-7x12.jpg 7w\" sizes=\"auto, (max-width: 1492px) 100vw, 1492px\" \/><\/a><\/p>\n<p><span style=\"color: #000080;\"><em><strong>Parte 1:\u00a0<\/strong><\/em><\/span><\/p>\n<p style=\"font-weight: 400;\"><span style=\"color: #000080;\">Mirta Arias, Liliana Rossetti y Anal\u00eda S\u00e1nchez Luceros &#8211; <strong>Enfoque diagn\u00f3stico de defectos asociados a la disminuci\u00f3n de la actividad de FVIII<\/strong>.<\/span> <a href=\"https:\/\/youtu.be\/cFxxLybiT6U\" target=\"_blank\" rel=\"noopener\"><span style=\"color: #ff0000;\">Ver video<\/span><\/a>.<\/p>\n<p><strong><span style=\"color: #000080;\">Preguntas 1er bloque.<\/span> <\/strong><a href=\"https:\/\/youtu.be\/fQBafUQy3Ck\" target=\"_blank\" rel=\"noopener\"><span style=\"color: #ff0000;\">Ver video<\/span><\/a><strong>.<\/strong><\/p>\n<p style=\"font-weight: 400;\"><strong><em><span style=\"color: #000080;\">Parte 2:\u00a0<\/span><\/em><\/strong><\/p>\n<p style=\"font-weight: 400;\"><span style=\"color: #ff0000;\"><span style=\"color: #000080;\">Ana Glembotsky y Paula Heller &#8211; <strong>Trombocitopenias hereditarias con predisposici\u00f3n a neoplasias hematol\u00f3gicas. <\/strong><\/span><a href=\"https:\/\/youtu.be\/egTZg6hCtgs\" target=\"_blank\" rel=\"noopener\">Ver video<\/a>.<\/span><\/p>\n<p style=\"font-weight: 400;\"><span style=\"color: #000080;\">Juan Pablo Frontroth, Carolina Pepe y Gabriela Sciucatti &#8211; <strong>Trombocitopenias hereditarias en la infancia y la importancia del diagn\u00f3stico diferencial con trombocitopenia inmune<\/strong><\/span>. <a href=\"https:\/\/youtu.be\/g674Mo5Xz8s\" target=\"_blank\" rel=\"noopener\"><span style=\"color: #ff0000;\">Ver video<\/span><\/a>.<\/p>\n<p style=\"font-weight: 400;\"><strong><span style=\"color: #000080;\">Preguntas 2do bloque.<\/span> <\/strong><a href=\"https:\/\/youtu.be\/e2BUv_yjTAM\" target=\"_blank\" rel=\"noopener\"><span style=\"color: #ff0000;\">Ver video<\/span><\/a><strong>.<\/strong><\/p>\n<p>&nbsp;<\/p>\n\t\t\t\t<\/div>\n\t\t\t<\/div>\n\t\t<\/div>\n\t\t\t<div class=\"sow-accordion-panel\"\n\t\t\t\tdata-anchor-id=\"3-reunion-cientifica-2023-highlights-del-congreso-isth-2023\">\n\t\t\t\t\t<div class=\"sow-accordion-panel-header-container\" role=\"heading\" aria-level=\"2\">\n\t\t\t\t\t<div class=\"sow-accordion-panel-header\" tabindex=\"0\" role=\"button\" id=\"accordion-label-3%c2%b0-reuni%c3%b3n-cient%c3%adfica-2023-highlights-del-congreso-isth-2023\" aria-controls=\"accordion-content-3%c2%b0-reuni%c3%b3n-cient%c3%adfica-2023-highlights-del-congreso-isth-2023\" aria-expanded=\"false\">\n\t\t\t\t\t\t<div class=\"sow-accordion-title sow-accordion-title-icon-left\">\n\t\t\t\t\t\t\t\t\t\t\t\t\t\t3\u00b0 Reuni\u00f3n Cient\u00edfica 2023: Highlights del Congreso ISTH 2023\t\t\t\t\t\t\t\t\t\t\t\t\t<\/div>\n\t\t\t\t\t\t<div class=\"sow-accordion-open-close-button\">\n\t\t\t\t\t\t\t<div class=\"sow-accordion-open-button\">\n\t\t\t\t\t\t\t\t<span class=\"sow-icon-ionicons\" data-sow-icon=\"&#xf218;\"\n\t\t \n\t\taria-hidden=\"true\"><\/span>\t\t\t\t\t\t\t<\/div>\n\t\t\t\t\t\t\t<div class=\"sow-accordion-close-button\">\n\t\t\t\t\t\t\t\t<span class=\"sow-icon-ionicons\" data-sow-icon=\"&#xf209;\"\n\t\t \n\t\taria-hidden=\"true\"><\/span>\t\t\t\t\t\t\t<\/div>\n\t\t\t\t\t\t<\/div>\n\t\t\t\t\t<\/div>\n\t\t\t\t<\/div>\n\n\t\t\t<div\n\t\t\t\tclass=\"sow-accordion-panel-content\"\n\t\t\t\trole=\"region\"\n\t\t\t\taria-labelledby=\"accordion-label-3%c2%b0-reuni%c3%b3n-cient%c3%adfica-2023-highlights-del-congreso-isth-2023\"\n\t\t\t\tid=\"accordion-content-3%c2%b0-reuni%c3%b3n-cient%c3%adfica-2023-highlights-del-congreso-isth-2023\"\n\t\t\t\tstyle=\"display: none;\"\t\t\t>\n\t\t\t\t<div class=\"sow-accordion-panel-border\">\n\t\t\t\t\t<p><a href=\"https:\/\/www.grupocaht.com\/wp-content\/uploads\/2023\/07\/Flyer-3o-RC-2023-1-scaled.jpg\"><img loading=\"lazy\" decoding=\"async\" class=\"alignnone size-full wp-image-9513\" src=\"https:\/\/www.grupocaht.com\/wp-content\/uploads\/2023\/07\/Flyer-3o-RC-2023-1-scaled.jpg\" alt=\"\" width=\"1298\" height=\"2560\" srcset=\"https:\/\/www.grupocaht.com\/wp-content\/uploads\/2023\/07\/Flyer-3o-RC-2023-1-scaled.jpg 1298w, https:\/\/www.grupocaht.com\/wp-content\/uploads\/2023\/07\/Flyer-3o-RC-2023-1-152x300.jpg 152w, https:\/\/www.grupocaht.com\/wp-content\/uploads\/2023\/07\/Flyer-3o-RC-2023-1-519x1024.jpg 519w, https:\/\/www.grupocaht.com\/wp-content\/uploads\/2023\/07\/Flyer-3o-RC-2023-1-768x1514.jpg 768w, https:\/\/www.grupocaht.com\/wp-content\/uploads\/2023\/07\/Flyer-3o-RC-2023-1-779x1536.jpg 779w, https:\/\/www.grupocaht.com\/wp-content\/uploads\/2023\/07\/Flyer-3o-RC-2023-1-1039x2048.jpg 1039w, https:\/\/www.grupocaht.com\/wp-content\/uploads\/2023\/07\/Flyer-3o-RC-2023-1-6x12.jpg 6w\" sizes=\"auto, (max-width: 1298px) 100vw, 1298px\" \/><\/a><\/p>\n<p><span style=\"color: #000080;\"><em><strong>Parte 1: Novedades en Pacientes Adultos<\/strong><\/em><\/span><\/p>\n<p style=\"font-weight: 400;\"><span style=\"color: #000080;\">Adriana Woods &#8211; <strong>Novedades en von Willebrand<\/strong>.<\/span> <a href=\"https:\/\/youtu.be\/96me36F6JTw\" target=\"_blank\" rel=\"noopener\"><span style=\"color: #ff0000;\">Ver video<\/span><\/a>.<\/p>\n<p style=\"font-weight: 400;\"><span style=\"color: #000080;\">Jos\u00e9 Ceresetto &#8211;\u00a0 <strong>C\u00e1ncer y trombosis<\/strong>.<\/span> <a href=\"https:\/\/youtu.be\/zCCTqlMLLCg\" target=\"_blank\" rel=\"noopener\"><span style=\"color: #ff0000;\">Ver video<\/span><\/a>.<strong>\u00a0<\/strong><\/p>\n<p><span style=\"color: #000080;\">Alejandra Guti\u00e9rrez &#8211;\u00a0 <strong>Ensayos de laboratorio para el seguimiento de nuevas terapias en Hemofilia<\/strong>.<\/span> <a href=\"https:\/\/youtu.be\/RI_2FRoxwC4\" target=\"_blank\" rel=\"noopener\"><span style=\"color: #ff0000;\">Ver video<\/span>.<\/a><strong>\u00a0<\/strong><\/p>\n<p><span style=\"color: #000080;\">Marta Martinuzzo &#8211;\u00a0 <strong>Desaf\u00edos en el laboratorio de hemostasia<\/strong>.<\/span> <a href=\"https:\/\/youtu.be\/VxR2ynZqpfo\" target=\"_blank\" rel=\"noopener\"><span style=\"color: #ff0000;\">Ver video<\/span><\/a>.<strong>\u00a0<\/strong><\/p>\n<p style=\"font-weight: 400;\"><strong><em><span style=\"color: #000080;\">Parte 2: Novedades en pacientes pedi\u00e1tricos<\/span><\/em><\/strong><\/p>\n<p style=\"font-weight: 400;\"><span style=\"color: #ff0000;\"><span style=\"color: #000080;\">Mar\u00eda In\u00e9s Marcone &#8211; <strong>Actualizaci\u00f3n en PPT y CID. Aspectos del Laboratorio. <\/strong><\/span><a href=\"https:\/\/www.youtube.com\/watch?v=tB8M6wGTyGg\" target=\"_blank\" rel=\"noopener\">Ver video<\/a>.<\/span><\/p>\n<p style=\"font-weight: 400;\"><span style=\"color: #000080;\">Gabriela Sciucatti &#8211; <strong>Trombosis, Trombofilia y S\u00edndrome Posttromb\u00f3tico en Pediatr\u00eda<\/strong><\/span>. <span style=\"color: #ff0000;\">Video no disponible. <\/span><\/p>\n<p style=\"font-weight: 400;\"><span style=\"color: #000080;\">Carolina Cervio &#8211; <strong>Hemofilia y RBD en Pediatr\u00eda<\/strong><\/span>. <a href=\"https:\/\/youtu.be\/HNCayP2DtTo\" target=\"_blank\" rel=\"noopener\"><span style=\"color: #ff0000;\">Ver video<\/span><\/a>.<\/p>\n<p><span style=\"color: #000080;\">Alejandra Costa &#8211; <strong>Trombosis arterial<\/strong><\/span>. <span style=\"color: #ff0000;\">Video no disponible<\/span>.<\/p>\n<p style=\"font-weight: 400;\"><strong><span style=\"color: #000080;\">Preguntas ambos bloques.<\/span> <\/strong><a href=\"https:\/\/youtu.be\/VqAXqcJ1Wto\" target=\"_blank\" rel=\"noopener\"><span style=\"color: #ff0000;\">Ver video<\/span><\/a><strong>.<\/strong><\/p>\n\t\t\t\t<\/div>\n\t\t\t<\/div>\n\t\t<\/div>\n\t\t\t<div class=\"sow-accordion-panel\"\n\t\t\t\tdata-anchor-id=\"2-reunion-cientifica-2023-nuevos-escenarios-y-no-tanto-de-la-terapia-antitrombotica-en-cardiologia\">\n\t\t\t\t\t<div class=\"sow-accordion-panel-header-container\" role=\"heading\" aria-level=\"2\">\n\t\t\t\t\t<div class=\"sow-accordion-panel-header\" tabindex=\"0\" role=\"button\" id=\"accordion-label-2%c2%b0-reuni%c3%b3n-cient%c3%adfica-2023-nuevos-escenarios-y-no-tanto-de-la-terapia-antitromb%c3%b3tica-en-cardiolog%c3%ada\" aria-controls=\"accordion-content-2%c2%b0-reuni%c3%b3n-cient%c3%adfica-2023-nuevos-escenarios-y-no-tanto-de-la-terapia-antitromb%c3%b3tica-en-cardiolog%c3%ada\" aria-expanded=\"false\">\n\t\t\t\t\t\t<div class=\"sow-accordion-title sow-accordion-title-icon-left\">\n\t\t\t\t\t\t\t\t\t\t\t\t\t\t2\u00b0 Reuni\u00f3n Cient\u00edfica 2023: Nuevos escenarios (y no tanto) de la terapia antitromb\u00f3tica en Cardiolog\u00eda.\t\t\t\t\t\t\t\t\t\t\t\t\t<\/div>\n\t\t\t\t\t\t<div class=\"sow-accordion-open-close-button\">\n\t\t\t\t\t\t\t<div class=\"sow-accordion-open-button\">\n\t\t\t\t\t\t\t\t<span class=\"sow-icon-ionicons\" data-sow-icon=\"&#xf218;\"\n\t\t \n\t\taria-hidden=\"true\"><\/span>\t\t\t\t\t\t\t<\/div>\n\t\t\t\t\t\t\t<div class=\"sow-accordion-close-button\">\n\t\t\t\t\t\t\t\t<span class=\"sow-icon-ionicons\" data-sow-icon=\"&#xf209;\"\n\t\t \n\t\taria-hidden=\"true\"><\/span>\t\t\t\t\t\t\t<\/div>\n\t\t\t\t\t\t<\/div>\n\t\t\t\t\t<\/div>\n\t\t\t\t<\/div>\n\n\t\t\t<div\n\t\t\t\tclass=\"sow-accordion-panel-content\"\n\t\t\t\trole=\"region\"\n\t\t\t\taria-labelledby=\"accordion-label-2%c2%b0-reuni%c3%b3n-cient%c3%adfica-2023-nuevos-escenarios-y-no-tanto-de-la-terapia-antitromb%c3%b3tica-en-cardiolog%c3%ada\"\n\t\t\t\tid=\"accordion-content-2%c2%b0-reuni%c3%b3n-cient%c3%adfica-2023-nuevos-escenarios-y-no-tanto-de-la-terapia-antitromb%c3%b3tica-en-cardiolog%c3%ada\"\n\t\t\t\tstyle=\"display: none;\"\t\t\t>\n\t\t\t\t<div class=\"sow-accordion-panel-border\">\n\t\t\t\t\t<p><a href=\"https:\/\/www.grupocaht.com\/wp-content\/uploads\/2023\/05\/Flyer-2o-RC-2023-1-scaled.jpg\"><img loading=\"lazy\" decoding=\"async\" class=\"alignnone size-full wp-image-9330\" src=\"https:\/\/www.grupocaht.com\/wp-content\/uploads\/2023\/05\/Flyer-2o-RC-2023-1-scaled.jpg\" alt=\"\" width=\"1492\" height=\"2560\" srcset=\"https:\/\/www.grupocaht.com\/wp-content\/uploads\/2023\/05\/Flyer-2o-RC-2023-1-scaled.jpg 1492w, https:\/\/www.grupocaht.com\/wp-content\/uploads\/2023\/05\/Flyer-2o-RC-2023-1-175x300.jpg 175w, https:\/\/www.grupocaht.com\/wp-content\/uploads\/2023\/05\/Flyer-2o-RC-2023-1-597x1024.jpg 597w, https:\/\/www.grupocaht.com\/wp-content\/uploads\/2023\/05\/Flyer-2o-RC-2023-1-768x1318.jpg 768w, https:\/\/www.grupocaht.com\/wp-content\/uploads\/2023\/05\/Flyer-2o-RC-2023-1-895x1536.jpg 895w, https:\/\/www.grupocaht.com\/wp-content\/uploads\/2023\/05\/Flyer-2o-RC-2023-1-1194x2048.jpg 1194w, https:\/\/www.grupocaht.com\/wp-content\/uploads\/2023\/05\/Flyer-2o-RC-2023-1-7x12.jpg 7w\" sizes=\"auto, (max-width: 1492px) 100vw, 1492px\" \/><\/a><\/p>\n<p><em><span style=\"color: #000080;\"><strong>Apertura<\/strong><\/span><\/em><\/p>\n<p style=\"font-weight: 400;\"><span style=\"color: #000080;\">Palabras a Elisa.<\/span> <a href=\"https:\/\/youtu.be\/AmSCRGmHE7c\" target=\"_blank\" rel=\"noopener\"><span style=\"color: #ff0000;\">Ver Video<\/span><\/a><\/p>\n<hr \/>\n<p><span style=\"color: #000080;\"><em><strong>Parte 1<\/strong><\/em><\/span><\/p>\n<p style=\"font-weight: 400;\"><span style=\"color: #000080;\">Jos\u00e9 Bonorino &#8211; <strong>Triple esquema (Doble tratamiento antiagregante y anticoagulaci\u00f3n) en otros escenarios, m\u00e1s all\u00e1 de la Angioplast\u00eda<\/strong>.<\/span> <a href=\"https:\/\/youtu.be\/bft35y5ENrU\" target=\"_blank\" rel=\"noopener\"><span style=\"color: #ff0000;\">Ver video<\/span><\/a>.<\/p>\n<p style=\"font-weight: 400;\"><span style=\"color: #000080;\">Carla Giumelli &#8211;\u00a0 <strong>Riesgo hemorr\u00e1gico asociado al triple esquema. Enfoque terap\u00e9utico<\/strong>.<\/span> <a href=\"https:\/\/youtu.be\/YbSf4frGjoY\" target=\"_blank\" rel=\"noopener\"><span style=\"color: #ff0000;\">Ver video<\/span><\/a>.<strong>\u00a0<\/strong><\/p>\n<p style=\"font-weight: 400;\"><span style=\"color: #000080;\"><strong>Preguntas 1er. bloque<\/strong><\/span>. <a href=\"https:\/\/youtu.be\/2g9sVlD68jw\" target=\"_blank\" rel=\"noopener\"><span style=\"color: #ff0000;\">Ver video<\/span><\/a><\/p>\n<hr \/>\n<p style=\"font-weight: 400;\"><strong><em><span style=\"color: #000080;\">Parte 2<\/span><\/em>\u00a0<\/strong><\/p>\n<p style=\"font-weight: 400;\"><span style=\"color: #ff0000;\"><span style=\"color: #000080;\">Maximiliano de Abreu &#8211; <strong>Anticoagulantes directos (DOACs), evidencias para su uso en patolog\u00edas diferentes de Fibrilaci\u00f3n Auricular (FA). Trombosis intracard\u00edaca.<\/strong> <\/span><a href=\"https:\/\/youtu.be\/jHIJXgFSXYk\" target=\"_blank\" rel=\"noopener\"><span style=\"color: #ff0000;\">Ver video<\/span><\/a><\/span>.<\/p>\n<p style=\"font-weight: 400;\"><span style=\"color: #000080;\">Paulo Colimodio &#8211; <strong>DOACs en Trombocitopenia inducida por Heparina (HIT) en un pa\u00eds con pocas opciones de tratamiento<\/strong><\/span>. <span style=\"color: #ff0000;\"><a style=\"color: #ff0000;\" href=\"https:\/\/youtu.be\/1JXdfCBgbow\" target=\"_blank\" rel=\"noopener\">Ver video<\/a>. <\/span><\/p>\n<p style=\"font-weight: 400;\"><span style=\"color: #000080;\">David Ver\u00f3n &#8211; <strong>DOACs en poblaci\u00f3n pedi\u00e1trica: \u00bfD\u00f3nde estamos hoy?<\/strong><\/span>. <a href=\"https:\/\/youtu.be\/KcSz4_FM4jo\" target=\"_blank\" rel=\"noopener\"><span style=\"color: #ff0000;\">Ver video<\/span>.<\/a><\/p>\n<p style=\"font-weight: 400;\"><strong><span style=\"color: #000080;\">Preguntas 2do. bloque.<\/span> <\/strong><a href=\"https:\/\/youtu.be\/IvBq8NuBi-Q\" target=\"_blank\" rel=\"noopener\"><span style=\"color: #ff0000;\">Ver video<\/span><\/a><strong>.<\/strong><\/p>\n\t\t\t\t<\/div>\n\t\t\t<\/div>\n\t\t<\/div>\n\t\t\t<div class=\"sow-accordion-panel\"\n\t\t\t\tdata-anchor-id=\"1-reunion-cientifica-2023-plaquetas-y-embarazo\">\n\t\t\t\t\t<div class=\"sow-accordion-panel-header-container\" role=\"heading\" aria-level=\"2\">\n\t\t\t\t\t<div class=\"sow-accordion-panel-header\" tabindex=\"0\" role=\"button\" id=\"accordion-label-1%c2%b0-reuni%c3%b3n-cient%c3%adfica-2023-plaquetas-y-embarazo\" aria-controls=\"accordion-content-1%c2%b0-reuni%c3%b3n-cient%c3%adfica-2023-plaquetas-y-embarazo\" aria-expanded=\"false\">\n\t\t\t\t\t\t<div class=\"sow-accordion-title sow-accordion-title-icon-left\">\n\t\t\t\t\t\t\t\t\t\t\t\t\t\t1\u00b0 Reuni\u00f3n Cient\u00edfica 2023: Plaquetas y embarazo.\t\t\t\t\t\t\t\t\t\t\t\t\t<\/div>\n\t\t\t\t\t\t<div class=\"sow-accordion-open-close-button\">\n\t\t\t\t\t\t\t<div class=\"sow-accordion-open-button\">\n\t\t\t\t\t\t\t\t<span class=\"sow-icon-ionicons\" data-sow-icon=\"&#xf218;\"\n\t\t \n\t\taria-hidden=\"true\"><\/span>\t\t\t\t\t\t\t<\/div>\n\t\t\t\t\t\t\t<div class=\"sow-accordion-close-button\">\n\t\t\t\t\t\t\t\t<span class=\"sow-icon-ionicons\" data-sow-icon=\"&#xf209;\"\n\t\t \n\t\taria-hidden=\"true\"><\/span>\t\t\t\t\t\t\t<\/div>\n\t\t\t\t\t\t<\/div>\n\t\t\t\t\t<\/div>\n\t\t\t\t<\/div>\n\n\t\t\t<div\n\t\t\t\tclass=\"sow-accordion-panel-content\"\n\t\t\t\trole=\"region\"\n\t\t\t\taria-labelledby=\"accordion-label-1%c2%b0-reuni%c3%b3n-cient%c3%adfica-2023-plaquetas-y-embarazo\"\n\t\t\t\tid=\"accordion-content-1%c2%b0-reuni%c3%b3n-cient%c3%adfica-2023-plaquetas-y-embarazo\"\n\t\t\t\tstyle=\"display: none;\"\t\t\t>\n\t\t\t\t<div class=\"sow-accordion-panel-border\">\n\t\t\t\t\t<p><a href=\"https:\/\/www.grupocaht.com\/wp-content\/uploads\/2023\/03\/Flyer-1o-RC-2023-2-scaled.jpg\"><img loading=\"lazy\" decoding=\"async\" class=\"alignnone size-full wp-image-9170\" src=\"https:\/\/www.grupocaht.com\/wp-content\/uploads\/2023\/03\/Flyer-1o-RC-2023-2-scaled.jpg\" alt=\"\" width=\"1243\" height=\"2560\" srcset=\"https:\/\/www.grupocaht.com\/wp-content\/uploads\/2023\/03\/Flyer-1o-RC-2023-2-scaled.jpg 1243w, https:\/\/www.grupocaht.com\/wp-content\/uploads\/2023\/03\/Flyer-1o-RC-2023-2-146x300.jpg 146w, https:\/\/www.grupocaht.com\/wp-content\/uploads\/2023\/03\/Flyer-1o-RC-2023-2-497x1024.jpg 497w, https:\/\/www.grupocaht.com\/wp-content\/uploads\/2023\/03\/Flyer-1o-RC-2023-2-768x1581.jpg 768w, https:\/\/www.grupocaht.com\/wp-content\/uploads\/2023\/03\/Flyer-1o-RC-2023-2-746x1536.jpg 746w, https:\/\/www.grupocaht.com\/wp-content\/uploads\/2023\/03\/Flyer-1o-RC-2023-2-995x2048.jpg 995w, https:\/\/www.grupocaht.com\/wp-content\/uploads\/2023\/03\/Flyer-1o-RC-2023-2-6x12.jpg 6w\" sizes=\"auto, (max-width: 1243px) 100vw, 1243px\" \/><\/a><\/p>\n<p><em><span style=\"color: #000080;\"><strong>Apertura<\/strong><\/span><\/em><\/p>\n<p style=\"font-weight: 400;\"><span style=\"color: #000080;\">Carina Gumpel &#8211; Presentaci\u00f3n del nuevo libro: <strong>Hemostasia y Trombosis en la Mujer: Hormonas y Trombosis. <\/strong>Edici\u00f3n 2023.<\/span> <a href=\"https:\/\/youtu.be\/RSIVdGwsR3o\" target=\"_blank\" rel=\"noopener\"><span style=\"color: #ff0000;\">Ver Video<\/span><\/a><\/p>\n<p style=\"font-weight: 400;\"><span style=\"color: #000080;\">Luis Aversa &#8211; Presentaci\u00f3n de la nueva <strong>Gu\u00eda de Diagn\u00f3stico y Tratamiento de Trombosis Venosa en Pediatr\u00eda<\/strong>. Edici\u00f3n 2023.<\/span> <a href=\"https:\/\/youtu.be\/5jDVxEtu2Bg\" target=\"_blank\" rel=\"noopener\"><span style=\"color: #ff0000;\">Ver Video<\/span><\/a><\/p>\n<hr \/>\n<p><span style=\"color: #000080;\"><em><strong>Parte 1<\/strong><\/em><\/span><\/p>\n<p style=\"font-weight: 400;\"><span style=\"color: #000080;\">Adriana Woods &#8211; <strong>Aspectos del laboratorio de von\u00a0Willebrand (vW) en la Mujer Embarazada<\/strong>.<\/span> <span style=\"color: #ff0000;\"><a style=\"color: #ff0000;\" href=\"https:\/\/youtu.be\/dur343dYAYs\" target=\"_blank\" rel=\"noopener\">Ver video<\/a><\/span>.<\/p>\n<p style=\"font-weight: 400;\"><span style=\"color: #000080;\">Fernado Chuliber &#8211;\u00a0 <strong>Manejo de la Enfermedad de vW Tipo 2B y Trombocitopat\u00edas Hereditarias en el Embarazo<\/strong>.<\/span> <span style=\"color: #ff0000;\"><a style=\"color: #ff0000;\" href=\"https:\/\/youtu.be\/-jf0FSUI6uQ\" target=\"_blank\" rel=\"noopener\">Ver video<\/a><\/span>.<strong>\u00a0<\/strong><\/p>\n<p style=\"font-weight: 400;\"><span style=\"color: #000080;\">Anal\u00eda S\u00e1nchez Luceros &#8211; <strong>Trombocitopenias Microangiop\u00e1ticas<\/strong>.<\/span> <a href=\"https:\/\/youtu.be\/xPbizmiwBNk\" target=\"_blank\" rel=\"noopener\"><span style=\"color: #ff0000;\">Ver video<\/span><\/a><span style=\"color: #ff0000;\">.<\/span><\/p>\n<p style=\"font-weight: 400;\"><span style=\"color: #000080;\"><strong>Preguntas 1er. bloque<\/strong><\/span>. <a href=\"https:\/\/youtu.be\/b_3XKxjabV0\" target=\"_blank\" rel=\"noopener\"><span style=\"color: #ff0000;\">Ver video<\/span><\/a><\/p>\n<hr \/>\n<p style=\"font-weight: 400;\"><strong><em><span style=\"color: #000080;\">Parte 2<\/span><\/em>\u00a0<\/strong><\/p>\n<p style=\"font-weight: 400;\"><span style=\"color: #ff0000;\"><span style=\"color: #000080;\">Mar\u00eda de los \u00c1ngeles Vicente Reparaz &#8211; <strong>Trombocitemia Esencial y Embarazo.<\/strong> <\/span><a style=\"color: #ff0000;\" href=\"https:\/\/youtu.be\/SH_HOf9_EV8\" target=\"_blank\" rel=\"noopener\">Ver video<\/a><\/span>.<\/p>\n<p style=\"font-weight: 400;\"><span style=\"color: #000080;\">Soledad Molnar &#8211; <strong>P\u00farpura Trombocitop\u00e9nica Inmune (PTI) y Embarazo<\/strong><\/span>. <a href=\"https:\/\/youtu.be\/FMtAIyFNaMk\" target=\"_blank\" rel=\"noopener\"><span style=\"color: #ff0000;\">Ver video. <\/span><\/a><\/p>\n<p style=\"font-weight: 400;\"><span style=\"color: #000080;\">Carina Gumpel &#8211; <strong>P\u00farpura Aloinmune Fetal\/Neonatal<\/strong><\/span>. <span style=\"color: #ff0000;\"><a style=\"color: #ff0000;\" href=\"https:\/\/youtu.be\/2h565fQ52u4\" target=\"_blank\" rel=\"noopener\">Ver video<\/a><\/span>.<\/p>\n<p style=\"font-weight: 400;\"><strong><span style=\"color: #000080;\">Preguntas 2do. bloque.<\/span> <\/strong><span style=\"color: #ff0000;\"><a style=\"color: #ff0000;\" href=\"https:\/\/youtu.be\/hIwWJGIIvLI\" target=\"_blank\" rel=\"noopener\">Ver video<\/a><\/span><strong>.<\/strong><\/p>\n<p style=\"font-weight: 400;\"><strong>\u00a0<\/strong><\/p>\n\t\t\t\t<\/div>\n\t\t\t<\/div>\n\t\t<\/div>\n\t\t<\/div>\n<\/div>\n<\/div><\/div><\/div><\/div><\/div>\n\n\n<!--nextpage-->\n\n\n<div id=\"pl-gb2793-69f17827b83aa\"  class=\"panel-layout wp-block-siteorigin-panels-layout-block\" ><div id=\"pg-gb2793-69f17827b83aa-0\"  class=\"panel-grid panel-no-style\" ><div id=\"pgc-gb2793-69f17827b83aa-0-0\"  class=\"panel-grid-cell\" ><div id=\"panel-gb2793-69f17827b83aa-0-0-0\" class=\"so-panel widget widget_sow-accordion panel-first-child panel-last-child\" data-index=\"0\" ><div\n\t\t\t\n\t\t\tclass=\"so-widget-sow-accordion so-widget-sow-accordion-default-99be652ed941-2793\"\n\t\t\t\n\t\t><h3 class=\"widget-title\">Reuniones Cient\u00edficas 2022<\/h3><div>\n\t<div class=\"sow-accordion\">\n\t\t\t<div class=\"sow-accordion-panel\"\n\t\t\t\tdata-anchor-id=\"5-reunion-cientifica-2022-relevamiento-de-la-disponibilidad-de-los-recursos-en-hemostasia-y-trombosis-en-argentina\">\n\t\t\t\t\t<div class=\"sow-accordion-panel-header-container\" role=\"heading\" aria-level=\"2\">\n\t\t\t\t\t<div class=\"sow-accordion-panel-header\" tabindex=\"0\" role=\"button\" id=\"accordion-label-5%c2%b0-reuni%c3%b3n-cient%c3%adfica-2022-relevamiento-de-la-disponibilidad-de-los-recursos-en-hemostasia-y-trombosis-en-argentina\" aria-controls=\"accordion-content-5%c2%b0-reuni%c3%b3n-cient%c3%adfica-2022-relevamiento-de-la-disponibilidad-de-los-recursos-en-hemostasia-y-trombosis-en-argentina\" aria-expanded=\"false\">\n\t\t\t\t\t\t<div class=\"sow-accordion-title sow-accordion-title-icon-left\">\n\t\t\t\t\t\t\t\t\t\t\t\t\t\t5\u00b0 Reuni\u00f3n Cient\u00edfica 2022: Relevamiento de la disponibilidad de los recursos en hemostasia y trombosis en Argentina.\t\t\t\t\t\t\t\t\t\t\t\t\t<\/div>\n\t\t\t\t\t\t<div class=\"sow-accordion-open-close-button\">\n\t\t\t\t\t\t\t<div class=\"sow-accordion-open-button\">\n\t\t\t\t\t\t\t\t<span class=\"sow-icon-ionicons\" data-sow-icon=\"&#xf218;\"\n\t\t \n\t\taria-hidden=\"true\"><\/span>\t\t\t\t\t\t\t<\/div>\n\t\t\t\t\t\t\t<div class=\"sow-accordion-close-button\">\n\t\t\t\t\t\t\t\t<span class=\"sow-icon-ionicons\" data-sow-icon=\"&#xf209;\"\n\t\t \n\t\taria-hidden=\"true\"><\/span>\t\t\t\t\t\t\t<\/div>\n\t\t\t\t\t\t<\/div>\n\t\t\t\t\t<\/div>\n\t\t\t\t<\/div>\n\n\t\t\t<div\n\t\t\t\tclass=\"sow-accordion-panel-content\"\n\t\t\t\trole=\"region\"\n\t\t\t\taria-labelledby=\"accordion-label-5%c2%b0-reuni%c3%b3n-cient%c3%adfica-2022-relevamiento-de-la-disponibilidad-de-los-recursos-en-hemostasia-y-trombosis-en-argentina\"\n\t\t\t\tid=\"accordion-content-5%c2%b0-reuni%c3%b3n-cient%c3%adfica-2022-relevamiento-de-la-disponibilidad-de-los-recursos-en-hemostasia-y-trombosis-en-argentina\"\n\t\t\t\tstyle=\"display: none;\"\t\t\t>\n\t\t\t\t<div class=\"sow-accordion-panel-border\">\n\t\t\t\t\t<p><img loading=\"lazy\" decoding=\"async\" class=\"alignnone size-full wp-image-8740\" src=\"https:\/\/www.grupocaht.com\/wp-content\/uploads\/2022\/11\/Flyer-5o-RC-2022-1-scaled.jpg\" alt=\"\" width=\"1332\" height=\"2560\" srcset=\"https:\/\/www.grupocaht.com\/wp-content\/uploads\/2022\/11\/Flyer-5o-RC-2022-1-scaled.jpg 1332w, https:\/\/www.grupocaht.com\/wp-content\/uploads\/2022\/11\/Flyer-5o-RC-2022-1-156x300.jpg 156w, https:\/\/www.grupocaht.com\/wp-content\/uploads\/2022\/11\/Flyer-5o-RC-2022-1-533x1024.jpg 533w, https:\/\/www.grupocaht.com\/wp-content\/uploads\/2022\/11\/Flyer-5o-RC-2022-1-768x1476.jpg 768w, https:\/\/www.grupocaht.com\/wp-content\/uploads\/2022\/11\/Flyer-5o-RC-2022-1-799x1536.jpg 799w, https:\/\/www.grupocaht.com\/wp-content\/uploads\/2022\/11\/Flyer-5o-RC-2022-1-1066x2048.jpg 1066w, https:\/\/www.grupocaht.com\/wp-content\/uploads\/2022\/11\/Flyer-5o-RC-2022-1-6x12.jpg 6w\" sizes=\"auto, (max-width: 1332px) 100vw, 1332px\" \/><\/p>\n<p><span style=\"color: #333399;\"><strong>Relevamiento de la disponibilidad de los recursos en Hemostasia y Trombosis en Argentina.<\/strong><\/span><\/p>\n<p><a href=\"https:\/\/youtu.be\/Id_8jj4DSWY\"><span style=\"color: #333399;\"><em>Presentaci\u00f3n del grupo de trabajo. Relevamiento de la disponibilidad de recursos humanos. <strong>Fernando Chuliber.<\/strong><\/em><strong>\u00a0<span style=\"color: #ff0000;\">Ver Video<\/span><\/strong><\/span><\/a><\/p>\n<p><span style=\"color: #000080;\"><em><strong>Parte 1<\/strong><\/em><\/span><\/p>\n<p><a href=\"https:\/\/youtu.be\/2LRfWIDPe58\"><span style=\"color: #333399;\"><em>Disponibilidad de recursos diagn\u00f3sticos. <strong>Alejandra Guti\u00e9rrez.<\/strong><\/em><strong>\u00a0<span style=\"color: #ff0000;\">Ver Video<\/span><\/strong><\/span><\/a><\/p>\n<p><a href=\"https:\/\/youtu.be\/M07ZXrqSLoM\"><span style=\"color: #333399;\"><em>Disponibilidad de recursos terap\u00e9uticos. <strong>Virginia Castoldi. <\/strong><\/em><strong><span style=\"color: #ff0000;\">Ver Video<\/span><\/strong><\/span><\/a><\/p>\n<p><a href=\"https:\/\/youtu.be\/qu_WjgDK9lw}\"><span style=\"color: #333399;\"><em>\u00bfExiste espacio para una reforma del Sistema de Salud Argentino?\u00bfC\u00f3mo funcionar\u00edan las redes integradas de salud en Argentina?. <strong>Sergio Del Prete. <\/strong><\/em><strong><span style=\"color: #ff0000;\">Ver Video<\/span><\/strong><\/span><\/a><\/p>\n<p><a href=\"https:\/\/youtu.be\/ah4T2svkw6Y\"><span style=\"color: #333399;\"><strong>Preguntas 1er. bloque.<span style=\"color: #ff0000;\">\u00a0Ver Video<\/span><\/strong><\/span><\/a><\/p>\n<p><span style=\"color: #000080;\"><em><strong>Parte 2<\/strong><\/em><\/span><\/p>\n<p><a href=\"https:\/\/youtu.be\/CS3iacNd0Us\"><span style=\"color: #333399;\"><em>Hemat\u00f3logos\/as trabajando en red: Dificultades y oportunidades. <\/em><em><strong>Alejandra Mart\u00ed. <\/strong><\/em><strong><span style=\"color: #ff0000;\">Ver Video<\/span><\/strong><\/span><\/a><\/p>\n<p><a href=\"https:\/\/youtu.be\/OVC5Cvsm-2k\"><span style=\"color: #333399;\"><em>Bioqu\u00edmicos\/as trabajando en red: Dificultades y oportunidades. <\/em><em><strong>Eleonora Rossi. <\/strong><\/em><strong><span style=\"color: #ff0000;\">Ver Video<\/span><\/strong><\/span><\/a><\/p>\n<p><a href=\"https:\/\/youtu.be\/pVmFmVsibW4\"><span style=\"color: #333399;\"><em>Desaf\u00edos del acceso a la cl\u00ednica de anticoagulaci\u00f3n en el interior del pa\u00eds: NOA y Cuyo. <strong>\u00c9rica Lobo y Eugenia Kordys.<\/strong><\/em><strong>\u00a0<span style=\"color: #ff0000;\">Ver Video<\/span><\/strong><\/span><\/a><\/p>\n<p><a href=\"https:\/\/youtu.be\/4YouPzgljsY\"><span style=\"color: #333399;\"><strong>Preguntas 2do. bloque.\u00a0<span style=\"color: #ff0000;\">Ver Video<\/span><\/strong><\/span><\/a><\/p>\n\t\t\t\t<\/div>\n\t\t\t<\/div>\n\t\t<\/div>\n\t\t\t<div class=\"sow-accordion-panel\"\n\t\t\t\tdata-anchor-id=\"4-reunion-cientifica-2022-accidente-cerebrovascular-en-el-joven\">\n\t\t\t\t\t<div class=\"sow-accordion-panel-header-container\" role=\"heading\" aria-level=\"2\">\n\t\t\t\t\t<div class=\"sow-accordion-panel-header\" tabindex=\"0\" role=\"button\" id=\"accordion-label-4%c2%b0-reuni%c3%b3n-cient%c3%adfica-2022-accidente-cerebrovascular-en-el-joven\" aria-controls=\"accordion-content-4%c2%b0-reuni%c3%b3n-cient%c3%adfica-2022-accidente-cerebrovascular-en-el-joven\" aria-expanded=\"false\">\n\t\t\t\t\t\t<div class=\"sow-accordion-title sow-accordion-title-icon-left\">\n\t\t\t\t\t\t\t\t\t\t\t\t\t\t4\u00b0 Reuni\u00f3n Cient\u00edfica 2022: Accidente Cerebrovascular en el Joven\t\t\t\t\t\t\t\t\t\t\t\t\t<\/div>\n\t\t\t\t\t\t<div class=\"sow-accordion-open-close-button\">\n\t\t\t\t\t\t\t<div class=\"sow-accordion-open-button\">\n\t\t\t\t\t\t\t\t<span class=\"sow-icon-ionicons\" data-sow-icon=\"&#xf218;\"\n\t\t \n\t\taria-hidden=\"true\"><\/span>\t\t\t\t\t\t\t<\/div>\n\t\t\t\t\t\t\t<div class=\"sow-accordion-close-button\">\n\t\t\t\t\t\t\t\t<span class=\"sow-icon-ionicons\" data-sow-icon=\"&#xf209;\"\n\t\t \n\t\taria-hidden=\"true\"><\/span>\t\t\t\t\t\t\t<\/div>\n\t\t\t\t\t\t<\/div>\n\t\t\t\t\t<\/div>\n\t\t\t\t<\/div>\n\n\t\t\t<div\n\t\t\t\tclass=\"sow-accordion-panel-content\"\n\t\t\t\trole=\"region\"\n\t\t\t\taria-labelledby=\"accordion-label-4%c2%b0-reuni%c3%b3n-cient%c3%adfica-2022-accidente-cerebrovascular-en-el-joven\"\n\t\t\t\tid=\"accordion-content-4%c2%b0-reuni%c3%b3n-cient%c3%adfica-2022-accidente-cerebrovascular-en-el-joven\"\n\t\t\t\tstyle=\"display: none;\"\t\t\t>\n\t\t\t\t<div class=\"sow-accordion-panel-border\">\n\t\t\t\t\t<p><img loading=\"lazy\" decoding=\"async\" class=\"alignnone size-full wp-image-8682\" src=\"https:\/\/www.grupocaht.com\/wp-content\/uploads\/2022\/10\/Flyer-4o-RC-2022-scaled.jpg\" alt=\"\" width=\"1231\" height=\"2560\" srcset=\"https:\/\/www.grupocaht.com\/wp-content\/uploads\/2022\/10\/Flyer-4o-RC-2022-scaled.jpg 1231w, https:\/\/www.grupocaht.com\/wp-content\/uploads\/2022\/10\/Flyer-4o-RC-2022-144x300.jpg 144w, https:\/\/www.grupocaht.com\/wp-content\/uploads\/2022\/10\/Flyer-4o-RC-2022-492x1024.jpg 492w, https:\/\/www.grupocaht.com\/wp-content\/uploads\/2022\/10\/Flyer-4o-RC-2022-768x1597.jpg 768w, https:\/\/www.grupocaht.com\/wp-content\/uploads\/2022\/10\/Flyer-4o-RC-2022-739x1536.jpg 739w, https:\/\/www.grupocaht.com\/wp-content\/uploads\/2022\/10\/Flyer-4o-RC-2022-985x2048.jpg 985w, https:\/\/www.grupocaht.com\/wp-content\/uploads\/2022\/10\/Flyer-4o-RC-2022-6x12.jpg 6w\" sizes=\"auto, (max-width: 1231px) 100vw, 1231px\" \/><\/p>\n\t\t\t\t<\/div>\n\t\t\t<\/div>\n\t\t<\/div>\n\t\t\t<div class=\"sow-accordion-panel\"\n\t\t\t\tdata-anchor-id=\"3-reunion-cientifica-2022-infeccion-por-sars-cov-2-su-manejo-en-las-patologias-sangrantes-y-su-prevencion-con-las-vacunas-que-sabemos-hasta-el-momento\">\n\t\t\t\t\t<div class=\"sow-accordion-panel-header-container\" role=\"heading\" aria-level=\"2\">\n\t\t\t\t\t<div class=\"sow-accordion-panel-header\" tabindex=\"0\" role=\"button\" id=\"accordion-label-3%c2%b0-reuni%c3%b3n-cient%c3%adfica-2022-infecci%c3%b3n-por-sars-cov-2-su-manejo-en-las-patolog%c3%adas-sangrantes-y-su-prevenci%c3%b3n-con-las-vacunas-%c2%bfqu%c3%a9-sabemos-hasta-el-momento\" aria-controls=\"accordion-content-3%c2%b0-reuni%c3%b3n-cient%c3%adfica-2022-infecci%c3%b3n-por-sars-cov-2-su-manejo-en-las-patolog%c3%adas-sangrantes-y-su-prevenci%c3%b3n-con-las-vacunas-%c2%bfqu%c3%a9-sabemos-hasta-el-momento\" aria-expanded=\"false\">\n\t\t\t\t\t\t<div class=\"sow-accordion-title sow-accordion-title-icon-left\">\n\t\t\t\t\t\t\t\t\t\t\t\t\t\t3\u00b0 Reuni\u00f3n Cient\u00edfica 2022: Infecci\u00f3n por SARS-CoV-2: su manejo en las patolog\u00edas sangrantes y su prevenci\u00f3n con las vacunas. \u00bfQu\u00e9 sabemos hasta el momento?.\t\t\t\t\t\t\t\t\t\t\t\t\t<\/div>\n\t\t\t\t\t\t<div class=\"sow-accordion-open-close-button\">\n\t\t\t\t\t\t\t<div class=\"sow-accordion-open-button\">\n\t\t\t\t\t\t\t\t<span class=\"sow-icon-ionicons\" data-sow-icon=\"&#xf218;\"\n\t\t \n\t\taria-hidden=\"true\"><\/span>\t\t\t\t\t\t\t<\/div>\n\t\t\t\t\t\t\t<div class=\"sow-accordion-close-button\">\n\t\t\t\t\t\t\t\t<span class=\"sow-icon-ionicons\" data-sow-icon=\"&#xf209;\"\n\t\t \n\t\taria-hidden=\"true\"><\/span>\t\t\t\t\t\t\t<\/div>\n\t\t\t\t\t\t<\/div>\n\t\t\t\t\t<\/div>\n\t\t\t\t<\/div>\n\n\t\t\t<div\n\t\t\t\tclass=\"sow-accordion-panel-content\"\n\t\t\t\trole=\"region\"\n\t\t\t\taria-labelledby=\"accordion-label-3%c2%b0-reuni%c3%b3n-cient%c3%adfica-2022-infecci%c3%b3n-por-sars-cov-2-su-manejo-en-las-patolog%c3%adas-sangrantes-y-su-prevenci%c3%b3n-con-las-vacunas-%c2%bfqu%c3%a9-sabemos-hasta-el-momento\"\n\t\t\t\tid=\"accordion-content-3%c2%b0-reuni%c3%b3n-cient%c3%adfica-2022-infecci%c3%b3n-por-sars-cov-2-su-manejo-en-las-patolog%c3%adas-sangrantes-y-su-prevenci%c3%b3n-con-las-vacunas-%c2%bfqu%c3%a9-sabemos-hasta-el-momento\"\n\t\t\t\tstyle=\"display: none;\"\t\t\t>\n\t\t\t\t<div class=\"sow-accordion-panel-border\">\n\t\t\t\t\t<p><img loading=\"lazy\" decoding=\"async\" class=\"alignnone wp-image-7774 size-full\" src=\"https:\/\/www.grupocaht.com\/wp-content\/uploads\/2022\/05\/Flyer-3o-RC-2022-fondo-azul-2-scaled.jpg\" alt=\"\" width=\"1463\" height=\"2560\" srcset=\"https:\/\/www.grupocaht.com\/wp-content\/uploads\/2022\/05\/Flyer-3o-RC-2022-fondo-azul-2-scaled.jpg 1463w, https:\/\/www.grupocaht.com\/wp-content\/uploads\/2022\/05\/Flyer-3o-RC-2022-fondo-azul-2-171x300.jpg 171w, https:\/\/www.grupocaht.com\/wp-content\/uploads\/2022\/05\/Flyer-3o-RC-2022-fondo-azul-2-585x1024.jpg 585w, https:\/\/www.grupocaht.com\/wp-content\/uploads\/2022\/05\/Flyer-3o-RC-2022-fondo-azul-2-768x1344.jpg 768w, https:\/\/www.grupocaht.com\/wp-content\/uploads\/2022\/05\/Flyer-3o-RC-2022-fondo-azul-2-878x1536.jpg 878w, https:\/\/www.grupocaht.com\/wp-content\/uploads\/2022\/05\/Flyer-3o-RC-2022-fondo-azul-2-1170x2048.jpg 1170w, https:\/\/www.grupocaht.com\/wp-content\/uploads\/2022\/05\/Flyer-3o-RC-2022-fondo-azul-2-7x12.jpg 7w\" sizes=\"auto, (max-width: 1463px) 100vw, 1463px\" \/><\/p>\n<p><span style=\"color: #333399;\"><strong>Infecci\u00f3n por SARS CoV-2: Su manejo en las patolog\u00edas sangrantes y su prevenci\u00f3n con las vacunas. \u00bfQu\u00e9 sabemos hasta el momento?<\/strong><\/span><\/p>\n<p><span style=\"color: #333399;\"><a style=\"color: #333399;\" href=\"https:\/\/youtu.be\/AcjCUi0Q7M0\" target=\"_blank\" rel=\"noopener\"><em>Trombocitopenia inmune en la infecci\u00f3n por SARS-CoV-2: Actualizaci\u00f3n.\u00a0<strong>Jos\u00e9 Ceresetto.<\/strong><\/em><strong>\u00a0<span style=\"color: #ff0000;\">Ver Video<\/span><\/strong><\/a><\/span><\/p>\n<p><span style=\"color: #333399;\"><a style=\"color: #333399;\" href=\"https:\/\/youtu.be\/DrnecS3LyMs\" target=\"_blank\" rel=\"noopener\"><em>Complicaciones asociadas a la vacunaci\u00f3n contra COVID-19: Mecanismo y manifestaciones cl\u00ednicas.\u00a0<strong>Carlos Fondevila.<\/strong><\/em><strong>\u00a0<span style=\"color: #ff0000;\">Ver Video<\/span><\/strong><\/a><\/span><\/p>\n<p><span style=\"color: #333399;\"><a style=\"color: #333399;\" href=\"https:\/\/youtu.be\/yoqLY7C3jPw\" target=\"_blank\" rel=\"noopener\"><strong>Preguntas 1er. bloque.<span style=\"color: #ff0000;\">\u00a0Ver Video<\/span><\/strong><\/a><\/span><\/p>\n<p><span style=\"color: #333399;\"><a style=\"color: #333399;\" href=\"https:\/\/youtu.be\/uAlKhrzzF7E\" target=\"_blank\" rel=\"noopener\"><em>Manifestaciones de COVID-19 en pacientes con Hemofilia y otros trastornos hemorr\u00e1gicos.\u00a0<strong>Gabriela Sliba.<\/strong><\/em><strong>\u00a0<span style=\"color: #ff0000;\">Ver Video<\/span><\/strong><\/a><\/span><\/p>\n<p><span style=\"color: #333399;\"><a style=\"color: #333399;\" href=\"https:\/\/youtu.be\/DQ2KQw7uY44\" target=\"_blank\" rel=\"noopener\"><em>Laboratorio de hemostasia en trastornos hemorr\u00e1gicos asociados a COVID-19.\u00a0<strong>Mar\u00eda Sol Cruz.<\/strong><\/em><strong>\u00a0<span style=\"color: #ff0000;\">Ver Video<\/span><\/strong><\/a><\/span><\/p>\n<p><span style=\"color: #333399;\"><a style=\"color: #333399;\" href=\"https:\/\/youtu.be\/YqYRd3koQCU\" target=\"_blank\" rel=\"noopener\"><strong>Preguntas 2do. bloque.\u00a0<span style=\"color: #ff0000;\">Ver Video<\/span><\/strong><\/a><\/span><\/p>\n\t\t\t\t<\/div>\n\t\t\t<\/div>\n\t\t<\/div>\n\t\t\t<div class=\"sow-accordion-panel\"\n\t\t\t\tdata-anchor-id=\"2-reunion-cientifica-2022-diagnostico-y-manejo-clinico-de-las-alteraciones-del-fibrinogeno-casos-clinicos\">\n\t\t\t\t\t<div class=\"sow-accordion-panel-header-container\" role=\"heading\" aria-level=\"2\">\n\t\t\t\t\t<div class=\"sow-accordion-panel-header\" tabindex=\"0\" role=\"button\" id=\"accordion-label-2%c2%b0-reuni%c3%b3n-cient%c3%adfica-2022-diagn%c3%b3stico-y-manejo-cl%c3%adnico-de-las-alteraciones-del-fibrin%c3%b3geno-casos-cl%c3%adnicos\" aria-controls=\"accordion-content-2%c2%b0-reuni%c3%b3n-cient%c3%adfica-2022-diagn%c3%b3stico-y-manejo-cl%c3%adnico-de-las-alteraciones-del-fibrin%c3%b3geno-casos-cl%c3%adnicos\" aria-expanded=\"false\">\n\t\t\t\t\t\t<div class=\"sow-accordion-title sow-accordion-title-icon-left\">\n\t\t\t\t\t\t\t\t\t\t\t\t\t\t2\u00b0 Reuni\u00f3n Cient\u00edfica 2022: Diagn\u00f3stico y manejo cl\u00ednico de las alteraciones del fibrin\u00f3geno. Casos Cl\u00ednicos.\t\t\t\t\t\t\t\t\t\t\t\t\t<\/div>\n\t\t\t\t\t\t<div class=\"sow-accordion-open-close-button\">\n\t\t\t\t\t\t\t<div class=\"sow-accordion-open-button\">\n\t\t\t\t\t\t\t\t<span class=\"sow-icon-ionicons\" data-sow-icon=\"&#xf218;\"\n\t\t \n\t\taria-hidden=\"true\"><\/span>\t\t\t\t\t\t\t<\/div>\n\t\t\t\t\t\t\t<div class=\"sow-accordion-close-button\">\n\t\t\t\t\t\t\t\t<span class=\"sow-icon-ionicons\" data-sow-icon=\"&#xf209;\"\n\t\t \n\t\taria-hidden=\"true\"><\/span>\t\t\t\t\t\t\t<\/div>\n\t\t\t\t\t\t<\/div>\n\t\t\t\t\t<\/div>\n\t\t\t\t<\/div>\n\n\t\t\t<div\n\t\t\t\tclass=\"sow-accordion-panel-content\"\n\t\t\t\trole=\"region\"\n\t\t\t\taria-labelledby=\"accordion-label-2%c2%b0-reuni%c3%b3n-cient%c3%adfica-2022-diagn%c3%b3stico-y-manejo-cl%c3%adnico-de-las-alteraciones-del-fibrin%c3%b3geno-casos-cl%c3%adnicos\"\n\t\t\t\tid=\"accordion-content-2%c2%b0-reuni%c3%b3n-cient%c3%adfica-2022-diagn%c3%b3stico-y-manejo-cl%c3%adnico-de-las-alteraciones-del-fibrin%c3%b3geno-casos-cl%c3%adnicos\"\n\t\t\t\tstyle=\"display: none;\"\t\t\t>\n\t\t\t\t<div class=\"sow-accordion-panel-border\">\n\t\t\t\t\t<p><img loading=\"lazy\" decoding=\"async\" class=\"alignnone wp-image-7582 size-full\" src=\"https:\/\/www.grupocaht.com\/wp-content\/uploads\/2022\/05\/Flyer-2o-RC-2022-scaled.jpg\" alt=\"\" width=\"1555\" height=\"2560\" srcset=\"https:\/\/www.grupocaht.com\/wp-content\/uploads\/2022\/05\/Flyer-2o-RC-2022-scaled.jpg 1555w, https:\/\/www.grupocaht.com\/wp-content\/uploads\/2022\/05\/Flyer-2o-RC-2022-182x300.jpg 182w, https:\/\/www.grupocaht.com\/wp-content\/uploads\/2022\/05\/Flyer-2o-RC-2022-622x1024.jpg 622w, https:\/\/www.grupocaht.com\/wp-content\/uploads\/2022\/05\/Flyer-2o-RC-2022-768x1264.jpg 768w, https:\/\/www.grupocaht.com\/wp-content\/uploads\/2022\/05\/Flyer-2o-RC-2022-933x1536.jpg 933w, https:\/\/www.grupocaht.com\/wp-content\/uploads\/2022\/05\/Flyer-2o-RC-2022-1244x2048.jpg 1244w, https:\/\/www.grupocaht.com\/wp-content\/uploads\/2022\/05\/Flyer-2o-RC-2022-7x12.jpg 7w\" sizes=\"auto, (max-width: 1555px) 100vw, 1555px\" \/><\/p>\n<p><strong><span style=\"color: #003366;\">Diagn\u00f3stico y manejo cl\u00ednico de las alteraciones del fibrin\u00f3geno. Casos Cl\u00ednicos<\/span><\/strong><\/p>\n<p><a href=\"https:\/\/youtu.be\/7jWDfovSMPI\" target=\"_blank\" rel=\"noopener\"><span style=\"color: #003366;\"><em>Disfibrinogenemias y su variabilidad fenot\u00edpica. <strong>Mercedes Zirpoli y Paulo Colimodio.<\/strong><\/em><\/span><span style=\"color: #ff0000;\"><strong> Ver Video<\/strong><\/span><\/a><\/p>\n<p><strong><span style=\"color: #003366;\"><a style=\"color: #003366;\" href=\"https:\/\/youtu.be\/Y6itQho2VOc\" target=\"_blank\" rel=\"noopener\">Preguntas 1er caso<\/a><\/span><\/strong><\/p>\n<p><a href=\"https:\/\/youtu.be\/kXtABSgB4Q0\" target=\"_blank\" rel=\"noopener\"><em><span style=\"color: #003366;\">Disfibrinogenemias y d\u00e9ficit de PC asociado a tromboflebitis. <strong>Mar\u00eda Alvarez Bollea y Hugo Guglielmone.<\/strong><\/span><\/em><span style=\"color: #ff0000;\"><strong> Ver Video<\/strong><\/span><\/a><\/p>\n<p><a href=\"https:\/\/youtu.be\/JGijyIMtCGU\" target=\"_blank\" rel=\"noopener\"><span style=\"color: #003366;\"><strong>Preguntas 2do. caso<\/strong><\/span><\/a><\/p>\n<p><a href=\"https:\/\/youtu.be\/dmcvhmr4zA4\" target=\"_blank\" rel=\"noopener\"><em><span style=\"color: #003366;\">Diagn\u00f3stico y caracterizaci\u00f3n genot\u00edpica de un paciente con afibrinogenemia. <strong>Mariana Raviola y Germ\u00e1n Detarsio.<\/strong><\/span><\/em><span style=\"color: #ff0000;\"><strong> Ver Video<\/strong><\/span><\/a><\/p>\n<p><a href=\"https:\/\/youtu.be\/d5OMh5t6qls\" target=\"_blank\" rel=\"noopener\"><strong><span style=\"color: #003366;\">Preguntas 3er caso<\/span><\/strong><\/a><\/p>\n<p><a href=\"https:\/\/youtu.be\/2Eka4IVFzVA\" target=\"_blank\" rel=\"noopener\"><span style=\"color: #003366;\"><em>Hipodisfibrinogenemia tromb\u00f3tica. <strong>Marina Sol L\u00f3pez y Ver\u00f3nica Privitera.<\/strong><\/em><\/span><span style=\"color: #ff0000;\"><strong> Ver Video<\/strong><\/span><\/a><\/p>\n<p><a href=\"https:\/\/youtu.be\/FDp_BJ1NW3I\" target=\"_blank\" rel=\"noopener\"><strong><span style=\"color: #003366;\">Preguntas 4to. caso<\/span><\/strong><\/a><\/p>\n<p>&nbsp;<\/p>\n<p>&nbsp;<\/p>\n\t\t\t\t<\/div>\n\t\t\t<\/div>\n\t\t<\/div>\n\t\t\t<div class=\"sow-accordion-panel\"\n\t\t\t\tdata-anchor-id=\"1-reunion-cientifica-2022-complicaciones-tromboticas-asociadas-a-los-tratamientos-hormonales\">\n\t\t\t\t\t<div class=\"sow-accordion-panel-header-container\" role=\"heading\" aria-level=\"2\">\n\t\t\t\t\t<div class=\"sow-accordion-panel-header\" tabindex=\"0\" role=\"button\" id=\"accordion-label-1%c2%b0-reuni%c3%b3n-cient%c3%adfica-2022-complicaciones-tromb%c3%b3ticas-asociadas-a-los-tratamientos-hormonales\" aria-controls=\"accordion-content-1%c2%b0-reuni%c3%b3n-cient%c3%adfica-2022-complicaciones-tromb%c3%b3ticas-asociadas-a-los-tratamientos-hormonales\" aria-expanded=\"false\">\n\t\t\t\t\t\t<div class=\"sow-accordion-title sow-accordion-title-icon-left\">\n\t\t\t\t\t\t\t\t\t\t\t\t\t\t1\u00b0 Reuni\u00f3n Cient\u00edfica 2022: Complicaciones Tromb\u00f3ticas Asociadas a los Tratamientos Hormonales.\t\t\t\t\t\t\t\t\t\t\t\t\t<\/div>\n\t\t\t\t\t\t<div class=\"sow-accordion-open-close-button\">\n\t\t\t\t\t\t\t<div class=\"sow-accordion-open-button\">\n\t\t\t\t\t\t\t\t<span class=\"sow-icon-ionicons\" data-sow-icon=\"&#xf218;\"\n\t\t \n\t\taria-hidden=\"true\"><\/span>\t\t\t\t\t\t\t<\/div>\n\t\t\t\t\t\t\t<div class=\"sow-accordion-close-button\">\n\t\t\t\t\t\t\t\t<span class=\"sow-icon-ionicons\" data-sow-icon=\"&#xf209;\"\n\t\t \n\t\taria-hidden=\"true\"><\/span>\t\t\t\t\t\t\t<\/div>\n\t\t\t\t\t\t<\/div>\n\t\t\t\t\t<\/div>\n\t\t\t\t<\/div>\n\n\t\t\t<div\n\t\t\t\tclass=\"sow-accordion-panel-content\"\n\t\t\t\trole=\"region\"\n\t\t\t\taria-labelledby=\"accordion-label-1%c2%b0-reuni%c3%b3n-cient%c3%adfica-2022-complicaciones-tromb%c3%b3ticas-asociadas-a-los-tratamientos-hormonales\"\n\t\t\t\tid=\"accordion-content-1%c2%b0-reuni%c3%b3n-cient%c3%adfica-2022-complicaciones-tromb%c3%b3ticas-asociadas-a-los-tratamientos-hormonales\"\n\t\t\t\tstyle=\"display: none;\"\t\t\t>\n\t\t\t\t<div class=\"sow-accordion-panel-border\">\n\t\t\t\t\t<p><img loading=\"lazy\" decoding=\"async\" class=\"alignnone wp-image-6968 size-full\" src=\"https:\/\/www.grupocaht.com\/wp-content\/uploads\/2022\/03\/2-1.jpg\" alt=\"\" width=\"619\" height=\"1024\" srcset=\"https:\/\/www.grupocaht.com\/wp-content\/uploads\/2022\/03\/2-1.jpg 619w, https:\/\/www.grupocaht.com\/wp-content\/uploads\/2022\/03\/2-1-181x300.jpg 181w, https:\/\/www.grupocaht.com\/wp-content\/uploads\/2022\/03\/2-1-7x12.jpg 7w\" sizes=\"auto, (max-width: 619px) 100vw, 619px\" \/><\/p>\n<p><strong><span style=\"color: #003366;\">Complicaciones tromb\u00f3ticas asociadas a los tratamientos hormonales.<\/span><\/strong><\/p>\n<p><span style=\"color: #003366;\">Bloque 1:<\/span><\/p>\n<p><em><a href=\"https:\/\/youtu.be\/xcE62ma__LA\" target=\"_blank\" rel=\"noopener\"><span style=\"color: #003366;\">Generalidades del uso de hormonas ex\u00f3genas. <\/span><strong><span style=\"color: #003366;\">Silvia Ciarmatori.<\/span><\/strong><\/a><\/em><a href=\"https:\/\/youtu.be\/xcE62ma__LA\" target=\"_blank\" rel=\"noopener\"><strong><span style=\"color: red;\">Ver Video<\/span><\/strong><\/a><\/p>\n<p><a href=\"https:\/\/youtu.be\/384-OLgEK8c\" target=\"_blank\" rel=\"noopener\"><em><span style=\"color: #003366;\">Cambios hemost\u00e1ticos inducidos por los tratamientos hormanales. <\/span><\/em><strong><i><span style=\"color: #003366;\">Diana Garc\u00eda.<\/span><\/i><\/strong><strong><span style=\"color: red;\"> Ver Video<\/span><\/strong><\/a><\/p>\n<p><a href=\"https:\/\/youtu.be\/_MOnAnM5k4I\" target=\"_blank\" rel=\"noopener\"><em><span style=\"color: #003366;\">Anticoncepci\u00f3n y trombosis. <\/span><\/em><strong><i><span style=\"color: #003366;\">Soledad Molnar.<\/span><\/i><\/strong> <strong><span style=\"color: red;\">Ver Video<\/span><\/strong><\/a><\/p>\n<p><span style=\"color: #003366;\"><strong><a style=\"color: #003366;\" href=\"https:\/\/youtu.be\/yEdw97Iis2s\" target=\"_blank\" rel=\"noopener\">Preguntas<\/a><\/strong><\/span><\/p>\n<p><span style=\"color: #003366;\">Bloque 2:<\/span><\/p>\n<p><a href=\"https:\/\/youtu.be\/zPy8WYC3sGU\" target=\"_blank\" rel=\"noopener\"><em><span style=\"color: #003366;\">Terapia hormanal de reemplazo y riesgo de complicaciones vasculares arteriales y venosas. <\/span><\/em><strong><i><span style=\"color: #003366;\">Carina Gumpel.<\/span><\/i><\/strong> <strong><span style=\"color: red;\">Ver Video<\/span><\/strong><\/a><\/p>\n<p><a href=\"https:\/\/youtu.be\/5TYrbLCphRc\" target=\"_blank\" rel=\"noopener\"><em><span style=\"color: #003366;\">Riesgo de trombosis asociados a terapias transg\u00e9nero. <\/span><\/em><strong><i><span style=\"color: #003366;\">Daniela Mezzarobba.<\/span><\/i><\/strong><strong><span style=\"color: red;\"> Ver Video<\/span><\/strong><\/a><\/p>\n<p><a href=\"https:\/\/youtu.be\/HyRjqWjgi10\" target=\"_blank\" rel=\"noopener\"><em><span style=\"color: #003366;\">Riesgo de trombosis en los tratamientos hormonales asociados a tumores. <\/span><\/em><strong><i><span style=\"color: #003366;\">Carlos Fondevila.<\/span><\/i><\/strong><strong><span style=\"color: red;\"> Ver Video<\/span><\/strong><\/a><\/p>\n<p><span style=\"color: #003366;\"><strong><a style=\"color: #003366;\" href=\"https:\/\/youtu.be\/LN_I1U01_l8\" target=\"_blank\" rel=\"noopener\">Preguntas<\/a><\/strong><\/span><\/p>\n\t\t\t\t<\/div>\n\t\t\t<\/div>\n\t\t<\/div>\n\t\t<\/div>\n<\/div>\n<\/div><\/div><\/div><\/div><\/div>\n\n\n<!--nextpage-->\n\n\n<div id=\"pl-gb2793-69f17827b8db2\"  class=\"panel-layout wp-block-siteorigin-panels-layout-block\" ><div id=\"pg-gb2793-69f17827b8db2-0\"  class=\"panel-grid panel-no-style\" ><div id=\"pgc-gb2793-69f17827b8db2-0-0\"  class=\"panel-grid-cell\" ><div id=\"panel-gb2793-69f17827b8db2-0-0-0\" class=\"so-panel widget widget_sow-accordion panel-first-child panel-last-child\" data-index=\"0\" ><div\n\t\t\t\n\t\t\tclass=\"so-widget-sow-accordion so-widget-sow-accordion-default-99be652ed941-2793\"\n\t\t\t\n\t\t><h3 class=\"widget-title\">Reuniones Cient\u00edficas 2021<\/h3><div>\n\t<div class=\"sow-accordion\">\n\t\t\t<div class=\"sow-accordion-panel\"\n\t\t\t\tdata-anchor-id=\"4-reunion-cientifica-2021-laboratorio-y-clinica-claves-en-la-resolucion-de-casos-clinicos\">\n\t\t\t\t\t<div class=\"sow-accordion-panel-header-container\" role=\"heading\" aria-level=\"2\">\n\t\t\t\t\t<div class=\"sow-accordion-panel-header\" tabindex=\"0\" role=\"button\" id=\"accordion-label-4%c2%b0-reuni%c3%b3n-cient%c3%adfica-2021-laboratorio-y-cl%c3%adnica-claves-en-la-resoluci%c3%b3n-de-casos-cl%c3%adnicos\" aria-controls=\"accordion-content-4%c2%b0-reuni%c3%b3n-cient%c3%adfica-2021-laboratorio-y-cl%c3%adnica-claves-en-la-resoluci%c3%b3n-de-casos-cl%c3%adnicos\" aria-expanded=\"false\">\n\t\t\t\t\t\t<div class=\"sow-accordion-title sow-accordion-title-icon-left\">\n\t\t\t\t\t\t\t\t\t\t\t\t\t\t.4\u00b0 Reuni\u00f3n Cient\u00edfica 2021: Laboratorio y cl\u00ednica, claves en la resoluci\u00f3n de casos cl\u00ednicos.\t\t\t\t\t\t\t\t\t\t\t\t\t<\/div>\n\t\t\t\t\t\t<div class=\"sow-accordion-open-close-button\">\n\t\t\t\t\t\t\t<div class=\"sow-accordion-open-button\">\n\t\t\t\t\t\t\t\t<span class=\"sow-icon-ionicons\" data-sow-icon=\"&#xf218;\"\n\t\t \n\t\taria-hidden=\"true\"><\/span>\t\t\t\t\t\t\t<\/div>\n\t\t\t\t\t\t\t<div class=\"sow-accordion-close-button\">\n\t\t\t\t\t\t\t\t<span class=\"sow-icon-ionicons\" data-sow-icon=\"&#xf209;\"\n\t\t \n\t\taria-hidden=\"true\"><\/span>\t\t\t\t\t\t\t<\/div>\n\t\t\t\t\t\t<\/div>\n\t\t\t\t\t<\/div>\n\t\t\t\t<\/div>\n\n\t\t\t<div\n\t\t\t\tclass=\"sow-accordion-panel-content\"\n\t\t\t\trole=\"region\"\n\t\t\t\taria-labelledby=\"accordion-label-4%c2%b0-reuni%c3%b3n-cient%c3%adfica-2021-laboratorio-y-cl%c3%adnica-claves-en-la-resoluci%c3%b3n-de-casos-cl%c3%adnicos\"\n\t\t\t\tid=\"accordion-content-4%c2%b0-reuni%c3%b3n-cient%c3%adfica-2021-laboratorio-y-cl%c3%adnica-claves-en-la-resoluci%c3%b3n-de-casos-cl%c3%adnicos\"\n\t\t\t\tstyle=\"display: none;\"\t\t\t>\n\t\t\t\t<div class=\"sow-accordion-panel-border\">\n\t\t\t\t\t<p><img loading=\"lazy\" decoding=\"async\" class=\"alignnone wp-image-6426 size-full\" src=\"https:\/\/www.grupocaht.com\/wp-content\/uploads\/2021\/12\/Flyer-4-Reunion-cientifica-2021-1-619x1024-1.jpg\" alt=\"\" width=\"619\" height=\"1024\" srcset=\"https:\/\/www.grupocaht.com\/wp-content\/uploads\/2021\/12\/Flyer-4-Reunion-cientifica-2021-1-619x1024-1.jpg 619w, https:\/\/www.grupocaht.com\/wp-content\/uploads\/2021\/12\/Flyer-4-Reunion-cientifica-2021-1-619x1024-1-181x300.jpg 181w, https:\/\/www.grupocaht.com\/wp-content\/uploads\/2021\/12\/Flyer-4-Reunion-cientifica-2021-1-619x1024-1-7x12.jpg 7w\" sizes=\"auto, (max-width: 619px) 100vw, 619px\" \/><\/p>\n<p><span style=\"color: #003366;\">Para ver los videos haga click aqu\u00ed:<\/span><\/p>\n<p><a href=\"https:\/\/youtu.be\/ap8R4UMg11M\" target=\"_blank\" rel=\"noopener\"><span style=\"color: #003366;\">Recategorizaci\u00f3n de un paciente con Hemofilia y discrepancia entre m\u00e9todo coagulom\u00e9trico en una etapa y cromog\u00e9nico.<\/span> <em><strong><span style=\"color: #003366;\">Alejandra Baques, Emanuel Sueldo y Liliana Rossetti<\/span><\/strong><\/em><em><strong><span style=\"color: #003366;\">. <\/span><\/strong><\/em><span style=\"color: #003366;\"><span style=\"color: #ff0000;\">Ver Video<\/span><\/span><\/a><\/p>\n<p><a href=\"https:\/\/youtu.be\/BOiwy4vmu4w\" target=\"_blank\" rel=\"noopener\"><span style=\"color: #003366;\">Descripci\u00f3n fenot\u00edpica y genot\u00edpica de una ni\u00f1a con funci\u00f3n plaquetaria anormal de un probable defecto de la activaci\u00f3n \u03b1IIb\u03b23.<\/span> <em><strong><span style=\"color: #003366;\">Gabriela Sciuccati y Juan Pablo Frontroth.<\/span> <\/strong><\/em><span style=\"color: #ff0000;\">Ver Video<\/span><\/a><\/p>\n<p><a href=\"https:\/\/youtu.be\/lRrO9-1QDyI\" target=\"_blank\" rel=\"noopener\"><span style=\"color: #003366;\">Desaf\u00edos en el monitoreo de la activaci\u00f3n del complemento en pacientes con SUHa. Seguimiento del embarazo en un caso. <\/span> <em><strong><span style=\"color: #003366;\">Analia S\u00e1nchez-Luceros y C\u00e9lia Dos Santos.<\/span> <\/strong><\/em><span style=\"color: #ff0000;\">Ver Video<\/span><\/a><\/p>\n<p><a href=\"https:\/\/youtu.be\/QPFy2PO9wjE\" target=\"_blank\" rel=\"noopener\"><span style=\"color: #003366;\">Hemofilia adquirida.<\/span> <em><strong><span style=\"color: #003366;\">Elisa R. Stemberg y Adriana D. Fridrich<\/span><\/strong><\/em>. <span style=\"color: #ff0000;\">Ver Video<\/span><\/a><\/p>\n\t\t\t\t<\/div>\n\t\t\t<\/div>\n\t\t<\/div>\n\t\t\t<div class=\"sow-accordion-panel\"\n\t\t\t\tdata-anchor-id=\"3-reunion-cientifica-2021-trombopoyeticos-plaquetas-y-covid-19-quo-vadis\">\n\t\t\t\t\t<div class=\"sow-accordion-panel-header-container\" role=\"heading\" aria-level=\"2\">\n\t\t\t\t\t<div class=\"sow-accordion-panel-header\" tabindex=\"0\" role=\"button\" id=\"accordion-label-3%c2%b0-reuni%c3%b3n-cient%c3%adfica-2021-trombopoy%c3%a9ticos-plaquetas-y-covid-19-quo-vadis\" aria-controls=\"accordion-content-3%c2%b0-reuni%c3%b3n-cient%c3%adfica-2021-trombopoy%c3%a9ticos-plaquetas-y-covid-19-quo-vadis\" aria-expanded=\"false\">\n\t\t\t\t\t\t<div class=\"sow-accordion-title sow-accordion-title-icon-left\">\n\t\t\t\t\t\t\t\t\t\t\t\t\t\t3\u00b0 Reuni\u00f3n Cient\u00edfica 2021: Trombopoy\u00e9ticos, Plaquetas y COVID-19&#8230;Quo Vadis?\t\t\t\t\t\t\t\t\t\t\t\t\t<\/div>\n\t\t\t\t\t\t<div class=\"sow-accordion-open-close-button\">\n\t\t\t\t\t\t\t<div class=\"sow-accordion-open-button\">\n\t\t\t\t\t\t\t\t<span class=\"sow-icon-ionicons\" data-sow-icon=\"&#xf218;\"\n\t\t \n\t\taria-hidden=\"true\"><\/span>\t\t\t\t\t\t\t<\/div>\n\t\t\t\t\t\t\t<div class=\"sow-accordion-close-button\">\n\t\t\t\t\t\t\t\t<span class=\"sow-icon-ionicons\" data-sow-icon=\"&#xf209;\"\n\t\t \n\t\taria-hidden=\"true\"><\/span>\t\t\t\t\t\t\t<\/div>\n\t\t\t\t\t\t<\/div>\n\t\t\t\t\t<\/div>\n\t\t\t\t<\/div>\n\n\t\t\t<div\n\t\t\t\tclass=\"sow-accordion-panel-content\"\n\t\t\t\trole=\"region\"\n\t\t\t\taria-labelledby=\"accordion-label-3%c2%b0-reuni%c3%b3n-cient%c3%adfica-2021-trombopoy%c3%a9ticos-plaquetas-y-covid-19-quo-vadis\"\n\t\t\t\tid=\"accordion-content-3%c2%b0-reuni%c3%b3n-cient%c3%adfica-2021-trombopoy%c3%a9ticos-plaquetas-y-covid-19-quo-vadis\"\n\t\t\t\tstyle=\"display: none;\"\t\t\t>\n\t\t\t\t<div class=\"sow-accordion-panel-border\">\n\t\t\t\t\t<p data-wp-editing=\"1\"><img loading=\"lazy\" decoding=\"async\" class=\"wp-image-5870 size-full alignnone\" src=\"https:\/\/www.grupocaht.com\/wp-content\/uploads\/2021\/08\/Flyer-3-Reunion-cientifica-2021-B-scaled.jpg\" alt=\"\" width=\"2288\" height=\"2560\" srcset=\"https:\/\/www.grupocaht.com\/wp-content\/uploads\/2021\/08\/Flyer-3-Reunion-cientifica-2021-B-scaled.jpg 2288w, https:\/\/www.grupocaht.com\/wp-content\/uploads\/2021\/08\/Flyer-3-Reunion-cientifica-2021-B-268x300.jpg 268w, https:\/\/www.grupocaht.com\/wp-content\/uploads\/2021\/08\/Flyer-3-Reunion-cientifica-2021-B-915x1024.jpg 915w, https:\/\/www.grupocaht.com\/wp-content\/uploads\/2021\/08\/Flyer-3-Reunion-cientifica-2021-B-768x859.jpg 768w, https:\/\/www.grupocaht.com\/wp-content\/uploads\/2021\/08\/Flyer-3-Reunion-cientifica-2021-B-1373x1536.jpg 1373w, https:\/\/www.grupocaht.com\/wp-content\/uploads\/2021\/08\/Flyer-3-Reunion-cientifica-2021-B-1830x2048.jpg 1830w, https:\/\/www.grupocaht.com\/wp-content\/uploads\/2021\/08\/Flyer-3-Reunion-cientifica-2021-B-11x12.jpg 11w\" sizes=\"auto, (max-width: 2288px) 100vw, 2288px\" \/><\/p>\n<p data-wp-editing=\"1\"><span style=\"color: #003366;\">Para ver los videos haga click aqu\u00ed:<\/span><\/p>\n<p data-wp-editing=\"1\"><a href=\"https:\/\/youtu.be\/4uwmIbK5YkQ\" target=\"_blank\" rel=\"noopener\"><span style=\"color: #000080;\">Producci\u00f3n de plaquetas <em>in vitro.<strong> Alessandra Balduini.<\/strong><\/em><\/span><span style=\"color: #ff0000;\"> Ver Video<\/span><\/a><\/p>\n<p data-wp-editing=\"1\"><a href=\"https:\/\/youtu.be\/3QoY7b8_7WA\" target=\"_blank\" rel=\"noopener\"><span style=\"color: #000080;\">Las plaquetas en tiempos de pandemia. <em><strong>Mirta Schattner.<\/strong><\/em><\/span> <span style=\"color: #ff0000;\">Ver Video<\/span><\/a><\/p>\n<p data-wp-editing=\"1\"><a href=\"https:\/\/youtu.be\/7_78inlNVEc\" target=\"_blank\" rel=\"noopener\"><span style=\"color: #000080;\">Actualizaci\u00f3n en TPO &#8211; mim\u00e9ticos con \u00e9nfasis en nuevos usos. <em><strong>Carlos Fondevila.<\/strong><\/em><\/span> <span style=\"color: #ff0000;\">Ver Video<\/span><\/a><\/p>\n<p data-wp-editing=\"1\"><a href=\"https:\/\/youtu.be\/HK-vaRNnpsU\" target=\"_blank\" rel=\"noopener\"><span style=\"color: #000080;\">Preguntas.<\/span> <span style=\"color: #ff0000;\">Ver video<\/span><\/a><\/p>\n\t\t\t\t<\/div>\n\t\t\t<\/div>\n\t\t<\/div>\n\t\t\t<div class=\"sow-accordion-panel\"\n\t\t\t\tdata-anchor-id=\"2-reunion-cientifica-2021-post-congreso-musculoesqueletico-de-la-federacion-mundial-de-la-hemofilia-wfh\">\n\t\t\t\t\t<div class=\"sow-accordion-panel-header-container\" role=\"heading\" aria-level=\"2\">\n\t\t\t\t\t<div class=\"sow-accordion-panel-header\" tabindex=\"0\" role=\"button\" id=\"accordion-label-2%c2%b0-reuni%c3%b3n-cient%c3%adfica-2021-post-congreso-musculoesquel%c3%a9tico-de-la-federaci%c3%b3n-mundial-de-la-hemofilia-wfh\" aria-controls=\"accordion-content-2%c2%b0-reuni%c3%b3n-cient%c3%adfica-2021-post-congreso-musculoesquel%c3%a9tico-de-la-federaci%c3%b3n-mundial-de-la-hemofilia-wfh\" aria-expanded=\"false\">\n\t\t\t\t\t\t<div class=\"sow-accordion-title sow-accordion-title-icon-left\">\n\t\t\t\t\t\t\t\t\t\t\t\t\t\t2\u00b0 Reuni\u00f3n Cient\u00edfica 2021: Post-Congreso Musculoesquel\u00e9tico de la Federaci\u00f3n Mundial de la Hemofilia (WFH)\t\t\t\t\t\t\t\t\t\t\t\t\t<\/div>\n\t\t\t\t\t\t<div class=\"sow-accordion-open-close-button\">\n\t\t\t\t\t\t\t<div class=\"sow-accordion-open-button\">\n\t\t\t\t\t\t\t\t<span class=\"sow-icon-ionicons\" data-sow-icon=\"&#xf218;\"\n\t\t \n\t\taria-hidden=\"true\"><\/span>\t\t\t\t\t\t\t<\/div>\n\t\t\t\t\t\t\t<div class=\"sow-accordion-close-button\">\n\t\t\t\t\t\t\t\t<span class=\"sow-icon-ionicons\" data-sow-icon=\"&#xf209;\"\n\t\t \n\t\taria-hidden=\"true\"><\/span>\t\t\t\t\t\t\t<\/div>\n\t\t\t\t\t\t<\/div>\n\t\t\t\t\t<\/div>\n\t\t\t\t<\/div>\n\n\t\t\t<div\n\t\t\t\tclass=\"sow-accordion-panel-content\"\n\t\t\t\trole=\"region\"\n\t\t\t\taria-labelledby=\"accordion-label-2%c2%b0-reuni%c3%b3n-cient%c3%adfica-2021-post-congreso-musculoesquel%c3%a9tico-de-la-federaci%c3%b3n-mundial-de-la-hemofilia-wfh\"\n\t\t\t\tid=\"accordion-content-2%c2%b0-reuni%c3%b3n-cient%c3%adfica-2021-post-congreso-musculoesquel%c3%a9tico-de-la-federaci%c3%b3n-mundial-de-la-hemofilia-wfh\"\n\t\t\t\tstyle=\"display: none;\"\t\t\t>\n\t\t\t\t<div class=\"sow-accordion-panel-border\">\n\t\t\t\t\t<p><img loading=\"lazy\" decoding=\"async\" class=\"wp-image-5562 size-full alignnone\" src=\"https:\/\/www.grupocaht.com\/wp-content\/uploads\/2021\/06\/Flyer-2-Reunion-cientifica-2021-scaled.jpg\" alt=\"\" width=\"1576\" height=\"2560\" srcset=\"https:\/\/www.grupocaht.com\/wp-content\/uploads\/2021\/06\/Flyer-2-Reunion-cientifica-2021-scaled.jpg 1576w, https:\/\/www.grupocaht.com\/wp-content\/uploads\/2021\/06\/Flyer-2-Reunion-cientifica-2021-185x300.jpg 185w, https:\/\/www.grupocaht.com\/wp-content\/uploads\/2021\/06\/Flyer-2-Reunion-cientifica-2021-630x1024.jpg 630w, https:\/\/www.grupocaht.com\/wp-content\/uploads\/2021\/06\/Flyer-2-Reunion-cientifica-2021-768x1247.jpg 768w, https:\/\/www.grupocaht.com\/wp-content\/uploads\/2021\/06\/Flyer-2-Reunion-cientifica-2021-946x1536.jpg 946w, https:\/\/www.grupocaht.com\/wp-content\/uploads\/2021\/06\/Flyer-2-Reunion-cientifica-2021-1261x2048.jpg 1261w, https:\/\/www.grupocaht.com\/wp-content\/uploads\/2021\/06\/Flyer-2-Reunion-cientifica-2021-7x12.jpg 7w\" sizes=\"auto, (max-width: 1576px) 100vw, 1576px\" \/><\/p>\n<p><span style=\"color: #003366;\">Para ver los videos haga click aqu\u00ed:<\/span><\/p>\n<p><a href=\"https:\/\/youtu.be\/yvu43iooKaE\" target=\"_blank\" rel=\"noopener\"><span style=\"color: #003366;\">Presentaci\u00f3n del video conmemorativo del D\u00eda Mundial de la Hemofilia.\u00a0<em><strong>Patricia Do Nascimento<\/strong><\/em>.<\/span>\u00a0<span style=\"color: #ff0000;\">Ver Video<\/span><\/a><\/p>\n<p><a href=\"https:\/\/youtu.be\/gSUlC-pJ8BQ\" target=\"_blank\" rel=\"noopener\"><span style=\"color: #003366;\">C\u00f3mo mantener las articulaciones saludables a trav\u00e9s del ejercicio en personas con hemofilia que son sometidas a procedimientos musculoesquel\u00e9ticos. NO ES UNA CUESTI\u00d3N MENOR.\u00a0<em><strong>S\u00e9bastien Lobet.\u00a0<\/strong><\/em><\/span><span style=\"color: #ff0000;\">Ver Video<\/span><\/a><\/p>\n<p><a href=\"https:\/\/youtu.be\/q0Vs2DM0ysc\" target=\"_blank\" rel=\"noopener\"><span style=\"color: #003366;\">Los procedimientos no invasivos y la cirug\u00eda en Hemofilia. HAY DIFERENCIA CON LAS PERSONA SIN ENFERMEDADES SANGRANTES? LAS NOVEDADES.\u00a0<\/span><em><span style=\"color: #003366;\"><strong>Horacio Caviglia.<\/strong><\/span>\u00a0<\/em><span style=\"color: #ff0000;\">Ver Video<\/span><\/a><\/p>\n<p><a href=\"https:\/\/youtu.be\/vTriuHTqj1c\" target=\"_blank\" rel=\"noopener\"><span style=\"color: #003366;\">Point Of Care: HEAD-US.\u00a0LO\u00a0DIF\u00cdCIL\u00a0SE HACE F\u00c1CIL. UNA GRAN HERRAMIENTA.\u00a0<em><strong>Agustina Pretacco.<\/strong><\/em><\/span><span style=\"color: #ff0000;\">\u00a0Ver Video<\/span><\/a><\/p>\n<p><a href=\"https:\/\/youtu.be\/z9_0ZeFNW84\" target=\"_blank\" rel=\"noopener\"><span style=\"color: #003366;\">El rol del m\u00e9dico hemat\u00f3logo en las afecciones musculoesquel\u00e9ticas que requieren cirug\u00eda. EL DESAFIO.\u00a0<em><strong>Sylvia Thomas.<\/strong><\/em><\/span><span style=\"color: #ff0000;\">\u00a0Ver Video<\/span><\/a><strong><br \/>\n<\/strong><\/p>\n<p><a href=\"https:\/\/youtu.be\/NGrkmbOXqEQ\" target=\"_blank\" rel=\"noopener\"><span style=\"color: #003366;\">Preguntas.<\/span>\u00a0<span style=\"color: #ff0000;\">Ver Video<\/span><\/a><\/p>\n\t\t\t\t<\/div>\n\t\t\t<\/div>\n\t\t<\/div>\n\t\t\t<div class=\"sow-accordion-panel\"\n\t\t\t\tdata-anchor-id=\"1-reunion-cientifica-temas-especiales-de-trombosis-en-la-mujer\">\n\t\t\t\t\t<div class=\"sow-accordion-panel-header-container\" role=\"heading\" aria-level=\"2\">\n\t\t\t\t\t<div class=\"sow-accordion-panel-header\" tabindex=\"0\" role=\"button\" id=\"accordion-label-1%c2%b0-reuni%c3%b3n-cient%c3%adfica-temas-especiales-de-trombosis-en-la-mujer\" aria-controls=\"accordion-content-1%c2%b0-reuni%c3%b3n-cient%c3%adfica-temas-especiales-de-trombosis-en-la-mujer\" aria-expanded=\"false\">\n\t\t\t\t\t\t<div class=\"sow-accordion-title sow-accordion-title-icon-left\">\n\t\t\t\t\t\t\t\t\t\t\t\t\t\t1\u00b0 Reuni\u00f3n Cient\u00edfica: Temas Especiales de Trombosis en la Mujer.\t\t\t\t\t\t\t\t\t\t\t\t\t<\/div>\n\t\t\t\t\t\t<div class=\"sow-accordion-open-close-button\">\n\t\t\t\t\t\t\t<div class=\"sow-accordion-open-button\">\n\t\t\t\t\t\t\t\t<span class=\"sow-icon-ionicons\" data-sow-icon=\"&#xf218;\"\n\t\t \n\t\taria-hidden=\"true\"><\/span>\t\t\t\t\t\t\t<\/div>\n\t\t\t\t\t\t\t<div class=\"sow-accordion-close-button\">\n\t\t\t\t\t\t\t\t<span class=\"sow-icon-ionicons\" data-sow-icon=\"&#xf209;\"\n\t\t \n\t\taria-hidden=\"true\"><\/span>\t\t\t\t\t\t\t<\/div>\n\t\t\t\t\t\t<\/div>\n\t\t\t\t\t<\/div>\n\t\t\t\t<\/div>\n\n\t\t\t<div\n\t\t\t\tclass=\"sow-accordion-panel-content\"\n\t\t\t\trole=\"region\"\n\t\t\t\taria-labelledby=\"accordion-label-1%c2%b0-reuni%c3%b3n-cient%c3%adfica-temas-especiales-de-trombosis-en-la-mujer\"\n\t\t\t\tid=\"accordion-content-1%c2%b0-reuni%c3%b3n-cient%c3%adfica-temas-especiales-de-trombosis-en-la-mujer\"\n\t\t\t\tstyle=\"display: none;\"\t\t\t>\n\t\t\t\t<div class=\"sow-accordion-panel-border\">\n\t\t\t\t\t<p><img loading=\"lazy\" decoding=\"async\" class=\"alignnone wp-image-5307 size-full\" src=\"http:\/\/www.grupocaht.com\/wp-content\/uploads\/2021\/04\/thumbnail_Flyer-1-Reunion-cientifica-2021.jpg\" alt=\"\" width=\"1129\" height=\"1280\" srcset=\"https:\/\/www.grupocaht.com\/wp-content\/uploads\/2021\/04\/thumbnail_Flyer-1-Reunion-cientifica-2021.jpg 1129w, https:\/\/www.grupocaht.com\/wp-content\/uploads\/2021\/04\/thumbnail_Flyer-1-Reunion-cientifica-2021-265x300.jpg 265w, https:\/\/www.grupocaht.com\/wp-content\/uploads\/2021\/04\/thumbnail_Flyer-1-Reunion-cientifica-2021-903x1024.jpg 903w, https:\/\/www.grupocaht.com\/wp-content\/uploads\/2021\/04\/thumbnail_Flyer-1-Reunion-cientifica-2021-768x871.jpg 768w, https:\/\/www.grupocaht.com\/wp-content\/uploads\/2021\/04\/thumbnail_Flyer-1-Reunion-cientifica-2021-11x12.jpg 11w\" sizes=\"auto, (max-width: 1129px) 100vw, 1129px\" \/><\/p>\n<p><a href=\"https:\/\/youtu.be\/BcVI5oxmtTE\" target=\"_blank\" rel=\"noopener\"><span style=\"color: #003366;\">Presentaci\u00f3n del libro temas especiales de Hemostasia y Trombosis en la mujer. <em><strong>Carina Gumpel<\/strong><\/em>.<\/span> <span style=\"color: #ff0000;\">Ver Video.<\/span><\/a><\/p>\n<p><span style=\"color: #003366;\">S\u00edndrome de May Thurner. Una causa olvidada de TEV en la mujer: <\/span><\/p>\n<ul>\n<li><a href=\"https:\/\/youtu.be\/9cBDs3zyOkA\" target=\"_blank\" rel=\"noopener\"><span style=\"color: #003366;\">La visi\u00f3n hematol\u00f3gica. <em><strong>Daniela Mezzarobba<\/strong><\/em>.<\/span> <span style=\"color: #ff0000;\">Ver video.<\/span><\/a><\/li>\n<li><a href=\"https:\/\/youtu.be\/YBLNSRQKMI8\" target=\"_blank\" rel=\"noopener\"><span style=\"color: #003366;\">La visi\u00f3n del intervencionista.<em><strong> Mart\u00edn Rabellino.<\/strong><\/em><\/span> <span style=\"color: #ff0000;\">Ver Video.<\/span><\/a><\/li>\n<\/ul>\n<p><a href=\"https:\/\/youtu.be\/jg9lh2caSE4\" target=\"_blank\" rel=\"noopener\"><span style=\"color: #003366;\">Hemostasia y puerperio. Un camino de regreso al equilibrio o un desequilibrio hemost\u00e1tico. <em><strong>Ricardo Forastiero.<\/strong><\/em><\/span> <span style=\"color: #ff0000;\">Ver video.<\/span><\/a><\/p>\n<p><a href=\"https:\/\/youtu.be\/TvickFbThIQ\" target=\"_blank\" rel=\"noopener\"><span style=\"color: #003366;\">Preguntas.<\/span> <span style=\"color: #ff0000;\">Ver Video.<\/span><\/a><\/p>\n\t\t\t\t<\/div>\n\t\t\t<\/div>\n\t\t<\/div>\n\t\t<\/div>\n<\/div>\n<\/div><\/div><\/div><\/div><\/div>\n\n\n<!--nextpage-->\n\n\n<div\n\t\t\t\n\t\t\tclass=\"so-widget-sow-accordion so-widget-sow-accordion-default-5674beebb4fa\"\n\t\t\t\n\t\t><h3 class=\"widget-title\">Reuniones Cient\u00edficas 2020<\/h3><div>\n\t<div class=\"sow-accordion\">\n\t\t\t<div class=\"sow-accordion-panel\"\n\t\t\t\tdata-anchor-id=\"7-reunion-cientifica-actualizacion-de-pautas-de-laboratorio-y-guias-diagnosticas-en-saf-y-enfermedad-de-von-willebrand\">\n\t\t\t\t\t<div class=\"sow-accordion-panel-header-container\" role=\"heading\" aria-level=\"2\">\n\t\t\t\t\t<div class=\"sow-accordion-panel-header\" tabindex=\"0\" role=\"button\" id=\"accordion-label-7%c2%b0-reuni%c3%b3n-cient%c3%adfica-actualizaci%c3%b3n-de-pautas-de-laboratorio-y-gu%c3%adas-diagn%c3%b3sticas-en-saf-y-enfermedad-de-von-willebrand\" aria-controls=\"accordion-content-7%c2%b0-reuni%c3%b3n-cient%c3%adfica-actualizaci%c3%b3n-de-pautas-de-laboratorio-y-gu%c3%adas-diagn%c3%b3sticas-en-saf-y-enfermedad-de-von-willebrand\" aria-expanded=\"false\">\n\t\t\t\t\t\t<div class=\"sow-accordion-title sow-accordion-title-icon-left\">\n\t\t\t\t\t\t\t\t\t\t\t\t\t\t7\u00b0 Reuni\u00f3n Cient\u00edfica: Actualizaci\u00f3n de Pautas de Laboratorio y Gu\u00edas Diagn\u00f3sticas en SAF y Enfermedad de von Willebrand.\t\t\t\t\t\t\t\t\t\t\t\t\t<\/div>\n\t\t\t\t\t\t<div class=\"sow-accordion-open-close-button\">\n\t\t\t\t\t\t\t<div class=\"sow-accordion-open-button\">\n\t\t\t\t\t\t\t\t<span class=\"sow-icon-ionicons\" data-sow-icon=\"&#xf218;\"\n\t\t \n\t\taria-hidden=\"true\"><\/span>\t\t\t\t\t\t\t<\/div>\n\t\t\t\t\t\t\t<div class=\"sow-accordion-close-button\">\n\t\t\t\t\t\t\t\t<span class=\"sow-icon-ionicons\" data-sow-icon=\"&#xf209;\"\n\t\t \n\t\taria-hidden=\"true\"><\/span>\t\t\t\t\t\t\t<\/div>\n\t\t\t\t\t\t<\/div>\n\t\t\t\t\t<\/div>\n\t\t\t\t<\/div>\n\n\t\t\t<div\n\t\t\t\tclass=\"sow-accordion-panel-content\"\n\t\t\t\trole=\"region\"\n\t\t\t\taria-labelledby=\"accordion-label-7%c2%b0-reuni%c3%b3n-cient%c3%adfica-actualizaci%c3%b3n-de-pautas-de-laboratorio-y-gu%c3%adas-diagn%c3%b3sticas-en-saf-y-enfermedad-de-von-willebrand\"\n\t\t\t\tid=\"accordion-content-7%c2%b0-reuni%c3%b3n-cient%c3%adfica-actualizaci%c3%b3n-de-pautas-de-laboratorio-y-gu%c3%adas-diagn%c3%b3sticas-en-saf-y-enfermedad-de-von-willebrand\"\n\t\t\t\tstyle=\"display: none;\"\t\t\t>\n\t\t\t\t<div class=\"sow-accordion-panel-border\">\n\t\t\t\t\t<p><img loading=\"lazy\" decoding=\"async\" class=\"alignnone wp-image-4301\" src=\"http:\/\/www.grupocaht.com\/wp-content\/uploads\/2020\/10\/Flyer-7-Reunion-cientifica-2020.png\" alt=\"\" width=\"800\" height=\"1115\" srcset=\"https:\/\/www.grupocaht.com\/wp-content\/uploads\/2020\/10\/Flyer-7-Reunion-cientifica-2020.png 2979w, https:\/\/www.grupocaht.com\/wp-content\/uploads\/2020\/10\/Flyer-7-Reunion-cientifica-2020-215x300.png 215w, https:\/\/www.grupocaht.com\/wp-content\/uploads\/2020\/10\/Flyer-7-Reunion-cientifica-2020-735x1024.png 735w, https:\/\/www.grupocaht.com\/wp-content\/uploads\/2020\/10\/Flyer-7-Reunion-cientifica-2020-768x1070.png 768w, https:\/\/www.grupocaht.com\/wp-content\/uploads\/2020\/10\/Flyer-7-Reunion-cientifica-2020-1102x1536.png 1102w, https:\/\/www.grupocaht.com\/wp-content\/uploads\/2020\/10\/Flyer-7-Reunion-cientifica-2020-1469x2048.png 1469w, https:\/\/www.grupocaht.com\/wp-content\/uploads\/2020\/10\/Flyer-7-Reunion-cientifica-2020-9x12.png 9w\" sizes=\"auto, (max-width: 800px) 100vw, 800px\" \/><\/p>\n<p>Actualizaci\u00f3n de pautas de laboratorio y Gu\u00edas diagn\u00f3sticas en SAF y enfermedad de von Willebrand.<\/p>\n<p>Parte A: Anticuerpos Antifosfol\u00edpidos.<\/p>\n<p><span style=\"color: #003366\"><a style=\"color: #003366\" href=\"https:\/\/youtu.be\/lyClKTcz7s4\" target=\"_blank\" rel=\"noopener\">&#8211; Presentaci\u00f3n del libro CAHT: \u00a8Gu\u00eda de laboratorio para el estudio de anticuerpos antifosfol\u00edpidos (aPL) en fase s\u00f3lida\u00a8.<\/a><\/span><a href=\"https:\/\/youtu.be\/lyClKTcz7s4\" target=\"_blank\" rel=\"noopener\"><span style=\"color: #003366\"> &#8211; Actualizaci\u00f3n de las pautas para la evaluaci\u00f3n de anticuerpos en fase s\u00f3lida. <em><strong>Ricardo Forastiero<\/strong><\/em><\/span><em><strong>.<\/strong><\/em> Ver Video<\/a><\/p>\n<p><a href=\"https:\/\/youtu.be\/G013_wUvpDg\" target=\"_blank\" rel=\"noopener\"><span style=\"color: #003366\">Guidelines SSC ISTH &#8211; Lupus anticoagulant. <strong><em>Marta Martinuzzo.<\/em><\/strong><\/span> Ver Video<\/a><\/p>\n<p><a href=\"https:\/\/youtu.be\/X7SXihPwCeo\" target=\"_blank\" rel=\"noopener\"><span style=\"color: #003366\"><em>Preguntas.<\/em><\/span> Ver Video<\/a><\/p>\n<p>Parte B: Enfermedad de von Willebrand.<\/p>\n<p><a href=\"https:\/\/youtu.be\/ahUeuGZSjPU\" target=\"_blank\" rel=\"noopener\"><span style=\"color: #003366\">Actualizaci\u00f3n de pautas de laboratorio y Gu\u00edas diagn\u00f3sticas en SAF y enfermedad de von Willebrand. Aspectos de Laboratorio. <strong><em>Juan Pablo Frontroth. <\/em><\/strong><\/span>Ver Video<\/a><\/p>\n<p><a href=\"https:\/\/youtu.be\/HwpsmzOQ6NM\" target=\"_blank\" rel=\"noopener\"><span style=\"color: #003366\">Actualizaci\u00f3n de pautas de laboratorio y Gu\u00edas diagn\u00f3sticas en SAF y enfermedad de von Willebrand. Aspectos cl\u00ednicos. <strong><em>Anal\u00eda S\u00e1nchez Luceros.<\/em><\/strong><\/span> Ver Video<\/a><\/p>\n<p><a href=\"https:\/\/youtu.be\/E018_-eWqGQ\" target=\"_blank\" rel=\"noopener\"><em><span style=\"color: #003366\">Preguntas.<\/span> <\/em>Ver Video<\/a><\/p>\n\t\t\t\t<\/div>\n\t\t\t<\/div>\n\t\t<\/div>\n\t\t\t<div class=\"sow-accordion-panel\"\n\t\t\t\tdata-anchor-id=\"6-reunion-cientifica-covid-19-experiencias-de-los-laboratorios-de-hemostasia-y-su-relacion-con-la-clinica\">\n\t\t\t\t\t<div class=\"sow-accordion-panel-header-container\" role=\"heading\" aria-level=\"2\">\n\t\t\t\t\t<div class=\"sow-accordion-panel-header\" tabindex=\"0\" role=\"button\" id=\"accordion-label-6%c2%b0-reuni%c3%b3n-cient%c3%adfica-covid-19-experiencias-de-los-laboratorios-de-hemostasia-y-su-relaci%c3%b3n-con-la-cl%c3%adnica\" aria-controls=\"accordion-content-6%c2%b0-reuni%c3%b3n-cient%c3%adfica-covid-19-experiencias-de-los-laboratorios-de-hemostasia-y-su-relaci%c3%b3n-con-la-cl%c3%adnica\" aria-expanded=\"false\">\n\t\t\t\t\t\t<div class=\"sow-accordion-title sow-accordion-title-icon-left\">\n\t\t\t\t\t\t\t\t\t\t\t\t\t\t6\u00b0 Reuni\u00f3n Cient\u00edfica: COVID-19: Experiencias de los Laboratorios de Hemostasia y su relaci\u00f3n con la Cl\u00ednica.\t\t\t\t\t\t\t\t\t\t\t\t\t<\/div>\n\t\t\t\t\t\t<div class=\"sow-accordion-open-close-button\">\n\t\t\t\t\t\t\t<div class=\"sow-accordion-open-button\">\n\t\t\t\t\t\t\t\t<span class=\"sow-icon-ionicons\" data-sow-icon=\"&#xf218;\"\n\t\t \n\t\taria-hidden=\"true\"><\/span>\t\t\t\t\t\t\t<\/div>\n\t\t\t\t\t\t\t<div class=\"sow-accordion-close-button\">\n\t\t\t\t\t\t\t\t<span class=\"sow-icon-ionicons\" data-sow-icon=\"&#xf209;\"\n\t\t \n\t\taria-hidden=\"true\"><\/span>\t\t\t\t\t\t\t<\/div>\n\t\t\t\t\t\t<\/div>\n\t\t\t\t\t<\/div>\n\t\t\t\t<\/div>\n\n\t\t\t<div\n\t\t\t\tclass=\"sow-accordion-panel-content\"\n\t\t\t\trole=\"region\"\n\t\t\t\taria-labelledby=\"accordion-label-6%c2%b0-reuni%c3%b3n-cient%c3%adfica-covid-19-experiencias-de-los-laboratorios-de-hemostasia-y-su-relaci%c3%b3n-con-la-cl%c3%adnica\"\n\t\t\t\tid=\"accordion-content-6%c2%b0-reuni%c3%b3n-cient%c3%adfica-covid-19-experiencias-de-los-laboratorios-de-hemostasia-y-su-relaci%c3%b3n-con-la-cl%c3%adnica\"\n\t\t\t\tstyle=\"display: none;\"\t\t\t>\n\t\t\t\t<div class=\"sow-accordion-panel-border\">\n\t\t\t\t\t<p><img loading=\"lazy\" decoding=\"async\" class=\"alignnone wp-image-4259\" src=\"http:\/\/www.grupocaht.com\/wp-content\/uploads\/2020\/10\/Flyer-6-Reunion-cientifica-2020-scaled.jpg\" alt=\"\" width=\"800\" height=\"1250\" srcset=\"https:\/\/www.grupocaht.com\/wp-content\/uploads\/2020\/10\/Flyer-6-Reunion-cientifica-2020-scaled.jpg 1638w, https:\/\/www.grupocaht.com\/wp-content\/uploads\/2020\/10\/Flyer-6-Reunion-cientifica-2020-192x300.jpg 192w, https:\/\/www.grupocaht.com\/wp-content\/uploads\/2020\/10\/Flyer-6-Reunion-cientifica-2020-655x1024.jpg 655w, https:\/\/www.grupocaht.com\/wp-content\/uploads\/2020\/10\/Flyer-6-Reunion-cientifica-2020-768x1201.jpg 768w, https:\/\/www.grupocaht.com\/wp-content\/uploads\/2020\/10\/Flyer-6-Reunion-cientifica-2020-983x1536.jpg 983w, https:\/\/www.grupocaht.com\/wp-content\/uploads\/2020\/10\/Flyer-6-Reunion-cientifica-2020-1310x2048.jpg 1310w, https:\/\/www.grupocaht.com\/wp-content\/uploads\/2020\/10\/Flyer-6-Reunion-cientifica-2020-8x12.jpg 8w\" sizes=\"auto, (max-width: 800px) 100vw, 800px\" \/><\/p>\n<p><span style=\"color: #000000\">COVID-19: Experiencias de los laboratorios de Hemostasia y su relaci\u00f3n con la cl\u00ednica. <\/span><\/p>\n<p><span style=\"color: #000000\">Parte A: PANEL<\/span><\/p>\n<p><a href=\"https:\/\/youtu.be\/HLzoYVossxY\" target=\"_blank\" rel=\"noopener\"><span style=\"color: #000080\">Modos de acci\u00f3n y de transmisi\u00f3n del SARS-CoV-2. \u00bfC\u00f3mo impacta en las pautas de bioseguridad del laboratorio?. <strong><em>Horacio Micucci.<\/em><\/strong><\/span> Ver Video<\/a><\/p>\n<p><a href=\"https:\/\/youtu.be\/6LvFF6q-oJE\" target=\"_blank\" rel=\"noopener\"><span style=\"color: #000080\">Hallazgos preliminares de Generaci\u00f3n de trombina en pacientes SARS-CoV-2 positivo. <strong><em>Lourdes Herrera<\/em><\/strong>.<\/span> Ver Video<\/a><\/p>\n<p><a href=\"https:\/\/youtu.be\/BRs2x3PmwwU\" target=\"_blank\" rel=\"noopener\"><em><span style=\"color: #000080\">Preguntas.<\/span><\/em> Ver Video<\/a><\/p>\n<p>Parte B: MESA REDONDA \u00bf Qu\u00e9 aprendimos en Argentina del COVID-19 en estos 8 meses?<\/p>\n<p><a href=\"https:\/\/youtu.be\/jVUycNSblmo\" target=\"_blank\" rel=\"noopener\"><span style=\"color: #000080\">\u00bfEs necesario el control diario de los par\u00e1metros de Hemostasia? <strong><em>Silvina Pons<\/em><\/strong>.<\/span> Ver Video<\/a><\/p>\n<p><a href=\"https:\/\/youtu.be\/VGz3vFet-MI\" target=\"_blank\" rel=\"noopener\"><span style=\"color: #000080\">\u00bfCu\u00e1l es valor cl\u00ednico de la determinaci\u00f3n de D\u00edmero D? \u00bfHasta qu\u00e9 valor medimos? <em><strong>Claudio Rosa<\/strong><\/em>.<\/span> Ver Video<\/a><\/p>\n<p><a href=\"https:\/\/youtu.be\/zO1WxtdQInM\" target=\"_blank\" rel=\"noopener\"><span style=\"color: #000080\">\u00bfCoagulopat\u00eda asociada?\u00bfEs aplicable el score de CID?\u00bfHipercoagulabilidad sin consumo? <em><strong>Gabriela De Larra\u00f1aga<\/strong><\/em>.<\/span> Ver Video<\/a><\/p>\n<p><a href=\"https:\/\/youtu.be\/bvVpUPK-Boc\" target=\"_blank\" rel=\"noopener\"><span style=\"color: #000080\">Anticoagulante L\u00fapico: \u00bfverdad o consecuencia? <em><strong>Marina L\u00f3pez<\/strong><\/em>.<\/span> Ver Video<\/a><\/p>\n<p><a href=\"https:\/\/youtu.be\/fwVOLYsm45c\" target=\"_blank\" rel=\"noopener\"><span style=\"color: #000080\">\u00bfQu\u00e9 par\u00e1metros de hemostasia son importantes en la toma de decisiones cl\u00ednicas? <strong><em>Ignacio Previgliano<\/em><\/strong>.<\/span> Ver Video<\/a><\/p>\n<p><a href=\"https:\/\/youtu.be\/f9Ox9G1qJ2A\" target=\"_blank\" rel=\"noopener\"><span style=\"color: #000080\">\u00bfC\u00f3mo afecta la situaci\u00f3n sanitaria asociada a la pandemia en el manejo de otras patolog\u00edas hematol\u00f3gicas o de Hemostasia? <strong><em>Ver\u00f3nica Cort\u00e9s Guerrieri<\/em><\/strong>.<\/span> Ver Video<\/a><\/p>\n<p><a href=\"https:\/\/youtu.be\/jktkhUu5ptc\" target=\"_blank\" rel=\"noopener\"><em><span style=\"color: #000080\">Preguntas Parte B: Mesa Redonda \u00bfQu\u00e9 aprendimos en Argentina del COVID-19 en estos 8 meses?.<\/span> <\/em>Ver Video<\/a><\/p>\n\t\t\t\t<\/div>\n\t\t\t<\/div>\n\t\t<\/div>\n\t\t\t<div class=\"sow-accordion-panel\"\n\t\t\t\tdata-anchor-id=\"5-reunion-cientifica-controversias-en-el-uso-de-heparina-o-doacs-en-cancer-que-aprendimos-y-que-nos-urge-aprender\">\n\t\t\t\t\t<div class=\"sow-accordion-panel-header-container\" role=\"heading\" aria-level=\"2\">\n\t\t\t\t\t<div class=\"sow-accordion-panel-header\" tabindex=\"0\" role=\"button\" id=\"accordion-label-5%c2%b0-reuni%c3%b3n-cient%c3%adfica-controversias-en-el-uso-de-heparina-o-doacs-en-c%c3%a1ncer-%c2%bfqu%c3%a9-aprendimos-y-qu%c3%a9-nos-urge-aprender\" aria-controls=\"accordion-content-5%c2%b0-reuni%c3%b3n-cient%c3%adfica-controversias-en-el-uso-de-heparina-o-doacs-en-c%c3%a1ncer-%c2%bfqu%c3%a9-aprendimos-y-qu%c3%a9-nos-urge-aprender\" aria-expanded=\"false\">\n\t\t\t\t\t\t<div class=\"sow-accordion-title sow-accordion-title-icon-left\">\n\t\t\t\t\t\t\t\t\t\t\t\t\t\t5\u00b0 Reuni\u00f3n Cient\u00edfica: Controversias en el uso de Heparina o DOACs en C\u00e1ncer. \u00bfQu\u00e9 aprendimos y qu\u00e9 nos urge aprender?\t\t\t\t\t\t\t\t\t\t\t\t\t<\/div>\n\t\t\t\t\t\t<div class=\"sow-accordion-open-close-button\">\n\t\t\t\t\t\t\t<div class=\"sow-accordion-open-button\">\n\t\t\t\t\t\t\t\t<span class=\"sow-icon-ionicons\" data-sow-icon=\"&#xf218;\"\n\t\t \n\t\taria-hidden=\"true\"><\/span>\t\t\t\t\t\t\t<\/div>\n\t\t\t\t\t\t\t<div class=\"sow-accordion-close-button\">\n\t\t\t\t\t\t\t\t<span class=\"sow-icon-ionicons\" data-sow-icon=\"&#xf209;\"\n\t\t \n\t\taria-hidden=\"true\"><\/span>\t\t\t\t\t\t\t<\/div>\n\t\t\t\t\t\t<\/div>\n\t\t\t\t\t<\/div>\n\t\t\t\t<\/div>\n\n\t\t\t<div\n\t\t\t\tclass=\"sow-accordion-panel-content\"\n\t\t\t\trole=\"region\"\n\t\t\t\taria-labelledby=\"accordion-label-5%c2%b0-reuni%c3%b3n-cient%c3%adfica-controversias-en-el-uso-de-heparina-o-doacs-en-c%c3%a1ncer-%c2%bfqu%c3%a9-aprendimos-y-qu%c3%a9-nos-urge-aprender\"\n\t\t\t\tid=\"accordion-content-5%c2%b0-reuni%c3%b3n-cient%c3%adfica-controversias-en-el-uso-de-heparina-o-doacs-en-c%c3%a1ncer-%c2%bfqu%c3%a9-aprendimos-y-qu%c3%a9-nos-urge-aprender\"\n\t\t\t\tstyle=\"display: none;\"\t\t\t>\n\t\t\t\t<div class=\"sow-accordion-panel-border\">\n\t\t\t\t\t<p><img loading=\"lazy\" decoding=\"async\" class=\"wp-image-4225 size-full alignnone\" src=\"http:\/\/www.grupocaht.com\/wp-content\/uploads\/2020\/10\/Flyer-5-Reunion-cientifica-2020-1-scaled.jpg\" alt=\"\" width=\"2560\" height=\"2197\" srcset=\"https:\/\/www.grupocaht.com\/wp-content\/uploads\/2020\/10\/Flyer-5-Reunion-cientifica-2020-1-scaled.jpg 2560w, https:\/\/www.grupocaht.com\/wp-content\/uploads\/2020\/10\/Flyer-5-Reunion-cientifica-2020-1-300x257.jpg 300w, https:\/\/www.grupocaht.com\/wp-content\/uploads\/2020\/10\/Flyer-5-Reunion-cientifica-2020-1-1024x879.jpg 1024w, https:\/\/www.grupocaht.com\/wp-content\/uploads\/2020\/10\/Flyer-5-Reunion-cientifica-2020-1-768x659.jpg 768w, https:\/\/www.grupocaht.com\/wp-content\/uploads\/2020\/10\/Flyer-5-Reunion-cientifica-2020-1-1536x1318.jpg 1536w, https:\/\/www.grupocaht.com\/wp-content\/uploads\/2020\/10\/Flyer-5-Reunion-cientifica-2020-1-2048x1758.jpg 2048w, https:\/\/www.grupocaht.com\/wp-content\/uploads\/2020\/10\/Flyer-5-Reunion-cientifica-2020-1-14x12.jpg 14w\" sizes=\"auto, (max-width: 2560px) 100vw, 2560px\" \/><\/p>\n<p><a href=\"http:\/\/www.youtube.com\/watch?v=ERaMu82Pldk\" target=\"_blank\" rel=\"noopener\"><span style=\"color: #000080\">Controversias en el uso de Heparina o DOACs en C\u00e1ncer. \u00bfQu\u00e9 aprendimos y qu\u00e9 nos urge aprender?.<\/span> Ver Video<\/a><\/p>\n\t\t\t\t<\/div>\n\t\t\t<\/div>\n\t\t<\/div>\n\t\t\t<div class=\"sow-accordion-panel\"\n\t\t\t\tdata-anchor-id=\"4-reunion-cientifica-hemofilias-presentacion-clinica-diagnostico-y-tratamiento-nuevas-terapias\">\n\t\t\t\t\t<div class=\"sow-accordion-panel-header-container\" role=\"heading\" aria-level=\"2\">\n\t\t\t\t\t<div class=\"sow-accordion-panel-header\" tabindex=\"0\" role=\"button\" id=\"accordion-label-4%c2%b0-reuni%c3%b3n-cient%c3%adfica-hemofilias-presentaci%c3%b3n-cl%c3%adnica-diagn%c3%b3stico-y-tratamiento-nuevas-terapias\" aria-controls=\"accordion-content-4%c2%b0-reuni%c3%b3n-cient%c3%adfica-hemofilias-presentaci%c3%b3n-cl%c3%adnica-diagn%c3%b3stico-y-tratamiento-nuevas-terapias\" aria-expanded=\"false\">\n\t\t\t\t\t\t<div class=\"sow-accordion-title sow-accordion-title-icon-left\">\n\t\t\t\t\t\t\t\t\t\t\t\t\t\t4\u00b0 Reuni\u00f3n Cient\u00edfica: Hemofilias: Presentaci\u00f3n Cl\u00ednica, Diagn\u00f3stico y Tratamiento. Nuevas terapias.\t\t\t\t\t\t\t\t\t\t\t\t\t<\/div>\n\t\t\t\t\t\t<div class=\"sow-accordion-open-close-button\">\n\t\t\t\t\t\t\t<div class=\"sow-accordion-open-button\">\n\t\t\t\t\t\t\t\t<span class=\"sow-icon-ionicons\" data-sow-icon=\"&#xf218;\"\n\t\t \n\t\taria-hidden=\"true\"><\/span>\t\t\t\t\t\t\t<\/div>\n\t\t\t\t\t\t\t<div class=\"sow-accordion-close-button\">\n\t\t\t\t\t\t\t\t<span class=\"sow-icon-ionicons\" data-sow-icon=\"&#xf209;\"\n\t\t \n\t\taria-hidden=\"true\"><\/span>\t\t\t\t\t\t\t<\/div>\n\t\t\t\t\t\t<\/div>\n\t\t\t\t\t<\/div>\n\t\t\t\t<\/div>\n\n\t\t\t<div\n\t\t\t\tclass=\"sow-accordion-panel-content\"\n\t\t\t\trole=\"region\"\n\t\t\t\taria-labelledby=\"accordion-label-4%c2%b0-reuni%c3%b3n-cient%c3%adfica-hemofilias-presentaci%c3%b3n-cl%c3%adnica-diagn%c3%b3stico-y-tratamiento-nuevas-terapias\"\n\t\t\t\tid=\"accordion-content-4%c2%b0-reuni%c3%b3n-cient%c3%adfica-hemofilias-presentaci%c3%b3n-cl%c3%adnica-diagn%c3%b3stico-y-tratamiento-nuevas-terapias\"\n\t\t\t\tstyle=\"display: none;\"\t\t\t>\n\t\t\t\t<div class=\"sow-accordion-panel-border\">\n\t\t\t\t\t<p><img loading=\"lazy\" decoding=\"async\" class=\"alignleft wp-image-3424 size-full\" src=\"http:\/\/www.grupocaht.com\/wp-content\/uploads\/2020\/07\/Flyer-4-Reunion-cientifica-2020-1-e1600878382575.png\" alt=\"\" width=\"2999\" height=\"3024\" srcset=\"https:\/\/www.grupocaht.com\/wp-content\/uploads\/2020\/07\/Flyer-4-Reunion-cientifica-2020-1-e1600878382575.png 2999w, https:\/\/www.grupocaht.com\/wp-content\/uploads\/2020\/07\/Flyer-4-Reunion-cientifica-2020-1-e1600878382575-298x300.png 298w, https:\/\/www.grupocaht.com\/wp-content\/uploads\/2020\/07\/Flyer-4-Reunion-cientifica-2020-1-e1600878382575-1016x1024.png 1016w, https:\/\/www.grupocaht.com\/wp-content\/uploads\/2020\/07\/Flyer-4-Reunion-cientifica-2020-1-e1600878382575-150x150.png 150w, https:\/\/www.grupocaht.com\/wp-content\/uploads\/2020\/07\/Flyer-4-Reunion-cientifica-2020-1-e1600878382575-768x774.png 768w, https:\/\/www.grupocaht.com\/wp-content\/uploads\/2020\/07\/Flyer-4-Reunion-cientifica-2020-1-e1600878382575-1523x1536.png 1523w, https:\/\/www.grupocaht.com\/wp-content\/uploads\/2020\/07\/Flyer-4-Reunion-cientifica-2020-1-e1600878382575-2031x2048.png 2031w, https:\/\/www.grupocaht.com\/wp-content\/uploads\/2020\/07\/Flyer-4-Reunion-cientifica-2020-1-e1600878382575-100x100.png 100w\" sizes=\"auto, (max-width: 2999px) 100vw, 2999px\" \/><\/p>\n<p><span style=\"color: #003366\">Hemofilia A y\u00a0 Hemofilia B en la Argentina<\/span><em><strong><span style=\"color: #003366\">. Daniela Neme.<\/span>\u00a0<\/strong><\/em><a href=\"https:\/\/youtu.be\/Maho34cOUyM\" target=\"_blank\" rel=\"noopener noreferrer\">Ver Video<\/a><\/p>\n<p><span style=\"color: #003366\">Mutaciones Gen\u00e9ticas en Hemofilia. Ter\u00e1pia Gen\u00e9tica: \u00bfla cura est\u00e1 cerca?.\u00a0<\/span><em><strong><span style=\"color: #003366\">Liliana Rossetti.<\/span>\u00a0<\/strong><\/em><a href=\"https:\/\/youtu.be\/wV1Eh2JdpPE\" target=\"_blank\" rel=\"noopener noreferrer\">Ver Video<\/a><\/p>\n<p><span style=\"color: #003366\">Diagn\u00f3stico de Laboratorio de la Hemofillias.\u00a0<\/span><em><strong><span style=\"color: #003366\">Mariana Paula Raviola.<\/span>\u00a0<\/strong><\/em><a href=\"https:\/\/youtu.be\/KfUTdWJd3GE\" target=\"_blank\" rel=\"noopener noreferrer\">Ver Video<\/a><\/p>\n<p><span style=\"color: #003366\">Hemofilia: Discrepancias en el Laboratorio.\u00a0<em><strong>Mirta del Valle Arias.\u00a0<\/strong><\/em><\/span><a href=\"https:\/\/youtu.be\/x-IojyagrVc\" target=\"_blank\" rel=\"noopener noreferrer\">Ver Video<\/a><\/p>\n<p><span style=\"color: #003366\">Preguntas. <a href=\"https:\/\/youtu.be\/pg9JbHLpYsY\" target=\"_blank\" rel=\"noopener\">Ver Video<\/a><\/span><\/p>\n\t\t\t\t<\/div>\n\t\t\t<\/div>\n\t\t<\/div>\n\t\t\t<div class=\"sow-accordion-panel\"\n\t\t\t\tdata-anchor-id=\"3-reunion-cientifica-desafios-diagnostico-y-terapeuticos-en-los-trastornos-plaquetarios\">\n\t\t\t\t\t<div class=\"sow-accordion-panel-header-container\" role=\"heading\" aria-level=\"2\">\n\t\t\t\t\t<div class=\"sow-accordion-panel-header\" tabindex=\"0\" role=\"button\" id=\"accordion-label-3%c2%b0-reuni%c3%b3n-cient%c3%adfica-desaf%c3%ados-diagn%c3%b3stico-y-terap%c3%a9uticos-en-los-trastornos-plaquetarios\" aria-controls=\"accordion-content-3%c2%b0-reuni%c3%b3n-cient%c3%adfica-desaf%c3%ados-diagn%c3%b3stico-y-terap%c3%a9uticos-en-los-trastornos-plaquetarios\" aria-expanded=\"false\">\n\t\t\t\t\t\t<div class=\"sow-accordion-title sow-accordion-title-icon-left\">\n\t\t\t\t\t\t\t\t\t\t\t\t\t\t3\u00b0 Reuni\u00f3n Cient\u00edfica: Desaf\u00edos Diagn\u00f3stico y Terap\u00e9uticos en los Trastornos Plaquetarios.\t\t\t\t\t\t\t\t\t\t\t\t\t<\/div>\n\t\t\t\t\t\t<div class=\"sow-accordion-open-close-button\">\n\t\t\t\t\t\t\t<div class=\"sow-accordion-open-button\">\n\t\t\t\t\t\t\t\t<span class=\"sow-icon-ionicons\" data-sow-icon=\"&#xf218;\"\n\t\t \n\t\taria-hidden=\"true\"><\/span>\t\t\t\t\t\t\t<\/div>\n\t\t\t\t\t\t\t<div class=\"sow-accordion-close-button\">\n\t\t\t\t\t\t\t\t<span class=\"sow-icon-ionicons\" data-sow-icon=\"&#xf209;\"\n\t\t \n\t\taria-hidden=\"true\"><\/span>\t\t\t\t\t\t\t<\/div>\n\t\t\t\t\t\t<\/div>\n\t\t\t\t\t<\/div>\n\t\t\t\t<\/div>\n\n\t\t\t<div\n\t\t\t\tclass=\"sow-accordion-panel-content\"\n\t\t\t\trole=\"region\"\n\t\t\t\taria-labelledby=\"accordion-label-3%c2%b0-reuni%c3%b3n-cient%c3%adfica-desaf%c3%ados-diagn%c3%b3stico-y-terap%c3%a9uticos-en-los-trastornos-plaquetarios\"\n\t\t\t\tid=\"accordion-content-3%c2%b0-reuni%c3%b3n-cient%c3%adfica-desaf%c3%ados-diagn%c3%b3stico-y-terap%c3%a9uticos-en-los-trastornos-plaquetarios\"\n\t\t\t\tstyle=\"display: none;\"\t\t\t>\n\t\t\t\t<div class=\"sow-accordion-panel-border\">\n\t\t\t\t\t<p><img loading=\"lazy\" decoding=\"async\" class=\"alignleft wp-image-3421 size-full\" src=\"http:\/\/www.grupocaht.com\/wp-content\/uploads\/2020\/07\/Flyer-3-Reunion-cientifica-2020-2-e1600878266267.png\" alt=\"\" width=\"2997\" height=\"2971\" srcset=\"https:\/\/www.grupocaht.com\/wp-content\/uploads\/2020\/07\/Flyer-3-Reunion-cientifica-2020-2-e1600878266267.png 2997w, https:\/\/www.grupocaht.com\/wp-content\/uploads\/2020\/07\/Flyer-3-Reunion-cientifica-2020-2-e1600878266267-300x297.png 300w, https:\/\/www.grupocaht.com\/wp-content\/uploads\/2020\/07\/Flyer-3-Reunion-cientifica-2020-2-e1600878266267-1024x1015.png 1024w, https:\/\/www.grupocaht.com\/wp-content\/uploads\/2020\/07\/Flyer-3-Reunion-cientifica-2020-2-e1600878266267-150x150.png 150w, https:\/\/www.grupocaht.com\/wp-content\/uploads\/2020\/07\/Flyer-3-Reunion-cientifica-2020-2-e1600878266267-768x761.png 768w, https:\/\/www.grupocaht.com\/wp-content\/uploads\/2020\/07\/Flyer-3-Reunion-cientifica-2020-2-e1600878266267-1536x1523.png 1536w, https:\/\/www.grupocaht.com\/wp-content\/uploads\/2020\/07\/Flyer-3-Reunion-cientifica-2020-2-e1600878266267-2048x2030.png 2048w, https:\/\/www.grupocaht.com\/wp-content\/uploads\/2020\/07\/Flyer-3-Reunion-cientifica-2020-2-e1600878266267-100x100.png 100w\" sizes=\"auto, (max-width: 2997px) 100vw, 2997px\" \/><\/p>\n<p><span style=\"color: #003366\">Trastornos hemorr\u00e1gicos en la pr\u00e1ctica cl\u00ednica. Las Trombocitopat\u00edas.\u00a0<em><strong>Guillermo Arbes\u00fa.<\/strong><\/em>\u00a0 <\/span><a href=\"https:\/\/youtu.be\/EY-k61BkcoI\" target=\"_blank\" rel=\"noopener\">Ver Video<\/a><\/p>\n<p><span style=\"color: #003366\">Trombocitopenia Inmune\/Idiop\u00e1tica (TI). Novedades de ASH 2019.\u00a0<em><strong>Romina Chiatti<\/strong><\/em>.<\/span><a href=\"https:\/\/youtu.be\/Q1AVQjFn6Is\" target=\"_blank\" rel=\"noopener\"> Ver Video<\/a><\/p>\n<p><span style=\"color: #003366\">El diagn\u00f3stico de laboratorio del paciente que sangra: trombocitopenias y trombocitopat\u00edas.\u00a0<em><strong>Juan Pablo Frontroth.<\/strong><\/em><\/span><a href=\"https:\/\/youtu.be\/T8L6bnx3kWY\" target=\"_blank\" rel=\"noopener\"> Ver Video<\/a><\/p>\n<p><span style=\"color: #003366\"><em>Preguntas.<a href=\"https:\/\/youtu.be\/gAMrmrN6hHs\" target=\"_blank\" rel=\"noopener\">Ver Video<\/a><\/em><\/span><\/p>\n\t\t\t\t<\/div>\n\t\t\t<\/div>\n\t\t<\/div>\n\t\t\t<div class=\"sow-accordion-panel\"\n\t\t\t\tdata-anchor-id=\"2-reunion-cientifica-hemostasia-en-cardiopatia-estructural-parte-ii\">\n\t\t\t\t\t<div class=\"sow-accordion-panel-header-container\" role=\"heading\" aria-level=\"2\">\n\t\t\t\t\t<div class=\"sow-accordion-panel-header\" tabindex=\"0\" role=\"button\" id=\"accordion-label-2%c2%b0-reuni%c3%b3n-cient%c3%adfica-hemostasia-en-cardiopat%c3%ada-estructural-%e2%80%93-parte-ii\" aria-controls=\"accordion-content-2%c2%b0-reuni%c3%b3n-cient%c3%adfica-hemostasia-en-cardiopat%c3%ada-estructural-%e2%80%93-parte-ii\" aria-expanded=\"false\">\n\t\t\t\t\t\t<div class=\"sow-accordion-title sow-accordion-title-icon-left\">\n\t\t\t\t\t\t\t\t\t\t\t\t\t\t2\u00b0 Reuni\u00f3n Cient\u00edfica: Hemostasia en Cardiopat\u00eda Estructural \u2013 Parte II\t\t\t\t\t\t\t\t\t\t\t\t\t<\/div>\n\t\t\t\t\t\t<div class=\"sow-accordion-open-close-button\">\n\t\t\t\t\t\t\t<div class=\"sow-accordion-open-button\">\n\t\t\t\t\t\t\t\t<span class=\"sow-icon-ionicons\" data-sow-icon=\"&#xf218;\"\n\t\t \n\t\taria-hidden=\"true\"><\/span>\t\t\t\t\t\t\t<\/div>\n\t\t\t\t\t\t\t<div class=\"sow-accordion-close-button\">\n\t\t\t\t\t\t\t\t<span class=\"sow-icon-ionicons\" data-sow-icon=\"&#xf209;\"\n\t\t \n\t\taria-hidden=\"true\"><\/span>\t\t\t\t\t\t\t<\/div>\n\t\t\t\t\t\t<\/div>\n\t\t\t\t\t<\/div>\n\t\t\t\t<\/div>\n\n\t\t\t<div\n\t\t\t\tclass=\"sow-accordion-panel-content\"\n\t\t\t\trole=\"region\"\n\t\t\t\taria-labelledby=\"accordion-label-2%c2%b0-reuni%c3%b3n-cient%c3%adfica-hemostasia-en-cardiopat%c3%ada-estructural-%e2%80%93-parte-ii\"\n\t\t\t\tid=\"accordion-content-2%c2%b0-reuni%c3%b3n-cient%c3%adfica-hemostasia-en-cardiopat%c3%ada-estructural-%e2%80%93-parte-ii\"\n\t\t\t\tstyle=\"display: none;\"\t\t\t>\n\t\t\t\t<div class=\"sow-accordion-panel-border\">\n\t\t\t\t\t<p><img loading=\"lazy\" decoding=\"async\" class=\"alignleft wp-image-3006 size-full\" src=\"http:\/\/www.grupocaht.com\/wp-content\/uploads\/2020\/06\/Flyer-2-RC2020-parte-2-e1600878038608.png\" alt=\"\" width=\"2998\" height=\"3181\" srcset=\"https:\/\/www.grupocaht.com\/wp-content\/uploads\/2020\/06\/Flyer-2-RC2020-parte-2-e1600878038608.png 2998w, https:\/\/www.grupocaht.com\/wp-content\/uploads\/2020\/06\/Flyer-2-RC2020-parte-2-e1600878038608-283x300.png 283w, https:\/\/www.grupocaht.com\/wp-content\/uploads\/2020\/06\/Flyer-2-RC2020-parte-2-e1600878038608-965x1024.png 965w, https:\/\/www.grupocaht.com\/wp-content\/uploads\/2020\/06\/Flyer-2-RC2020-parte-2-e1600878038608-768x815.png 768w, https:\/\/www.grupocaht.com\/wp-content\/uploads\/2020\/06\/Flyer-2-RC2020-parte-2-e1600878038608-1448x1536.png 1448w, https:\/\/www.grupocaht.com\/wp-content\/uploads\/2020\/06\/Flyer-2-RC2020-parte-2-e1600878038608-1930x2048.png 1930w\" sizes=\"auto, (max-width: 2998px) 100vw, 2998px\" \/><\/p>\n<p><span style=\"color: #000080\"><em>Superficies biol\u00f3gicas y activaci\u00f3n de la coagulaci\u00f3n.\u00a0<strong>Virginia Roma\u00f1ano.<\/strong><\/em>\u00a0<a href=\"https:\/\/youtu.be\/_T_v8yDZWUE\" target=\"_blank\" rel=\"noopener\">Ver Video<\/a><\/span><\/p>\n<p><span style=\"color: #000080\"><em>TAVI\/MITRACLIP. Implante transcat\u00e9ter de pr\u00f3tesis de v\u00e1lvula a\u00f3rtica y reparaci\u00f3n mitral. Indicaciones.\u00a0<strong>Fernando Cura. <\/strong><\/em><a href=\"https:\/\/youtu.be\/ksDDxmumXXI\" target=\"_blank\" rel=\"noopener\">Ver Video<\/a><em><strong><br \/><\/strong><\/em><\/span><\/p>\n<p><span style=\"color: #000080\"><em>TAVI\/MITRACLIP. Implante transcat\u00e9ter de pr\u00f3tesis de v\u00e1lvula a\u00f3rtica y reparaci\u00f3n mitral. Tratamiento antitromb\u00f3tico.\u00a0<strong>Dolores Puente. <\/strong><\/em><a href=\"https:\/\/youtu.be\/PqXmrpfHLOE\" target=\"_blank\" rel=\"noopener\">Ver Video<\/a><em><strong><br \/><\/strong><\/em><\/span><\/p>\n<p><span style=\"color: #000080\"><em>Reparaci\u00f3n Valvular y reemplazos valvulares biol\u00f3gicos. \u00bfAnticoagulaci\u00f3n o antiagregaci\u00f3n?.\u00a0<strong>Mar\u00eda Esther Aris Cancela. <\/strong><\/em><a href=\"https:\/\/youtu.be\/9LuddkBP1CU\" target=\"_blank\" rel=\"noopener\">Ver Video<\/a><em><strong><br \/><\/strong><\/em><\/span><\/p>\n<p><span style=\"color: #000080\"><em>Preguntas. <\/em><a href=\"https:\/\/youtu.be\/1YFro4E_D20\" target=\"_blank\" rel=\"noopener\">Ver Video<\/a><\/span><\/p>\n\t\t\t\t<\/div>\n\t\t\t<\/div>\n\t\t<\/div>\n\t\t\t<div class=\"sow-accordion-panel\"\n\t\t\t\tdata-anchor-id=\"2-reunion-cientifica-hemostasia-en-cardiopatia-estructural-parte-i\">\n\t\t\t\t\t<div class=\"sow-accordion-panel-header-container\" role=\"heading\" aria-level=\"2\">\n\t\t\t\t\t<div class=\"sow-accordion-panel-header\" tabindex=\"0\" role=\"button\" id=\"accordion-label-2%c2%b0-reuni%c3%b3n-cient%c3%adfica-hemostasia-en-cardiopat%c3%ada-estructural-%e2%80%93-parte-i\" aria-controls=\"accordion-content-2%c2%b0-reuni%c3%b3n-cient%c3%adfica-hemostasia-en-cardiopat%c3%ada-estructural-%e2%80%93-parte-i\" aria-expanded=\"false\">\n\t\t\t\t\t\t<div class=\"sow-accordion-title sow-accordion-title-icon-left\">\n\t\t\t\t\t\t\t\t\t\t\t\t\t\t2\u00b0 Reuni\u00f3n Cient\u00edfica: Hemostasia en Cardiopat\u00eda Estructural \u2013 Parte I\t\t\t\t\t\t\t\t\t\t\t\t\t<\/div>\n\t\t\t\t\t\t<div class=\"sow-accordion-open-close-button\">\n\t\t\t\t\t\t\t<div class=\"sow-accordion-open-button\">\n\t\t\t\t\t\t\t\t<span class=\"sow-icon-ionicons\" data-sow-icon=\"&#xf218;\"\n\t\t \n\t\taria-hidden=\"true\"><\/span>\t\t\t\t\t\t\t<\/div>\n\t\t\t\t\t\t\t<div class=\"sow-accordion-close-button\">\n\t\t\t\t\t\t\t\t<span class=\"sow-icon-ionicons\" data-sow-icon=\"&#xf209;\"\n\t\t \n\t\taria-hidden=\"true\"><\/span>\t\t\t\t\t\t\t<\/div>\n\t\t\t\t\t\t<\/div>\n\t\t\t\t\t<\/div>\n\t\t\t\t<\/div>\n\n\t\t\t<div\n\t\t\t\tclass=\"sow-accordion-panel-content\"\n\t\t\t\trole=\"region\"\n\t\t\t\taria-labelledby=\"accordion-label-2%c2%b0-reuni%c3%b3n-cient%c3%adfica-hemostasia-en-cardiopat%c3%ada-estructural-%e2%80%93-parte-i\"\n\t\t\t\tid=\"accordion-content-2%c2%b0-reuni%c3%b3n-cient%c3%adfica-hemostasia-en-cardiopat%c3%ada-estructural-%e2%80%93-parte-i\"\n\t\t\t\tstyle=\"display: none;\"\t\t\t>\n\t\t\t\t<div class=\"sow-accordion-panel-border\">\n\t\t\t\t\t<p><img loading=\"lazy\" decoding=\"async\" class=\"alignleft wp-image-3005 size-full\" src=\"http:\/\/www.grupocaht.com\/wp-content\/uploads\/2020\/06\/Flyer-2-RC-2020-parte-1-e1600877735188.png\" alt=\"\" width=\"2996\" height=\"3152\" srcset=\"https:\/\/www.grupocaht.com\/wp-content\/uploads\/2020\/06\/Flyer-2-RC-2020-parte-1-e1600877735188.png 2996w, https:\/\/www.grupocaht.com\/wp-content\/uploads\/2020\/06\/Flyer-2-RC-2020-parte-1-e1600877735188-285x300.png 285w, https:\/\/www.grupocaht.com\/wp-content\/uploads\/2020\/06\/Flyer-2-RC-2020-parte-1-e1600877735188-973x1024.png 973w, https:\/\/www.grupocaht.com\/wp-content\/uploads\/2020\/06\/Flyer-2-RC-2020-parte-1-e1600877735188-768x808.png 768w, https:\/\/www.grupocaht.com\/wp-content\/uploads\/2020\/06\/Flyer-2-RC-2020-parte-1-e1600877735188-1460x1536.png 1460w, https:\/\/www.grupocaht.com\/wp-content\/uploads\/2020\/06\/Flyer-2-RC-2020-parte-1-e1600877735188-1947x2048.png 1947w\" sizes=\"auto, (max-width: 2996px) 100vw, 2996px\" \/><\/p>\n<p><span style=\"color: #000080\"><em>Gen\u00e9tica y Cardiopat\u00eda. <strong>Sof\u00eda Juarez Pe\u00f1alva. <\/strong><\/em><a href=\"https:\/\/youtu.be\/6ZAlhcSBIX8\" target=\"_blank\" rel=\"noopener\">Ver Video<\/a><\/span><\/p>\n<p><em><span style=\"color: #000080\">Malformaciones Cong\u00e9nitas. \u00bfC\u00f3mo se resuelven?. <strong>Daniel Absi. \u00a0<\/strong><\/span><\/em><span style=\"color: #000080\"><a href=\"https:\/\/youtu.be\/BgXp5Pe-PHE\" target=\"_blank\" rel=\"noopener\">Ver Video<\/a><\/span><\/p>\n<p><em><span style=\"color: #000080\">Malformaciones Cong\u00e9nitas. Seguimiento en adultos (desde el punto de vista cardiol\u00f3gico). <\/span><strong><span style=\"color: #000080\">Luciano Lucas. <\/span><\/strong><\/em><a href=\"https:\/\/youtu.be\/VEssWC5Bnok\" target=\"_blank\" rel=\"noopener\">Ver Video<\/a><\/p>\n<p><em><span style=\"color: #000080\">Malformaciones Cong\u00e9nitas. \u00bfAnticoagulaci\u00f3n?\u00bfAntiagregaci\u00f3n?.<\/span> <strong><span style=\"color: #000080\">Carolina Cervio.<\/span><\/strong><\/em> <a href=\"https:\/\/youtu.be\/2CCznRaoWVQ\" target=\"_blank\" rel=\"noopener\">\u00a0Ver Video<\/a><\/p>\n<p><em><span style=\"color: #000080\">Preguntas.\u00a0<\/span><\/em> <a href=\"https:\/\/youtu.be\/luHRcLU0M7Q\" target=\"_blank\" rel=\"noopener\">Ver Video<\/a><\/p>\n\t\t\t\t<\/div>\n\t\t\t<\/div>\n\t\t<\/div>\n\t\t\t<div class=\"sow-accordion-panel\"\n\t\t\t\tdata-anchor-id=\"1-reunion-cientifica-temas-especiales-de-hemostasia-y-trombosis-en-la-mujer-parte-ii\">\n\t\t\t\t\t<div class=\"sow-accordion-panel-header-container\" role=\"heading\" aria-level=\"2\">\n\t\t\t\t\t<div class=\"sow-accordion-panel-header\" tabindex=\"0\" role=\"button\" id=\"accordion-label-1%c2%b0-reuni%c3%b3n-cient%c3%adfica-temas-especiales-de-hemostasia-y-trombosis-en-la-mujer-parte-ii\" aria-controls=\"accordion-content-1%c2%b0-reuni%c3%b3n-cient%c3%adfica-temas-especiales-de-hemostasia-y-trombosis-en-la-mujer-parte-ii\" aria-expanded=\"false\">\n\t\t\t\t\t\t<div class=\"sow-accordion-title sow-accordion-title-icon-left\">\n\t\t\t\t\t\t\t\t\t\t\t\t\t\t1\u00b0 Reuni\u00f3n Cient\u00edfica: Temas Especiales de Hemostasia y Trombosis en la Mujer- Parte II\t\t\t\t\t\t\t\t\t\t\t\t\t<\/div>\n\t\t\t\t\t\t<div class=\"sow-accordion-open-close-button\">\n\t\t\t\t\t\t\t<div class=\"sow-accordion-open-button\">\n\t\t\t\t\t\t\t\t<span class=\"sow-icon-ionicons\" data-sow-icon=\"&#xf218;\"\n\t\t \n\t\taria-hidden=\"true\"><\/span>\t\t\t\t\t\t\t<\/div>\n\t\t\t\t\t\t\t<div class=\"sow-accordion-close-button\">\n\t\t\t\t\t\t\t\t<span class=\"sow-icon-ionicons\" data-sow-icon=\"&#xf209;\"\n\t\t \n\t\taria-hidden=\"true\"><\/span>\t\t\t\t\t\t\t<\/div>\n\t\t\t\t\t\t<\/div>\n\t\t\t\t\t<\/div>\n\t\t\t\t<\/div>\n\n\t\t\t<div\n\t\t\t\tclass=\"sow-accordion-panel-content\"\n\t\t\t\trole=\"region\"\n\t\t\t\taria-labelledby=\"accordion-label-1%c2%b0-reuni%c3%b3n-cient%c3%adfica-temas-especiales-de-hemostasia-y-trombosis-en-la-mujer-parte-ii\"\n\t\t\t\tid=\"accordion-content-1%c2%b0-reuni%c3%b3n-cient%c3%adfica-temas-especiales-de-hemostasia-y-trombosis-en-la-mujer-parte-ii\"\n\t\t\t\tstyle=\"display: none;\"\t\t\t>\n\t\t\t\t<div class=\"sow-accordion-panel-border\">\n\t\t\t\t\t<p><img loading=\"lazy\" decoding=\"async\" class=\"alignnone wp-image-2601\" src=\"http:\/\/www.grupocaht.com\/wp-content\/uploads\/2020\/05\/Flyer-1er.-Reunion-Parte-2-1018x1024.jpg\" alt=\"\" width=\"800\" height=\"805\" srcset=\"https:\/\/www.grupocaht.com\/wp-content\/uploads\/2020\/05\/Flyer-1er.-Reunion-Parte-2-1018x1024.jpg 1018w, https:\/\/www.grupocaht.com\/wp-content\/uploads\/2020\/05\/Flyer-1er.-Reunion-Parte-2-298x300.jpg 298w, https:\/\/www.grupocaht.com\/wp-content\/uploads\/2020\/05\/Flyer-1er.-Reunion-Parte-2-150x150.jpg 150w, https:\/\/www.grupocaht.com\/wp-content\/uploads\/2020\/05\/Flyer-1er.-Reunion-Parte-2-768x773.jpg 768w, https:\/\/www.grupocaht.com\/wp-content\/uploads\/2020\/05\/Flyer-1er.-Reunion-Parte-2-1526x1536.jpg 1526w, https:\/\/www.grupocaht.com\/wp-content\/uploads\/2020\/05\/Flyer-1er.-Reunion-Parte-2-2035x2048.jpg 2035w, https:\/\/www.grupocaht.com\/wp-content\/uploads\/2020\/05\/Flyer-1er.-Reunion-Parte-2-100x100.jpg 100w\" sizes=\"auto, (max-width: 800px) 100vw, 800px\" \/><\/p>\n<p><em><span style=\"color: #000080\">Manejo gestacional en mujeres con antecedentes de trombosis venosa cerebral.\u00a0<\/span><strong><span style=\"color: #000080\">Carina Gumpel.<\/span>\u00a0 <\/strong><\/em><a href=\"https:\/\/youtu.be\/bsUOXgd1GMA\" target=\"_blank\" rel=\"noopener\">Ver Video<\/a><\/p>\n<p><span style=\"color: #000080\"><em>ACV en el embarazo o embarazo en el ACV.\u00a0<strong>Federico Rodriguez Lucci.\u00a0<\/strong><\/em><\/span><a href=\"https:\/\/youtu.be\/p2O06u8X_pg\" target=\"_blank\" rel=\"noopener\">Ver Video<\/a><\/p>\n<p><em><span style=\"color: #000080\">Preguntas.<\/span> <\/em><a href=\"https:\/\/youtu.be\/5c4hWTRsNgs\" target=\"_blank\" rel=\"noopener\">Ver Video<\/a><\/p>\n\t\t\t\t<\/div>\n\t\t\t<\/div>\n\t\t<\/div>\n\t\t\t<div class=\"sow-accordion-panel\"\n\t\t\t\tdata-anchor-id=\"1-reunion-cientifica-temas-especiales-de-hemostasia-y-trombosis-en-la-mujer-parte-i\">\n\t\t\t\t\t<div class=\"sow-accordion-panel-header-container\" role=\"heading\" aria-level=\"2\">\n\t\t\t\t\t<div class=\"sow-accordion-panel-header\" tabindex=\"0\" role=\"button\" id=\"accordion-label-1%c2%b0-reuni%c3%b3n-cient%c3%adfica-temas-especiales-de-hemostasia-y-trombosis-en-la-mujer-%e2%80%93-parte-i\" aria-controls=\"accordion-content-1%c2%b0-reuni%c3%b3n-cient%c3%adfica-temas-especiales-de-hemostasia-y-trombosis-en-la-mujer-%e2%80%93-parte-i\" aria-expanded=\"false\">\n\t\t\t\t\t\t<div class=\"sow-accordion-title sow-accordion-title-icon-left\">\n\t\t\t\t\t\t\t\t\t\t\t\t\t\t1\u00b0 Reuni\u00f3n Cient\u00edfica: Temas Especiales de Hemostasia y Trombosis en la Mujer \u2013 Parte I\t\t\t\t\t\t\t\t\t\t\t\t\t<\/div>\n\t\t\t\t\t\t<div class=\"sow-accordion-open-close-button\">\n\t\t\t\t\t\t\t<div class=\"sow-accordion-open-button\">\n\t\t\t\t\t\t\t\t<span class=\"sow-icon-ionicons\" data-sow-icon=\"&#xf218;\"\n\t\t \n\t\taria-hidden=\"true\"><\/span>\t\t\t\t\t\t\t<\/div>\n\t\t\t\t\t\t\t<div class=\"sow-accordion-close-button\">\n\t\t\t\t\t\t\t\t<span class=\"sow-icon-ionicons\" data-sow-icon=\"&#xf209;\"\n\t\t \n\t\taria-hidden=\"true\"><\/span>\t\t\t\t\t\t\t<\/div>\n\t\t\t\t\t\t<\/div>\n\t\t\t\t\t<\/div>\n\t\t\t\t<\/div>\n\n\t\t\t<div\n\t\t\t\tclass=\"sow-accordion-panel-content\"\n\t\t\t\trole=\"region\"\n\t\t\t\taria-labelledby=\"accordion-label-1%c2%b0-reuni%c3%b3n-cient%c3%adfica-temas-especiales-de-hemostasia-y-trombosis-en-la-mujer-%e2%80%93-parte-i\"\n\t\t\t\tid=\"accordion-content-1%c2%b0-reuni%c3%b3n-cient%c3%adfica-temas-especiales-de-hemostasia-y-trombosis-en-la-mujer-%e2%80%93-parte-i\"\n\t\t\t\tstyle=\"display: none;\"\t\t\t>\n\t\t\t\t<div class=\"sow-accordion-panel-border\">\n\t\t\t\t\t<p><img loading=\"lazy\" decoding=\"async\" class=\"alignnone wp-image-2571\" src=\"http:\/\/www.grupocaht.com\/wp-content\/uploads\/2020\/05\/Flyer-Reunon-cientifica-2020-1500-Px-1019x1024.jpg\" alt=\"\" width=\"800\" height=\"804\" srcset=\"https:\/\/www.grupocaht.com\/wp-content\/uploads\/2020\/05\/Flyer-Reunon-cientifica-2020-1500-Px-1019x1024.jpg 1019w, https:\/\/www.grupocaht.com\/wp-content\/uploads\/2020\/05\/Flyer-Reunon-cientifica-2020-1500-Px-298x300.jpg 298w, https:\/\/www.grupocaht.com\/wp-content\/uploads\/2020\/05\/Flyer-Reunon-cientifica-2020-1500-Px-150x150.jpg 150w, https:\/\/www.grupocaht.com\/wp-content\/uploads\/2020\/05\/Flyer-Reunon-cientifica-2020-1500-Px-768x772.jpg 768w, https:\/\/www.grupocaht.com\/wp-content\/uploads\/2020\/05\/Flyer-Reunon-cientifica-2020-1500-Px-100x100.jpg 100w, https:\/\/www.grupocaht.com\/wp-content\/uploads\/2020\/05\/Flyer-Reunon-cientifica-2020-1500-Px.jpg 1500w\" sizes=\"auto, (max-width: 800px) 100vw, 800px\" \/><\/p>\n<p><em><span style=\"color: #000080\">Presentaci\u00f3n del libro \u201cHemorragia obst\u00e9trica: Del pragmatismo a la evidencia\u201d<\/span>.<span style=\"color: #000080\">\u00a0<strong>Beatriz Grand.<\/strong><\/span><\/em><a href=\"https:\/\/youtu.be\/njx20vKvDLo\" target=\"_blank\" rel=\"noopener\">\u00a0Ver Video<\/a><\/p>\n<p><span style=\"color: #000080\"><em>Utilidad del ensayo de generaci\u00f3n de trombina en la vida de la mujer.\u00a0<strong>Ricardo Forastiero.\u00a0<\/strong><\/em><\/span><a href=\"https:\/\/youtu.be\/WjLVgljiQPE\" target=\"_blank\" rel=\"noopener\">Ver Video<\/a><\/p>\n<p><em><span style=\"color: #000080\">Miocardiopat\u00eda en la mujer.\u00a0<\/span><strong><span style=\"color: #000080\">Carlos Fondevila.<\/span>\u00a0<\/strong><\/em><a href=\"https:\/\/youtu.be\/q6eMj_6Y-q0\" target=\"_blank\" rel=\"noopener\">Ver Video<\/a><\/p>\n<p><em><span style=\"color: #000080\">Trombol\u00edticos y embarazo.\u00a0<\/span><strong><span style=\"color: #000080\">Soledad Molnar.<\/span>\u00a0<\/strong><\/em><a href=\"https:\/\/youtu.be\/0ZEwfL5jW74\" target=\"_blank\" rel=\"noopener\">Ver Video<\/a><em><strong><br \/><\/strong><\/em><\/p>\n<p><span style=\"color: #000080\"><em>Preguntas.<\/em><\/span>\u00a0<a href=\"https:\/\/youtu.be\/LULX8Mv3mYg\" target=\"_blank\" rel=\"noopener\">Ver Video<\/a><\/p>\n\t\t\t\t<\/div>\n\t\t\t<\/div>\n\t\t<\/div>\n\t\t<\/div>\n<\/div>\n<\/div>\n\n\n<!--nextpage-->\n\n\n<div id=\"pl-gb2793-69f17827be131\"  class=\"panel-layout wp-block-siteorigin-panels-layout-block\" ><div id=\"pg-gb2793-69f17827be131-0\"  class=\"panel-grid panel-no-style\" ><div id=\"pgc-gb2793-69f17827be131-0-0\"  class=\"panel-grid-cell\" ><div id=\"panel-gb2793-69f17827be131-0-0-0\" class=\"so-panel widget widget_sow-accordion panel-first-child panel-last-child\" data-index=\"0\" ><div\n\t\t\t\n\t\t\tclass=\"so-widget-sow-accordion so-widget-sow-accordion-default-2b55ed2807e6-2793\"\n\t\t\t\n\t\t><h3 class=\"widget-title\">Reuniones Cient\u00edficas 2019<\/h3><div>\n\t<div class=\"sow-accordion\">\n\t\t\t<div class=\"sow-accordion-panel\"\n\t\t\t\tdata-anchor-id=\"4-reunion-cientifica-dia-mundial-de-la-trombosis\">\n\t\t\t\t\t<div class=\"sow-accordion-panel-header-container\" role=\"heading\" aria-level=\"2\">\n\t\t\t\t\t<div class=\"sow-accordion-panel-header\" tabindex=\"0\" role=\"button\" id=\"accordion-label-4%c2%b0-reuni%c3%b3n-cient%c3%adfica-d%c3%ada-mundial-de-la-trombosis\" aria-controls=\"accordion-content-4%c2%b0-reuni%c3%b3n-cient%c3%adfica-d%c3%ada-mundial-de-la-trombosis\" aria-expanded=\"false\">\n\t\t\t\t\t\t<div class=\"sow-accordion-title sow-accordion-title-icon-left\">\n\t\t\t\t\t\t\t\t\t\t\t\t\t\t4\u00b0 Reuni\u00f3n Cient\u00edfica: D\u00eda mundial de la Trombosis\t\t\t\t\t\t\t\t\t\t\t\t\t<\/div>\n\t\t\t\t\t\t<div class=\"sow-accordion-open-close-button\">\n\t\t\t\t\t\t\t<div class=\"sow-accordion-open-button\">\n\t\t\t\t\t\t\t\t<span class=\"sow-icon-ionicons\" data-sow-icon=\"&#xf218;\"\n\t\t \n\t\taria-hidden=\"true\"><\/span>\t\t\t\t\t\t\t<\/div>\n\t\t\t\t\t\t\t<div class=\"sow-accordion-close-button\">\n\t\t\t\t\t\t\t\t<span class=\"sow-icon-ionicons\" data-sow-icon=\"&#xf209;\"\n\t\t \n\t\taria-hidden=\"true\"><\/span>\t\t\t\t\t\t\t<\/div>\n\t\t\t\t\t\t<\/div>\n\t\t\t\t\t<\/div>\n\t\t\t\t<\/div>\n\n\t\t\t<div\n\t\t\t\tclass=\"sow-accordion-panel-content\"\n\t\t\t\trole=\"region\"\n\t\t\t\taria-labelledby=\"accordion-label-4%c2%b0-reuni%c3%b3n-cient%c3%adfica-d%c3%ada-mundial-de-la-trombosis\"\n\t\t\t\tid=\"accordion-content-4%c2%b0-reuni%c3%b3n-cient%c3%adfica-d%c3%ada-mundial-de-la-trombosis\"\n\t\t\t\tstyle=\"display: none;\"\t\t\t>\n\t\t\t\t<div class=\"sow-accordion-panel-border\">\n\t\t\t\t\t<p><img loading=\"lazy\" decoding=\"async\" class=\"alignnone size-full wp-image-8974\" src=\"https:\/\/www.grupocaht.com\/wp-content\/uploads\/2023\/01\/Programa-IV-RC-2019_page-0001.jpg\" alt=\"\" width=\"1241\" height=\"1755\" srcset=\"https:\/\/www.grupocaht.com\/wp-content\/uploads\/2023\/01\/Programa-IV-RC-2019_page-0001.jpg 1241w, https:\/\/www.grupocaht.com\/wp-content\/uploads\/2023\/01\/Programa-IV-RC-2019_page-0001-212x300.jpg 212w, https:\/\/www.grupocaht.com\/wp-content\/uploads\/2023\/01\/Programa-IV-RC-2019_page-0001-724x1024.jpg 724w, https:\/\/www.grupocaht.com\/wp-content\/uploads\/2023\/01\/Programa-IV-RC-2019_page-0001-768x1086.jpg 768w, https:\/\/www.grupocaht.com\/wp-content\/uploads\/2023\/01\/Programa-IV-RC-2019_page-0001-1086x1536.jpg 1086w, https:\/\/www.grupocaht.com\/wp-content\/uploads\/2023\/01\/Programa-IV-RC-2019_page-0001-8x12.jpg 8w\" sizes=\"auto, (max-width: 1241px) 100vw, 1241px\" \/><\/p>\n<p>Acceder a la playlist de YouTube haciendo <a href=\"https:\/\/www.youtube.com\/watch?v=NFZfMJJyM58&amp;list=PLsa4nEmd1i8fuuvYXc2Nk5KgapJpEH-Cp\" target=\"_blank\" rel=\"noopener\">click aqu\u00ed<\/a><\/p>\n\t\t\t\t<\/div>\n\t\t\t<\/div>\n\t\t<\/div>\n\t\t\t<div class=\"sow-accordion-panel\"\n\t\t\t\tdata-anchor-id=\"3-reunion-cientifica-novedades-del-congreso-isth-2019\">\n\t\t\t\t\t<div class=\"sow-accordion-panel-header-container\" role=\"heading\" aria-level=\"2\">\n\t\t\t\t\t<div class=\"sow-accordion-panel-header\" tabindex=\"0\" role=\"button\" id=\"accordion-label-3%c2%b0-reuni%c3%b3n-cient%c3%adfica-novedades-del-congreso-isth-2019\" aria-controls=\"accordion-content-3%c2%b0-reuni%c3%b3n-cient%c3%adfica-novedades-del-congreso-isth-2019\" aria-expanded=\"false\">\n\t\t\t\t\t\t<div class=\"sow-accordion-title sow-accordion-title-icon-left\">\n\t\t\t\t\t\t\t\t\t\t\t\t\t\t3\u00b0 Reuni\u00f3n Cient\u00edfica: Novedades del Congreso ISTH 2019\t\t\t\t\t\t\t\t\t\t\t\t\t<\/div>\n\t\t\t\t\t\t<div class=\"sow-accordion-open-close-button\">\n\t\t\t\t\t\t\t<div class=\"sow-accordion-open-button\">\n\t\t\t\t\t\t\t\t<span class=\"sow-icon-ionicons\" data-sow-icon=\"&#xf218;\"\n\t\t \n\t\taria-hidden=\"true\"><\/span>\t\t\t\t\t\t\t<\/div>\n\t\t\t\t\t\t\t<div class=\"sow-accordion-close-button\">\n\t\t\t\t\t\t\t\t<span class=\"sow-icon-ionicons\" data-sow-icon=\"&#xf209;\"\n\t\t \n\t\taria-hidden=\"true\"><\/span>\t\t\t\t\t\t\t<\/div>\n\t\t\t\t\t\t<\/div>\n\t\t\t\t\t<\/div>\n\t\t\t\t<\/div>\n\n\t\t\t<div\n\t\t\t\tclass=\"sow-accordion-panel-content\"\n\t\t\t\trole=\"region\"\n\t\t\t\taria-labelledby=\"accordion-label-3%c2%b0-reuni%c3%b3n-cient%c3%adfica-novedades-del-congreso-isth-2019\"\n\t\t\t\tid=\"accordion-content-3%c2%b0-reuni%c3%b3n-cient%c3%adfica-novedades-del-congreso-isth-2019\"\n\t\t\t\tstyle=\"display: none;\"\t\t\t>\n\t\t\t\t<div class=\"sow-accordion-panel-border\">\n\t\t\t\t\t<p><img loading=\"lazy\" decoding=\"async\" class=\"alignnone size-full wp-image-8973\" src=\"https:\/\/www.grupocaht.com\/wp-content\/uploads\/2023\/01\/Programa-III-RC-2019_page-0001.jpg\" alt=\"\" width=\"1241\" height=\"1755\" srcset=\"https:\/\/www.grupocaht.com\/wp-content\/uploads\/2023\/01\/Programa-III-RC-2019_page-0001.jpg 1241w, https:\/\/www.grupocaht.com\/wp-content\/uploads\/2023\/01\/Programa-III-RC-2019_page-0001-212x300.jpg 212w, https:\/\/www.grupocaht.com\/wp-content\/uploads\/2023\/01\/Programa-III-RC-2019_page-0001-724x1024.jpg 724w, https:\/\/www.grupocaht.com\/wp-content\/uploads\/2023\/01\/Programa-III-RC-2019_page-0001-768x1086.jpg 768w, https:\/\/www.grupocaht.com\/wp-content\/uploads\/2023\/01\/Programa-III-RC-2019_page-0001-1086x1536.jpg 1086w, https:\/\/www.grupocaht.com\/wp-content\/uploads\/2023\/01\/Programa-III-RC-2019_page-0001-8x12.jpg 8w\" sizes=\"auto, (max-width: 1241px) 100vw, 1241px\" \/><\/p>\n<p>Acceder a la playlist de YouTube haciendo <a href=\"https:\/\/www.youtube.com\/watch?v=65hAbovtM_8&amp;list=PLsa4nEmd1i8cVTVieGGu4mAtpSU9SbIMQ\" target=\"_blank\" rel=\"noopener\">click aqu\u00ed<\/a><\/p>\n\t\t\t\t<\/div>\n\t\t\t<\/div>\n\t\t<\/div>\n\t\t\t<div class=\"sow-accordion-panel\"\n\t\t\t\tdata-anchor-id=\"2-reunion-cientifica-hemostasia-en-cardiopatia-estructural-parte-ii\">\n\t\t\t\t\t<div class=\"sow-accordion-panel-header-container\" role=\"heading\" aria-level=\"2\">\n\t\t\t\t\t<div class=\"sow-accordion-panel-header\" tabindex=\"0\" role=\"button\" id=\"accordion-label-2%c2%b0-reuni%c3%b3n-cient%c3%adfica-hemostasia-en-cardiopat%c3%ada-estructural-%e2%80%93-parte-ii\" aria-controls=\"accordion-content-2%c2%b0-reuni%c3%b3n-cient%c3%adfica-hemostasia-en-cardiopat%c3%ada-estructural-%e2%80%93-parte-ii\" aria-expanded=\"false\">\n\t\t\t\t\t\t<div class=\"sow-accordion-title sow-accordion-title-icon-left\">\n\t\t\t\t\t\t\t\t\t\t\t\t\t\t2\u00b0 Reuni\u00f3n Cient\u00edfica: Hemostasia en Cardiopat\u00eda Estructural \u2013 Parte II\t\t\t\t\t\t\t\t\t\t\t\t\t<\/div>\n\t\t\t\t\t\t<div class=\"sow-accordion-open-close-button\">\n\t\t\t\t\t\t\t<div class=\"sow-accordion-open-button\">\n\t\t\t\t\t\t\t\t<span class=\"sow-icon-ionicons\" data-sow-icon=\"&#xf218;\"\n\t\t \n\t\taria-hidden=\"true\"><\/span>\t\t\t\t\t\t\t<\/div>\n\t\t\t\t\t\t\t<div class=\"sow-accordion-close-button\">\n\t\t\t\t\t\t\t\t<span class=\"sow-icon-ionicons\" data-sow-icon=\"&#xf209;\"\n\t\t \n\t\taria-hidden=\"true\"><\/span>\t\t\t\t\t\t\t<\/div>\n\t\t\t\t\t\t<\/div>\n\t\t\t\t\t<\/div>\n\t\t\t\t<\/div>\n\n\t\t\t<div\n\t\t\t\tclass=\"sow-accordion-panel-content\"\n\t\t\t\trole=\"region\"\n\t\t\t\taria-labelledby=\"accordion-label-2%c2%b0-reuni%c3%b3n-cient%c3%adfica-hemostasia-en-cardiopat%c3%ada-estructural-%e2%80%93-parte-ii\"\n\t\t\t\tid=\"accordion-content-2%c2%b0-reuni%c3%b3n-cient%c3%adfica-hemostasia-en-cardiopat%c3%ada-estructural-%e2%80%93-parte-ii\"\n\t\t\t\tstyle=\"display: none;\"\t\t\t>\n\t\t\t\t<div class=\"sow-accordion-panel-border\">\n\t\t\t\t\t<p><a href=\"http:\/\/www.grupocaht.com\/wp-content\/uploads\/2020\/05\/II-Reunion-Cientifica-Parte-II-recort.png\"><img loading=\"lazy\" decoding=\"async\" class=\"alignnone wp-image-2588 size-large\" src=\"http:\/\/www.grupocaht.com\/wp-content\/uploads\/2020\/05\/II-Reunion-Cientifica-Parte-II-recort-952x1024.png\" alt=\"\" width=\"640\" height=\"688\" srcset=\"https:\/\/www.grupocaht.com\/wp-content\/uploads\/2020\/05\/II-Reunion-Cientifica-Parte-II-recort-952x1024.png 952w, https:\/\/www.grupocaht.com\/wp-content\/uploads\/2020\/05\/II-Reunion-Cientifica-Parte-II-recort-279x300.png 279w, https:\/\/www.grupocaht.com\/wp-content\/uploads\/2020\/05\/II-Reunion-Cientifica-Parte-II-recort-768x826.png 768w, https:\/\/www.grupocaht.com\/wp-content\/uploads\/2020\/05\/II-Reunion-Cientifica-Parte-II-recort.png 1228w\" sizes=\"auto, (max-width: 640px) 100vw, 640px\" \/><\/a><\/p>\n<p>Para acceder a la reuni\u00f3n, haga click en el \u00edcono de la plataforma deseada:<\/p>\n<p><a href=\"https:\/\/us02web.zoom.us\/j\/84523223577?pwd=SEpEVTUwby9qT1BTek1vMmI4WFhhUT09&amp;status=success\" target=\"_blank\" rel=\"noopener\"><img loading=\"lazy\" decoding=\"async\" class=\"\" src=\"https:\/\/mcusercontent.com\/b704b388d44aa170ad81004fe\/images\/eb48e325-ccf4-4a4c-9b5f-6ed49451d95f.png\" width=\"60\" height=\"60\" \/><\/a>\u00a0\u00a0<a href=\"https:\/\/www.facebook.com\/GrupoCAHT\/\" target=\"_blank\" rel=\"noopener\"><img loading=\"lazy\" decoding=\"async\" class=\"\" src=\"https:\/\/mcusercontent.com\/b704b388d44aa170ad81004fe\/images\/de877df5-3ae8-405d-8d70-88daaf4a206a.jpg\" width=\"140\" height=\"70\" \/><\/a><\/p>\n\t\t\t\t<\/div>\n\t\t\t<\/div>\n\t\t<\/div>\n\t\t\t<div class=\"sow-accordion-panel\"\n\t\t\t\tdata-anchor-id=\"2-reunion-cientifica-hemostasia-en-cardiopatia-estructural-parte-i\">\n\t\t\t\t\t<div class=\"sow-accordion-panel-header-container\" role=\"heading\" aria-level=\"2\">\n\t\t\t\t\t<div class=\"sow-accordion-panel-header\" tabindex=\"0\" role=\"button\" id=\"accordion-label-2%c2%b0-reuni%c3%b3n-cient%c3%adfica-hemostasia-en-cardiopat%c3%ada-estructural-%e2%80%93-parte-i\" aria-controls=\"accordion-content-2%c2%b0-reuni%c3%b3n-cient%c3%adfica-hemostasia-en-cardiopat%c3%ada-estructural-%e2%80%93-parte-i\" aria-expanded=\"false\">\n\t\t\t\t\t\t<div class=\"sow-accordion-title sow-accordion-title-icon-left\">\n\t\t\t\t\t\t\t\t\t\t\t\t\t\t2\u00b0 Reuni\u00f3n Cient\u00edfica: Hemostasia en Cardiopat\u00eda Estructural \u2013 Parte I\t\t\t\t\t\t\t\t\t\t\t\t\t<\/div>\n\t\t\t\t\t\t<div class=\"sow-accordion-open-close-button\">\n\t\t\t\t\t\t\t<div class=\"sow-accordion-open-button\">\n\t\t\t\t\t\t\t\t<span class=\"sow-icon-ionicons\" data-sow-icon=\"&#xf218;\"\n\t\t \n\t\taria-hidden=\"true\"><\/span>\t\t\t\t\t\t\t<\/div>\n\t\t\t\t\t\t\t<div class=\"sow-accordion-close-button\">\n\t\t\t\t\t\t\t\t<span class=\"sow-icon-ionicons\" data-sow-icon=\"&#xf209;\"\n\t\t \n\t\taria-hidden=\"true\"><\/span>\t\t\t\t\t\t\t<\/div>\n\t\t\t\t\t\t<\/div>\n\t\t\t\t\t<\/div>\n\t\t\t\t<\/div>\n\n\t\t\t<div\n\t\t\t\tclass=\"sow-accordion-panel-content\"\n\t\t\t\trole=\"region\"\n\t\t\t\taria-labelledby=\"accordion-label-2%c2%b0-reuni%c3%b3n-cient%c3%adfica-hemostasia-en-cardiopat%c3%ada-estructural-%e2%80%93-parte-i\"\n\t\t\t\tid=\"accordion-content-2%c2%b0-reuni%c3%b3n-cient%c3%adfica-hemostasia-en-cardiopat%c3%ada-estructural-%e2%80%93-parte-i\"\n\t\t\t\tstyle=\"display: none;\"\t\t\t>\n\t\t\t\t<div class=\"sow-accordion-panel-border\">\n\t\t\t\t\t<p><a href=\"http:\/\/www.grupocaht.com\/wp-content\/uploads\/2020\/06\/Flyer-2-Reunion-cientifica-2020-parte-1.png\"><img loading=\"lazy\" decoding=\"async\" class=\"alignnone wp-image-2761 size-large\" src=\"http:\/\/www.grupocaht.com\/wp-content\/uploads\/2020\/06\/Flyer-2-Reunion-cientifica-2020-parte-1-923x1024.png\" alt=\"\" width=\"640\" height=\"710\" srcset=\"https:\/\/www.grupocaht.com\/wp-content\/uploads\/2020\/06\/Flyer-2-Reunion-cientifica-2020-parte-1-923x1024.png 923w, https:\/\/www.grupocaht.com\/wp-content\/uploads\/2020\/06\/Flyer-2-Reunion-cientifica-2020-parte-1-270x300.png 270w, https:\/\/www.grupocaht.com\/wp-content\/uploads\/2020\/06\/Flyer-2-Reunion-cientifica-2020-parte-1-768x852.png 768w, https:\/\/www.grupocaht.com\/wp-content\/uploads\/2020\/06\/Flyer-2-Reunion-cientifica-2020-parte-1-1384x1536.png 1384w, https:\/\/www.grupocaht.com\/wp-content\/uploads\/2020\/06\/Flyer-2-Reunion-cientifica-2020-parte-1-1846x2048.png 1846w\" sizes=\"auto, (max-width: 640px) 100vw, 640px\" \/><\/a><\/p>\n<p>Para acceder a la reuni\u00f3n, haga click en el \u00edcono de la plataforma deseada:<\/p>\n<p><a href=\"https:\/\/www.youtube.com\/channel\/UC91laEOS-YhpYt2AqDubw0w\" rel=\"noopener\"><img loading=\"lazy\" decoding=\"async\" class=\"alignnone wp-image-766\" src=\"http:\/\/www.grupocaht.com\/wp-content\/uploads\/2017\/12\/YouTube-logo-full_color.jpg\" alt=\"\" width=\"110\" height=\"46\" \/><\/a> \u00a0\u00a0<a href=\"https:\/\/www.facebook.com\/GrupoCAHT\/\"><img loading=\"lazy\" decoding=\"async\" class=\"alignnone wp-image-2807 size-full\" src=\"http:\/\/www.grupocaht.com\/wp-content\/uploads\/2020\/06\/Flive.jpg\" alt=\"\" width=\"105\" height=\"53\" \/><\/a><\/p>\n\t\t\t\t<\/div>\n\t\t\t<\/div>\n\t\t<\/div>\n\t\t\t<div class=\"sow-accordion-panel\"\n\t\t\t\tdata-anchor-id=\"1-reunion-cientifica-temas-especiales-de-hemostasia-y-trombosis-en-la-mujer-parte-ii\">\n\t\t\t\t\t<div class=\"sow-accordion-panel-header-container\" role=\"heading\" aria-level=\"2\">\n\t\t\t\t\t<div class=\"sow-accordion-panel-header\" tabindex=\"0\" role=\"button\" id=\"accordion-label-1%c2%b0-reuni%c3%b3n-cient%c3%adfica-temas-especiales-de-hemostasia-y-trombosis-en-la-mujer-%e2%80%93-parte-ii\" aria-controls=\"accordion-content-1%c2%b0-reuni%c3%b3n-cient%c3%adfica-temas-especiales-de-hemostasia-y-trombosis-en-la-mujer-%e2%80%93-parte-ii\" aria-expanded=\"false\">\n\t\t\t\t\t\t<div class=\"sow-accordion-title sow-accordion-title-icon-left\">\n\t\t\t\t\t\t\t\t\t\t\t\t\t\t1\u00b0 Reuni\u00f3n Cient\u00edfica: Temas Especiales de Hemostasia y Trombosis en la Mujer \u2013 Parte II\t\t\t\t\t\t\t\t\t\t\t\t\t<\/div>\n\t\t\t\t\t\t<div class=\"sow-accordion-open-close-button\">\n\t\t\t\t\t\t\t<div class=\"sow-accordion-open-button\">\n\t\t\t\t\t\t\t\t<span class=\"sow-icon-ionicons\" data-sow-icon=\"&#xf218;\"\n\t\t \n\t\taria-hidden=\"true\"><\/span>\t\t\t\t\t\t\t<\/div>\n\t\t\t\t\t\t\t<div class=\"sow-accordion-close-button\">\n\t\t\t\t\t\t\t\t<span class=\"sow-icon-ionicons\" data-sow-icon=\"&#xf209;\"\n\t\t \n\t\taria-hidden=\"true\"><\/span>\t\t\t\t\t\t\t<\/div>\n\t\t\t\t\t\t<\/div>\n\t\t\t\t\t<\/div>\n\t\t\t\t<\/div>\n\n\t\t\t<div\n\t\t\t\tclass=\"sow-accordion-panel-content\"\n\t\t\t\trole=\"region\"\n\t\t\t\taria-labelledby=\"accordion-label-1%c2%b0-reuni%c3%b3n-cient%c3%adfica-temas-especiales-de-hemostasia-y-trombosis-en-la-mujer-%e2%80%93-parte-ii\"\n\t\t\t\tid=\"accordion-content-1%c2%b0-reuni%c3%b3n-cient%c3%adfica-temas-especiales-de-hemostasia-y-trombosis-en-la-mujer-%e2%80%93-parte-ii\"\n\t\t\t\tstyle=\"display: none;\"\t\t\t>\n\t\t\t\t<div class=\"sow-accordion-panel-border\">\n\t\t\t\t\t<p><a href=\"http:\/\/www.grupocaht.com\/wp-content\/uploads\/2020\/05\/Flyer-1er.-Reunion-Parte-2-scaled.jpg\"><img loading=\"lazy\" decoding=\"async\" class=\"alignnone wp-image-2601 size-large\" src=\"http:\/\/www.grupocaht.com\/wp-content\/uploads\/2020\/05\/Flyer-1er.-Reunion-Parte-2-1018x1024.jpg\" alt=\"\" width=\"640\" height=\"644\" srcset=\"https:\/\/www.grupocaht.com\/wp-content\/uploads\/2020\/05\/Flyer-1er.-Reunion-Parte-2-1018x1024.jpg 1018w, https:\/\/www.grupocaht.com\/wp-content\/uploads\/2020\/05\/Flyer-1er.-Reunion-Parte-2-298x300.jpg 298w, https:\/\/www.grupocaht.com\/wp-content\/uploads\/2020\/05\/Flyer-1er.-Reunion-Parte-2-150x150.jpg 150w, https:\/\/www.grupocaht.com\/wp-content\/uploads\/2020\/05\/Flyer-1er.-Reunion-Parte-2-768x773.jpg 768w, https:\/\/www.grupocaht.com\/wp-content\/uploads\/2020\/05\/Flyer-1er.-Reunion-Parte-2-1526x1536.jpg 1526w, https:\/\/www.grupocaht.com\/wp-content\/uploads\/2020\/05\/Flyer-1er.-Reunion-Parte-2-2035x2048.jpg 2035w, https:\/\/www.grupocaht.com\/wp-content\/uploads\/2020\/05\/Flyer-1er.-Reunion-Parte-2-100x100.jpg 100w\" sizes=\"auto, (max-width: 640px) 100vw, 640px\" \/><\/a><\/p>\n<p><em>Manejo gestacional en mujeres con antecedentes de trombosis venosa cerebral.\u00a0<strong>Carina Gumpel.\u00a0<\/strong><\/em><a href=\"https:\/\/youtu.be\/bsUOXgd1GMA\" target=\"_blank\" rel=\"noopener\">Ver Video<\/a><\/p>\n<p><em>ACV en el embarazo o embarazo en el ACV.\u00a0<strong>Federico Rodriguez Lucci.\u00a0<\/strong><\/em><a href=\"https:\/\/youtu.be\/p2O06u8X_pg\" target=\"_blank\" rel=\"noopener\">Ver Video<\/a><\/p>\n<p><em>Preguntas. <\/em><a href=\"https:\/\/youtu.be\/5c4hWTRsNgs\" target=\"_blank\" rel=\"noopener\">Ver Video<\/a><\/p>\n\t\t\t\t<\/div>\n\t\t\t<\/div>\n\t\t<\/div>\n\t\t\t<div class=\"sow-accordion-panel\"\n\t\t\t\tdata-anchor-id=\"1-reunion-cientifica-temas-especiales-de-hemostasia-y-trombosis-en-la-mujer%c2%a8-parte-i\">\n\t\t\t\t\t<div class=\"sow-accordion-panel-header-container\" role=\"heading\" aria-level=\"2\">\n\t\t\t\t\t<div class=\"sow-accordion-panel-header\" tabindex=\"0\" role=\"button\" id=\"accordion-label-1%c2%b0-reuni%c3%b3n-cient%c3%adfica-temas-especiales-de-hemostasia-y-trombosis-en-la-mujer%c2%a8-%e2%80%93-parte-i\" aria-controls=\"accordion-content-1%c2%b0-reuni%c3%b3n-cient%c3%adfica-temas-especiales-de-hemostasia-y-trombosis-en-la-mujer%c2%a8-%e2%80%93-parte-i\" aria-expanded=\"false\">\n\t\t\t\t\t\t<div class=\"sow-accordion-title sow-accordion-title-icon-left\">\n\t\t\t\t\t\t\t\t\t\t\t\t\t\t1\u00b0 Reuni\u00f3n Cient\u00edfica: Temas Especiales de Hemostasia y Trombosis en la Mujer\u00a8 \u2013 Parte I\t\t\t\t\t\t\t\t\t\t\t\t\t<\/div>\n\t\t\t\t\t\t<div class=\"sow-accordion-open-close-button\">\n\t\t\t\t\t\t\t<div class=\"sow-accordion-open-button\">\n\t\t\t\t\t\t\t\t<span class=\"sow-icon-ionicons\" data-sow-icon=\"&#xf218;\"\n\t\t \n\t\taria-hidden=\"true\"><\/span>\t\t\t\t\t\t\t<\/div>\n\t\t\t\t\t\t\t<div class=\"sow-accordion-close-button\">\n\t\t\t\t\t\t\t\t<span class=\"sow-icon-ionicons\" data-sow-icon=\"&#xf209;\"\n\t\t \n\t\taria-hidden=\"true\"><\/span>\t\t\t\t\t\t\t<\/div>\n\t\t\t\t\t\t<\/div>\n\t\t\t\t\t<\/div>\n\t\t\t\t<\/div>\n\n\t\t\t<div\n\t\t\t\tclass=\"sow-accordion-panel-content\"\n\t\t\t\trole=\"region\"\n\t\t\t\taria-labelledby=\"accordion-label-1%c2%b0-reuni%c3%b3n-cient%c3%adfica-temas-especiales-de-hemostasia-y-trombosis-en-la-mujer%c2%a8-%e2%80%93-parte-i\"\n\t\t\t\tid=\"accordion-content-1%c2%b0-reuni%c3%b3n-cient%c3%adfica-temas-especiales-de-hemostasia-y-trombosis-en-la-mujer%c2%a8-%e2%80%93-parte-i\"\n\t\t\t\tstyle=\"display: none;\"\t\t\t>\n\t\t\t\t<div class=\"sow-accordion-panel-border\">\n\t\t\t\t\t<p><em>Presentaci\u00f3n del libro \u201cHemorragia obst\u00e9trica: Del pragmatismo a la evidencia\u201d.\u00a0<strong>Beatriz Grand.<\/strong><\/em><a href=\"https:\/\/youtu.be\/njx20vKvDLo\" target=\"_blank\" rel=\"noopener\">\u00a0Ver Video<\/a><\/p>\n<p>&nbsp;<\/p>\n<p>&nbsp;<\/p>\n<p>&nbsp;<\/p>\n<p><a href=\"http:\/\/www.grupocaht.com\/wp-content\/uploads\/2020\/05\/Flyer-Reunon-cientifica-2020-1500-Px.jpg\"><img loading=\"lazy\" decoding=\"async\" class=\"alignnone wp-image-2571\" src=\"http:\/\/www.grupocaht.com\/wp-content\/uploads\/2020\/05\/Flyer-Reunon-cientifica-2020-1500-Px-1019x1024.jpg\" alt=\"\" width=\"640\" height=\"643\" srcset=\"https:\/\/www.grupocaht.com\/wp-content\/uploads\/2020\/05\/Flyer-Reunon-cientifica-2020-1500-Px-1019x1024.jpg 1019w, https:\/\/www.grupocaht.com\/wp-content\/uploads\/2020\/05\/Flyer-Reunon-cientifica-2020-1500-Px-298x300.jpg 298w, https:\/\/www.grupocaht.com\/wp-content\/uploads\/2020\/05\/Flyer-Reunon-cientifica-2020-1500-Px-150x150.jpg 150w, https:\/\/www.grupocaht.com\/wp-content\/uploads\/2020\/05\/Flyer-Reunon-cientifica-2020-1500-Px-768x772.jpg 768w, https:\/\/www.grupocaht.com\/wp-content\/uploads\/2020\/05\/Flyer-Reunon-cientifica-2020-1500-Px-100x100.jpg 100w, https:\/\/www.grupocaht.com\/wp-content\/uploads\/2020\/05\/Flyer-Reunon-cientifica-2020-1500-Px.jpg 1500w\" sizes=\"auto, (max-width: 640px) 100vw, 640px\" \/><\/a><\/p>\n<p>&nbsp;<\/p>\n<p>&nbsp;<\/p>\n<p><em>Utilidad del ensayo de generaci\u00f3n de trombina en la vida de la mujer.\u00a0<strong>Ricardo Forastiero.\u00a0<\/strong><\/em><a href=\"https:\/\/youtu.be\/WjLVgljiQPE\" target=\"_blank\" rel=\"noopener\">Ver Video<\/a><\/p>\n<p><em>Miocardiopat\u00eda en la mujer.\u00a0<strong>Carlos Fondevila.\u00a0<\/strong><\/em><a href=\"https:\/\/youtu.be\/q6eMj_6Y-q0\" target=\"_blank\" rel=\"noopener\">Ver Video<\/a><\/p>\n<p><em>Trombol\u00edticos y embarazo.\u00a0<strong>Soledad Molnar.\u00a0<\/strong><\/em><a href=\"https:\/\/youtu.be\/0ZEwfL5jW74\" target=\"_blank\" rel=\"noopener\">Ver Video<\/a><em><strong><br \/>\n<\/strong><\/em><\/p>\n<p><em>Preguntas.<\/em>\u00a0<a href=\"https:\/\/youtu.be\/LULX8Mv3mYg\" target=\"_blank\" rel=\"noopener\">Ver Video<\/a><\/p>\n\t\t\t\t<\/div>\n\t\t\t<\/div>\n\t\t<\/div>\n\t\t<\/div>\n<\/div>\n<\/div><\/div><\/div><\/div><\/div>\n\n\n<!--nextpage-->\n\n\n\n<p><\/p>\n\n\n<div id=\"pl-gb2793-69f17827bedf5\"  class=\"panel-layout wp-block-siteorigin-panels-layout-block\" ><div id=\"pg-gb2793-69f17827bedf5-0\"  class=\"panel-grid panel-no-style\" ><div id=\"pgc-gb2793-69f17827bedf5-0-0\"  class=\"panel-grid-cell\" ><div id=\"panel-gb2793-69f17827bedf5-0-0-0\" class=\"so-panel widget widget_sow-accordion panel-first-child panel-last-child\" data-index=\"0\" ><div\n\t\t\t\n\t\t\tclass=\"so-widget-sow-accordion so-widget-sow-accordion-default-2b55ed2807e6-2793\"\n\t\t\t\n\t\t><h3 class=\"widget-title\">Reuniones cient\u00edficas 2018<\/h3><div>\n\t<div class=\"sow-accordion\">\n\t\t\t<div class=\"sow-accordion-panel\"\n\t\t\t\tdata-anchor-id=\"4-reunion-cientifica-actualizacion-en-trombo-profilaxis-laboratorio-e-intervencionismo\">\n\t\t\t\t\t<div class=\"sow-accordion-panel-header-container\" role=\"heading\" aria-level=\"2\">\n\t\t\t\t\t<div class=\"sow-accordion-panel-header\" tabindex=\"0\" role=\"button\" id=\"accordion-label-4%c2%b0-reuni%c3%b3n-cient%c3%adfica-actualizaci%c3%b3n-en-trombo-profilaxis-laboratorio-e-intervencionismo\" aria-controls=\"accordion-content-4%c2%b0-reuni%c3%b3n-cient%c3%adfica-actualizaci%c3%b3n-en-trombo-profilaxis-laboratorio-e-intervencionismo\" aria-expanded=\"false\">\n\t\t\t\t\t\t<div class=\"sow-accordion-title sow-accordion-title-icon-left\">\n\t\t\t\t\t\t\t\t\t\t\t\t\t\t4\u00b0 Reuni\u00f3n Cient\u00edfica: Actualizaci\u00f3n en trombo-profilaxis, laboratorio  e intervencionismo.\t\t\t\t\t\t\t\t\t\t\t\t\t<\/div>\n\t\t\t\t\t\t<div class=\"sow-accordion-open-close-button\">\n\t\t\t\t\t\t\t<div class=\"sow-accordion-open-button\">\n\t\t\t\t\t\t\t\t<span class=\"sow-icon-ionicons\" data-sow-icon=\"&#xf218;\"\n\t\t \n\t\taria-hidden=\"true\"><\/span>\t\t\t\t\t\t\t<\/div>\n\t\t\t\t\t\t\t<div class=\"sow-accordion-close-button\">\n\t\t\t\t\t\t\t\t<span class=\"sow-icon-ionicons\" data-sow-icon=\"&#xf209;\"\n\t\t \n\t\taria-hidden=\"true\"><\/span>\t\t\t\t\t\t\t<\/div>\n\t\t\t\t\t\t<\/div>\n\t\t\t\t\t<\/div>\n\t\t\t\t<\/div>\n\n\t\t\t<div\n\t\t\t\tclass=\"sow-accordion-panel-content\"\n\t\t\t\trole=\"region\"\n\t\t\t\taria-labelledby=\"accordion-label-4%c2%b0-reuni%c3%b3n-cient%c3%adfica-actualizaci%c3%b3n-en-trombo-profilaxis-laboratorio-e-intervencionismo\"\n\t\t\t\tid=\"accordion-content-4%c2%b0-reuni%c3%b3n-cient%c3%adfica-actualizaci%c3%b3n-en-trombo-profilaxis-laboratorio-e-intervencionismo\"\n\t\t\t\tstyle=\"display: none;\"\t\t\t>\n\t\t\t\t<div class=\"sow-accordion-panel-border\">\n\t\t\t\t\t<p><a href=\"https:\/\/youtu.be\/vl15-qcnnl8\" target=\"_blank\" rel=\"noopener\"><span style=\"color: #003366;\">\u00bfQu\u00e9 pacientes cl\u00ednicos deben recibir trombo-profilaxis y como los estratificamos?. <em><strong>Caudia Casali. <\/strong><\/em><span style=\"color: #ff0000;\">Ver Video<\/span> <\/span><\/a><\/p>\n<p><span style=\"color: #003366;\"><a href=\"https:\/\/youtu.be\/ohv-F4QAgbo\" target=\"_blank\" rel=\"noopener\"><span style=\"color: #003366;\">\u00bfEn qu\u00e9 pacientes debemos ajustar la trombo-profilaxis?\u00a0 Rol de la profilaxis no farmacol\u00f3gica. <em><strong>Estela Susana Vi\u00f1uales. <\/strong><\/em><\/span><span style=\"color: #ff0000;\">Ver Video<\/span><\/a><em><strong><br \/>\n<\/strong><\/em><\/span><\/p>\n<p><a href=\"https:\/\/youtu.be\/xb5k50eCe5I\" target=\"_blank\" rel=\"noopener\"><span style=\"color: #003366;\">\u00bfNos ayudan los biomarcadores para extender la trombo-profilaxis?. <em><strong>Claudio Rosa.<\/strong><\/em><\/span> <span style=\"color: #ff0000;\">Ver Video<\/span><\/a><\/p>\n<p><a href=\"https:\/\/youtu.be\/XcDRbxhQurs\" target=\"_blank\" rel=\"noopener\"><span style=\"color: #003366;\">\u00bfSon los DOACs una alternativa a la HBMP en los pacientes con c\u00e1ncer?<\/span><\/a><span style=\"color: #003366;\">. <em><strong>Jos\u00e9 Ceresetto.<\/strong><\/em> <span style=\"color: #ff0000;\">Ver Video<\/span><br \/>\n<\/span><\/p>\n\t\t\t\t<\/div>\n\t\t\t<\/div>\n\t\t<\/div>\n\t\t\t<div class=\"sow-accordion-panel\"\n\t\t\t\tdata-anchor-id=\"3-reunion-cientifica-novedades-reunion-de-subcomite-dublin-2018\">\n\t\t\t\t\t<div class=\"sow-accordion-panel-header-container\" role=\"heading\" aria-level=\"2\">\n\t\t\t\t\t<div class=\"sow-accordion-panel-header\" tabindex=\"0\" role=\"button\" id=\"accordion-label-3%c2%b0-reuni%c3%b3n-cient%c3%adfica-novedades-reuni%c3%b3n-de-subcomit%c3%a9-dublin-2018\" aria-controls=\"accordion-content-3%c2%b0-reuni%c3%b3n-cient%c3%adfica-novedades-reuni%c3%b3n-de-subcomit%c3%a9-dublin-2018\" aria-expanded=\"false\">\n\t\t\t\t\t\t<div class=\"sow-accordion-title sow-accordion-title-icon-left\">\n\t\t\t\t\t\t\t\t\t\t\t\t\t\t3\u00b0 Reuni\u00f3n Cient\u00edfica: Novedades reuni\u00f3n de subcomit\u00e9, Dublin 2018.\t\t\t\t\t\t\t\t\t\t\t\t\t<\/div>\n\t\t\t\t\t\t<div class=\"sow-accordion-open-close-button\">\n\t\t\t\t\t\t\t<div class=\"sow-accordion-open-button\">\n\t\t\t\t\t\t\t\t<span class=\"sow-icon-ionicons\" data-sow-icon=\"&#xf218;\"\n\t\t \n\t\taria-hidden=\"true\"><\/span>\t\t\t\t\t\t\t<\/div>\n\t\t\t\t\t\t\t<div class=\"sow-accordion-close-button\">\n\t\t\t\t\t\t\t\t<span class=\"sow-icon-ionicons\" data-sow-icon=\"&#xf209;\"\n\t\t \n\t\taria-hidden=\"true\"><\/span>\t\t\t\t\t\t\t<\/div>\n\t\t\t\t\t\t<\/div>\n\t\t\t\t\t<\/div>\n\t\t\t\t<\/div>\n\n\t\t\t<div\n\t\t\t\tclass=\"sow-accordion-panel-content\"\n\t\t\t\trole=\"region\"\n\t\t\t\taria-labelledby=\"accordion-label-3%c2%b0-reuni%c3%b3n-cient%c3%adfica-novedades-reuni%c3%b3n-de-subcomit%c3%a9-dublin-2018\"\n\t\t\t\tid=\"accordion-content-3%c2%b0-reuni%c3%b3n-cient%c3%adfica-novedades-reuni%c3%b3n-de-subcomit%c3%a9-dublin-2018\"\n\t\t\t\tstyle=\"display: none;\"\t\t\t>\n\t\t\t\t<div class=\"sow-accordion-panel-border\">\n\t\t\t\t\t<p><a href=\"https:\/\/youtu.be\/iWEYhBTDeRA\" target=\"_blank\" rel=\"noopener\"><span style=\"color: #003366;\">Trombocitopenia inmune: Fisiopatolog\u00eda y aspectos bioqu\u00edmicos. <em><strong>Rosana Marta<\/strong><\/em>.<\/span> <span style=\"color: #ff0000;\">Ver Video<\/span><\/a><\/p>\n<p><a href=\"https:\/\/youtu.be\/9GhitdLZnxg\"><span style=\"color: #003366;\">Tratamiento de la PTI Adultos. <em><strong>Carlos Fondevila.<\/strong><\/em><\/span> <span style=\"color: #ff0000;\">Ver Video<\/span><\/a><\/p>\n<p><a href=\"https:\/\/youtu.be\/BkdNs32fs7Y\"><span style=\"color: #003366;\">Tratamiento de la PTI Pedi\u00e1trica. <em><strong>Guillermo Drelichman.<\/strong><\/em><\/span> <span style=\"color: #ff0000;\">Ver Video<\/span> <\/a><\/p>\n<p><a href=\"https:\/\/youtu.be\/XdHYUamJLB4\"><span style=\"color: #003366;\">PTI y Embarazo. <em><strong>Daniel Fassi.<\/strong><\/em><\/span> <span style=\"color: #ff0000;\">Ver Video<\/span><\/a><\/p>\n\t\t\t\t<\/div>\n\t\t\t<\/div>\n\t\t<\/div>\n\t\t\t<div class=\"sow-accordion-panel\"\n\t\t\t\tdata-anchor-id=\"2-reunion-cientifica-interaccion-clinica-laboratorio-en-el-diagnostico-y-tratamiento-de-pacientes\">\n\t\t\t\t\t<div class=\"sow-accordion-panel-header-container\" role=\"heading\" aria-level=\"2\">\n\t\t\t\t\t<div class=\"sow-accordion-panel-header\" tabindex=\"0\" role=\"button\" id=\"accordion-label-2%c2%b0-reuni%c3%b3n-cient%c3%adfica-interacci%c3%b3n-cl%c3%adnica-laboratorio-en-el-diagn%c3%b3stico-y-tratamiento-de-pacientes\" aria-controls=\"accordion-content-2%c2%b0-reuni%c3%b3n-cient%c3%adfica-interacci%c3%b3n-cl%c3%adnica-laboratorio-en-el-diagn%c3%b3stico-y-tratamiento-de-pacientes\" aria-expanded=\"false\">\n\t\t\t\t\t\t<div class=\"sow-accordion-title sow-accordion-title-icon-left\">\n\t\t\t\t\t\t\t\t\t\t\t\t\t\t2\u00b0 Reuni\u00f3n Cient\u00edfica: Interacci\u00f3n Cl\u00ednica-Laboratorio en el Diagn\u00f3stico y Tratamiento de Pacientes.\t\t\t\t\t\t\t\t\t\t\t\t\t<\/div>\n\t\t\t\t\t\t<div class=\"sow-accordion-open-close-button\">\n\t\t\t\t\t\t\t<div class=\"sow-accordion-open-button\">\n\t\t\t\t\t\t\t\t<span class=\"sow-icon-ionicons\" data-sow-icon=\"&#xf218;\"\n\t\t \n\t\taria-hidden=\"true\"><\/span>\t\t\t\t\t\t\t<\/div>\n\t\t\t\t\t\t\t<div class=\"sow-accordion-close-button\">\n\t\t\t\t\t\t\t\t<span class=\"sow-icon-ionicons\" data-sow-icon=\"&#xf209;\"\n\t\t \n\t\taria-hidden=\"true\"><\/span>\t\t\t\t\t\t\t<\/div>\n\t\t\t\t\t\t<\/div>\n\t\t\t\t\t<\/div>\n\t\t\t\t<\/div>\n\n\t\t\t<div\n\t\t\t\tclass=\"sow-accordion-panel-content\"\n\t\t\t\trole=\"region\"\n\t\t\t\taria-labelledby=\"accordion-label-2%c2%b0-reuni%c3%b3n-cient%c3%adfica-interacci%c3%b3n-cl%c3%adnica-laboratorio-en-el-diagn%c3%b3stico-y-tratamiento-de-pacientes\"\n\t\t\t\tid=\"accordion-content-2%c2%b0-reuni%c3%b3n-cient%c3%adfica-interacci%c3%b3n-cl%c3%adnica-laboratorio-en-el-diagn%c3%b3stico-y-tratamiento-de-pacientes\"\n\t\t\t\tstyle=\"display: none;\"\t\t\t>\n\t\t\t\t<div class=\"sow-accordion-panel-border\">\n\t\t\t\t\t<p><a href=\"https:\/\/youtu.be\/9z54mQsG9fs\" target=\"_blank\" rel=\"noopener\"><span style=\"color: #003366;\">Algoritmos diagn\u00f3sticos m\u00e1s frecuentes utilizados en el laboratorio. <em><strong>Alicia Blanco.<\/strong><\/em><\/span> <span style=\"color: #ff0000;\">Ver Video<\/span><\/a><\/p>\n<p><a href=\"https:\/\/youtu.be\/BN7CGPwjpek\"><span style=\"color: #003366;\">Hipoprotrombinemia asociada a anticoagulante l\u00fapico. <em><strong>Mara Agazzoni y Luc\u00eda Remotti.<\/strong><\/em><\/span> <span style=\"color: #ff0000;\">Ver Video<\/span><\/a><\/p>\n<p><a href=\"https:\/\/youtu.be\/qv5-T9u6aMU\"><span style=\"color: #003366;\">Deficiencia de Antitrombina tipo II. <em><strong>Carolina Cervio y Graciela Pieroni.<\/strong><\/em><\/span> <span style=\"color: #ff0000;\">Ver Video<\/span><\/a><\/p>\n<p><a href=\"https:\/\/youtu.be\/n5Yc8lpp3Go\"><span style=\"color: #003366;\">Necrosis digital en pacientes con anticoagulante l\u00fapico y sospecha de trombocitopenia inducida por heparina. <em><strong>Alejandro Godoy y Andrea Eckhardt.<\/strong><\/em><\/span> <span style=\"color: #ff0000;\">Ver Video<\/span><\/a><\/p>\n<p><a href=\"https:\/\/youtu.be\/XNMBAG3smes\"><span style=\"color: #003366;\">Enfermedad de Von Willebrand fenotipo 2A con trombocitopenia durante la prueba de Desmopresina.<em><strong> Gabriela Sciuccati y Juan Pablo Frontroth.<\/strong><\/em><\/span> <span style=\"color: #ff0000;\">Ver Video<\/span><\/a><\/p>\n<p><a href=\"https:\/\/youtu.be\/vZMbk1sSNlM\"><span style=\"color: #003366;\">Trombocitopat\u00eda adquirida en la primera infancia. <em><strong>Magal\u00ed Barrenechea y Macarena Asensio.<\/strong><\/em><\/span> <span style=\"color: #ff0000;\">Ver Video<\/span><\/a><\/p>\n<p><a href=\"https:\/\/youtu.be\/AMEczP-68eM\"><span style=\"color: #003366;\">Hemofilia adquirida con complicaciones tromb\u00f3ticas. <em><strong>Patricia Do Nascimento y Emanuel Sueldo.<\/strong><\/em><\/span> <span style=\"color: #ff0000;\">Ver Video<\/span><\/a><\/p>\n<p>&nbsp;<\/p>\n<p>&nbsp;<\/p>\n\t\t\t\t<\/div>\n\t\t\t<\/div>\n\t\t<\/div>\n\t\t\t<div class=\"sow-accordion-panel\"\n\t\t\t\tdata-anchor-id=\"1-reunion-cientifica-tromboembolismo-venoso-en-la-madre-como-prevenir-el-etv-en-obstetricia\">\n\t\t\t\t\t<div class=\"sow-accordion-panel-header-container\" role=\"heading\" aria-level=\"2\">\n\t\t\t\t\t<div class=\"sow-accordion-panel-header\" tabindex=\"0\" role=\"button\" id=\"accordion-label-1%c2%b0-reuni%c3%b3n-cient%c3%adfica-tromboembolismo-venoso-en-la-madre-%c2%bfc%c3%b3mo-prevenir-el-etv-en-obstetricia\" aria-controls=\"accordion-content-1%c2%b0-reuni%c3%b3n-cient%c3%adfica-tromboembolismo-venoso-en-la-madre-%c2%bfc%c3%b3mo-prevenir-el-etv-en-obstetricia\" aria-expanded=\"false\">\n\t\t\t\t\t\t<div class=\"sow-accordion-title sow-accordion-title-icon-left\">\n\t\t\t\t\t\t\t\t\t\t\t\t\t\t1\u00b0 Reuni\u00f3n CIent\u00edfica: Tromboembolismo venoso en la Madre: \u00bfC\u00f3mo prevenir el ETV en obstetricia?\t\t\t\t\t\t\t\t\t\t\t\t\t<\/div>\n\t\t\t\t\t\t<div class=\"sow-accordion-open-close-button\">\n\t\t\t\t\t\t\t<div class=\"sow-accordion-open-button\">\n\t\t\t\t\t\t\t\t<span class=\"sow-icon-ionicons\" data-sow-icon=\"&#xf218;\"\n\t\t \n\t\taria-hidden=\"true\"><\/span>\t\t\t\t\t\t\t<\/div>\n\t\t\t\t\t\t\t<div class=\"sow-accordion-close-button\">\n\t\t\t\t\t\t\t\t<span class=\"sow-icon-ionicons\" data-sow-icon=\"&#xf209;\"\n\t\t \n\t\taria-hidden=\"true\"><\/span>\t\t\t\t\t\t\t<\/div>\n\t\t\t\t\t\t<\/div>\n\t\t\t\t\t<\/div>\n\t\t\t\t<\/div>\n\n\t\t\t<div\n\t\t\t\tclass=\"sow-accordion-panel-content\"\n\t\t\t\trole=\"region\"\n\t\t\t\taria-labelledby=\"accordion-label-1%c2%b0-reuni%c3%b3n-cient%c3%adfica-tromboembolismo-venoso-en-la-madre-%c2%bfc%c3%b3mo-prevenir-el-etv-en-obstetricia\"\n\t\t\t\tid=\"accordion-content-1%c2%b0-reuni%c3%b3n-cient%c3%adfica-tromboembolismo-venoso-en-la-madre-%c2%bfc%c3%b3mo-prevenir-el-etv-en-obstetricia\"\n\t\t\t\tstyle=\"display: none;\"\t\t\t>\n\t\t\t\t<div class=\"sow-accordion-panel-border\">\n\t\t\t\t\t<p><a href=\"https:\/\/youtu.be\/KiZLcMZJGnk\"><span style=\"color: #003366;\">Mortalidad materna por ETV: \u00bfC\u00f3mo encomamos el problema?.<em><strong> Beatriz Grand.<\/strong><\/em><\/span> <span style=\"color: #ff0000;\">Ver Video<\/span><\/a><\/p>\n<p>Los factores de riesgo menos pensados.<\/p>\n<p><strong>Desde la obstetricia<\/strong><\/p>\n<p><a href=\"https:\/\/youtu.be\/IjcUI0fEwOs\"><span style=\"color: #003366;\">Ces\u00e1rea, obesidad, DBT, s\u00edndrome metab\u00f3lico, indicaciones de reposo en obstetricia, riesgo de trombosis en parto vaginal. <em><strong>M\u00f3nica Gonzalez Alcantara.<\/strong><\/em> <span style=\"color: #ff0000;\">Ver Video<\/span><\/span> <\/a><\/p>\n<p><strong>Desde la hematolog\u00eda<\/strong><\/p>\n<p><a href=\"https:\/\/youtu.be\/-AeQ1HlHwXU\"><span style=\"color: #003366;\">Inmovilizaci\u00f3n e historia familiar. <em><strong>Soledad Molnar.<\/strong><\/em><\/span> <span style=\"color: #ff0000;\">Ver Video<\/span><\/a><\/p>\n<p><a href=\"https:\/\/youtu.be\/qxPdSE06-lA\"><span style=\"color: #003366;\">FIV como factor de riesgo para ETV. <em><strong>Carina Gumpel<\/strong><\/em>.<\/span><span style=\"color: #ff0000;\"> Ver Video<\/span><\/a><\/p>\n<p><a href=\"https:\/\/youtu.be\/W2ByBe1MhsM\"><span style=\"color: #003366;\">Diagn\u00f3stico de ETV en el embarazo. <em><strong>Diana Penchasky.<\/strong><\/em><\/span> <span style=\"color: #ff0000;\">Ver Video<\/span><\/a><\/p>\n\t\t\t\t<\/div>\n\t\t\t<\/div>\n\t\t<\/div>\n\t\t<\/div>\n<\/div>\n<\/div><\/div><\/div><\/div><\/div>\n\n\n<!--nextpage-->\n\n\n<div id=\"pl-gb2793-69f17827bf7a2\"  class=\"panel-layout wp-block-siteorigin-panels-layout-block\" ><div id=\"pg-gb2793-69f17827bf7a2-0\"  class=\"panel-grid panel-no-style\" ><div id=\"pgc-gb2793-69f17827bf7a2-0-0\"  class=\"panel-grid-cell\" ><div id=\"panel-gb2793-69f17827bf7a2-0-0-0\" class=\"so-panel widget widget_sow-accordion panel-first-child panel-last-child\" data-index=\"0\" ><div\n\t\t\t\n\t\t\tclass=\"so-widget-sow-accordion so-widget-sow-accordion-default-2b55ed2807e6-2793\"\n\t\t\t\n\t\t><h3 class=\"widget-title\">Reuniones Cient\u00edficas 2017<\/h3><div>\n\t<div class=\"sow-accordion\">\n\t\t\t<div class=\"sow-accordion-panel\"\n\t\t\t\tdata-anchor-id=\"5-reunion-cientifica-dia-mundial-de-la-trombosis\">\n\t\t\t\t\t<div class=\"sow-accordion-panel-header-container\" role=\"heading\" aria-level=\"2\">\n\t\t\t\t\t<div class=\"sow-accordion-panel-header\" tabindex=\"0\" role=\"button\" id=\"accordion-label-5%c2%b0-reuni%c3%b3n-cient%c3%adfica-d%c3%ada-mundial-de-la-trombosis\" aria-controls=\"accordion-content-5%c2%b0-reuni%c3%b3n-cient%c3%adfica-d%c3%ada-mundial-de-la-trombosis\" aria-expanded=\"false\">\n\t\t\t\t\t\t<div class=\"sow-accordion-title sow-accordion-title-icon-left\">\n\t\t\t\t\t\t\t\t\t\t\t\t\t\t5\u00b0 Reuni\u00f3n Cient\u00edfica: D\u00eda Mundial de la Trombosis\t\t\t\t\t\t\t\t\t\t\t\t\t<\/div>\n\t\t\t\t\t\t<div class=\"sow-accordion-open-close-button\">\n\t\t\t\t\t\t\t<div class=\"sow-accordion-open-button\">\n\t\t\t\t\t\t\t\t<span class=\"sow-icon-ionicons\" data-sow-icon=\"&#xf218;\"\n\t\t \n\t\taria-hidden=\"true\"><\/span>\t\t\t\t\t\t\t<\/div>\n\t\t\t\t\t\t\t<div class=\"sow-accordion-close-button\">\n\t\t\t\t\t\t\t\t<span class=\"sow-icon-ionicons\" data-sow-icon=\"&#xf209;\"\n\t\t \n\t\taria-hidden=\"true\"><\/span>\t\t\t\t\t\t\t<\/div>\n\t\t\t\t\t\t<\/div>\n\t\t\t\t\t<\/div>\n\t\t\t\t<\/div>\n\n\t\t\t<div\n\t\t\t\tclass=\"sow-accordion-panel-content\"\n\t\t\t\trole=\"region\"\n\t\t\t\taria-labelledby=\"accordion-label-5%c2%b0-reuni%c3%b3n-cient%c3%adfica-d%c3%ada-mundial-de-la-trombosis\"\n\t\t\t\tid=\"accordion-content-5%c2%b0-reuni%c3%b3n-cient%c3%adfica-d%c3%ada-mundial-de-la-trombosis\"\n\t\t\t\tstyle=\"display: none;\"\t\t\t>\n\t\t\t\t<div class=\"sow-accordion-panel-border\">\n\t\t\t\t\t<p><a href=\"https:\/\/youtu.be\/aUyya4AIApU\" target=\"_blank\" rel=\"noopener\"><span style=\"color: #003366;\">\u00bfQu\u00e9 pacientes con c\u00e1ncer necesita profilaxis?.<em><strong> Cecilia Baduel<\/strong><\/em>.<\/span> <span style=\"color: #ff0000;\">Ver Video<\/span><\/a><\/p>\n<p><a href=\"https:\/\/youtu.be\/13gQ6ovn73Y\" target=\"_blank\" rel=\"noopener\"><span style=\"color: #003366;\">\u00bfCu\u00e1ndo una embarazada debe recibir profilaxis anti-tromb\u00f3tica?. <em><strong>Soledad Molnar.<\/strong><\/em><\/span> <span style=\"color: #ff0000;\">Ver Video<\/span><\/a><\/p>\n<p><a href=\"https:\/\/youtu.be\/GZf9dHjXrk4\"><span style=\"color: #003366;\">Paciente portador\/a de trombofilia: que factores tener en cuenta para indicar profilaxis. <em><strong>Alicia Vilaseca.<\/strong><\/em><\/span> <span style=\"color: #ff0000;\">Ver Video<\/span><\/a><\/p>\n<p><a href=\"https:\/\/youtu.be\/PXME2_My570\"><span style=\"color: #003366;\">Pacientes con enfermedades cr\u00f3nicas y\/o internados: nuevas estrategias de prevenci\u00f3n e identificaci\u00f3n del riesgo. <em><strong>Alberto Maneyro<\/strong><\/em>.<\/span> <span style=\"color: #ff0000;\">Ver Video<\/span><\/a><\/p>\n<p>&nbsp;<\/p>\n\t\t\t\t<\/div>\n\t\t\t<\/div>\n\t\t<\/div>\n\t\t\t<div class=\"sow-accordion-panel\"\n\t\t\t\tdata-anchor-id=\"4-reunion-cientifica-reunion-post-isth\">\n\t\t\t\t\t<div class=\"sow-accordion-panel-header-container\" role=\"heading\" aria-level=\"2\">\n\t\t\t\t\t<div class=\"sow-accordion-panel-header\" tabindex=\"0\" role=\"button\" id=\"accordion-label-4%c2%b0-reuni%c3%b3n-cient%c3%adfica-reuni%c3%b3n-post-isth\" aria-controls=\"accordion-content-4%c2%b0-reuni%c3%b3n-cient%c3%adfica-reuni%c3%b3n-post-isth\" aria-expanded=\"false\">\n\t\t\t\t\t\t<div class=\"sow-accordion-title sow-accordion-title-icon-left\">\n\t\t\t\t\t\t\t\t\t\t\t\t\t\t4\u00b0 Reuni\u00f3n Cient\u00edfica: Reuni\u00f3n Post ISTH\t\t\t\t\t\t\t\t\t\t\t\t\t<\/div>\n\t\t\t\t\t\t<div class=\"sow-accordion-open-close-button\">\n\t\t\t\t\t\t\t<div class=\"sow-accordion-open-button\">\n\t\t\t\t\t\t\t\t<span class=\"sow-icon-ionicons\" data-sow-icon=\"&#xf218;\"\n\t\t \n\t\taria-hidden=\"true\"><\/span>\t\t\t\t\t\t\t<\/div>\n\t\t\t\t\t\t\t<div class=\"sow-accordion-close-button\">\n\t\t\t\t\t\t\t\t<span class=\"sow-icon-ionicons\" data-sow-icon=\"&#xf209;\"\n\t\t \n\t\taria-hidden=\"true\"><\/span>\t\t\t\t\t\t\t<\/div>\n\t\t\t\t\t\t<\/div>\n\t\t\t\t\t<\/div>\n\t\t\t\t<\/div>\n\n\t\t\t<div\n\t\t\t\tclass=\"sow-accordion-panel-content\"\n\t\t\t\trole=\"region\"\n\t\t\t\taria-labelledby=\"accordion-label-4%c2%b0-reuni%c3%b3n-cient%c3%adfica-reuni%c3%b3n-post-isth\"\n\t\t\t\tid=\"accordion-content-4%c2%b0-reuni%c3%b3n-cient%c3%adfica-reuni%c3%b3n-post-isth\"\n\t\t\t\tstyle=\"display: none;\"\t\t\t>\n\t\t\t\t<div class=\"sow-accordion-panel-border\">\n\t\t\t\t\t<p><a href=\"https:\/\/youtu.be\/_EFrfM_TeWw\" target=\"_blank\" rel=\"noopener\"><span style=\"color: #003366;\">Hemofilia A, avance terap\u00e9utico, estudio en Fase III del Emicizumab. <em><strong>Vanina Marchione.<\/strong><\/em><\/span> <span style=\"color: #ff0000;\">Ver Video<\/span><\/a><\/p>\n<p><a href=\"https:\/\/youtu.be\/gkUZr5gb9ks\"><span style=\"color: #003366;\">El reversor del Debigatran, una herramienta \u00fatil en la urgencia. <em><strong>Ma. Ester Aris Cancela<\/strong><\/em>. <\/span><span style=\"color: #ff0000;\">Ver Video<\/span><\/a><\/p>\n<p><span style=\"color: #003366;\">Actualizaci\u00f3n en Pediatr\u00eda: <a href=\"https:\/\/youtu.be\/5uWd9e8Q6WM\"><em><strong><span style=\"color: #003366;\">Gabriela Sciuccati &#8211; Carolina Cervio.<\/span><\/strong> <\/em><span style=\"color: #ff0000;\">Ver Video<\/span><\/a><br \/>\n<\/span><\/p>\n<p><a href=\"https:\/\/youtu.be\/naTJFgOTTnA\"><span style=\"color: #003366;\"><em><strong>Carolina Cervio &#8211; Gabriela Sciuccati.<\/strong> <\/em><\/span><span style=\"color: #ff0000;\">Ver Video<\/span><\/a><\/p>\n<p><span style=\"color: #003366;\">Recorrido actualizado del megacariocito a la plaqueta: <a href=\"https:\/\/youtu.be\/ICWIxQA0vuY\"><em><strong><span style=\"color: #003366;\">Paola D\u00b4Atri.<\/span><\/strong><\/em><\/a><\/span> <span style=\"color: #ff0000;\">Ver Video<\/span><\/p>\n<p><a href=\"https:\/\/youtu.be\/KT1DfcST3BU\"><em><strong><span style=\"color: #003366;\"> Julia Etulian.<\/span><\/strong><\/em> <span style=\"color: #ff0000;\">Ver Video<\/span><\/a><\/p>\n<p><a href=\"https:\/\/youtu.be\/dgkNZv1DAlM\"><span style=\"color: #003366;\">Manejo perioperatorio de los pacientes que reciben terapia antitromb\u00f3tica. <em><strong>Jos\u00e9 Ceresetto.<\/strong><\/em><\/span> <span style=\"color: #ff0000;\">Ver Video<\/span><\/a><\/p>\n<p><a href=\"https:\/\/youtu.be\/018BMhbtIX4\"><span style=\"color: #003366;\">Actualizaci\u00f3n de laboratorio en Ac. antifosfol\u00edpidos. <em><strong>Luc\u00eda Remotti.<\/strong><\/em><\/span> <span style=\"color: #ff0000;\">Ver Video<\/span><\/a><\/p>\n\t\t\t\t<\/div>\n\t\t\t<\/div>\n\t\t<\/div>\n\t\t\t<div class=\"sow-accordion-panel\"\n\t\t\t\tdata-anchor-id=\"3-reunion-cientifica-reunion-conjunta-samer-caht-aspectos-hematologicos-en-medicina-reproductiva-fallos-en-implantacion-y-abortos-recurrentes\">\n\t\t\t\t\t<div class=\"sow-accordion-panel-header-container\" role=\"heading\" aria-level=\"2\">\n\t\t\t\t\t<div class=\"sow-accordion-panel-header\" tabindex=\"0\" role=\"button\" id=\"accordion-label-3%c2%b0-reuni%c3%b3n-cient%c3%adfica-reuni%c3%b3n-conjunta-samer-caht-aspectos-hematol%c3%b3gicos-en-medicina-reproductiva-fallos-en-implantaci%c3%b3n-y-abortos-recurrentes\" aria-controls=\"accordion-content-3%c2%b0-reuni%c3%b3n-cient%c3%adfica-reuni%c3%b3n-conjunta-samer-caht-aspectos-hematol%c3%b3gicos-en-medicina-reproductiva-fallos-en-implantaci%c3%b3n-y-abortos-recurrentes\" aria-expanded=\"false\">\n\t\t\t\t\t\t<div class=\"sow-accordion-title sow-accordion-title-icon-left\">\n\t\t\t\t\t\t\t\t\t\t\t\t\t\t3\u00b0 Reuni\u00f3n Cient\u00edfica: Reuni\u00f3n Conjunta SAMer-CAHT: Aspectos hematol\u00f3gicos en medicina reproductiva. Fallos en implantaci\u00f3n y abortos recurrentes.\t\t\t\t\t\t\t\t\t\t\t\t\t<\/div>\n\t\t\t\t\t\t<div class=\"sow-accordion-open-close-button\">\n\t\t\t\t\t\t\t<div class=\"sow-accordion-open-button\">\n\t\t\t\t\t\t\t\t<span class=\"sow-icon-ionicons\" data-sow-icon=\"&#xf218;\"\n\t\t \n\t\taria-hidden=\"true\"><\/span>\t\t\t\t\t\t\t<\/div>\n\t\t\t\t\t\t\t<div class=\"sow-accordion-close-button\">\n\t\t\t\t\t\t\t\t<span class=\"sow-icon-ionicons\" data-sow-icon=\"&#xf209;\"\n\t\t \n\t\taria-hidden=\"true\"><\/span>\t\t\t\t\t\t\t<\/div>\n\t\t\t\t\t\t<\/div>\n\t\t\t\t\t<\/div>\n\t\t\t\t<\/div>\n\n\t\t\t<div\n\t\t\t\tclass=\"sow-accordion-panel-content\"\n\t\t\t\trole=\"region\"\n\t\t\t\taria-labelledby=\"accordion-label-3%c2%b0-reuni%c3%b3n-cient%c3%adfica-reuni%c3%b3n-conjunta-samer-caht-aspectos-hematol%c3%b3gicos-en-medicina-reproductiva-fallos-en-implantaci%c3%b3n-y-abortos-recurrentes\"\n\t\t\t\tid=\"accordion-content-3%c2%b0-reuni%c3%b3n-cient%c3%adfica-reuni%c3%b3n-conjunta-samer-caht-aspectos-hematol%c3%b3gicos-en-medicina-reproductiva-fallos-en-implantaci%c3%b3n-y-abortos-recurrentes\"\n\t\t\t\tstyle=\"display: none;\"\t\t\t>\n\t\t\t\t<div class=\"sow-accordion-panel-border\">\n\t\t\t\t\t<p><img loading=\"lazy\" decoding=\"async\" class=\"alignnone wp-image-8152 size-full\" src=\"https:\/\/www.grupocaht.com\/wp-content\/uploads\/2022\/07\/SaMeR-CAHT-2017_page-0001.jpg\" alt=\"\" width=\"1241\" height=\"1755\" srcset=\"https:\/\/www.grupocaht.com\/wp-content\/uploads\/2022\/07\/SaMeR-CAHT-2017_page-0001.jpg 1241w, https:\/\/www.grupocaht.com\/wp-content\/uploads\/2022\/07\/SaMeR-CAHT-2017_page-0001-212x300.jpg 212w, https:\/\/www.grupocaht.com\/wp-content\/uploads\/2022\/07\/SaMeR-CAHT-2017_page-0001-724x1024.jpg 724w, https:\/\/www.grupocaht.com\/wp-content\/uploads\/2022\/07\/SaMeR-CAHT-2017_page-0001-768x1086.jpg 768w, https:\/\/www.grupocaht.com\/wp-content\/uploads\/2022\/07\/SaMeR-CAHT-2017_page-0001-1086x1536.jpg 1086w, https:\/\/www.grupocaht.com\/wp-content\/uploads\/2022\/07\/SaMeR-CAHT-2017_page-0001-8x12.jpg 8w\" sizes=\"auto, (max-width: 1241px) 100vw, 1241px\" \/><\/p>\n\t\t\t\t<\/div>\n\t\t\t<\/div>\n\t\t<\/div>\n\t\t\t<div class=\"sow-accordion-panel\"\n\t\t\t\tdata-anchor-id=\"2-reunion-cientifica-sindrome-coronario-biologia-y-clinica\">\n\t\t\t\t\t<div class=\"sow-accordion-panel-header-container\" role=\"heading\" aria-level=\"2\">\n\t\t\t\t\t<div class=\"sow-accordion-panel-header\" tabindex=\"0\" role=\"button\" id=\"accordion-label-2%c2%b0-reuni%c3%b3n-cient%c3%adfica-s%c3%adndrome-coronario-biolog%c3%ada-y-cl%c3%adnica\" aria-controls=\"accordion-content-2%c2%b0-reuni%c3%b3n-cient%c3%adfica-s%c3%adndrome-coronario-biolog%c3%ada-y-cl%c3%adnica\" aria-expanded=\"false\">\n\t\t\t\t\t\t<div class=\"sow-accordion-title sow-accordion-title-icon-left\">\n\t\t\t\t\t\t\t\t\t\t\t\t\t\t2\u00b0 Reuni\u00f3n Cient\u00edfica: S\u00edndrome Coronario: Biolog\u00eda y Cl\u00ednica\t\t\t\t\t\t\t\t\t\t\t\t\t<\/div>\n\t\t\t\t\t\t<div class=\"sow-accordion-open-close-button\">\n\t\t\t\t\t\t\t<div class=\"sow-accordion-open-button\">\n\t\t\t\t\t\t\t\t<span class=\"sow-icon-ionicons\" data-sow-icon=\"&#xf218;\"\n\t\t \n\t\taria-hidden=\"true\"><\/span>\t\t\t\t\t\t\t<\/div>\n\t\t\t\t\t\t\t<div class=\"sow-accordion-close-button\">\n\t\t\t\t\t\t\t\t<span class=\"sow-icon-ionicons\" data-sow-icon=\"&#xf209;\"\n\t\t \n\t\taria-hidden=\"true\"><\/span>\t\t\t\t\t\t\t<\/div>\n\t\t\t\t\t\t<\/div>\n\t\t\t\t\t<\/div>\n\t\t\t\t<\/div>\n\n\t\t\t<div\n\t\t\t\tclass=\"sow-accordion-panel-content\"\n\t\t\t\trole=\"region\"\n\t\t\t\taria-labelledby=\"accordion-label-2%c2%b0-reuni%c3%b3n-cient%c3%adfica-s%c3%adndrome-coronario-biolog%c3%ada-y-cl%c3%adnica\"\n\t\t\t\tid=\"accordion-content-2%c2%b0-reuni%c3%b3n-cient%c3%adfica-s%c3%adndrome-coronario-biolog%c3%ada-y-cl%c3%adnica\"\n\t\t\t\tstyle=\"display: none;\"\t\t\t>\n\t\t\t\t<div class=\"sow-accordion-panel-border\">\n\t\t\t\t\t<p><a href=\"https:\/\/youtu.be\/mcL96A66bYc\" target=\"_blank\" rel=\"noopener\"><span style=\"color: #003366;\">Estrategias antitromb\u00f3ticas en pacientes con FA que se someten a una angioplast\u00eda coronaria con colocaci\u00f3n de stent. Candidatos a triple esquema.<em><strong> Ernesto Duronto.<\/strong><\/em><\/span> <span style=\"color: #ff0000;\">Ver Video<\/span><\/a><\/p>\n<p><a href=\"https:\/\/youtu.be\/o1TjFFlTc6M\"><span style=\"color: #003366;\">M\u00e9todos para monitorear la terapia antiagregante. <em><strong>Juan Pablo Frontroth.<\/strong><\/em><\/span> <span style=\"color: #ff0000;\">Ver Video<\/span><\/a><\/p>\n<p><a href=\"https:\/\/youtu.be\/gAQVDJL6xqc\"><span style=\"color: #003366;\">Sangrado en pacientes antiagregados con s\u00edndrome coronario agudo: conducta terap\u00e9utica. <em><strong>Ver\u00f3nica Cort\u00e9s Guerieri.<\/strong><\/em><\/span> <span style=\"color: #ff0000;\">Ver Video<\/span><\/a><\/p>\n<p><a href=\"https:\/\/youtu.be\/irMVbCCTz0I\"><span style=\"color: #003366;\">Candidatos a stent coronario o CRM, \u00bfCu\u00e1ndo realizamos tratamiento puente?. <em><strong>Jos\u00e9 Horacio Casab\u00e9.<\/strong><\/em><\/span> <span style=\"color: #ff0000;\">Ver Video<\/span><\/a><\/p>\n<p><a href=\"https:\/\/youtu.be\/-ofIFIqw1oU\"><span style=\"color: #003366;\">El futuro es hoy. An\u00e1lisis del exoma como herramienta para enfermedades cardiovasculares. <em><strong>Marcelo Marti.<\/strong><\/em><\/span> <span style=\"color: #ff0000;\">Ver Video<\/span><\/a><\/p>\n\t\t\t\t<\/div>\n\t\t\t<\/div>\n\t\t<\/div>\n\t\t\t<div class=\"sow-accordion-panel\"\n\t\t\t\tdata-anchor-id=\"1-reunion-cientifica-reunion-conjunta-caht-samer-aspectos-hematologicos-en-medicina-reproductiva-fallos-en-implantacion-y-abortos-recurrentes-de-la-medicina-basica-a-la-clinica\">\n\t\t\t\t\t<div class=\"sow-accordion-panel-header-container\" role=\"heading\" aria-level=\"2\">\n\t\t\t\t\t<div class=\"sow-accordion-panel-header\" tabindex=\"0\" role=\"button\" id=\"accordion-label-1%c2%b0-reuni%c3%b3n-cient%c3%adfica-reuni%c3%b3n-conjunta-caht-samer-aspectos-hematol%c3%b3gicos-en-medicina-reproductiva-fallos-en-implantaci%c3%b3n-y-abortos-recurrentes-de-la-medicina-b%c3%a1\" aria-controls=\"accordion-content-1%c2%b0-reuni%c3%b3n-cient%c3%adfica-reuni%c3%b3n-conjunta-caht-samer-aspectos-hematol%c3%b3gicos-en-medicina-reproductiva-fallos-en-implantaci%c3%b3n-y-abortos-recurrentes-de-la-medicina-b%c3%a1\" aria-expanded=\"false\">\n\t\t\t\t\t\t<div class=\"sow-accordion-title sow-accordion-title-icon-left\">\n\t\t\t\t\t\t\t\t\t\t\t\t\t\t1\u00b0 Reuni\u00f3n Cient\u00edfica: Reuni\u00f3n Conjunta CAHT- SAMeR: Aspectos hematol\u00f3gicos en medicina reproductiva. Fallos en implantaci\u00f3n y abortos recurrentes: de la medicina b\u00e1sica a la cl\u00ednica\t\t\t\t\t\t\t\t\t\t\t\t\t<\/div>\n\t\t\t\t\t\t<div class=\"sow-accordion-open-close-button\">\n\t\t\t\t\t\t\t<div class=\"sow-accordion-open-button\">\n\t\t\t\t\t\t\t\t<span class=\"sow-icon-ionicons\" data-sow-icon=\"&#xf218;\"\n\t\t \n\t\taria-hidden=\"true\"><\/span>\t\t\t\t\t\t\t<\/div>\n\t\t\t\t\t\t\t<div class=\"sow-accordion-close-button\">\n\t\t\t\t\t\t\t\t<span class=\"sow-icon-ionicons\" data-sow-icon=\"&#xf209;\"\n\t\t \n\t\taria-hidden=\"true\"><\/span>\t\t\t\t\t\t\t<\/div>\n\t\t\t\t\t\t<\/div>\n\t\t\t\t\t<\/div>\n\t\t\t\t<\/div>\n\n\t\t\t<div\n\t\t\t\tclass=\"sow-accordion-panel-content\"\n\t\t\t\trole=\"region\"\n\t\t\t\taria-labelledby=\"accordion-label-1%c2%b0-reuni%c3%b3n-cient%c3%adfica-reuni%c3%b3n-conjunta-caht-samer-aspectos-hematol%c3%b3gicos-en-medicina-reproductiva-fallos-en-implantaci%c3%b3n-y-abortos-recurrentes-de-la-medicina-b%c3%a1\"\n\t\t\t\tid=\"accordion-content-1%c2%b0-reuni%c3%b3n-cient%c3%adfica-reuni%c3%b3n-conjunta-caht-samer-aspectos-hematol%c3%b3gicos-en-medicina-reproductiva-fallos-en-implantaci%c3%b3n-y-abortos-recurrentes-de-la-medicina-b%c3%a1\"\n\t\t\t\tstyle=\"display: none;\"\t\t\t>\n\t\t\t\t<div class=\"sow-accordion-panel-border\">\n\t\t\t\t\t<p><a href=\"https:\/\/youtu.be\/6MZ34oH9ZvI\" target=\"_blank\" rel=\"noopener\"><span style=\"color: #003366;\">Biolog\u00eda de la implantaci\u00f3n embrionaria. <em><strong>Gustavo Martinez.<\/strong><\/em><\/span> <span style=\"color: #ff0000;\">Ver Video<\/span><\/a><\/p>\n<p><a href=\"https:\/\/youtu.be\/ZqNIOuUcjXY\" target=\"_blank\" rel=\"noopener\"><span style=\"color: #003366;\">Efecto de los anticuerpos antifosfol\u00edpidos sobre el trofoblasto. <em><strong>Ricardo Forastiero.<\/strong><\/em><\/span> <span style=\"color: #ff0000;\">Ver Video<\/span><\/a><\/p>\n<p><a href=\"https:\/\/youtu.be\/T0RZXbFuXvM\"><span style=\"color: #003366;\">Papel de la heparina en la reproducci\u00f3n m\u00e1s all\u00e1 del antitrombotico. <em><strong>Alejandra Scazziota.<\/strong><\/em><\/span> <span style=\"color: #ff0000;\">Ver Video<\/span><\/a><\/p>\n<p><a href=\"https:\/\/youtu.be\/zrBd4Szt-Wk\"><span style=\"color: #003366;\">Aborto recurrente y fallos de implantaci\u00f3n definici\u00f3n y diagnostico. <em><strong>Stella Lancuba.<\/strong><\/em><\/span> <span style=\"color: #ff0000;\">Ver Video<\/span><\/a><\/p>\n<p><a href=\"https:\/\/youtu.be\/I8qEWUh1B48\"><span style=\"color: #003366;\">Revisi\u00f3n cr\u00edtica sobre el estudio de trombofilia y el tratamiento con heparina en fallos reiterados de implantaci\u00f3n. <em><strong>Carlos Fondevila.<\/strong><\/em><\/span> <span style=\"color: #ff0000;\">Ver Video<\/span><\/a><\/p>\n\t\t\t\t<\/div>\n\t\t\t<\/div>\n\t\t<\/div>\n\t\t<\/div>\n<\/div>\n<\/div><\/div><\/div><\/div><\/div>\n\n\n<!--nextpage-->\n\n\n<div id=\"pl-gb2793-69f17827c027f\"  class=\"panel-layout wp-block-siteorigin-panels-layout-block\" ><div id=\"pg-gb2793-69f17827c027f-0\"  class=\"panel-grid panel-no-style\" ><div id=\"pgc-gb2793-69f17827c027f-0-0\"  class=\"panel-grid-cell\" ><div id=\"panel-gb2793-69f17827c027f-0-0-0\" class=\"so-panel widget widget_sow-accordion panel-first-child panel-last-child\" data-index=\"0\" ><div\n\t\t\t\n\t\t\tclass=\"so-widget-sow-accordion so-widget-sow-accordion-default-2b55ed2807e6-2793\"\n\t\t\t\n\t\t><h3 class=\"widget-title\">Reuniones Cient\u00edficas 2016<\/h3><div>\n\t<div class=\"sow-accordion\">\n\t\t\t<div class=\"sow-accordion-panel\"\n\t\t\t\tdata-anchor-id=\"4-reunon-cientifica-tromboprofilaxis-en-cirugia-la-mirada-del-hematologo-y-del-cirujano\">\n\t\t\t\t\t<div class=\"sow-accordion-panel-header-container\" role=\"heading\" aria-level=\"2\">\n\t\t\t\t\t<div class=\"sow-accordion-panel-header\" tabindex=\"0\" role=\"button\" id=\"accordion-label-4%c2%b0-reun%c3%b3n-cient%c3%adfica-tromboprofilaxis-en-cirug%c3%ada-la-mirada-del-hemat%c3%b3logo-y-del-cirujano\" aria-controls=\"accordion-content-4%c2%b0-reun%c3%b3n-cient%c3%adfica-tromboprofilaxis-en-cirug%c3%ada-la-mirada-del-hemat%c3%b3logo-y-del-cirujano\" aria-expanded=\"false\">\n\t\t\t\t\t\t<div class=\"sow-accordion-title sow-accordion-title-icon-left\">\n\t\t\t\t\t\t\t\t\t\t\t\t\t\t4\u00b0 Reun\u00f3n Cient\u00edfica: Tromboprofilaxis en cirug\u00eda: la mirada del hemat\u00f3logo y del cirujano.\t\t\t\t\t\t\t\t\t\t\t\t\t<\/div>\n\t\t\t\t\t\t<div class=\"sow-accordion-open-close-button\">\n\t\t\t\t\t\t\t<div class=\"sow-accordion-open-button\">\n\t\t\t\t\t\t\t\t<span class=\"sow-icon-ionicons\" data-sow-icon=\"&#xf218;\"\n\t\t \n\t\taria-hidden=\"true\"><\/span>\t\t\t\t\t\t\t<\/div>\n\t\t\t\t\t\t\t<div class=\"sow-accordion-close-button\">\n\t\t\t\t\t\t\t\t<span class=\"sow-icon-ionicons\" data-sow-icon=\"&#xf209;\"\n\t\t \n\t\taria-hidden=\"true\"><\/span>\t\t\t\t\t\t\t<\/div>\n\t\t\t\t\t\t<\/div>\n\t\t\t\t\t<\/div>\n\t\t\t\t<\/div>\n\n\t\t\t<div\n\t\t\t\tclass=\"sow-accordion-panel-content\"\n\t\t\t\trole=\"region\"\n\t\t\t\taria-labelledby=\"accordion-label-4%c2%b0-reun%c3%b3n-cient%c3%adfica-tromboprofilaxis-en-cirug%c3%ada-la-mirada-del-hemat%c3%b3logo-y-del-cirujano\"\n\t\t\t\tid=\"accordion-content-4%c2%b0-reun%c3%b3n-cient%c3%adfica-tromboprofilaxis-en-cirug%c3%ada-la-mirada-del-hemat%c3%b3logo-y-del-cirujano\"\n\t\t\t\tstyle=\"display: none;\"\t\t\t>\n\t\t\t\t<div class=\"sow-accordion-panel-border\">\n\t\t\t\t\t<p><a href=\"https:\/\/youtu.be\/EOoQnlbnJNU\" target=\"_blank\" rel=\"noopener\"><span style=\"color: #003366;\">Cirug\u00eda traumatol\u00f3gica: \u201c\u00bfCu\u00e1l es el mejor momento para iniciar tromboprofilaxis y cual es el mejor antitrombotico? <strong><em>Karina Turdo. <\/em><\/strong><span style=\"color: #ff0000;\">Ver Video<\/span><\/span> <\/a><\/p>\n<p><a href=\"https:\/\/youtu.be\/PvC-7NZIGCk\"><span style=\"color: #003366;\">Cirug\u00eda neurologica: \u201c\u00bfCu\u00e1les son los procedimientos neuroquir\u00fargicos que sangran mas?\u201d <em><strong>Javier Salazar.<\/strong><\/em><\/span> <span style=\"color: #ff0000;\">Ver Video<\/span><\/a><\/p>\n<p><a href=\"https:\/\/youtu.be\/z35Jht7Pn9I\"><span style=\"color: #003366;\">\u00bfCu\u00e1les son los procedimientos que incluye la cirug\u00eda bari\u00e1trica y cu\u00e1les tienen mayor riesgo?. <em><strong>Juan Martin Riganti.<\/strong><\/em><\/span><span style=\"color: #ff0000;\">Ver Video<\/span><\/a><\/p>\n<p><a href=\"https:\/\/youtu.be\/FlOpgRP10xs\"><span style=\"color: #003366;\">\u00bfCu\u00e1ndo inican los pacientes la profilaxis antitromb\u00f3tica? \u00bfConsideramos el BMI?. <em><strong>Susana Belaustegui.<\/strong><\/em><\/span> <span style=\"color: #ff0000;\">Ver Video<\/span><\/a><\/p>\n<p><a href=\"https:\/\/youtu.be\/tT8Qsz19nHc\"><span style=\"color: #003366;\">\u00bfCu\u00e1ndo le reiniciamos anticoagulaci\u00f3n oral a los pacientes? \u00bfEs siempre la hematuria una contraindicaci\u00f3n?. <em><strong>Maximiliano Pavlove. <\/strong><\/em><span style=\"color: #ff0000;\">Ver Video<\/span><\/span><\/a><\/p>\n<p><span style=\"color: #003366;\"><a href=\"https:\/\/youtu.be\/arcXrzZJvpU\"><span style=\"color: #003366;\">Cirug\u00eda urol\u00f3gica. \u00bfQu\u00e9 cirug\u00eda tienen m\u00e1s riesgo de sangrado? Cirug\u00eda a cielo abierto vs. transuretral. <em><strong>Pablo Gonzalez Granda. <\/strong><\/em><\/span><span style=\"color: #ff0000;\">Ver Video<\/span><\/a><em><strong><br \/>\n<\/strong><\/em><\/span><\/p>\n<p><span style=\"color: #003366;\"><a href=\"https:\/\/youtu.be\/E0H2LHsIztQ\"><span style=\"color: #003366;\">Cirug\u00eda traumatol\u00f3gica. \u00bfLa cirug\u00eda de cadera, rodilla y artroscopias son igualmente trombog\u00e9nicas? \u00bfQu\u00e9 procedimiento tiene mayor riesgo de sangrado? <em><strong>Juli\u00e1n Constantini.<\/strong><\/em> <\/span><span style=\"color: #ff0000;\">Ver Video<\/span><\/a><br \/>\n<\/span><\/p>\n<p><a href=\"https:\/\/youtu.be\/oMhII-xSn9c\"><span style=\"color: #003366;\">\u00bfCu\u00e1ndo iniciar profilaxis o tratamiento antitromb\u00f3tico luego de una neurocirug\u00eda?<em><strong> Lucila Romero.<\/strong><\/em><\/span> <span style=\"color: #ff0000;\">Ver Video<\/span><\/a><\/p>\n<p>&nbsp;<\/p>\n<p>&nbsp;<\/p>\n<p>&nbsp;<\/p>\n<p>&nbsp;<\/p>\n<p>&nbsp;<\/p>\n\t\t\t\t<\/div>\n\t\t\t<\/div>\n\t\t<\/div>\n\t\t\t<div class=\"sow-accordion-panel\"\n\t\t\t\tdata-anchor-id=\"3-reunion-cientifica-ateneo-de-casos-clinicos\">\n\t\t\t\t\t<div class=\"sow-accordion-panel-header-container\" role=\"heading\" aria-level=\"2\">\n\t\t\t\t\t<div class=\"sow-accordion-panel-header\" tabindex=\"0\" role=\"button\" id=\"accordion-label-3%c2%b0-reuni%c3%b3n-cient%c3%adfica-ateneo-de-casos-cl%c3%adnicos\" aria-controls=\"accordion-content-3%c2%b0-reuni%c3%b3n-cient%c3%adfica-ateneo-de-casos-cl%c3%adnicos\" aria-expanded=\"false\">\n\t\t\t\t\t\t<div class=\"sow-accordion-title sow-accordion-title-icon-left\">\n\t\t\t\t\t\t\t\t\t\t\t\t\t\t3\u00b0 Reuni\u00f3n Cient\u00edfica: Ateneo de Casos Cl\u00ednicos\t\t\t\t\t\t\t\t\t\t\t\t\t<\/div>\n\t\t\t\t\t\t<div class=\"sow-accordion-open-close-button\">\n\t\t\t\t\t\t\t<div class=\"sow-accordion-open-button\">\n\t\t\t\t\t\t\t\t<span class=\"sow-icon-ionicons\" data-sow-icon=\"&#xf218;\"\n\t\t \n\t\taria-hidden=\"true\"><\/span>\t\t\t\t\t\t\t<\/div>\n\t\t\t\t\t\t\t<div class=\"sow-accordion-close-button\">\n\t\t\t\t\t\t\t\t<span class=\"sow-icon-ionicons\" data-sow-icon=\"&#xf209;\"\n\t\t \n\t\taria-hidden=\"true\"><\/span>\t\t\t\t\t\t\t<\/div>\n\t\t\t\t\t\t<\/div>\n\t\t\t\t\t<\/div>\n\t\t\t\t<\/div>\n\n\t\t\t<div\n\t\t\t\tclass=\"sow-accordion-panel-content\"\n\t\t\t\trole=\"region\"\n\t\t\t\taria-labelledby=\"accordion-label-3%c2%b0-reuni%c3%b3n-cient%c3%adfica-ateneo-de-casos-cl%c3%adnicos\"\n\t\t\t\tid=\"accordion-content-3%c2%b0-reuni%c3%b3n-cient%c3%adfica-ateneo-de-casos-cl%c3%adnicos\"\n\t\t\t\tstyle=\"display: none;\"\t\t\t>\n\t\t\t\t<div class=\"sow-accordion-panel-border\">\n\t\t\t\t\t<p><img loading=\"lazy\" decoding=\"async\" class=\"alignnone wp-image-8182 size-full\" src=\"https:\/\/www.grupocaht.com\/wp-content\/uploads\/2022\/07\/III-Reunion-cient\u00a1fica-20161024_1.jpg\" alt=\"\" width=\"724\" height=\"1024\" srcset=\"https:\/\/www.grupocaht.com\/wp-content\/uploads\/2022\/07\/III-Reunion-cient\u00a1fica-20161024_1.jpg 724w, https:\/\/www.grupocaht.com\/wp-content\/uploads\/2022\/07\/III-Reunion-cient\u00a1fica-20161024_1-212x300.jpg 212w, https:\/\/www.grupocaht.com\/wp-content\/uploads\/2022\/07\/III-Reunion-cient\u00a1fica-20161024_1-8x12.jpg 8w\" sizes=\"auto, (max-width: 724px) 100vw, 724px\" \/><\/p>\n\t\t\t\t<\/div>\n\t\t\t<\/div>\n\t\t<\/div>\n\t\t\t<div class=\"sow-accordion-panel\"\n\t\t\t\tdata-anchor-id=\"2-reunion-cientifica-plaquetas-desde-la-biologia-a-la-clinica\">\n\t\t\t\t\t<div class=\"sow-accordion-panel-header-container\" role=\"heading\" aria-level=\"2\">\n\t\t\t\t\t<div class=\"sow-accordion-panel-header\" tabindex=\"0\" role=\"button\" id=\"accordion-label-2%c2%b0-reuni%c3%b3n-cient%c3%adfica-plaquetas-desde-la-biolog%c3%ada-a-la-cl%c3%adnica\" aria-controls=\"accordion-content-2%c2%b0-reuni%c3%b3n-cient%c3%adfica-plaquetas-desde-la-biolog%c3%ada-a-la-cl%c3%adnica\" aria-expanded=\"false\">\n\t\t\t\t\t\t<div class=\"sow-accordion-title sow-accordion-title-icon-left\">\n\t\t\t\t\t\t\t\t\t\t\t\t\t\t2\u00b0 Reuni\u00f3n Cient\u00edfica: Plaquetas: desde la biolog\u00eda a la cl\u00ednica.\t\t\t\t\t\t\t\t\t\t\t\t\t<\/div>\n\t\t\t\t\t\t<div class=\"sow-accordion-open-close-button\">\n\t\t\t\t\t\t\t<div class=\"sow-accordion-open-button\">\n\t\t\t\t\t\t\t\t<span class=\"sow-icon-ionicons\" data-sow-icon=\"&#xf218;\"\n\t\t \n\t\taria-hidden=\"true\"><\/span>\t\t\t\t\t\t\t<\/div>\n\t\t\t\t\t\t\t<div class=\"sow-accordion-close-button\">\n\t\t\t\t\t\t\t\t<span class=\"sow-icon-ionicons\" data-sow-icon=\"&#xf209;\"\n\t\t \n\t\taria-hidden=\"true\"><\/span>\t\t\t\t\t\t\t<\/div>\n\t\t\t\t\t\t<\/div>\n\t\t\t\t\t<\/div>\n\t\t\t\t<\/div>\n\n\t\t\t<div\n\t\t\t\tclass=\"sow-accordion-panel-content\"\n\t\t\t\trole=\"region\"\n\t\t\t\taria-labelledby=\"accordion-label-2%c2%b0-reuni%c3%b3n-cient%c3%adfica-plaquetas-desde-la-biolog%c3%ada-a-la-cl%c3%adnica\"\n\t\t\t\tid=\"accordion-content-2%c2%b0-reuni%c3%b3n-cient%c3%adfica-plaquetas-desde-la-biolog%c3%ada-a-la-cl%c3%adnica\"\n\t\t\t\tstyle=\"display: none;\"\t\t\t>\n\t\t\t\t<div class=\"sow-accordion-panel-border\">\n\t\t\t\t\t<p><a href=\"https:\/\/youtu.be\/3OtxYu0lado\" target=\"_blank\" rel=\"noopener\"><span style=\"color: #003366;\">Uso cl\u00ednico de mim\u00e9ticos de trombopoyetina (TPO) a casi una d\u00e9cada de su aprobaci\u00f3n. <em><strong>Paula Heller.<\/strong><\/em><\/span> <span style=\"color: #ff0000;\">Ver Video<\/span><\/a><\/p>\n<p><a href=\"https:\/\/youtu.be\/88F7RsW19Xs\" target=\"_blank\" rel=\"noopener\"><span style=\"color: #003366;\">TPI en adultos: \u00bfCu\u00e1l es la mejor opci\u00f3n terap\u00e9utica? <em><strong>Miguel Castro Rios.<\/strong><\/em><\/span> <span style=\"color: #ff0000;\">Ver Video<\/span><\/a><\/p>\n<p><a href=\"https:\/\/youtu.be\/tYwd4ROFKIA\"><span style=\"color: #003366;\">Aplicaci\u00f3n de TPO mim\u00e9ticos en pediatr\u00eda. <em><strong>Guillermo Drelichman.<\/strong><\/em><\/span> <span style=\"color: #ff0000;\">Ver Video<\/span><\/a><\/p>\n\t\t\t\t<\/div>\n\t\t\t<\/div>\n\t\t<\/div>\n\t\t\t<div class=\"sow-accordion-panel\"\n\t\t\t\tdata-anchor-id=\"1-reunion-cientifica-hemostasia-en-la-mujer\">\n\t\t\t\t\t<div class=\"sow-accordion-panel-header-container\" role=\"heading\" aria-level=\"2\">\n\t\t\t\t\t<div class=\"sow-accordion-panel-header\" tabindex=\"0\" role=\"button\" id=\"accordion-label-1%c2%b0-reuni%c3%b3n-cient%c3%adfica-hemostasia-en-la-mujer\" aria-controls=\"accordion-content-1%c2%b0-reuni%c3%b3n-cient%c3%adfica-hemostasia-en-la-mujer\" aria-expanded=\"false\">\n\t\t\t\t\t\t<div class=\"sow-accordion-title sow-accordion-title-icon-left\">\n\t\t\t\t\t\t\t\t\t\t\t\t\t\t1\u00b0 Reuni\u00f3n Cient\u00edfica: Hemostasia en la Mujer.\t\t\t\t\t\t\t\t\t\t\t\t\t<\/div>\n\t\t\t\t\t\t<div class=\"sow-accordion-open-close-button\">\n\t\t\t\t\t\t\t<div class=\"sow-accordion-open-button\">\n\t\t\t\t\t\t\t\t<span class=\"sow-icon-ionicons\" data-sow-icon=\"&#xf218;\"\n\t\t \n\t\taria-hidden=\"true\"><\/span>\t\t\t\t\t\t\t<\/div>\n\t\t\t\t\t\t\t<div class=\"sow-accordion-close-button\">\n\t\t\t\t\t\t\t\t<span class=\"sow-icon-ionicons\" data-sow-icon=\"&#xf209;\"\n\t\t \n\t\taria-hidden=\"true\"><\/span>\t\t\t\t\t\t\t<\/div>\n\t\t\t\t\t\t<\/div>\n\t\t\t\t\t<\/div>\n\t\t\t\t<\/div>\n\n\t\t\t<div\n\t\t\t\tclass=\"sow-accordion-panel-content\"\n\t\t\t\trole=\"region\"\n\t\t\t\taria-labelledby=\"accordion-label-1%c2%b0-reuni%c3%b3n-cient%c3%adfica-hemostasia-en-la-mujer\"\n\t\t\t\tid=\"accordion-content-1%c2%b0-reuni%c3%b3n-cient%c3%adfica-hemostasia-en-la-mujer\"\n\t\t\t\tstyle=\"display: none;\"\t\t\t>\n\t\t\t\t<div class=\"sow-accordion-panel-border\">\n\t\t\t\t\t<p><a href=\"https:\/\/youtu.be\/OyV3REm4dr4\" target=\"_blank\" rel=\"noopener\"><span style=\"color: #003366;\">Controversias en los estudios de anticoagulante l\u00fapico. <em><strong>Cristina Duboscq.<\/strong><\/em><\/span> <span style=\"color: #ff0000;\">Ver Video<\/span><\/a><\/p>\n<p><a href=\"https:\/\/youtu.be\/wuFdmAYbOFI\" target=\"_blank\" rel=\"noopener\"><span style=\"color: #003366;\">Controversias en los estudios de anticoagulante l\u00fapico. <em><strong>Silvina Pons.<\/strong><\/em><\/span> <span style=\"color: #ff0000;\">Ver Video<\/span><\/a><\/p>\n<p><a href=\"https:\/\/youtu.be\/PMbQvQVjvmo\"><span style=\"color: #003366;\">Controversias en los estudios de inhibidro l\u00fapico. <em><strong>Julieta Salvi\u00fa.<\/strong><\/em><\/span> <span style=\"color: #ff0000;\">Ver Video<\/span><\/a><\/p>\n<p><a href=\"https:\/\/youtu.be\/RSH7j_QVVp8\"><span style=\"color: #003366;\">Anticoagulante l\u00fapico. Controversias de diagn\u00f3stico. <em><strong>Marta Martinuzzo.<\/strong><\/em><\/span> <span style=\"color: #ff0000;\">Ver Video<\/span><\/a><\/p>\n<p><a href=\"https:\/\/youtu.be\/0NH6Dhf-yhg\"><span style=\"color: #003366;\">Manejo antitromb\u00f3tico antenatal en mujeres con ACV o TEV previo o trombofilia de alto riesgo. <em><strong>Carlos Fondevila.<\/strong><\/em><\/span> <span style=\"color: #ff0000;\">Ver Video<\/span><\/a><\/p>\n<p><a href=\"https:\/\/youtu.be\/XumOZLSVaKg\"><span style=\"color: #003366;\">Anticoagulaci\u00f3n para pr\u00f3tesis valvulares mec\u00e1nicas en embarazo. <em><strong>Jorge Korin.<\/strong><\/em><\/span> <span style=\"color: #ff0000;\">Ver Video<\/span><\/a><\/p>\n<p><a href=\"https:\/\/youtu.be\/A-3luIgy7xA\"><span style=\"color: #003366;\">Controversias en el manejo antitromb\u00f3tico en el embarazo. Hematolog\u00eda preconcepcional. <em><strong>Beatriz Grand.<\/strong><\/em><\/span> <span style=\"color: #ff0000;\">Ver Video<\/span><\/a><\/p>\n<p><a href=\"https:\/\/youtu.be\/smDL-MEZ0l8\"><span style=\"color: #003366;\">Controversias en los estudios de anticoagulante l\u00fapico. <em><strong>Alicia Blanco. <\/strong><\/em><\/span><span style=\"color: #ff0000;\">Ver Video<\/span><\/a><\/p>\n<p>&nbsp;<\/p>\n\t\t\t\t<\/div>\n\t\t\t<\/div>\n\t\t<\/div>\n\t\t<\/div>\n<\/div>\n<\/div><\/div><\/div><\/div><\/div>\n\n\n<!--nextpage-->\n\n\n<div id=\"pl-gb2793-69f17827c0ba7\"  class=\"panel-layout\" ><div id=\"pg-gb2793-69f17827c0ba7-0\"  class=\"panel-grid panel-no-style\" ><div id=\"pgc-gb2793-69f17827c0ba7-0-0\"  class=\"panel-grid-cell\" ><div id=\"panel-gb2793-69f17827c0ba7-0-0-0\" class=\"so-panel widget widget_sow-accordion panel-first-child panel-last-child\" data-index=\"0\" ><div\n\t\t\t\n\t\t\tclass=\"so-widget-sow-accordion so-widget-sow-accordion-default-d9295f5bfa93-2793\"\n\t\t\t\n\t\t><h3 class=\"widget-title\">Reuniones Cient\u00edficas 2015<\/h3><div>\n\t<div class=\"sow-accordion\">\n\t\t\t<div class=\"sow-accordion-panel\"\n\t\t\t\tdata-anchor-id=\"4-reunion-cientifica-hacia-la-prevencion-de-la-trombosis-venosa-y-acercandonos-al-dia-mundial-de-la-trombosis\">\n\t\t\t\t\t<div class=\"sow-accordion-panel-header-container\" role=\"heading\" aria-level=\"2\">\n\t\t\t\t\t<div class=\"sow-accordion-panel-header\" tabindex=\"0\" role=\"button\" id=\"accordion-label-4%c2%b0-reuni%c3%b3n-cient%c3%adfica-hacia-la-prevenci%c3%b3n-de-la-trombosis-venosa-y-acerc%c3%a1ndonos-al-d%c3%ada-mundial-de-la-trombosis\" aria-controls=\"accordion-content-4%c2%b0-reuni%c3%b3n-cient%c3%adfica-hacia-la-prevenci%c3%b3n-de-la-trombosis-venosa-y-acerc%c3%a1ndonos-al-d%c3%ada-mundial-de-la-trombosis\" aria-expanded=\"false\">\n\t\t\t\t\t\t<div class=\"sow-accordion-title sow-accordion-title-icon-left\">\n\t\t\t\t\t\t\t\t\t\t\t\t\t\t4\u00b0 Reuni\u00f3n Cient\u00edfica: Hacia la prevenci\u00f3n de la trombosis venosa y acerc\u00e1ndonos al D\u00eda Mundial de la Trombosis\t\t\t\t\t\t\t\t\t\t\t\t\t<\/div>\n\t\t\t\t\t\t<div class=\"sow-accordion-open-close-button\">\n\t\t\t\t\t\t\t<div class=\"sow-accordion-open-button\">\n\t\t\t\t\t\t\t\t<span class=\"sow-icon-ionicons\" data-sow-icon=\"&#xf218;\"\n\t\t \n\t\taria-hidden=\"true\"><\/span>\t\t\t\t\t\t\t<\/div>\n\t\t\t\t\t\t\t<div class=\"sow-accordion-close-button\">\n\t\t\t\t\t\t\t\t<span class=\"sow-icon-ionicons\" data-sow-icon=\"&#xf209;\"\n\t\t \n\t\taria-hidden=\"true\"><\/span>\t\t\t\t\t\t\t<\/div>\n\t\t\t\t\t\t<\/div>\n\t\t\t\t\t<\/div>\n\t\t\t\t<\/div>\n\n\t\t\t<div\n\t\t\t\tclass=\"sow-accordion-panel-content\"\n\t\t\t\trole=\"region\"\n\t\t\t\taria-labelledby=\"accordion-label-4%c2%b0-reuni%c3%b3n-cient%c3%adfica-hacia-la-prevenci%c3%b3n-de-la-trombosis-venosa-y-acerc%c3%a1ndonos-al-d%c3%ada-mundial-de-la-trombosis\"\n\t\t\t\tid=\"accordion-content-4%c2%b0-reuni%c3%b3n-cient%c3%adfica-hacia-la-prevenci%c3%b3n-de-la-trombosis-venosa-y-acerc%c3%a1ndonos-al-d%c3%ada-mundial-de-la-trombosis\"\n\t\t\t\tstyle=\"display: none;\"\t\t\t>\n\t\t\t\t<div class=\"sow-accordion-panel-border\">\n\t\t\t\t\t<p>Trombosis venosa superficial: \u00bfes tan inofensiva como parece?. <strong><em>Alicia Vilaseca<\/em><\/strong>. <span style=\"color: #ff0000;\"><a style=\"color: #ff0000;\" href=\"https:\/\/youtu.be\/qADk15_exoU\" target=\"_blank\" rel=\"noopener\">Ver Video<\/a><\/span><\/p>\n<p>Encuesta Mundial sobre la conciencia p\u00fablica de los riesgos del tromboembolismo venoso. Resultados de Argentina. <em><strong>Patricia Casais. <\/strong><\/em><span style=\"color: #ff0000;\"><a style=\"color: #ff0000;\" href=\"https:\/\/youtu.be\/jeRmBW9LhOQ\">Ver Video<\/a><\/span><\/p>\n<p>Utilidad del D-Dimero en diagn\u00f3stico y seguimiento de la enfermedad tromboemb\u00f3lica venosa. <strong><em>Lourdes Herrera.<\/em><\/strong> <span style=\"color: #ff0000;\"><a style=\"color: #ff0000;\" href=\"https:\/\/youtu.be\/9Tu_X6rf_b8\">Ver Video<\/a><\/span><\/p>\n<p>M\u00e9todos invasivos en trombosis venosa. <strong><em>Oscar Peralta<\/em><\/strong>. <span style=\"color: #ff0000;\"><a style=\"color: #ff0000;\" href=\"https:\/\/youtu.be\/3Exk3WInKjY\">Ver Video<\/a><\/span><\/p>\n<p>S\u00edndrome postromb\u00f3tico en el adulto y su impacto en la calidad de vida. <em><strong>Danilo Carraro<\/strong><\/em>. <span style=\"color: #ff0000;\"><a style=\"color: #ff0000;\" href=\"https:\/\/youtu.be\/DalLjms-9hw\">Ver Video<\/a><\/span><\/p>\n<p>Trombosis: c\u00f3mo reducir el impacto global de la enfermedad. Director Comit\u00e9 para el D\u00eda Mundial de la Trombosis- Sociedad Internacional de Hemostasia y Trombosis. <em><strong>Gary Raskob<\/strong><\/em>. <span style=\"color: #ff0000;\"><a style=\"color: #ff0000;\" href=\"https:\/\/youtu.be\/aKfaVmPBUuI\">Ver Video<\/a><\/span><\/p>\n<p>S\u00edndrome postromb\u00f3tico en la edad pediatrica y su impacto en la calidad de vida. <em><strong>Mariana Bonduel<\/strong><\/em>. <span style=\"color: #ff0000;\"><a style=\"color: #ff0000;\" href=\"https:\/\/youtu.be\/25R_TmIuwK0\">Ver Video<\/a><\/span><\/p>\n\t\t\t\t<\/div>\n\t\t\t<\/div>\n\t\t<\/div>\n\t\t\t<div class=\"sow-accordion-panel\"\n\t\t\t\tdata-anchor-id=\"3-reunion-cientifica-aspectos-destacados-del-congreso-de-la-isth-toronto-2015\">\n\t\t\t\t\t<div class=\"sow-accordion-panel-header-container\" role=\"heading\" aria-level=\"2\">\n\t\t\t\t\t<div class=\"sow-accordion-panel-header\" tabindex=\"0\" role=\"button\" id=\"accordion-label-3%c2%b0-reuni%c3%b3n-cient%c3%adfica-aspectos-destacados-del-congreso-de-la-isth-toronto-2015\" aria-controls=\"accordion-content-3%c2%b0-reuni%c3%b3n-cient%c3%adfica-aspectos-destacados-del-congreso-de-la-isth-toronto-2015\" aria-expanded=\"false\">\n\t\t\t\t\t\t<div class=\"sow-accordion-title sow-accordion-title-icon-left\">\n\t\t\t\t\t\t\t\t\t\t\t\t\t\t3\u00b0 Reuni\u00f3n Cient\u00edfica: Aspectos destacados del Congreso de la ISTH, Toronto 2015\t\t\t\t\t\t\t\t\t\t\t\t\t<\/div>\n\t\t\t\t\t\t<div class=\"sow-accordion-open-close-button\">\n\t\t\t\t\t\t\t<div class=\"sow-accordion-open-button\">\n\t\t\t\t\t\t\t\t<span class=\"sow-icon-ionicons\" data-sow-icon=\"&#xf218;\"\n\t\t \n\t\taria-hidden=\"true\"><\/span>\t\t\t\t\t\t\t<\/div>\n\t\t\t\t\t\t\t<div class=\"sow-accordion-close-button\">\n\t\t\t\t\t\t\t\t<span class=\"sow-icon-ionicons\" data-sow-icon=\"&#xf209;\"\n\t\t \n\t\taria-hidden=\"true\"><\/span>\t\t\t\t\t\t\t<\/div>\n\t\t\t\t\t\t<\/div>\n\t\t\t\t\t<\/div>\n\t\t\t\t<\/div>\n\n\t\t\t<div\n\t\t\t\tclass=\"sow-accordion-panel-content\"\n\t\t\t\trole=\"region\"\n\t\t\t\taria-labelledby=\"accordion-label-3%c2%b0-reuni%c3%b3n-cient%c3%adfica-aspectos-destacados-del-congreso-de-la-isth-toronto-2015\"\n\t\t\t\tid=\"accordion-content-3%c2%b0-reuni%c3%b3n-cient%c3%adfica-aspectos-destacados-del-congreso-de-la-isth-toronto-2015\"\n\t\t\t\tstyle=\"display: none;\"\t\t\t>\n\t\t\t\t<div class=\"sow-accordion-panel-border\">\n\t\t\t\t\t<p>Hemostasia y trombosis en la mujer: nuevos enfoques. <em><strong>Patricia Casais.<\/strong><span style=\"color: #ff0000;\"> <a style=\"color: #ff0000;\" href=\"https:\/\/youtu.be\/cAh-sp2EmBY\">Ver Video<\/a><\/span><\/em><\/p>\n<p>Enfermedad de Von Willebrand: del 2013 al 2015. <em><strong>Juan Pablo Frontroth<\/strong><\/em>. <span style=\"color: #ff0000;\"><a style=\"color: #ff0000;\" href=\"https:\/\/youtu.be\/vlvbLDGQhGk\">Ver Video<\/a><\/span><\/p>\n<p>Idarucizumab, el ant\u00eddoto en pacientes: resultados del estudio RE-VERSE AD. <em><strong>Ma. Esther Aris Cancela<\/strong><\/em>. <a href=\"https:\/\/youtu.be\/AwO5lyA88_g\"><span style=\"color: #ff0000;\">Ver Video<\/span><\/a><\/p>\n<p>Fibrin\u00f3geno, FXIII y FVIII: actualizaci\u00f3n del laboratorio. <em><strong>Lucia Remotti<\/strong><\/em>. <span style=\"color: #ff0000;\"><a style=\"color: #ff0000;\" href=\"https:\/\/youtu.be\/99C4Y5BFbOI\">Ver Video<\/a><\/span><\/p>\n<p>SAF: \u00bfQu\u00e9 hay de nuevo (viejo)?. <em><strong>Marta Martinuzzo.<\/strong><\/em><span style=\"color: #ff0000;\"><a style=\"color: #ff0000;\" href=\"https:\/\/youtu.be\/TvLRW1Xx2sU\">Ver Video<\/a><\/span><\/p>\n<p>Hemostasia pedi\u00e1trica: algunos nuevos conceptos. <em><strong>Luis Aversa<\/strong><\/em>.<span style=\"color: #ff0000;\"> <a style=\"color: #ff0000;\" href=\"https:\/\/youtu.be\/Je4-na7OtpU\">Ver Video<\/a><\/span><\/p>\n\t\t\t\t<\/div>\n\t\t\t<\/div>\n\t\t<\/div>\n\t\t\t<div class=\"sow-accordion-panel\"\n\t\t\t\tdata-anchor-id=\"2-reunion-cientifica-anticoagulantes-directos-usos-controvertidos-en-cardiologia-mas-alla-de-la-fibrilacion-auricular\">\n\t\t\t\t\t<div class=\"sow-accordion-panel-header-container\" role=\"heading\" aria-level=\"2\">\n\t\t\t\t\t<div class=\"sow-accordion-panel-header\" tabindex=\"0\" role=\"button\" id=\"accordion-label-2%c2%b0-reuni%c3%b3n-cient%c3%adfica-anticoagulantes-directos-usos-controvertidos-en-cardiolog%c3%ada-m%c3%a1s-all%c3%a1-de-la-fibrilaci%c3%b3n-auricular\" aria-controls=\"accordion-content-2%c2%b0-reuni%c3%b3n-cient%c3%adfica-anticoagulantes-directos-usos-controvertidos-en-cardiolog%c3%ada-m%c3%a1s-all%c3%a1-de-la-fibrilaci%c3%b3n-auricular\" aria-expanded=\"false\">\n\t\t\t\t\t\t<div class=\"sow-accordion-title sow-accordion-title-icon-left\">\n\t\t\t\t\t\t\t\t\t\t\t\t\t\t2\u00b0 Reuni\u00f3n Cient\u00edfica: ANTICOAGULANTES DIRECTOS: Usos controvertidos en cardiolog\u00eda, m\u00e1s all\u00e1 de la fibrilaci\u00f3n auricular.\t\t\t\t\t\t\t\t\t\t\t\t\t<\/div>\n\t\t\t\t\t\t<div class=\"sow-accordion-open-close-button\">\n\t\t\t\t\t\t\t<div class=\"sow-accordion-open-button\">\n\t\t\t\t\t\t\t\t<span class=\"sow-icon-ionicons\" data-sow-icon=\"&#xf218;\"\n\t\t \n\t\taria-hidden=\"true\"><\/span>\t\t\t\t\t\t\t<\/div>\n\t\t\t\t\t\t\t<div class=\"sow-accordion-close-button\">\n\t\t\t\t\t\t\t\t<span class=\"sow-icon-ionicons\" data-sow-icon=\"&#xf209;\"\n\t\t \n\t\taria-hidden=\"true\"><\/span>\t\t\t\t\t\t\t<\/div>\n\t\t\t\t\t\t<\/div>\n\t\t\t\t\t<\/div>\n\t\t\t\t<\/div>\n\n\t\t\t<div\n\t\t\t\tclass=\"sow-accordion-panel-content\"\n\t\t\t\trole=\"region\"\n\t\t\t\taria-labelledby=\"accordion-label-2%c2%b0-reuni%c3%b3n-cient%c3%adfica-anticoagulantes-directos-usos-controvertidos-en-cardiolog%c3%ada-m%c3%a1s-all%c3%a1-de-la-fibrilaci%c3%b3n-auricular\"\n\t\t\t\tid=\"accordion-content-2%c2%b0-reuni%c3%b3n-cient%c3%adfica-anticoagulantes-directos-usos-controvertidos-en-cardiolog%c3%ada-m%c3%a1s-all%c3%a1-de-la-fibrilaci%c3%b3n-auricular\"\n\t\t\t\tstyle=\"display: none;\"\t\t\t>\n\t\t\t\t<div class=\"sow-accordion-panel-border\">\n\t\t\t\t\t<p><a href=\"https:\/\/www.grupocaht.com\/en\/reuniones-cientificas-2-2\/2rc2015\/\" rel=\"attachment wp-att-10129\"><img loading=\"lazy\" decoding=\"async\" class=\"alignnone size-full wp-image-10129\" src=\"https:\/\/www.grupocaht.com\/wp-content\/uploads\/2024\/04\/2RC2015.jpg\" alt=\"\" width=\"1448\" height=\"2048\" srcset=\"https:\/\/www.grupocaht.com\/wp-content\/uploads\/2024\/04\/2RC2015.jpg 1448w, https:\/\/www.grupocaht.com\/wp-content\/uploads\/2024\/04\/2RC2015-212x300.jpg 212w, https:\/\/www.grupocaht.com\/wp-content\/uploads\/2024\/04\/2RC2015-724x1024.jpg 724w, https:\/\/www.grupocaht.com\/wp-content\/uploads\/2024\/04\/2RC2015-768x1086.jpg 768w, https:\/\/www.grupocaht.com\/wp-content\/uploads\/2024\/04\/2RC2015-1086x1536.jpg 1086w, https:\/\/www.grupocaht.com\/wp-content\/uploads\/2024\/04\/2RC2015-8x12.jpg 8w\" sizes=\"auto, (max-width: 1448px) 100vw, 1448px\" \/><\/a><\/p>\n\t\t\t\t<\/div>\n\t\t\t<\/div>\n\t\t<\/div>\n\t\t\t<div class=\"sow-accordion-panel\"\n\t\t\t\tdata-anchor-id=\"1-reunion-cientifica-actualizacion-en-coagulacion-intravascular-diseminada\">\n\t\t\t\t\t<div class=\"sow-accordion-panel-header-container\" role=\"heading\" aria-level=\"2\">\n\t\t\t\t\t<div class=\"sow-accordion-panel-header\" tabindex=\"0\" role=\"button\" id=\"accordion-label-1%c2%b0-reuni%c3%b3n-cient%c3%adfica-actualizaci%c3%b3n-en-coagulaci%c3%b3n-intravascular-diseminada\" aria-controls=\"accordion-content-1%c2%b0-reuni%c3%b3n-cient%c3%adfica-actualizaci%c3%b3n-en-coagulaci%c3%b3n-intravascular-diseminada\" aria-expanded=\"false\">\n\t\t\t\t\t\t<div class=\"sow-accordion-title sow-accordion-title-icon-left\">\n\t\t\t\t\t\t\t\t\t\t\t\t\t\t1\u00b0 Reuni\u00f3n Cient\u00edfica: Actualizaci\u00f3n en Coagulaci\u00f3n Intravascular Diseminada\t\t\t\t\t\t\t\t\t\t\t\t\t<\/div>\n\t\t\t\t\t\t<div class=\"sow-accordion-open-close-button\">\n\t\t\t\t\t\t\t<div class=\"sow-accordion-open-button\">\n\t\t\t\t\t\t\t\t<span class=\"sow-icon-ionicons\" data-sow-icon=\"&#xf218;\"\n\t\t \n\t\taria-hidden=\"true\"><\/span>\t\t\t\t\t\t\t<\/div>\n\t\t\t\t\t\t\t<div class=\"sow-accordion-close-button\">\n\t\t\t\t\t\t\t\t<span class=\"sow-icon-ionicons\" data-sow-icon=\"&#xf209;\"\n\t\t \n\t\taria-hidden=\"true\"><\/span>\t\t\t\t\t\t\t<\/div>\n\t\t\t\t\t\t<\/div>\n\t\t\t\t\t<\/div>\n\t\t\t\t<\/div>\n\n\t\t\t<div\n\t\t\t\tclass=\"sow-accordion-panel-content\"\n\t\t\t\trole=\"region\"\n\t\t\t\taria-labelledby=\"accordion-label-1%c2%b0-reuni%c3%b3n-cient%c3%adfica-actualizaci%c3%b3n-en-coagulaci%c3%b3n-intravascular-diseminada\"\n\t\t\t\tid=\"accordion-content-1%c2%b0-reuni%c3%b3n-cient%c3%adfica-actualizaci%c3%b3n-en-coagulaci%c3%b3n-intravascular-diseminada\"\n\t\t\t\tstyle=\"display: none;\"\t\t\t>\n\t\t\t\t<div class=\"sow-accordion-panel-border\">\n\t\t\t\t\t<p><a href=\"https:\/\/www.grupocaht.com\/en\/reuniones-cientificas-2-2\/1rc2015\/\" rel=\"attachment wp-att-10130\"><img loading=\"lazy\" decoding=\"async\" class=\"alignnone size-full wp-image-10130\" src=\"https:\/\/www.grupocaht.com\/wp-content\/uploads\/2024\/04\/1RC2015.jpg\" alt=\"\" width=\"1448\" height=\"2048\" srcset=\"https:\/\/www.grupocaht.com\/wp-content\/uploads\/2024\/04\/1RC2015.jpg 1448w, https:\/\/www.grupocaht.com\/wp-content\/uploads\/2024\/04\/1RC2015-212x300.jpg 212w, https:\/\/www.grupocaht.com\/wp-content\/uploads\/2024\/04\/1RC2015-724x1024.jpg 724w, https:\/\/www.grupocaht.com\/wp-content\/uploads\/2024\/04\/1RC2015-768x1086.jpg 768w, https:\/\/www.grupocaht.com\/wp-content\/uploads\/2024\/04\/1RC2015-1086x1536.jpg 1086w, https:\/\/www.grupocaht.com\/wp-content\/uploads\/2024\/04\/1RC2015-8x12.jpg 8w\" sizes=\"auto, (max-width: 1448px) 100vw, 1448px\" \/><\/a><\/p>\n\t\t\t\t<\/div>\n\t\t\t<\/div>\n\t\t<\/div>\n\t\t<\/div>\n<\/div>\n<\/div><\/div><\/div><\/div><\/div>\n\n\n<!--nextpage-->\n\n\n<div id=\"pl-gb2793-69f17827c1645\"  class=\"panel-layout\" ><div id=\"pg-gb2793-69f17827c1645-0\"  class=\"panel-grid panel-no-style\" ><div id=\"pgc-gb2793-69f17827c1645-0-0\"  class=\"panel-grid-cell\" ><div id=\"panel-gb2793-69f17827c1645-0-0-0\" class=\"so-panel widget widget_sow-accordion panel-first-child panel-last-child\" data-index=\"0\" ><div\n\t\t\t\n\t\t\tclass=\"so-widget-sow-accordion so-widget-sow-accordion-default-d9295f5bfa93-2793\"\n\t\t\t\n\t\t><h3 class=\"widget-title\">Reuniones Cient\u00edficas 2014<\/h3><div>\n\t<div class=\"sow-accordion\">\n\t\t\t<div class=\"sow-accordion-panel\"\n\t\t\t\tdata-anchor-id=\"2-reunion-cientifica-uso-racional-de-hemoderivados-en-patologia-hemorragica-hereditaria-y-adquirida\">\n\t\t\t\t\t<div class=\"sow-accordion-panel-header-container\" role=\"heading\" aria-level=\"2\">\n\t\t\t\t\t<div class=\"sow-accordion-panel-header\" tabindex=\"0\" role=\"button\" id=\"accordion-label-2%c2%b0-reuni%c3%b3n-cient%c3%adfica-uso-racional-de-hemoderivados-en-patolog%c3%ada-hemorr%c3%a1gica-hereditaria-y-adquirida\" aria-controls=\"accordion-content-2%c2%b0-reuni%c3%b3n-cient%c3%adfica-uso-racional-de-hemoderivados-en-patolog%c3%ada-hemorr%c3%a1gica-hereditaria-y-adquirida\" aria-expanded=\"false\">\n\t\t\t\t\t\t<div class=\"sow-accordion-title sow-accordion-title-icon-left\">\n\t\t\t\t\t\t\t\t\t\t\t\t\t\t2\u00b0 Reuni\u00f3n Cient\u00edfica: Uso Racional de Hemoderivados en Patolog\u00eda Hemorr\u00e1gica Hereditaria y Adquirida\t\t\t\t\t\t\t\t\t\t\t\t\t<\/div>\n\t\t\t\t\t\t<div class=\"sow-accordion-open-close-button\">\n\t\t\t\t\t\t\t<div class=\"sow-accordion-open-button\">\n\t\t\t\t\t\t\t\t<span class=\"sow-icon-ionicons\" data-sow-icon=\"&#xf218;\"\n\t\t \n\t\taria-hidden=\"true\"><\/span>\t\t\t\t\t\t\t<\/div>\n\t\t\t\t\t\t\t<div class=\"sow-accordion-close-button\">\n\t\t\t\t\t\t\t\t<span class=\"sow-icon-ionicons\" data-sow-icon=\"&#xf209;\"\n\t\t \n\t\taria-hidden=\"true\"><\/span>\t\t\t\t\t\t\t<\/div>\n\t\t\t\t\t\t<\/div>\n\t\t\t\t\t<\/div>\n\t\t\t\t<\/div>\n\n\t\t\t<div\n\t\t\t\tclass=\"sow-accordion-panel-content\"\n\t\t\t\trole=\"region\"\n\t\t\t\taria-labelledby=\"accordion-label-2%c2%b0-reuni%c3%b3n-cient%c3%adfica-uso-racional-de-hemoderivados-en-patolog%c3%ada-hemorr%c3%a1gica-hereditaria-y-adquirida\"\n\t\t\t\tid=\"accordion-content-2%c2%b0-reuni%c3%b3n-cient%c3%adfica-uso-racional-de-hemoderivados-en-patolog%c3%ada-hemorr%c3%a1gica-hereditaria-y-adquirida\"\n\t\t\t\tstyle=\"display: none;\"\t\t\t>\n\t\t\t\t<div class=\"sow-accordion-panel-border\">\n\t\t\t\t\t<p><a href=\"https:\/\/www.grupocaht.com\/en\/reuniones-cientificas-2-2\/2rc2014\/\" rel=\"attachment wp-att-10131\"><img loading=\"lazy\" decoding=\"async\" class=\"alignnone size-full wp-image-10131\" src=\"https:\/\/www.grupocaht.com\/wp-content\/uploads\/2024\/04\/2RC2014.jpg\" alt=\"\" width=\"1448\" height=\"2048\" srcset=\"https:\/\/www.grupocaht.com\/wp-content\/uploads\/2024\/04\/2RC2014.jpg 1448w, https:\/\/www.grupocaht.com\/wp-content\/uploads\/2024\/04\/2RC2014-212x300.jpg 212w, https:\/\/www.grupocaht.com\/wp-content\/uploads\/2024\/04\/2RC2014-724x1024.jpg 724w, https:\/\/www.grupocaht.com\/wp-content\/uploads\/2024\/04\/2RC2014-768x1086.jpg 768w, https:\/\/www.grupocaht.com\/wp-content\/uploads\/2024\/04\/2RC2014-1086x1536.jpg 1086w, https:\/\/www.grupocaht.com\/wp-content\/uploads\/2024\/04\/2RC2014-8x12.jpg 8w\" sizes=\"auto, (max-width: 1448px) 100vw, 1448px\" \/><\/a><\/p>\n\t\t\t\t<\/div>\n\t\t\t<\/div>\n\t\t<\/div>\n\t\t\t<div class=\"sow-accordion-panel\"\n\t\t\t\tdata-anchor-id=\"1-reunion-cientifica-trombofilia-y-fertilidad-cual-es-la-evidencia\">\n\t\t\t\t\t<div class=\"sow-accordion-panel-header-container\" role=\"heading\" aria-level=\"2\">\n\t\t\t\t\t<div class=\"sow-accordion-panel-header\" tabindex=\"0\" role=\"button\" id=\"accordion-label-1%c2%b0-reuni%c3%b3n-cient%c3%adfica-trombofilia-y-fertilidad-%c2%bfcu%c3%a1l-es-la-evidencia\" aria-controls=\"accordion-content-1%c2%b0-reuni%c3%b3n-cient%c3%adfica-trombofilia-y-fertilidad-%c2%bfcu%c3%a1l-es-la-evidencia\" aria-expanded=\"false\">\n\t\t\t\t\t\t<div class=\"sow-accordion-title sow-accordion-title-icon-left\">\n\t\t\t\t\t\t\t\t\t\t\t\t\t\t1\u00b0 Reuni\u00f3n Cient\u00edfica: Trombofilia y Fertilidad: \u00bfCu\u00e1l es la evidencia?\t\t\t\t\t\t\t\t\t\t\t\t\t<\/div>\n\t\t\t\t\t\t<div class=\"sow-accordion-open-close-button\">\n\t\t\t\t\t\t\t<div class=\"sow-accordion-open-button\">\n\t\t\t\t\t\t\t\t<span class=\"sow-icon-ionicons\" data-sow-icon=\"&#xf218;\"\n\t\t \n\t\taria-hidden=\"true\"><\/span>\t\t\t\t\t\t\t<\/div>\n\t\t\t\t\t\t\t<div class=\"sow-accordion-close-button\">\n\t\t\t\t\t\t\t\t<span class=\"sow-icon-ionicons\" data-sow-icon=\"&#xf209;\"\n\t\t \n\t\taria-hidden=\"true\"><\/span>\t\t\t\t\t\t\t<\/div>\n\t\t\t\t\t\t<\/div>\n\t\t\t\t\t<\/div>\n\t\t\t\t<\/div>\n\n\t\t\t<div\n\t\t\t\tclass=\"sow-accordion-panel-content\"\n\t\t\t\trole=\"region\"\n\t\t\t\taria-labelledby=\"accordion-label-1%c2%b0-reuni%c3%b3n-cient%c3%adfica-trombofilia-y-fertilidad-%c2%bfcu%c3%a1l-es-la-evidencia\"\n\t\t\t\tid=\"accordion-content-1%c2%b0-reuni%c3%b3n-cient%c3%adfica-trombofilia-y-fertilidad-%c2%bfcu%c3%a1l-es-la-evidencia\"\n\t\t\t\tstyle=\"display: none;\"\t\t\t>\n\t\t\t\t<div class=\"sow-accordion-panel-border\">\n\t\t\t\t\t<p><a href=\"https:\/\/www.grupocaht.com\/en\/reuniones-cientificas-2-2\/1rc2014\/\" rel=\"attachment wp-att-10132\"><img loading=\"lazy\" decoding=\"async\" class=\"alignnone size-full wp-image-10132\" src=\"https:\/\/www.grupocaht.com\/wp-content\/uploads\/2024\/04\/1RC2014.jpg\" alt=\"\" width=\"1448\" height=\"2048\" srcset=\"https:\/\/www.grupocaht.com\/wp-content\/uploads\/2024\/04\/1RC2014.jpg 1448w, https:\/\/www.grupocaht.com\/wp-content\/uploads\/2024\/04\/1RC2014-212x300.jpg 212w, https:\/\/www.grupocaht.com\/wp-content\/uploads\/2024\/04\/1RC2014-724x1024.jpg 724w, https:\/\/www.grupocaht.com\/wp-content\/uploads\/2024\/04\/1RC2014-768x1086.jpg 768w, https:\/\/www.grupocaht.com\/wp-content\/uploads\/2024\/04\/1RC2014-1086x1536.jpg 1086w, https:\/\/www.grupocaht.com\/wp-content\/uploads\/2024\/04\/1RC2014-8x12.jpg 8w\" sizes=\"auto, (max-width: 1448px) 100vw, 1448px\" \/><\/a><\/p>\n\t\t\t\t<\/div>\n\t\t\t<\/div>\n\t\t<\/div>\n\t\t<\/div>\n<\/div>\n<\/div><\/div><\/div><\/div><\/div>","protected":false},"excerpt":{"rendered":"<p>Para mayor informaci\u00f3n ingrese a la pesta\u00f1a correspondiente de cada Reuni\u00f3n<\/p>","protected":false},"author":6,"featured_media":0,"parent":0,"menu_order":0,"comment_status":"closed","ping_status":"closed","template":"","meta":{"footnotes":""},"class_list":["post-2793","page","type-page","status-publish","hentry"],"_links":{"self":[{"href":"https:\/\/www.grupocaht.com\/en\/wp-json\/wp\/v2\/pages\/2793","targetHints":{"allow":["GET"]}}],"collection":[{"href":"https:\/\/www.grupocaht.com\/en\/wp-json\/wp\/v2\/pages"}],"about":[{"href":"https:\/\/www.grupocaht.com\/en\/wp-json\/wp\/v2\/types\/page"}],"author":[{"embeddable":true,"href":"https:\/\/www.grupocaht.com\/en\/wp-json\/wp\/v2\/users\/6"}],"replies":[{"embeddable":true,"href":"https:\/\/www.grupocaht.com\/en\/wp-json\/wp\/v2\/comments?post=2793"}],"version-history":[{"count":433,"href":"https:\/\/www.grupocaht.com\/en\/wp-json\/wp\/v2\/pages\/2793\/revisions"}],"predecessor-version":[{"id":11352,"href":"https:\/\/www.grupocaht.com\/en\/wp-json\/wp\/v2\/pages\/2793\/revisions\/11352"}],"wp:attachment":[{"href":"https:\/\/www.grupocaht.com\/en\/wp-json\/wp\/v2\/media?parent=2793"}],"curies":[{"name":"wp","href":"https:\/\/api.w.org\/{rel}","templated":true}]}}