{"id":10574,"date":"2024-10-31T14:48:59","date_gmt":"2024-10-31T17:48:59","guid":{"rendered":"https:\/\/www.grupocaht.com\/?page_id=10574"},"modified":"2024-10-31T14:50:59","modified_gmt":"2024-10-31T17:50:59","slug":"material-audiovisual-congreso-2024","status":"publish","type":"page","link":"https:\/\/www.grupocaht.com\/en\/material-audiovisual-congreso-2024\/","title":{"rendered":"Material Audiovisual Congreso 2024"},"content":{"rendered":"<div\n\t\t\t\n\t\t\tclass=\"so-widget-sow-accordion so-widget-sow-accordion-default-c2cb8f5f9163\"\n\t\t\t\n\t\t><h3 class=\"widget-title\">&#x1f4cc; <strong>Congreso CAHT 2024<\/strong><\/h3><div>\n\t<div class=\"sow-accordion\">\n\t\t\t<div class=\"sow-accordion-panel\"\n\t\t\t\tdata-anchor-id=\"miercoles-2-de-octubre-auditorio-juan-pablo-ii\">\n\t\t\t\t\t<div class=\"sow-accordion-panel-header-container\" role=\"heading\" aria-level=\"2\">\n\t\t\t\t\t<div class=\"sow-accordion-panel-header\" tabindex=\"0\" role=\"button\" id=\"accordion-label-mi%c3%a9rcoles-2-de-octubre-auditorio-juan-pablo-ii\" aria-controls=\"accordion-content-mi%c3%a9rcoles-2-de-octubre-auditorio-juan-pablo-ii\" aria-expanded=\"false\">\n\t\t\t\t\t\t<div class=\"sow-accordion-title sow-accordion-title-icon-left\">\n\t\t\t\t\t\t\t\t\t\t\t\t\t\tMi\u00e9rcoles 2 de Octubre &#8211; Auditorio Juan Pablo II\t\t\t\t\t\t\t\t\t\t\t\t\t<\/div>\n\t\t\t\t\t\t<div class=\"sow-accordion-open-close-button\">\n\t\t\t\t\t\t\t<div class=\"sow-accordion-open-button\">\n\t\t\t\t\t\t\t\t<span class=\"sow-icon-ionicons\" data-sow-icon=\"&#xf218;\"\n\t\t \n\t\taria-hidden=\"true\"><\/span>\t\t\t\t\t\t\t<\/div>\n\t\t\t\t\t\t\t<div class=\"sow-accordion-close-button\">\n\t\t\t\t\t\t\t\t<span class=\"sow-icon-ionicons\" data-sow-icon=\"&#xf209;\"\n\t\t \n\t\taria-hidden=\"true\"><\/span>\t\t\t\t\t\t\t<\/div>\n\t\t\t\t\t\t<\/div>\n\t\t\t\t\t<\/div>\n\t\t\t\t<\/div>\n\n\t\t\t<div\n\t\t\t\tclass=\"sow-accordion-panel-content\"\n\t\t\t\trole=\"region\"\n\t\t\t\taria-labelledby=\"accordion-label-mi%c3%a9rcoles-2-de-octubre-auditorio-juan-pablo-ii\"\n\t\t\t\tid=\"accordion-content-mi%c3%a9rcoles-2-de-octubre-auditorio-juan-pablo-ii\"\n\t\t\t\tstyle=\"display: none;\"\t\t\t>\n\t\t\t\t<div class=\"sow-accordion-panel-border\">\n\t\t\t\t\t<p>\u00a0<\/p>\n<ul>\n<li style=\"list-style-type: none\">\n<ul>\n<li><strong>Simposio A: &#8220;Distintas Trombosis, distintos tratamientos<\/strong><\/li>\n<\/ul>\n<\/li>\n<\/ul>\n<div style=\"padding: 56.25% 0 0 0;position: relative\"><so-iframe style=\"position: absolute;top: 0;left: 0;width: 100%;height: 100%\" src=\"https:\/\/player.vimeo.com\/video\/1017969265?badge=0&amp;autopause=0&amp;player_id=0&amp;app_id=58479\" frameborder=\"0\"><\/so-iframe><\/div>\n<p><\/p>\n<p>\u00a0<\/p>\n<ul>\n<li style=\"list-style-type: none\">\n<ul>\n<li><strong>Simposio C: &#8220;Lo nuevo y lo excluido en anticoagulaci\u00f3n&#8221;.<\/strong><\/li>\n<\/ul>\n<\/li>\n<\/ul>\n<div style=\"padding: 56.25% 0 0 0;position: relative\"><so-iframe style=\"position: absolute;top: 0;left: 0;width: 100%;height: 100%\" src=\"https:\/\/player.vimeo.com\/video\/1017970849?badge=0&amp;autopause=0&amp;player_id=0&amp;app_id=58479\" frameborder=\"0\"><\/so-iframe><\/div>\n<p><\/p>\n<p>\u00a0<\/p>\n<ul>\n<li style=\"list-style-type: none\">\n<ul>\n<li><strong>Grupo CAHT: 46 a\u00f1os de nuestra historia<\/strong><\/li>\n<\/ul>\n<\/li>\n<\/ul>\n<div style=\"padding: 56.25% 0 0 0;position: relative\"><so-iframe style=\"position: absolute;top: 0;left: 0;width: 100%;height: 100%\" src=\"https:\/\/player.vimeo.com\/video\/1017973662?badge=0&amp;autopause=0&amp;player_id=0&amp;app_id=58479\" frameborder=\"0\"><\/so-iframe><\/div>\n<p><\/p>\n<p>\u00a0<\/p>\n<ul>\n<li style=\"list-style-type: none\">\n<ul>\n<li><strong>Plenaria: &#8220;Hemorragia y trombosis en pacientes hospitalizados, fisiopatolog\u00eda&#8221;<\/strong><\/li>\n<\/ul>\n<\/li>\n<\/ul>\n<div style=\"padding: 56.25% 0 0 0;position: relative\"><so-iframe style=\"position: absolute;top: 0;left: 0;width: 100%;height: 100%\" src=\"https:\/\/player.vimeo.com\/video\/1017975168?badge=0&amp;autopause=0&amp;player_id=0&amp;app_id=58479\" frameborder=\"0\"><\/so-iframe><\/div>\n<p><\/p>\n<p>\u00a0<\/p>\n<ul>\n<li style=\"list-style-type: none\">\n<ul>\n<li><strong>Simposio E: &#8220;Hemorragia y trombosis en diferentes situaciones cl\u00ednicas&#8221;<\/strong><\/li>\n<\/ul>\n<\/li>\n<\/ul>\n<div style=\"padding: 56.25% 0 0 0;position: relative\"><so-iframe style=\"position: absolute;top: 0;left: 0;width: 100%;height: 100%\" src=\"https:\/\/player.vimeo.com\/video\/1017976873?badge=0&amp;autopause=0&amp;player_id=0&amp;app_id=58479\" frameborder=\"0\"><\/so-iframe><\/div>\n<p><\/p>\n<p>\u00a0<\/p>\n<ul>\n<li style=\"list-style-type: none\">\n<ul>\n<li><strong>Conferencia Rouvier: &#8220;von Willebrand: una historia que cumple 100 a\u00f1os.&#8221;<\/strong><\/li>\n<\/ul>\n<\/li>\n<\/ul>\n<div style=\"padding: 56.25% 0 0 0;position: relative\"><so-iframe style=\"position: absolute;top: 0;left: 0;width: 100%;height: 100%\" src=\"https:\/\/player.vimeo.com\/video\/1017977764?badge=0&amp;autopause=0&amp;player_id=0&amp;app_id=58479\" frameborder=\"0\"><\/so-iframe><\/div>\n<p><\/p>\n<p>\u00a0<\/p>\n<ul>\n<li><strong>Ceremonia de Apertura Congreso CAHT 2024<\/strong><\/li>\n<\/ul>\n<div style=\"padding: 56.25% 0 0 0;position: relative\"><so-iframe style=\"position: absolute;top: 0;left: 0;width: 100%;height: 100%\" src=\"https:\/\/player.vimeo.com\/video\/1017978793?badge=0&amp;autopause=0&amp;player_id=0&amp;app_id=58479\" frameborder=\"0\"><\/so-iframe><\/div>\n<p><\/p>\n\t\t\t\t<\/div>\n\t\t\t<\/div>\n\t\t<\/div>\n\t\t\t<div class=\"sow-accordion-panel\"\n\t\t\t\tdata-anchor-id=\"miercoles-2-de-octubre-salon-auditorio-i\">\n\t\t\t\t\t<div class=\"sow-accordion-panel-header-container\" role=\"heading\" aria-level=\"2\">\n\t\t\t\t\t<div class=\"sow-accordion-panel-header\" tabindex=\"0\" role=\"button\" id=\"accordion-label-mi%c3%a9rcoles-2-de-octubre-sal%c3%b3n-auditorio-i\" aria-controls=\"accordion-content-mi%c3%a9rcoles-2-de-octubre-sal%c3%b3n-auditorio-i\" aria-expanded=\"false\">\n\t\t\t\t\t\t<div class=\"sow-accordion-title sow-accordion-title-icon-left\">\n\t\t\t\t\t\t\t\t\t\t\t\t\t\tMi\u00e9rcoles 2 de Octubre &#8211;  Sal\u00f3n Auditorio I\t\t\t\t\t\t\t\t\t\t\t\t\t<\/div>\n\t\t\t\t\t\t<div class=\"sow-accordion-open-close-button\">\n\t\t\t\t\t\t\t<div class=\"sow-accordion-open-button\">\n\t\t\t\t\t\t\t\t<span class=\"sow-icon-ionicons\" data-sow-icon=\"&#xf218;\"\n\t\t \n\t\taria-hidden=\"true\"><\/span>\t\t\t\t\t\t\t<\/div>\n\t\t\t\t\t\t\t<div class=\"sow-accordion-close-button\">\n\t\t\t\t\t\t\t\t<span class=\"sow-icon-ionicons\" data-sow-icon=\"&#xf209;\"\n\t\t \n\t\taria-hidden=\"true\"><\/span>\t\t\t\t\t\t\t<\/div>\n\t\t\t\t\t\t<\/div>\n\t\t\t\t\t<\/div>\n\t\t\t\t<\/div>\n\n\t\t\t<div\n\t\t\t\tclass=\"sow-accordion-panel-content\"\n\t\t\t\trole=\"region\"\n\t\t\t\taria-labelledby=\"accordion-label-mi%c3%a9rcoles-2-de-octubre-sal%c3%b3n-auditorio-i\"\n\t\t\t\tid=\"accordion-content-mi%c3%a9rcoles-2-de-octubre-sal%c3%b3n-auditorio-i\"\n\t\t\t\tstyle=\"display: none;\"\t\t\t>\n\t\t\t\t<div class=\"sow-accordion-panel-border\">\n\t\t\t\t\t<ul>\n<li><strong>Simposio B: &#8220;Sistema Plasmin\u00f3geno plasmina: Qu\u00e9 hay de nuevo.&#8221;<\/strong><\/li>\n<\/ul>\n<div style=\"padding: 56.25% 0 0 0;position: relative\"><so-iframe style=\"position: absolute;top: 0;left: 0;width: 100%;height: 100%\" src=\"https:\/\/player.vimeo.com\/video\/1018013213?badge=0&amp;autopause=0&amp;player_id=0&amp;app_id=58479\" frameborder=\"0\"><\/so-iframe><\/div>\n<p><\/p>\n<p>\u00a0<\/p>\n<ul>\n<li><strong>Simposio D: &#8220;Plaquetas al l\u00edmite.&#8221;<\/strong><\/li>\n<\/ul>\n<div style=\"padding: 56.25% 0 0 0;position: relative\"><so-iframe style=\"position: absolute;top: 0;left: 0;width: 100%;height: 100%\" src=\"https:\/\/player.vimeo.com\/video\/1018013669?badge=0&amp;autopause=0&amp;player_id=0&amp;app_id=58479\" frameborder=\"0\"><\/so-iframe><\/div>\n<p><\/p>\n\t\t\t\t<\/div>\n\t\t\t<\/div>\n\t\t<\/div>\n\t\t\t<div class=\"sow-accordion-panel\"\n\t\t\t\tdata-anchor-id=\"jueves-3-de-octubre-auditorio-juan-pablo-ii\">\n\t\t\t\t\t<div class=\"sow-accordion-panel-header-container\" role=\"heading\" aria-level=\"2\">\n\t\t\t\t\t<div class=\"sow-accordion-panel-header\" tabindex=\"0\" role=\"button\" id=\"accordion-label-jueves-3-de-octubre-auditorio-juan-pablo-ii\" aria-controls=\"accordion-content-jueves-3-de-octubre-auditorio-juan-pablo-ii\" aria-expanded=\"false\">\n\t\t\t\t\t\t<div class=\"sow-accordion-title sow-accordion-title-icon-left\">\n\t\t\t\t\t\t\t\t\t\t\t\t\t\tJueves 3 de Octubre &#8211; Auditorio Juan Pablo II\t\t\t\t\t\t\t\t\t\t\t\t\t<\/div>\n\t\t\t\t\t\t<div class=\"sow-accordion-open-close-button\">\n\t\t\t\t\t\t\t<div class=\"sow-accordion-open-button\">\n\t\t\t\t\t\t\t\t<span class=\"sow-icon-ionicons\" data-sow-icon=\"&#xf218;\"\n\t\t \n\t\taria-hidden=\"true\"><\/span>\t\t\t\t\t\t\t<\/div>\n\t\t\t\t\t\t\t<div class=\"sow-accordion-close-button\">\n\t\t\t\t\t\t\t\t<span class=\"sow-icon-ionicons\" data-sow-icon=\"&#xf209;\"\n\t\t \n\t\taria-hidden=\"true\"><\/span>\t\t\t\t\t\t\t<\/div>\n\t\t\t\t\t\t<\/div>\n\t\t\t\t\t<\/div>\n\t\t\t\t<\/div>\n\n\t\t\t<div\n\t\t\t\tclass=\"sow-accordion-panel-content\"\n\t\t\t\trole=\"region\"\n\t\t\t\taria-labelledby=\"accordion-label-jueves-3-de-octubre-auditorio-juan-pablo-ii\"\n\t\t\t\tid=\"accordion-content-jueves-3-de-octubre-auditorio-juan-pablo-ii\"\n\t\t\t\tstyle=\"display: none;\"\t\t\t>\n\t\t\t\t<div class=\"sow-accordion-panel-border\">\n\t\t\t\t\t<ul>\n<li><strong>Simposio F: Sangrado estadificaci\u00f3n, causa\/no causa y consecuencia.<\/strong><\/li>\n<\/ul>\n<div style=\"padding: 56.25% 0 0 0;position: relative\"><so-iframe style=\"position: absolute;top: 0;left: 0;width: 100%;height: 100%\" src=\"https:\/\/player.vimeo.com\/video\/1017984145?badge=0&amp;autopause=0&amp;player_id=0&amp;app_id=58479\" frameborder=\"0\"><\/so-iframe><\/div>\n<p>\u00a0<\/p>\n<p>\u00a0<\/p>\n<ul>\n<li><strong>Simposio H: SAF Avances, desaf\u00edos y perspectivas<\/strong><\/li>\n<\/ul>\n<div style=\"padding: 56.25% 0 0 0;position: relative\"><so-iframe style=\"position: absolute;top: 0;left: 0;width: 100%;height: 100%\" src=\"https:\/\/player.vimeo.com\/video\/1017984825?badge=0&amp;autopause=0&amp;player_id=0&amp;app_id=58479\" frameborder=\"0\"><\/so-iframe><\/div>\n<p>\u00a0<\/p>\n<p>\u00a0<\/p>\n<ul>\n<li><strong>Plenaria Adolescentes transexuales en tratamiento hormonal sustitutivo y riesgo de trombosis<\/strong><\/li>\n<\/ul>\n<div style=\"padding: 56.25% 0 0 0;position: relative\"><so-iframe style=\"position: absolute;top: 0;left: 0;width: 100%;height: 100%\" src=\"https:\/\/player.vimeo.com\/video\/1017986755?badge=0&amp;autopause=0&amp;player_id=0&amp;app_id=58479\" frameborder=\"0\"><\/so-iframe><\/div>\n<p><\/p>\n<p>\u00a0<\/p>\n<ul>\n<li><strong>Simposio I: Enfermedad hep\u00e1tica y hemostasia un delicado equilibrio.<\/strong><\/li>\n<\/ul>\n<div style=\"padding: 56.25% 0 0 0;position: relative\"><so-iframe style=\"position: absolute;top: 0;left: 0;width: 100%;height: 100%\" src=\"https:\/\/player.vimeo.com\/video\/1017987360?badge=0&amp;autopause=0&amp;player_id=0&amp;app_id=58479\" frameborder=\"0\"><\/so-iframe><\/div>\n<p><\/p>\n<p>\u00a0<\/p>\n<ul>\n<li><strong>Comunicaciones Orales 1<\/strong><\/li>\n<\/ul>\n<div style=\"padding: 56.25% 0 0 0;position: relative\"><so-iframe style=\"position: absolute;top: 0;left: 0;width: 100%;height: 100%\" src=\"https:\/\/player.vimeo.com\/video\/1017988189?badge=0&amp;autopause=0&amp;player_id=0&amp;app_id=58479\" frameborder=\"0\"><\/so-iframe><\/div>\n<p><\/p>\n<ul>\n<li><strong>Proyectos CAHTalizar<\/strong><\/li>\n<\/ul>\n<div style=\"padding: 56.25% 0 0 0;position: relative\"><so-iframe style=\"position: absolute;top: 0;left: 0;width: 100%;height: 100%\" src=\"https:\/\/player.vimeo.com\/video\/1017988816?badge=0&amp;autopause=0&amp;player_id=0&amp;app_id=58479\" frameborder=\"0\"><\/so-iframe><\/div>\n<p><\/p>\n<p>\u00a0<\/p>\n<ul>\n<li><strong>Casos Cl\u00ednicos destacados<\/strong><\/li>\n<\/ul>\n<div style=\"padding: 56.25% 0 0 0;position: relative\"><so-iframe style=\"position: absolute;top: 0;left: 0;width: 100%;height: 100%\" src=\"https:\/\/player.vimeo.com\/video\/1017989577?badge=0&amp;autopause=0&amp;player_id=0&amp;app_id=58479\" frameborder=\"0\"><\/so-iframe><\/div>\n<p><\/p>\n\t\t\t\t<\/div>\n\t\t\t<\/div>\n\t\t<\/div>\n\t\t\t<div class=\"sow-accordion-panel\"\n\t\t\t\tdata-anchor-id=\"jueves-3-de-octubre-salon-auditorio-i\">\n\t\t\t\t\t<div class=\"sow-accordion-panel-header-container\" role=\"heading\" aria-level=\"2\">\n\t\t\t\t\t<div class=\"sow-accordion-panel-header\" tabindex=\"0\" role=\"button\" id=\"accordion-label-jueves-3-de-octubre-sal%c3%b3n-auditorio-i\" aria-controls=\"accordion-content-jueves-3-de-octubre-sal%c3%b3n-auditorio-i\" aria-expanded=\"false\">\n\t\t\t\t\t\t<div class=\"sow-accordion-title sow-accordion-title-icon-left\">\n\t\t\t\t\t\t\t\t\t\t\t\t\t\tJueves 3 de Octubre &#8211; Sal\u00f3n Auditorio I\t\t\t\t\t\t\t\t\t\t\t\t\t<\/div>\n\t\t\t\t\t\t<div class=\"sow-accordion-open-close-button\">\n\t\t\t\t\t\t\t<div class=\"sow-accordion-open-button\">\n\t\t\t\t\t\t\t\t<span class=\"sow-icon-ionicons\" data-sow-icon=\"&#xf218;\"\n\t\t \n\t\taria-hidden=\"true\"><\/span>\t\t\t\t\t\t\t<\/div>\n\t\t\t\t\t\t\t<div class=\"sow-accordion-close-button\">\n\t\t\t\t\t\t\t\t<span class=\"sow-icon-ionicons\" data-sow-icon=\"&#xf209;\"\n\t\t \n\t\taria-hidden=\"true\"><\/span>\t\t\t\t\t\t\t<\/div>\n\t\t\t\t\t\t<\/div>\n\t\t\t\t\t<\/div>\n\t\t\t\t<\/div>\n\n\t\t\t<div\n\t\t\t\tclass=\"sow-accordion-panel-content\"\n\t\t\t\trole=\"region\"\n\t\t\t\taria-labelledby=\"accordion-label-jueves-3-de-octubre-sal%c3%b3n-auditorio-i\"\n\t\t\t\tid=\"accordion-content-jueves-3-de-octubre-sal%c3%b3n-auditorio-i\"\n\t\t\t\tstyle=\"display: none;\"\t\t\t>\n\t\t\t\t<div class=\"sow-accordion-panel-border\">\n\t\t\t\t\t<ul>\n<li><strong>Taller 1: Diagn\u00f3stico y monitoreo del tratamiento en hemofilia<\/strong><\/li>\n<\/ul>\n<div style=\"padding: 56.25% 0 0 0;position: relative\"><so-iframe style=\"position: absolute;top: 0;left: 0;width: 100%;height: 100%\" src=\"https:\/\/player.vimeo.com\/video\/1018015056?badge=0&amp;autopause=0&amp;player_id=0&amp;app_id=58479\" frameborder=\"0\"><\/so-iframe><\/div>\n<p>\u00a0<\/p>\n<p>\u00a0<\/p>\n<ul>\n<li><strong>Simposio G: Inmunolog\u00eda en hemostasia y trombosis<\/strong><\/li>\n<\/ul>\n<div style=\"padding: 56.25% 0 0 0;position: relative\"><so-iframe style=\"position: absolute;top: 0;left: 0;width: 100%;height: 100%\" src=\"https:\/\/player.vimeo.com\/video\/1018015530?badge=0&amp;autopause=0&amp;player_id=0&amp;app_id=58479\" frameborder=\"0\"><\/so-iframe><\/div>\n<p>\u00a0<\/p>\n<p>\u00a0<\/p>\n<ul>\n<li><strong>Simposio J: M\u00e1s all\u00e1 de los factores cl\u00e1sicos<\/strong><\/li>\n<\/ul>\n<div style=\"padding: 56.25% 0 0 0;position: relative\"><so-iframe style=\"position: absolute;top: 0;left: 0;width: 100%;height: 100%\" src=\"https:\/\/player.vimeo.com\/video\/1018016034?badge=0&amp;autopause=0&amp;player_id=0&amp;app_id=58479\" frameborder=\"0\"><\/so-iframe><\/div>\n<p><\/p>\n\t\t\t\t<\/div>\n\t\t\t<\/div>\n\t\t<\/div>\n\t\t\t<div class=\"sow-accordion-panel\"\n\t\t\t\tdata-anchor-id=\"viernes-4-de-octubre-auditorio-juan-pablo-ii\">\n\t\t\t\t\t<div class=\"sow-accordion-panel-header-container\" role=\"heading\" aria-level=\"2\">\n\t\t\t\t\t<div class=\"sow-accordion-panel-header\" tabindex=\"0\" role=\"button\" id=\"accordion-label-viernes-4-de-octubre-auditorio-juan-pablo-ii\" aria-controls=\"accordion-content-viernes-4-de-octubre-auditorio-juan-pablo-ii\" aria-expanded=\"false\">\n\t\t\t\t\t\t<div class=\"sow-accordion-title sow-accordion-title-icon-left\">\n\t\t\t\t\t\t\t\t\t\t\t\t\t\tViernes 4 de Octubre &#8211; Auditorio Juan Pablo II\t\t\t\t\t\t\t\t\t\t\t\t\t<\/div>\n\t\t\t\t\t\t<div class=\"sow-accordion-open-close-button\">\n\t\t\t\t\t\t\t<div class=\"sow-accordion-open-button\">\n\t\t\t\t\t\t\t\t<span class=\"sow-icon-ionicons\" data-sow-icon=\"&#xf218;\"\n\t\t \n\t\taria-hidden=\"true\"><\/span>\t\t\t\t\t\t\t<\/div>\n\t\t\t\t\t\t\t<div class=\"sow-accordion-close-button\">\n\t\t\t\t\t\t\t\t<span class=\"sow-icon-ionicons\" data-sow-icon=\"&#xf209;\"\n\t\t \n\t\taria-hidden=\"true\"><\/span>\t\t\t\t\t\t\t<\/div>\n\t\t\t\t\t\t<\/div>\n\t\t\t\t\t<\/div>\n\t\t\t\t<\/div>\n\n\t\t\t<div\n\t\t\t\tclass=\"sow-accordion-panel-content\"\n\t\t\t\trole=\"region\"\n\t\t\t\taria-labelledby=\"accordion-label-viernes-4-de-octubre-auditorio-juan-pablo-ii\"\n\t\t\t\tid=\"accordion-content-viernes-4-de-octubre-auditorio-juan-pablo-ii\"\n\t\t\t\tstyle=\"display: none;\"\t\t\t>\n\t\t\t\t<div class=\"sow-accordion-panel-border\">\n\t\t\t\t\t<ul>\n<li style=\"list-style-type: none\">\n<ul>\n<li><strong>Simposio SAH CAHT<\/strong><\/li>\n<\/ul>\n<\/li>\n<\/ul>\n<div style=\"padding: 56.25% 0 0 0;position: relative\"><so-iframe style=\"position: absolute;top: 0;left: 0;width: 100%;height: 100%\" src=\"https:\/\/player.vimeo.com\/video\/1017992069?badge=0&amp;autopause=0&amp;player_id=0&amp;app_id=58479\" frameborder=\"0\"><\/so-iframe><\/div>\n<p><\/p>\n<p>\u00a0<\/p>\n<ul>\n<li style=\"list-style-type: none\">\n<ul>\n<li><strong>Trabajos a Premio<\/strong><\/li>\n<\/ul>\n<\/li>\n<\/ul>\n<div style=\"padding: 56.25% 0 0 0;position: relative\"><so-iframe style=\"position: absolute;top: 0;left: 0;width: 100%;height: 100%\" src=\"https:\/\/player.vimeo.com\/video\/1017998824?badge=0&amp;autopause=0&amp;player_id=0&amp;app_id=58479\" frameborder=\"0\"><\/so-iframe><\/div>\n<p><\/p>\n<p>\u00a0<\/p>\n<ul>\n<li style=\"list-style-type: none\">\n<ul>\n<li><strong>Plenaria Pros y contras de las pruebas gen\u00e9ticas en trombocitopenia hereditaria:<\/strong><\/li>\n<\/ul>\n<\/li>\n<\/ul>\n<div style=\"padding: 56.25% 0 0 0;position: relative\"><so-iframe style=\"position: absolute;top: 0;left: 0;width: 100%;height: 100%\" src=\"https:\/\/player.vimeo.com\/video\/1017999573?badge=0&amp;autopause=0&amp;player_id=0&amp;app_id=58479\" frameborder=\"0\"><\/so-iframe><\/div>\n<p><\/p>\n<p>\u00a0<\/p>\n<ul>\n<li><strong>Curso ISTH Sesi\u00f3n I \u201cTrombofilia I\u201d<\/strong><\/li>\n<\/ul>\n<div style=\"padding: 56.25% 0 0 0;position: relative\"><so-iframe style=\"position: absolute;top: 0;left: 0;width: 100%;height: 100%\" src=\"https:\/\/player.vimeo.com\/video\/1018001283?badge=0&amp;autopause=0&amp;player_id=0&amp;app_id=58479\" frameborder=\"0\"><\/so-iframe><\/div>\n<p><\/p>\n\t\t\t\t<\/div>\n\t\t\t<\/div>\n\t\t<\/div>\n\t\t\t<div class=\"sow-accordion-panel\"\n\t\t\t\tdata-anchor-id=\"viernes-4-de-octubre-salon-auditorio-i\">\n\t\t\t\t\t<div class=\"sow-accordion-panel-header-container\" role=\"heading\" aria-level=\"2\">\n\t\t\t\t\t<div class=\"sow-accordion-panel-header\" tabindex=\"0\" role=\"button\" id=\"accordion-label-viernes-4-de-octubre-sal%c3%b3n-auditorio-i\" aria-controls=\"accordion-content-viernes-4-de-octubre-sal%c3%b3n-auditorio-i\" aria-expanded=\"false\">\n\t\t\t\t\t\t<div class=\"sow-accordion-title sow-accordion-title-icon-left\">\n\t\t\t\t\t\t\t\t\t\t\t\t\t\tViernes 4 de Octubre &#8211; Sal\u00f3n Auditorio I\t\t\t\t\t\t\t\t\t\t\t\t\t<\/div>\n\t\t\t\t\t\t<div class=\"sow-accordion-open-close-button\">\n\t\t\t\t\t\t\t<div class=\"sow-accordion-open-button\">\n\t\t\t\t\t\t\t\t<span class=\"sow-icon-ionicons\" data-sow-icon=\"&#xf218;\"\n\t\t \n\t\taria-hidden=\"true\"><\/span>\t\t\t\t\t\t\t<\/div>\n\t\t\t\t\t\t\t<div class=\"sow-accordion-close-button\">\n\t\t\t\t\t\t\t\t<span class=\"sow-icon-ionicons\" data-sow-icon=\"&#xf209;\"\n\t\t \n\t\taria-hidden=\"true\"><\/span>\t\t\t\t\t\t\t<\/div>\n\t\t\t\t\t\t<\/div>\n\t\t\t\t\t<\/div>\n\t\t\t\t<\/div>\n\n\t\t\t<div\n\t\t\t\tclass=\"sow-accordion-panel-content\"\n\t\t\t\trole=\"region\"\n\t\t\t\taria-labelledby=\"accordion-label-viernes-4-de-octubre-sal%c3%b3n-auditorio-i\"\n\t\t\t\tid=\"accordion-content-viernes-4-de-octubre-sal%c3%b3n-auditorio-i\"\n\t\t\t\tstyle=\"display: none;\"\t\t\t>\n\t\t\t\t<div class=\"sow-accordion-panel-border\">\n\t\t\t\t\t<ul>\n<li><strong>Taller 2 Grupo de Trabajo \u201cAspectos Fisiopatol\u00f3gicos de las Plaquetas\u201d<\/strong><\/li>\n<\/ul>\n<div style=\"padding: 56.25% 0 0 0;position: relative\"><so-iframe style=\"position: absolute;top: 0;left: 0;width: 100%;height: 100%\" src=\"https:\/\/player.vimeo.com\/video\/1018017022?badge=0&amp;autopause=0&amp;player_id=0&amp;app_id=58479\" frameborder=\"0\"><\/so-iframe><\/div>\n<p><\/p>\n<p>\u00a0<\/p>\n<ul>\n<li><strong>Simposio K: Grupo de Trabajo Laboratorio.<\/strong><\/li>\n<\/ul>\n<div style=\"padding: 56.25% 0 0 0;position: relative\"><so-iframe style=\"position: absolute;top: 0;left: 0;width: 100%;height: 100%\" src=\"https:\/\/player.vimeo.com\/video\/1018017463?badge=0&amp;autopause=0&amp;player_id=0&amp;app_id=58479\" frameborder=\"0\"><\/so-iframe><\/div>\n<p><\/p>\n\t\t\t\t<\/div>\n\t\t\t<\/div>\n\t\t<\/div>\n\t\t\t<div class=\"sow-accordion-panel\"\n\t\t\t\tdata-anchor-id=\"sabado-5-de-octubre-auditorio-juan-pablo-ii\">\n\t\t\t\t\t<div class=\"sow-accordion-panel-header-container\" role=\"heading\" aria-level=\"2\">\n\t\t\t\t\t<div class=\"sow-accordion-panel-header\" tabindex=\"0\" role=\"button\" id=\"accordion-label-s%c3%a1bado-5-de-octubre-auditorio-juan-pablo-ii\" aria-controls=\"accordion-content-s%c3%a1bado-5-de-octubre-auditorio-juan-pablo-ii\" aria-expanded=\"false\">\n\t\t\t\t\t\t<div class=\"sow-accordion-title sow-accordion-title-icon-left\">\n\t\t\t\t\t\t\t\t\t\t\t\t\t\tS\u00e1bado 5 de octubre &#8211; Auditorio Juan Pablo II\t\t\t\t\t\t\t\t\t\t\t\t\t<\/div>\n\t\t\t\t\t\t<div class=\"sow-accordion-open-close-button\">\n\t\t\t\t\t\t\t<div class=\"sow-accordion-open-button\">\n\t\t\t\t\t\t\t\t<span class=\"sow-icon-ionicons\" data-sow-icon=\"&#xf218;\"\n\t\t \n\t\taria-hidden=\"true\"><\/span>\t\t\t\t\t\t\t<\/div>\n\t\t\t\t\t\t\t<div class=\"sow-accordion-close-button\">\n\t\t\t\t\t\t\t\t<span class=\"sow-icon-ionicons\" data-sow-icon=\"&#xf209;\"\n\t\t \n\t\taria-hidden=\"true\"><\/span>\t\t\t\t\t\t\t<\/div>\n\t\t\t\t\t\t<\/div>\n\t\t\t\t\t<\/div>\n\t\t\t\t<\/div>\n\n\t\t\t<div\n\t\t\t\tclass=\"sow-accordion-panel-content\"\n\t\t\t\trole=\"region\"\n\t\t\t\taria-labelledby=\"accordion-label-s%c3%a1bado-5-de-octubre-auditorio-juan-pablo-ii\"\n\t\t\t\tid=\"accordion-content-s%c3%a1bado-5-de-octubre-auditorio-juan-pablo-ii\"\n\t\t\t\tstyle=\"display: none;\"\t\t\t>\n\t\t\t\t<div class=\"sow-accordion-panel-border\">\n\t\t\t\t\t<ul>\n<li><strong>Sesi\u00f3n II \u201cTrombofilia II\u201d<\/strong><\/li>\n<\/ul>\n<div style=\"padding: 56.25% 0 0 0;position: relative\"><so-iframe style=\"position: absolute;top: 0;left: 0;width: 100%;height: 100%\" src=\"https:\/\/player.vimeo.com\/video\/1018002922?badge=0&amp;autopause=0&amp;player_id=0&amp;app_id=58479\" frameborder=\"0\"><\/so-iframe><\/div>\n<p>\u00a0<\/p>\n<p>\u00a0<\/p>\n<ul>\n<li><strong>Sesi\u00f3n III \u201cACV isqu\u00e9mico\u201d<\/strong><\/li>\n<\/ul>\n<div style=\"padding: 56.25% 0 0 0;position: relative\"><so-iframe style=\"position: absolute;top: 0;left: 0;width: 100%;height: 100%\" src=\"https:\/\/player.vimeo.com\/video\/1018003609?badge=0&amp;autopause=0&amp;player_id=0&amp;app_id=58479\" frameborder=\"0\"><\/so-iframe><\/div>\n<p>\u00a0<\/p>\n<p>\u00a0<\/p>\n<ul>\n<li><strong>Sesi\u00f3n IV \u201cDes\u00f3rdenes hemorr\u00e1gicos I\u201d<\/strong><\/li>\n<\/ul>\n<div style=\"padding: 56.25% 0 0 0;position: relative\"><so-iframe style=\"position: absolute;top: 0;left: 0;width: 100%;height: 100%\" src=\"https:\/\/player.vimeo.com\/video\/1018004594?badge=0&amp;autopause=0&amp;player_id=0&amp;app_id=58479\" frameborder=\"0\"><\/so-iframe><\/div>\n<p>\u00a0<\/p>\n<p>\u00a0<\/p>\n<ul>\n<li><strong>Sesi\u00f3n V \u201cDes\u00f3rdenes hemorr\u00e1gicos II\u201d<\/strong><\/li>\n<\/ul>\n<div style=\"padding: 56.25% 0 0 0;position: relative\"><so-iframe style=\"position: absolute;top: 0;left: 0;width: 100%;height: 100%\" src=\"https:\/\/player.vimeo.com\/video\/1018005532?badge=0&amp;autopause=0&amp;player_id=0&amp;app_id=58479\" frameborder=\"0\"><\/so-iframe><\/div>\n<p>\u00a0<\/p>\n<p>\u00a0<\/p>\n<ul>\n<li><strong>Sesi\u00f3n VI \u201cTromboprofilaxis en diferentes escenarios\u201d<\/strong><\/li>\n<\/ul>\n<div style=\"padding: 56.25% 0 0 0;position: relative\"><so-iframe style=\"position: absolute;top: 0;left: 0;width: 100%;height: 100%\" src=\"https:\/\/player.vimeo.com\/video\/1018006139?badge=0&amp;autopause=0&amp;player_id=0&amp;app_id=58479\" frameborder=\"0\"><\/so-iframe><\/div>\n<p>\u00a0<\/p>\n<p>\u00a0<\/p>\n<ul>\n<li><strong>Ceremonia de cierre Entrega de premios<\/strong><\/li>\n<\/ul>\n<div style=\"padding: 56.25% 0 0 0;position: relative\"><so-iframe style=\"position: absolute;top: 0;left: 0;width: 100%;height: 100%\" src=\"https:\/\/player.vimeo.com\/video\/1018006800?badge=0&amp;autopause=0&amp;player_id=0&amp;app_id=58479\" frameborder=\"0\"><\/so-iframe><\/div>\n<p><\/p>\n\t\t\t\t<\/div>\n\t\t\t<\/div>\n\t\t<\/div>\n\t\t<\/div>\n<\/div>\n<\/div>","protected":false},"excerpt":{"rendered":"","protected":false},"author":6,"featured_media":0,"parent":0,"menu_order":0,"comment_status":"closed","ping_status":"closed","template":"","meta":{"footnotes":""},"class_list":["post-10574","page","type-page","status-publish","hentry"],"_links":{"self":[{"href":"https:\/\/www.grupocaht.com\/en\/wp-json\/wp\/v2\/pages\/10574","targetHints":{"allow":["GET"]}}],"collection":[{"href":"https:\/\/www.grupocaht.com\/en\/wp-json\/wp\/v2\/pages"}],"about":[{"href":"https:\/\/www.grupocaht.com\/en\/wp-json\/wp\/v2\/types\/page"}],"author":[{"embeddable":true,"href":"https:\/\/www.grupocaht.com\/en\/wp-json\/wp\/v2\/users\/6"}],"replies":[{"embeddable":true,"href":"https:\/\/www.grupocaht.com\/en\/wp-json\/wp\/v2\/comments?post=10574"}],"version-history":[{"count":2,"href":"https:\/\/www.grupocaht.com\/en\/wp-json\/wp\/v2\/pages\/10574\/revisions"}],"predecessor-version":[{"id":10578,"href":"https:\/\/www.grupocaht.com\/en\/wp-json\/wp\/v2\/pages\/10574\/revisions\/10578"}],"wp:attachment":[{"href":"https:\/\/www.grupocaht.com\/en\/wp-json\/wp\/v2\/media?parent=10574"}],"curies":[{"name":"wp","href":"https:\/\/api.w.org\/{rel}","templated":true}]}}